{"id":245738,"date":"2023-04-21T15:37:09","date_gmt":"2023-04-21T13:37:09","guid":{"rendered":"https:\/\/result.uit.no\/reaidu\/?page_id=245738"},"modified":"2023-08-28T12:02:57","modified_gmt":"2023-08-28T10:02:57","slug":"fosen-aktivisme-og-sivil-ulydighet","status":"publish","type":"page","link":"https:\/\/result.uit.no\/reaidu\/vare-tema\/undervisning-og-utdanning\/undervisningsopplegg\/fosen-aktivisme-og-sivil-ulydighet\/","title":{"rendered":"Fosen, aktivisme og sivil ulydighet"},"content":{"rendered":"<p>[et_pb_section fb_built=&raquo;1&#8243; custom_padding_last_edited=&raquo;on|desktop&raquo; admin_label=&raquo;Section %22The Boss%22&#8243; module_id=&raquo;chef&raquo; _builder_version=&raquo;4.16&#8243; custom_padding=&raquo;158px||17px||false|false&raquo; custom_padding_tablet=&raquo;100px||60px|&raquo; custom_padding_phone=&raquo;80px||40px|&raquo; custom_css_main_element=&raquo;margin-left: 2%;||margin-right: 2%;||&raquo; transparent_background=&raquo;off&raquo; collapsed=&raquo;off&raquo; global_colors_info=&raquo;{}&raquo;][et_pb_row column_structure=&raquo;1_2,1_2&#8243; use_custom_gutter=&raquo;on&raquo; gutter_width=&raquo;1&#8243; padding_mobile=&raquo;on&raquo; column_padding_mobile=&raquo;on&raquo; admin_label=&raquo;Row&raquo; module_class=&raquo; et_pb_row_fullwidth&raquo; _builder_version=&raquo;4.16&#8243; background_size=&raquo;initial&raquo; background_position=&raquo;top_left&raquo; background_repeat=&raquo;repeat&raquo; width=&raquo;100%&raquo; width_tablet=&raquo;100%&raquo; width_phone=&raquo;&raquo; width_last_edited=&raquo;on|desktop&raquo; max_width=&raquo;100%&raquo; max_width_tablet=&raquo;100%&raquo; max_width_phone=&raquo;&raquo; max_width_last_edited=&raquo;on|desktop&raquo; custom_padding=&raquo;0px|0px|0px|0px&raquo; make_fullwidth=&raquo;on&raquo; global_colors_info=&raquo;{}&raquo;][et_pb_column type=&raquo;1_2&#8243; _builder_version=&raquo;4.16&#8243; background_color=&raquo;#f6f4f2&#8243; custom_padding=&raquo;|||&raquo; global_colors_info=&raquo;{}&raquo; custom_padding__hover=&raquo;|||&raquo;][et_pb_text admin_label=&raquo;overskrift&raquo; _builder_version=&raquo;4.20.4&#8243; text_font=&raquo;Poiret One|||on|&raquo; text_font_size=&raquo;40px&raquo; text_line_height=&raquo;1em&raquo; header_font=&raquo;||||||||&raquo; header_text_color=&raquo;#666666&#8243; header_font_size=&raquo;3px&raquo; header_2_font=&raquo;||||||||&raquo; text_orientation=&raquo;right&raquo; custom_margin=&raquo;-26px|||&raquo; custom_margin_tablet=&raquo;&raquo; custom_margin_phone=&raquo;-30px|||&raquo; custom_margin_last_edited=&raquo;on|desktop&raquo; custom_padding=&raquo;|10%||&raquo; custom_padding_tablet=&raquo;&raquo; custom_padding_phone=&raquo;|0px||20px&raquo; custom_padding_last_edited=&raquo;on|desktop&raquo; text_font_size_tablet=&raquo;&raquo; text_font_size_phone=&raquo;50&#8243; text_font_size_last_edited=&raquo;on|phone&raquo; use_border_color=&raquo;off&raquo; border_color=&raquo;#ffffff&raquo; border_style=&raquo;solid&raquo; global_colors_info=&raquo;{}&raquo;]<\/p>\n<p>Fosen, aktivisme og sivil ulydighet<\/p>\n<p>[\/et_pb_text][et_pb_text disabled_on=&raquo;on|on|on&raquo; admin_label=&raquo;underoverskrift &raquo; _builder_version=&raquo;4.18.0&#8243; text_font=&raquo;Dancing Script|on|||&raquo; text_text_color=&raquo;#e09900&#8243; text_font_size=&raquo;34&#8243; text_line_height=&raquo;1em&raquo; header_font=&raquo;||||||||&raquo; text_orientation=&raquo;right&raquo; custom_padding=&raquo;|13%|40px|&raquo; custom_padding_tablet=&raquo;|13%|30px|&raquo; custom_padding_phone=&raquo;|20px|20px|30px&raquo; custom_padding_last_edited=&raquo;on|desktop&raquo; text_font_size_tablet=&raquo;&raquo; text_font_size_phone=&raquo;30&#8243; text_font_size_last_edited=&raquo;on|phone&raquo; use_border_color=&raquo;off&raquo; border_color=&raquo;#ffffff&raquo; border_style=&raquo;solid&raquo; disabled=&raquo;on&raquo; global_colors_info=&raquo;{}&raquo;]<\/p>\n<p>*p\u00e5 samisk*<\/p>\n<p>[\/et_pb_text][\/et_pb_column][et_pb_column type=&raquo;1_2&#8243; _builder_version=&raquo;4.16&#8243; custom_padding=&raquo;|||&raquo; global_colors_info=&raquo;{}&raquo; custom_padding__hover=&raquo;|||&raquo;][\/et_pb_column][\/et_pb_row][et_pb_row column_structure=&raquo;1_2,1_2&#8243; use_custom_gutter=&raquo;on&raquo; gutter_width=&raquo;1&#8243; padding_mobile=&raquo;on&raquo; make_equal=&raquo;on&raquo; column_padding_mobile=&raquo;on&raquo; admin_label=&raquo;Row&raquo; module_class=&raquo; et_pb_row_fullwidth&raquo; _builder_version=&raquo;4.16&#8243; background_size=&raquo;initial&raquo; background_position=&raquo;top_left&raquo; background_repeat=&raquo;repeat&raquo; width=&raquo;100%&raquo; width_tablet=&raquo;100%&raquo; width_phone=&raquo;&raquo; width_last_edited=&raquo;on|desktop&raquo; max_width=&raquo;100%&raquo; max_width_tablet=&raquo;100%&raquo; max_width_phone=&raquo;&raquo; max_width_last_edited=&raquo;on|desktop&raquo; custom_padding=&raquo;0px|0px|0px|0px&raquo; make_fullwidth=&raquo;on&raquo; global_colors_info=&raquo;{}&raquo;][et_pb_column type=&raquo;1_2&#8243; _builder_version=&raquo;4.16&#8243; background_color=&raquo;#f6f4f2&#8243; custom_padding=&raquo;|||19%&raquo; custom_padding_tablet=&raquo;|||16%&raquo; custom_padding_phone=&raquo;|||10%&raquo; custom_padding_last_edited=&raquo;on|desktop&raquo; global_colors_info=&raquo;{}&raquo; custom_padding__hover=&raquo;|||&raquo;][et_pb_text admin_label=&raquo;Ingress&raquo; module_class=&raquo;orange-link&raquo; _builder_version=&raquo;4.16&#8243; text_font=&raquo;||||||||&raquo; text_text_color=&raquo;#000000&#8243; text_font_size=&raquo;15px&raquo; text_line_height=&raquo;1.8em&raquo; background_size=&raquo;initial&raquo; background_position=&raquo;top_left&raquo; background_repeat=&raquo;repeat&raquo; text_orientation=&raquo;justified&raquo; custom_margin=&raquo;|||-26px||&raquo; custom_padding=&raquo;10px|7%|60px|25px||&raquo; use_border_color=&raquo;off&raquo; border_color=&raquo;#ffffff&raquo; border_style=&raquo;solid&raquo; global_colors_info=&raquo;{}&raquo;]<\/p>\n<p>Torsdag 23. februar 2023 gikk over 15 aktivister inn i foajeen til Olje- og Energidepartementet. Der hang de opp banner med &laquo;Baajh vaeride \u00e5rrodh&raquo; og &laquo;Urfolksrett er ikke valgfritt&raquo;, vrengte koftene og ga beskjed om at de var her for \u00e5 aksjonere mot vindkraftutbyggingene p\u00e5 Storheia og Roan p\u00e5 Fosen-halv\u00f8ya i Tr\u00f8ndelag. P\u00e5 denne datoen var det 500 dager siden h\u00f8yesterett erkl\u00e6rte at konsesjonen gitt til vindkraftutbyggingen var ugyldig. Her kan du lese om Fosen-saken, samt hvordan du kan bruke saken i undervisningen.<\/p>\n<p>[\/et_pb_text][\/et_pb_column][et_pb_column type=&raquo;1_2&#8243; _builder_version=&raquo;4.16&#8243; background_color=&raquo;rgba(255,255,255,0)&raquo; custom_padding=&raquo;|||&raquo; global_colors_info=&raquo;{}&raquo; custom_padding__hover=&raquo;|||&raquo;][\/et_pb_column][\/et_pb_row][et_pb_row column_structure=&raquo;1_4,1_4,1_2&#8243; use_custom_gutter=&raquo;on&raquo; gutter_width=&raquo;0&#8243; padding_mobile=&raquo;on&raquo; column_padding_mobile=&raquo;on&raquo; admin_label=&raquo;Row&raquo; _builder_version=&raquo;4.16&#8243; background_size=&raquo;initial&raquo; background_position=&raquo;top_left&raquo; background_repeat=&raquo;repeat&raquo; custom_margin=&raquo;-25px|||&raquo; custom_padding=&raquo;0px|0px|0px|0px&raquo; global_colors_info=&raquo;{}&raquo;][et_pb_column type=&raquo;1_4&#8243; _builder_version=&raquo;4.16&#8243; custom_padding=&raquo;|||&raquo; global_colors_info=&raquo;{}&raquo; custom_padding__hover=&raquo;|||&raquo;][\/et_pb_column][et_pb_column type=&raquo;1_4&#8243; _builder_version=&raquo;4.16&#8243; custom_padding=&raquo;|||&raquo; global_colors_info=&raquo;{}&raquo; custom_padding__hover=&raquo;|||&raquo;][\/et_pb_column][et_pb_column type=&raquo;1_2&#8243; _builder_version=&raquo;4.16&#8243; custom_padding=&raquo;|||&raquo; global_colors_info=&raquo;{}&raquo; custom_padding__hover=&raquo;|||&raquo;][et_pb_image src=&raquo;https:\/\/result.uit.no\/reaidu\/wp-content\/uploads\/sites\/27\/2023\/04\/52706368660_c10c89aab7_k.jpg&raquo; title_text=&raquo;Fosen-aksjonister inne p\u00e5 OED&raquo; show_in_lightbox=&raquo;on&raquo; align=&raquo;center&raquo; align_tablet=&raquo;center&raquo; align_phone=&raquo;&raquo; align_last_edited=&raquo;on|desktop&raquo; disabled_on=&raquo;off|off|off&raquo; admin_label=&raquo;Image&raquo; _builder_version=&raquo;4.20.4&#8243; max_width=&raquo;450%&raquo; custom_margin=&raquo;-56%|||30px||&raquo; custom_margin_tablet=&raquo;0px|||0px&raquo; custom_margin_phone=&raquo;0px|||0px&raquo; custom_margin_last_edited=&raquo;on|tablet&raquo; animation_style=&raquo;slide&raquo; animation_direction=&raquo;top&raquo; animation_duration=&raquo;500ms&raquo; animation_intensity_slide=&raquo;10%&raquo; custom_css_main_element=&raquo;-webkit-box-shadow: 9px 14px 43px -9px rgba(150,150,150,0.6);||-moz-box-shadow: 9px 14px 43px -9px rgba(150,150,150,0.6);||box-shadow: 9px 14px 43px -9px rgba(150,150,150,0.6);&raquo; use_border_color=&raquo;off&raquo; border_color=&raquo;#08cac4&#8243; border_style=&raquo;solid&raquo; animation=&raquo;top&raquo; sticky=&raquo;off&raquo; global_colors_info=&raquo;{}&raquo;][\/et_pb_image][et_pb_text _builder_version=&raquo;4.20.4&#8243; text_font=&raquo;Poiret One||||||||&raquo; text_font_size=&raquo;12px&raquo; text_line_height=&raquo;1em&raquo; text_orientation=&raquo;right&raquo; custom_margin=&raquo;10px||10px||false|false&raquo; locked=&raquo;off&raquo; global_colors_info=&raquo;{}&raquo;]<\/p>\n<p style=\"text-align: right\">Aksjonister m\u00f8ter Olje- og energiminister Terje Aasland i lobbyen til Olje- og energidepartementet.<\/p>\n<p>[\/et_pb_text][et_pb_text _builder_version=&raquo;4.20.4&#8243; text_font=&raquo;Poiret One||||||||&raquo; text_font_size=&raquo;12px&raquo; text_line_height=&raquo;1em&raquo; text_orientation=&raquo;right&raquo; custom_margin=&raquo;10px||10px||false|false&raquo; locked=&raquo;off&raquo; global_colors_info=&raquo;{}&raquo;]<\/p>\n<p style=\"text-align: right\"><a href=\"https:\/\/www.flickr.com\/photos\/naturogungdom\/52706368660\/in\/album-72177720306224978\/\">Foto: Rasmus Berg\/Natur og Ungdom<\/a><\/p>\n<p>[\/et_pb_text][\/et_pb_column][\/et_pb_row][et_pb_row _builder_version=&raquo;4.16&#8243; custom_padding=&raquo;||0px|||&raquo; locked=&raquo;off&raquo; global_colors_info=&raquo;{}&raquo;][et_pb_column type=&raquo;4_4&#8243; _builder_version=&raquo;4.16&#8243; global_colors_info=&raquo;{}&raquo;][et_pb_text _builder_version=&raquo;4.16&#8243; _module_preset=&raquo;default&raquo; text_font=&raquo;Poiret One|||on|||||&raquo; custom_margin=&raquo;||6px|||&raquo; global_colors_info=&raquo;{}&raquo;]<\/p>\n<p>Innhold<\/p>\n<p>[\/et_pb_text][et_pb_divider _builder_version=&raquo;4.16&#8243; _module_preset=&raquo;default&raquo; global_colors_info=&raquo;{}&raquo;][\/et_pb_divider][\/et_pb_column][\/et_pb_row][et_pb_row column_structure=&raquo;1_4,1_4,1_4,1_4&#8243; _builder_version=&raquo;4.18.0&#8243; _module_preset=&raquo;default&raquo; min_height=&raquo;125.4px&raquo; custom_padding=&raquo;0px|||||&raquo; locked=&raquo;off&raquo; global_colors_info=&raquo;{}&raquo;][et_pb_column type=&raquo;1_4&#8243; _builder_version=&raquo;4.18.0&#8243; _module_preset=&raquo;default&raquo; global_colors_info=&raquo;{}&raquo;][et_pb_blurb title=&raquo;Fosen-demonstrasjonene&raquo; url=&raquo;#demonstrasjonene&raquo; use_icon=&raquo;on&raquo; module_id=&raquo;#demonstrasjonene&raquo; module_class=&raquo;hover-zoom menubox-equal-size&raquo; _builder_version=&raquo;4.20.4&#8243; _module_preset=&raquo;default&raquo; header_font=&raquo;Poiret One|700||on|||||&raquo; header_text_color=&raquo;#353740&#8243; header_font_size=&raquo;13px&raquo; header_line_height=&raquo;1.4em&raquo; background_color=&raquo;#f6f4f2&#8243; text_orientation=&raquo;center&raquo; width=&raquo;256px&raquo; max_width=&raquo;100%&raquo; module_alignment=&raquo;center&raquo; max_height=&raquo;196px&raquo; custom_padding=&raquo;20px|10px|20px|10px|false|false&raquo; animation_style=&raquo;zoom&raquo; link_option_url=&raquo;#demonstrasjonene&raquo; global_colors_info=&raquo;{}&raquo;][\/et_pb_blurb][\/et_pb_column][et_pb_column type=&raquo;1_4&#8243; _builder_version=&raquo;4.18.0&#8243; _module_preset=&raquo;default&raquo; global_colors_info=&raquo;{}&raquo;][et_pb_blurb title=&raquo;Former for aktivisme&raquo; url=&raquo;#aktivisme&raquo; use_icon=&raquo;on&raquo; module_id=&raquo;#aktivisme&raquo; module_class=&raquo;hover-zoom menubox-equal-size&raquo; _builder_version=&raquo;4.20.4&#8243; _module_preset=&raquo;default&raquo; header_font=&raquo;Poiret One|700||on|||||&raquo; header_text_color=&raquo;#353740&#8243; header_font_size=&raquo;13px&raquo; header_line_height=&raquo;1.4em&raquo; background_color=&raquo;#f6f4f2&#8243; text_orientation=&raquo;center&raquo; width=&raquo;256px&raquo; max_width=&raquo;100%&raquo; module_alignment=&raquo;center&raquo; max_height=&raquo;196px&raquo; custom_padding=&raquo;20px|10px|20px|10px|false|false&raquo; animation_style=&raquo;zoom&raquo; link_option_url=&raquo;#aktivisme&raquo; global_colors_info=&raquo;{}&raquo;][\/et_pb_blurb][\/et_pb_column][et_pb_column type=&raquo;1_4&#8243; _builder_version=&raquo;4.18.0&#8243; _module_preset=&raquo;default&raquo; global_colors_info=&raquo;{}&raquo;][et_pb_blurb title=&raquo;Fosen i undervisningen&raquo; url=&raquo;#foseniundervisning&raquo; use_icon=&raquo;on&raquo; module_id=&raquo;#foseniundervisning&raquo; module_class=&raquo;hover-zoom menubox-equal-size&raquo; _builder_version=&raquo;4.20.4&#8243; _module_preset=&raquo;default&raquo; header_font=&raquo;Poiret One|700||on|||||&raquo; header_text_color=&raquo;#353740&#8243; header_font_size=&raquo;13px&raquo; header_line_height=&raquo;1.4em&raquo; background_color=&raquo;#f6f4f2&#8243; text_orientation=&raquo;center&raquo; width=&raquo;256px&raquo; max_width=&raquo;100%&raquo; module_alignment=&raquo;center&raquo; max_height=&raquo;196px&raquo; custom_padding=&raquo;20px|10px|20px|10px|false|false&raquo; animation_style=&raquo;zoom&raquo; link_option_url=&raquo;#foseniundervisning&raquo; global_colors_info=&raquo;{}&raquo;][\/et_pb_blurb][\/et_pb_column][et_pb_column type=&raquo;1_4&#8243; _builder_version=&raquo;4.18.0&#8243; _module_preset=&raquo;default&raquo; global_colors_info=&raquo;{}&raquo;][et_pb_blurb title=&raquo;Undervisningsopplegg og nyttige lenker&raquo; url=&raquo;#oppleggoglenker&raquo; use_icon=&raquo;on&raquo; module_id=&raquo;#foseniundervisning&raquo; module_class=&raquo;hover-zoom menubox-equal-size&raquo; _builder_version=&raquo;4.20.4&#8243; _module_preset=&raquo;default&raquo; header_font=&raquo;Poiret One|700||on|||||&raquo; header_text_color=&raquo;#353740&#8243; header_font_size=&raquo;13px&raquo; header_line_height=&raquo;1.4em&raquo; background_color=&raquo;#f6f4f2&#8243; text_orientation=&raquo;center&raquo; width=&raquo;256px&raquo; max_width=&raquo;100%&raquo; module_alignment=&raquo;center&raquo; max_height=&raquo;196px&raquo; custom_padding=&raquo;20px|10px|20px|10px|false|false&raquo; animation_style=&raquo;zoom&raquo; link_option_url=&raquo;#oppleggoglenker&raquo; global_colors_info=&raquo;{}&raquo;][\/et_pb_blurb][\/et_pb_column][\/et_pb_row][et_pb_row column_structure=&raquo;2_5,3_5&#8243; _builder_version=&raquo;4.16&#8243; global_colors_info=&raquo;{}&raquo;][et_pb_column type=&raquo;2_5&#8243; _builder_version=&raquo;4.16&#8243; global_colors_info=&raquo;{}&raquo;][et_pb_text _builder_version=&raquo;4.16&#8243; text_font=&raquo;||||||||&raquo; text_text_color=&raquo;#7e7f93&#8243; text_font_size=&raquo;13px&raquo; text_line_height=&raquo;1.2em&raquo; link_font=&raquo;|700|||||||&raquo; header_font=&raquo;||||||||&raquo; header_text_color=&raquo;#000000&#8243; header_2_font=&raquo;Poiret One|||on|||||&raquo; header_2_text_align=&raquo;center&raquo; header_2_font_size=&raquo;15px&raquo; header_3_font=&raquo;|700|||||||&raquo; header_3_text_color=&raquo;#000000&#8243; header_3_font_size=&raquo;18px&raquo; header_3_line_height=&raquo;1.2em&raquo; background_color=&raquo;RGBA(255,255,255,0)&raquo; width=&raquo;95%&raquo; module_alignment=&raquo;right&raquo; custom_margin=&raquo;-7px||24px|31px|false|false&raquo; custom_padding=&raquo;64px|||13px||&raquo; locked=&raquo;off&raquo; global_colors_info=&raquo;{}&raquo;]<\/p>\n<h2 style=\"text-align: left\">Skrevet av<\/h2>\n<h3>Erle B\u00e5rdsdatter S\u00e6ther<\/h3>\n<p>Senter for samiske studier, UiT Norges arktiske universitet<\/p>\n<p>[\/et_pb_text][et_pb_image src=&raquo;https:\/\/result.uit.no\/reaidu\/wp-content\/uploads\/sites\/27\/2023\/04\/52721203460_e667bc2b9a_c.jpg&raquo; title_text=&raquo;Bannerdrop med %22LANDBACK%22 utenfor OED&raquo; align_tablet=&raquo;&raquo; align_phone=&raquo;center&raquo; align_last_edited=&raquo;on|phone&raquo; _builder_version=&raquo;4.21.0&#8243; _module_preset=&raquo;default&raquo; custom_margin=&raquo;37px||11px|||&raquo; custom_padding=&raquo;|||33px||&raquo; custom_padding_tablet=&raquo;|||33px||&raquo; custom_padding_phone=&raquo;|||0px|false|false&raquo; custom_padding_last_edited=&raquo;on|phone&raquo; module_alignment_tablet=&raquo;&raquo; module_alignment_phone=&raquo;center&raquo; module_alignment_last_edited=&raquo;on|phone&raquo; global_colors_info=&raquo;{}&raquo;][\/et_pb_image][et_pb_text _builder_version=&raquo;4.20.4&#8243; text_font=&raquo;Poiret One||||||||&raquo; text_font_size=&raquo;12px&raquo; text_line_height=&raquo;1em&raquo; text_orientation=&raquo;right&raquo; custom_margin=&raquo;0px||10px||false|false&raquo; custom_padding=&raquo;|0px|0px|0px|false|true&raquo; locked=&raquo;off&raquo; global_colors_info=&raquo;{}&raquo;]<\/p>\n<p><a href=\"https:\/\/www.flickr.com\/photos\/naturogungdom\/52721203460\/in\/album-72177720306396792\/\">Foto: Amanda Iversen Orlich\/Natur og Ungdom<\/a><\/p>\n<p>[\/et_pb_text][\/et_pb_column][et_pb_column type=&raquo;3_5&#8243; _builder_version=&raquo;4.16&#8243; global_colors_info=&raquo;{}&raquo;][et_pb_text module_id=&raquo;demonstrasjonene&raquo; module_class=&raquo;orange-link&raquo; _builder_version=&raquo;4.21.0&#8243; text_font=&raquo;||||||||&raquo; text_text_color=&raquo;#000000&#8243; text_font_size=&raquo;15px&raquo; text_line_height=&raquo;1.8em&raquo; header_text_align=&raquo;left&raquo; header_2_text_align=&raquo;left&raquo; header_3_text_align=&raquo;left&raquo; header_4_text_align=&raquo;left&raquo; background_size=&raquo;initial&raquo; background_position=&raquo;top_left&raquo; background_repeat=&raquo;repeat&raquo; text_orientation=&raquo;justified&raquo; min_height=&raquo;724px&raquo; custom_margin=&raquo;24px|||-26px||&raquo; custom_margin_tablet=&raquo;24px|||-26px||&raquo; custom_margin_phone=&raquo;0px|||0px|false|false&raquo; custom_margin_last_edited=&raquo;on|phone&raquo; custom_padding=&raquo;10px|7%|60px|25px||&raquo; custom_padding_tablet=&raquo;10px|7%|60px|25px||&raquo; custom_padding_phone=&raquo;10px|3px|60px|3px|false|true&raquo; custom_padding_last_edited=&raquo;on|phone&raquo; module_alignment_tablet=&raquo;&raquo; module_alignment_phone=&raquo;center&raquo; module_alignment_last_edited=&raquo;on|phone&raquo; global_colors_info=&raquo;{}&raquo;]<\/p>\n<p>Aksjonene i Oslo ble initiert av ungdomspartiet NSR-N (Norske Samers Riksforbund-Nuorat) og ungdomsorganisasjonen Natur og Ungdom. Aksjonistene okkuperte departementslokalene frem til kl. 02.30 mandag 27. februar, da de ble b\u00e5ret ut av politiet etter at de nektet \u00e5 etterf\u00f8lge politiets p\u00e5legg om \u00e5 fjerne seg fra stedet. P\u00e5 utsiden av departementsbygningen ble det arrangert st\u00f8ttedemonstrasjon for Fosen fra de f\u00f8rste aksjonistene gikk inn i bygget.\u00a0 Etter aksjonistene inne i departementslokalene ble b\u00e5ret ut av politiet, fortsatte demonstrasjonene utenfor. F\u00f8rst ble inngangsd\u00f8rene til Olje- og Energidepartementet blokkert av aksjonister. Gradvis over flere dager ble d\u00f8rene til flere departementer, blant annet Finans-, Klima- og milj\u00f8- og N\u00e6ringsdepartementet, ogs\u00e5 blokkert. Flere av disse fikk p\u00e5legg av politiet om \u00e5 flytte seg, og de som ikke etterfulgte p\u00e5legget ble b\u00e5ret bort av politiet. Utenfor departementskontorene var det ogs\u00e5 jevnlige markeringer med bannere, appellanter og kunstneriske innslag. Ogs\u00e5 flere ganger i l\u00f8pet av uka ble det arrangert st\u00f8ttekonserter utenfor departementskontorene. Aksjonister fortsatte \u00e5 blokkere inngangsd\u00f8rer frem til ettermiddagen 2. mars. Aksjonene ble da offisielt avsluttet, etter 8 dager med aksjoner. Det ble i disse ukene ogs\u00e5 arrangert markeringer flere steder rundt om i landet for \u00e5 vise st\u00f8tte til aksjonistene og til reindriftsut\u00f8verne p\u00e5 Fosen.<\/p>\n<p>Fredag 3. mars ble det arrangert en st\u00f8ttemarkering for Fosen utenfor Stortinget. Denne st\u00f8ttemarkeringen flyttet seg s\u00e5 til Slottsplassen, hvor det ble gjennomf\u00f8rt en stille markering p\u00e5 samme tidspunkt som regjeringen var samlet p\u00e5 Slottet til Kongen i statsr\u00e5d. Markeringene fredag ble avsluttet med en st\u00f8rre st\u00f8ttekonsert p\u00e5 Riksscenen i Oslo, arrangert av en bred gruppe av samiske kulturarrang\u00f8rer, hvor artister som Mari Boine, Marja Mortensson og Katarina Barruk deltok.<\/p>\n<p>[\/et_pb_text][\/et_pb_column][\/et_pb_row][et_pb_row column_structure=&raquo;2_5,3_5&#8243; _builder_version=&raquo;4.16&#8243; custom_padding=&raquo;||41px|||&raquo; global_colors_info=&raquo;{}&raquo;][et_pb_column type=&raquo;2_5&#8243; _builder_version=&raquo;4.16&#8243; global_colors_info=&raquo;{}&raquo;][et_pb_text module_class=&raquo;orange-link&raquo; _builder_version=&raquo;4.21.0&#8243; text_font=&raquo;||||||||&raquo; text_text_color=&raquo;#000000&#8243; text_font_size=&raquo;15px&raquo; text_line_height=&raquo;1.8em&raquo; header_text_align=&raquo;left&raquo; header_2_text_align=&raquo;left&raquo; header_3_text_align=&raquo;left&raquo; header_4_text_align=&raquo;left&raquo; background_size=&raquo;initial&raquo; background_position=&raquo;top_left&raquo; background_repeat=&raquo;repeat&raquo; text_orientation=&raquo;justified&raquo; custom_margin=&raquo;19px|-39px||4px||&raquo; custom_margin_tablet=&raquo;19px|-39px||4px||&raquo; custom_margin_phone=&raquo;|0px||0px|false|true&raquo; custom_margin_last_edited=&raquo;on|phone&raquo; custom_padding=&raquo;10px|7%|60px|25px||&raquo; custom_padding_tablet=&raquo;10px|7%|60px|25px||&raquo; custom_padding_phone=&raquo;|6px||6px|false|true&raquo; custom_padding_last_edited=&raquo;on|phone&raquo; global_colors_info=&raquo;{}&raquo;]<\/p>\n<h1>600 dager<\/h1>\n<p>3. juni var det 600 dager etter h\u00f8yesterettsdommen, og 100 dager etter de f\u00f8rste demonstrasjonene startet. Dette ble markert flere ganger i l\u00f8pet av helga. 2. juni ble det arrangert lovlig aksjon utenfor slottet mens regjeringen samlet seg til Kongen i statsr\u00e5d. Aksjonister samlet seg med <span>bannere, kamprop og flagg utenfor slottet n\u00e5r regjeringen kj\u00f8rte inn til m\u00f8tet. 3. juni ble det arrangert markering p\u00e5 Eidsvolls plass med appeller og musikalske innslag, f\u00f8r det ble avsluttet med demonstrasjonstog fra Eidsvolls plass.\u00a0<\/span><\/p>\n<p>[\/et_pb_text][\/et_pb_column][et_pb_column type=&raquo;3_5&#8243; _builder_version=&raquo;4.16&#8243; global_colors_info=&raquo;{}&raquo;][et_pb_image src=&raquo;https:\/\/result.uit.no\/reaidu\/wp-content\/uploads\/sites\/27\/2023\/06\/52945347540_2ef31d9718_c.jpg&raquo; title_text=&raquo;Aksjon foran Slottet 02.06.23 Foto: Rasmus Berg&raquo; _builder_version=&raquo;4.21.0&#8243; _module_preset=&raquo;default&raquo; global_colors_info=&raquo;{}&raquo;][\/et_pb_image][et_pb_text _builder_version=&raquo;4.21.0&#8243; text_font=&raquo;Poiret One||||||||&raquo; text_font_size=&raquo;12px&raquo; text_line_height=&raquo;1em&raquo; text_orientation=&raquo;right&raquo; width=&raquo;100%&raquo; min_height=&raquo;16px&raquo; custom_margin=&raquo;-31px|391px|10px|0px|false|false&raquo; custom_margin_tablet=&raquo;17px|391px|10px|-46px|false|false&raquo; custom_margin_phone=&raquo;|-10px||-6px|false|false&raquo; custom_margin_last_edited=&raquo;off|desktop&raquo; custom_padding=&raquo;16px||6px|||&raquo; locked=&raquo;off&raquo; global_colors_info=&raquo;{}&raquo;]<\/p>\n<p><a href=\"https:\/\/www.flickr.com\/photos\/naturogungdom\/52945347540\/in\/album-72177720308773868\/\">Foto: Rasmus Berg\/Natur og Ungdom<\/a><\/p>\n<p>[\/et_pb_text][\/et_pb_column][\/et_pb_row][et_pb_row _builder_version=&raquo;4.16&#8243; min_height=&raquo;12px&raquo; custom_margin=&raquo;-10px|auto||auto|false|false&raquo; custom_padding=&raquo;0px|||0px|false|false&raquo; locked=&raquo;off&raquo; global_colors_info=&raquo;{}&raquo;][et_pb_column type=&raquo;4_4&#8243; _builder_version=&raquo;4.16&#8243; global_colors_info=&raquo;{}&raquo;][et_pb_image src=&raquo;https:\/\/result.uit.no\/reaidu\/wp-content\/uploads\/sites\/27\/2023\/04\/52716316442_80681782b8_c-1.jpg&raquo; title_text=&raquo;Lenking av Fosen-aksjonister&raquo; align=&raquo;center&raquo; force_fullwidth=&raquo;on&raquo; _builder_version=&raquo;4.21.0&#8243; custom_margin=&raquo;|0px|6px|0px|false|true&raquo; custom_padding=&raquo;|120px||120px|false|true&raquo; custom_padding_tablet=&raquo;|120px||120px|false|true&raquo; custom_padding_phone=&raquo;|0px||0px|false|true&raquo; custom_padding_last_edited=&raquo;on|phone&raquo; animation_style=&raquo;fade&raquo; global_colors_info=&raquo;{}&raquo;][\/et_pb_image][et_pb_text _builder_version=&raquo;4.21.0&#8243; text_font=&raquo;Poiret One||||||||&raquo; text_font_size=&raquo;12px&raquo; text_line_height=&raquo;1em&raquo; text_orientation=&raquo;right&raquo; custom_margin=&raquo;10px||10px||false|false&raquo; custom_padding=&raquo;|120px||120px|false|true&raquo; custom_padding_tablet=&raquo;|120px||120px|false|true&raquo; custom_padding_phone=&raquo;|3px||3px|false|true&raquo; custom_padding_last_edited=&raquo;on|phone&raquo; locked=&raquo;off&raquo; global_colors_info=&raquo;{}&raquo;]<\/p>\n<p><a href=\"https:\/\/www.flickr.com\/photos\/naturogungdom\/52716316442\/in\/album-72177720306336075\/\">Foto: Thor Due\/Natur og Ungdom<\/a><\/p>\n<p>[\/et_pb_text][\/et_pb_column][\/et_pb_row][et_pb_row column_structure=&raquo;2_5,3_5&#8243; _builder_version=&raquo;4.16&#8243; global_colors_info=&raquo;{}&raquo;][et_pb_column type=&raquo;2_5&#8243; _builder_version=&raquo;4.16&#8243; global_colors_info=&raquo;{}&raquo;][et_pb_text module_class=&raquo;orange-link&raquo; _builder_version=&raquo;4.16&#8243; text_font=&raquo;||||||||&raquo; text_text_color=&raquo;#000000&#8243; text_font_size=&raquo;15px&raquo; text_line_height=&raquo;1.8em&raquo; header_text_align=&raquo;left&raquo; header_2_text_align=&raquo;left&raquo; header_3_text_align=&raquo;left&raquo; header_4_text_align=&raquo;left&raquo; background_size=&raquo;initial&raquo; background_position=&raquo;top_left&raquo; background_repeat=&raquo;repeat&raquo; text_orientation=&raquo;justified&raquo; custom_margin=&raquo;19px|-39px||4px||&raquo; custom_margin_tablet=&raquo;19px|-39px||4px||&raquo; custom_margin_phone=&raquo;|0px||0px|false|true&raquo; custom_margin_last_edited=&raquo;on|phone&raquo; custom_padding=&raquo;10px|7%|60px|25px||&raquo; custom_padding_tablet=&raquo;10px|7%|60px|25px||&raquo; custom_padding_phone=&raquo;|6px||6px|false|true&raquo; custom_padding_last_edited=&raquo;on|phone&raquo; global_colors_info=&raquo;{}&raquo;]<\/p>\n<h1>Dommen i h\u00f8yesterett<\/h1>\n<p>Bakgrunnen for demonstrasjonene var h\u00f8yesterettsdommen fra 11. oktober 2021, hvor H\u00f8yesterett erkl\u00e6rte at konsesjonen for vindkraftparken i reinbeiteomr\u00e5dene p\u00e5 Storheia og Roan i Tr\u00f8ndelag var ugyldig. Dommen sier at vindkraftparken bryter med reindriftsut\u00f8vernes rett til ut\u00f8velse av egen kultur. Dette er i strid med FNs konvensjon om sivile og politiske rettigheter. H\u00f8yesterett har ikke tatt stilling til om vindkraftanlegget m\u00e5 rives.<\/p>\n<p>[\/et_pb_text][\/et_pb_column][et_pb_column type=&raquo;3_5&#8243; _builder_version=&raquo;4.16&#8243; global_colors_info=&raquo;{}&raquo;][et_pb_text _builder_version=&raquo;4.21.0&#8243; _module_preset=&raquo;default&raquo; header_3_font=&raquo;|600|on||||||&raquo; header_3_text_color=&raquo;#686868&#8243; header_3_font_size=&raquo;1.4rem&raquo; header_3_line_height=&raquo;1.5em&raquo; custom_margin=&raquo;61px|104px|61px|104px|true|true&raquo; custom_margin_tablet=&raquo;150px|150px|150px|150px|true|true&raquo; custom_margin_phone=&raquo;40px|40px|80px|40px|false|true&raquo; custom_margin_last_edited=&raquo;on|phone&raquo; custom_padding=&raquo;|0px||0px|false|false&raquo; animation_style=&raquo;fade&raquo; animation_delay=&raquo;800ms&raquo; global_colors_info=&raquo;{}&raquo; width=&raquo;94.2%&raquo;]<\/p>\n<h3 style=\"text-align: center\"><span>Bestemmelsen sl\u00e5r fast at den som tilh\u00f8rer en etnisk, religi\u00f8s eller spr\u00e5klig minoritet, ikke skal nektes retten til \u00e5 dyrke sin kultur sammen med andre medlemmer i gruppen. Det er p\u00e5 det rene at reindrift er en form for vernet kulturut\u00f8velse.<span style=\"color: #e09900\"><a href=\"https:\/\/www.domstol.no\/no\/hoyesterett\/avgjorelser\/2021\/hoyesterett-sivil\/hr-2021-1975-s\/\" style=\"color: #e09900\"><\/a><\/span><\/span><\/h3>\n<h6 style=\"text-align: right\"><\/h6>\n<p>[\/et_pb_text][et_pb_text _builder_version=&raquo;4.21.0&#8243; text_font=&raquo;Poiret One||||||||&raquo; text_font_size=&raquo;12px&raquo; text_line_height=&raquo;1em&raquo; text_orientation=&raquo;right&raquo; width=&raquo;100%&raquo; custom_margin=&raquo;17px|391px|10px|-46px|false|false&raquo; custom_margin_tablet=&raquo;17px|391px|10px|-46px|false|false&raquo; custom_margin_phone=&raquo;|-10px||-6px|false|false&raquo; custom_margin_last_edited=&raquo;on|phone&raquo; custom_padding=&raquo;||6px|||&raquo; locked=&raquo;off&raquo; global_colors_info=&raquo;{}&raquo;]<\/p>\n<div class=\"et_pb_text_inner\">\n<div data-shortcode-id=\"1.3.0.1-1680528661794\" data-quickaccess-editable=\"yes\" class=\"et-fb-popover-tinymce\">\n<div class=\"mce-content-body\">\n<p style=\"text-align: right\"><a href=\"https:\/\/www.domstol.no\/no\/hoyesterett\/avgjorelser\/2021\/hoyesterett-sivil\/hr-2021-1975-s\/\">Hentet fra: Vedtak om konsesjon til vindkraftutbygging p\u00e5 Fosen (domstol.no)<\/a><\/p>\n<\/div>\n<\/div>\n<\/div>\n<div class=\"et-fb-mousetrap et-fb-mousetrap--module et-fb-mousetrap-pointer\" style=\"background: 0px center\"><\/div>\n<p>[\/et_pb_text][\/et_pb_column][\/et_pb_row][et_pb_row _builder_version=&raquo;4.18.1&#8243; _module_preset=&raquo;default&raquo; custom_margin=&raquo;-30px|auto|-30px|auto|true|false&raquo; custom_padding=&raquo;0px|||||&raquo; locked=&raquo;off&raquo; global_colors_info=&raquo;{}&raquo;][et_pb_column type=&raquo;4_4&#8243; _builder_version=&raquo;4.18.0&#8243; _module_preset=&raquo;default&raquo; global_colors_info=&raquo;{}&raquo;][et_pb_text _builder_version=&raquo;4.18.0&#8243; _module_preset=&raquo;default&raquo; text_font=&raquo;Playfair Display||||||||&raquo; text_text_color=&raquo;#eaeaea&raquo; text_font_size=&raquo;250px&raquo; text_line_height=&raquo;0em&raquo; positioning=&raquo;absolute&raquo; vertical_offset=&raquo;-432px&raquo; horizontal_offset=&raquo;460px&raquo; width=&raquo;100%&raquo; custom_margin=&raquo;43px||||false|false&raquo; animation_style=&raquo;flip&raquo; animation_delay=&raquo;300ms&raquo; animation_intensity_flip=&raquo;200%&raquo; global_colors_info=&raquo;{}&raquo; min_height=&raquo;79px&raquo; custom_padding=&raquo;38px|||||&raquo;]<\/p>\n<p><b>\u201c<\/b><\/p>\n<p>[\/et_pb_text][et_pb_text _builder_version=&raquo;4.18.0&#8243; _module_preset=&raquo;default&raquo; text_font=&raquo;Playfair Display||||||||&raquo; text_text_color=&raquo;#eaeaea&raquo; text_font_size=&raquo;250px&raquo; text_line_height=&raquo;0em&raquo; positioning=&raquo;absolute&raquo; position_origin_a=&raquo;bottom_right&raquo; vertical_offset=&raquo;53px&raquo; horizontal_offset=&raquo;14px&raquo; text_orientation=&raquo;right&raquo; width=&raquo;100%&raquo; animation_style=&raquo;flip&raquo; animation_delay=&raquo;400ms&raquo; animation_intensity_flip=&raquo;200%&raquo; global_colors_info=&raquo;{}&raquo; min_height=&raquo;51px&raquo; custom_margin=&raquo;|-114px||||&raquo;]<\/p>\n<p><b>\u201d<\/b><\/p>\n<p>[\/et_pb_text][\/et_pb_column][\/et_pb_row][et_pb_row column_structure=&raquo;2_5,3_5&#8243; _builder_version=&raquo;4.16&#8243; global_colors_info=&raquo;{}&raquo;][et_pb_column type=&raquo;2_5&#8243; _builder_version=&raquo;4.16&#8243; global_colors_info=&raquo;{}&raquo;][et_pb_image src=&raquo;https:\/\/result.uit.no\/reaidu\/wp-content\/uploads\/sites\/27\/2023\/04\/52719301361_1bb17fbd27_c.jpg&raquo; alt=&raquo;Fosen-aksjonist&raquo; title_text=&raquo;Aksjonist blir b\u00e5ret vekk av politiet under Fosen-aksjonene.&raquo; align=&raquo;center&raquo; force_fullwidth=&raquo;on&raquo; _builder_version=&raquo;4.21.0&#8243; min_height=&raquo;221.2px&raquo; custom_margin=&raquo;46px||30px|||&raquo; custom_padding=&raquo;0px|0px||21px||&raquo; custom_padding_tablet=&raquo;0px|0px||21px||&raquo; custom_padding_phone=&raquo;0px|0px||0px|false|false&raquo; custom_padding_last_edited=&raquo;on|phone&raquo; animation_style=&raquo;fade&raquo; global_colors_info=&raquo;{}&raquo;][\/et_pb_image][et_pb_text _builder_version=&raquo;4.20.4&#8243; text_font=&raquo;Poiret One||||||||&raquo; text_font_size=&raquo;12px&raquo; text_line_height=&raquo;1em&raquo; text_orientation=&raquo;right&raquo; custom_margin=&raquo;-14px||10px||false|false&raquo; custom_padding=&raquo;|0px||0px|false|true&raquo; locked=&raquo;off&raquo; global_colors_info=&raquo;{}&raquo;]<\/p>\n<p><a href=\"https:\/\/www.flickr.com\/photos\/naturogungdom\/52719301361\/in\/photostream\/\">Foto: Amanda Iversen Orlich\/Natur og Ungdom<\/a><\/p>\n<p>[\/et_pb_text][\/et_pb_column][et_pb_column type=&raquo;3_5&#8243; _builder_version=&raquo;4.16&#8243; global_colors_info=&raquo;{}&raquo;][et_pb_text module_id=&raquo;aktivisme&raquo; module_class=&raquo;orange-link&raquo; _builder_version=&raquo;4.21.0&#8243; text_font=&raquo;||||||||&raquo; text_text_color=&raquo;#000000&#8243; text_font_size=&raquo;15px&raquo; text_line_height=&raquo;1.8em&raquo; header_text_align=&raquo;left&raquo; header_2_text_align=&raquo;left&raquo; header_3_text_align=&raquo;left&raquo; header_4_text_align=&raquo;left&raquo; background_size=&raquo;initial&raquo; background_position=&raquo;top_left&raquo; background_repeat=&raquo;repeat&raquo; text_orientation=&raquo;justified&raquo; custom_margin=&raquo;|||-26px||&raquo; custom_margin_tablet=&raquo;|||-26px||&raquo; custom_margin_phone=&raquo;|||0px|false|false&raquo; custom_margin_last_edited=&raquo;on|phone&raquo; custom_padding=&raquo;10px|7%|60px|25px||&raquo; custom_padding_tablet=&raquo;10px|7%|60px|25px||&raquo; custom_padding_phone=&raquo;|0px||0px|false|true&raquo; custom_padding_last_edited=&raquo;on|phone&raquo; global_colors_info=&raquo;{}&raquo;]<\/p>\n<h1>Ulike former for aktivisme<\/h1>\n<p>Under demonstrasjonene i Oslo ble det brukt ulike former for \u00e5 vise motstand mot vindkraftutbyggingene og for \u00e5 vise st\u00f8tte til saken. Det var ogs\u00e5 mange som viste st\u00f8tte til aksjonene selv om de ikke var tilstede i Oslo. Det som fikk mest oppmerksomhet er aksjonistene som f\u00f8rst okkuperte lokalene til Olje- og Energidepartementet, og senere aksjonistene som lenket seg foran inngangsd\u00f8rene til departementsbyggene. Dette er former for sivil ulydighet. <strong><\/strong>Sivil ulydighet er n\u00e5r noen bevisst bryter loven for \u00e5 uttrykke motstand mot eller \u00e5 skape oppmerksomhet rundt en sak. Det er i utgangspunktet ikke ulovlig \u00e5 ha en markering eller demonstrere for en sak man er engasjert i. Det blir sivil ulydighet n\u00e5r man velger \u00e5 ikke f\u00f8ye seg etter det politiet sier. Politiet gir f\u00f8rst beskjed om at aksjonistene m\u00e5 flytte seg, og hvis de ikke gj\u00f8r det risikerer de \u00e5 bli arrestert og f\u00e5 b\u00f8ter eller fengselsstraff. Aksjonister som vi s\u00e5 p\u00e5 bilder ble b\u00e5ret bort av politiet, aksjonerte sivilt ulydig.\u00a0<strong><\/strong><\/p>\n<p>Det var ogs\u00e5 mange som st\u00f8ttet Fosen-aksjonen uten \u00e5 aksjonere sivilt ulydig. Mange viste sin st\u00f8tte for eksempel ved \u00e5 holde appeller, organisere st\u00f8ttemarkeringer, lage mat til aktivistene, donere kl\u00e6r og tepper, male banner og generelt ved \u00e5 vise omsorg for de som aksjonerte. Det var ogs\u00e5 mange som viste sin st\u00f8tte i sosiale medier og ved \u00e5 skrive kronikker i avisene. Sosiale medier var ogs\u00e5 et viktig redskap for \u00e5 f\u00e5 budskapet ut. Mange som var tilstede under aksjonene sendte direkte fra sine sosiale medie-kontoer fra Oslo, s\u00e5 st\u00f8ttespillere andre steder i landet kunne f\u00e5 oppdateringer direkte.<\/p>\n<p>[\/et_pb_text][\/et_pb_column][\/et_pb_row][et_pb_row custom_padding_last_edited=&raquo;on|phone&raquo; _builder_version=&raquo;4.21.0&#8243; width=&raquo;100%&raquo; width_tablet=&raquo;93%&raquo; width_phone=&raquo;100%&raquo; width_last_edited=&raquo;on|phone&raquo; max_width=&raquo;1000px&raquo; module_alignment=&raquo;center&raquo; custom_margin=&raquo;55px|0px|55px|0px|true|true&raquo; custom_margin_tablet=&raquo;55px|31px|55px|33px|true|false&raquo; custom_margin_phone=&raquo;|-13px||0px|true|false&raquo; custom_margin_last_edited=&raquo;on|phone&raquo; custom_padding=&raquo;22px|0px|22px|0px|true|true&raquo; custom_padding_tablet=&raquo;41px|34px|34px|34px|false|true&raquo; custom_padding_phone=&raquo;41px|22px|41px|22px|true|true&raquo; box_shadow_style=&raquo;preset1&#8243; box_shadow_vertical=&raquo;10px&raquo; box_shadow_blur=&raquo;67px&raquo; box_shadow_spread=&raquo;21px&raquo; box_shadow_color=&raquo;rgba(1,33,92,0.1)&raquo; locked=&raquo;off&raquo; global_colors_info=&raquo;{}&raquo;][et_pb_column type=&raquo;4_4&#8243; _builder_version=&raquo;4.16&#8243; global_colors_info=&raquo;{}&raquo;][et_pb_blurb title=&raquo;\u00c5 Vrenge kofta&raquo; use_icon=&raquo;on&raquo; font_icon=&raquo;&#xf0a1;||fa||900&#8243; image_icon_width=&raquo;36px&raquo; content_max_width=&raquo;549px&raquo; image_icon_width_tablet=&raquo;36px&raquo; image_icon_width_phone=&raquo;36px&raquo; image_icon_width_last_edited=&raquo;on|tablet&raquo; admin_label=&raquo;Teaser&raquo; module_class=&raquo;pa-bullet-list-1 orange-link&raquo; _builder_version=&raquo;4.21.0&#8243; header_font=&raquo;Poiret One|700||on|||||&raquo; header_text_align=&raquo;center&raquo; header_font_size=&raquo;22px&raquo; header_line_height=&raquo;1.8em&raquo; body_text_color=&raquo;#000000&#8243; body_font_size=&raquo;14px&raquo; body_line_height=&raquo;2em&raquo; body_link_text_color=&raquo;#000000&#8243; body_ul_text_color=&raquo;#000000&#8243; body_ol_text_color=&raquo;#000000&#8243; background_color=&raquo;#ffffff&raquo; width=&raquo;98%&raquo; max_width=&raquo;94%&raquo; module_alignment=&raquo;center&raquo; custom_margin=&raquo;2px|45px|2px|45px|true|true&raquo; custom_padding=&raquo;45px|0px|45px|25px|true|false&raquo; custom_padding_tablet=&raquo;45px|0px|45px|25px|true|false&raquo; custom_padding_phone=&raquo;23px|0px|23px|0px|true|false&raquo; custom_padding_last_edited=&raquo;on|phone&raquo; animation_style=&raquo;zoom&raquo; animation_intensity_zoom=&raquo;10%&raquo; icon_font_size=&raquo;36px&raquo; image_max_width_tablet=&raquo;60px&raquo; image_max_width_phone=&raquo;&raquo; image_max_width_last_edited=&raquo;on|tablet&raquo; locked=&raquo;off&raquo; global_colors_info=&raquo;{}&raquo;]<\/p>\n<p>Et viktig symbol i samisk aktivisme som vi s\u00e5 mye av under Fosen-demonstrasjonene, er vrengte kofter. \u00c5 vrenge kofta er en tradisjonell samisk m\u00e5te \u00e5 vise motstand og uenighet p\u00e5. Det er en form for &laquo;stille&raquo; protest, som viser hvordan man ikke alltid trenger \u00e5 rope h\u00f8yest for \u00e5 vise sin mening om en sak.<\/p>\n<p>[\/et_pb_blurb][et_pb_image src=&raquo;https:\/\/result.uit.no\/reaidu\/wp-content\/uploads\/sites\/27\/2023\/04\/52706444163_e434820214_c.jpg&raquo; alt=&raquo;Aktivister i vrengte kofter.&raquo; title_text=&raquo;Fosen-aksjonister med g\u00e1kti p\u00e5 vranga&raquo; align=&raquo;center&raquo; _builder_version=&raquo;4.21.0&#8243; _module_preset=&raquo;default&raquo; custom_margin=&raquo;|0px|13px|0px|false|true&raquo; custom_padding=&raquo;10px|140px||140px|false|true&raquo; custom_padding_tablet=&raquo;10px|140px||140px|false|true&raquo; custom_padding_phone=&raquo;10px|0px||0px|false|true&raquo; custom_padding_last_edited=&raquo;on|phone&raquo; global_colors_info=&raquo;{}&raquo;][\/et_pb_image][et_pb_text _builder_version=&raquo;4.21.0&#8243; text_font=&raquo;Poiret One||||||||&raquo; text_font_size=&raquo;12px&raquo; text_line_height=&raquo;1em&raquo; text_orientation=&raquo;right&raquo; custom_margin=&raquo;10px|140px|10px|23px|false|false&raquo; custom_margin_tablet=&raquo;10px|140px|10px|23px|false|false&raquo; custom_margin_phone=&raquo;10px|-1px|10px|-1px|false|true&raquo; custom_margin_last_edited=&raquo;on|phone&raquo; locked=&raquo;off&raquo; global_colors_info=&raquo;{}&raquo;]<\/p>\n<p style=\"text-align: right\">Aksjonistene Ella Marie H\u00e6tta Isaksen, Aslak Heika H\u00e6tta Bj\u00f8rn og K\u00e1tj\u00e1 R\u00e1vdn\u00e1 Broch Einebakken har vrengt g\u00e1kti (kofte) i protest.<\/p>\n<p>[\/et_pb_text][et_pb_text _builder_version=&raquo;4.21.0&#8243; text_font=&raquo;Poiret One||||||||&raquo; text_font_size=&raquo;12px&raquo; text_line_height=&raquo;1em&raquo; text_orientation=&raquo;right&raquo; custom_margin=&raquo;10px||10px||false|false&raquo; custom_padding=&raquo;|142px|0px|142px|false|true&raquo; custom_padding_tablet=&raquo;|142px|0px|142px|false|true&raquo; custom_padding_phone=&raquo;|0px||0px|false|true&raquo; custom_padding_last_edited=&raquo;on|phone&raquo; locked=&raquo;off&raquo; global_colors_info=&raquo;{}&raquo;]<\/p>\n<p><a href=\"https:\/\/www.flickr.com\/photos\/naturogungdom\/52706444163\/in\/album-72177720306224978\/\">Foto: Rasmus Berg\/Natur og Ungdom<\/a><\/p>\n<p>[\/et_pb_text][\/et_pb_column][\/et_pb_row][et_pb_row column_structure=&raquo;3_5,2_5&#8243; _builder_version=&raquo;4.21.0&#8243; custom_margin=&raquo;119px|auto||auto||&raquo; custom_margin_tablet=&raquo;119px|auto||auto||&raquo; custom_margin_phone=&raquo;70px||||false|false&raquo; custom_margin_last_edited=&raquo;on|phone&raquo; global_colors_info=&raquo;{}&raquo;][et_pb_column type=&raquo;3_5&#8243; _builder_version=&raquo;4.16&#8243; global_colors_info=&raquo;{}&raquo;][et_pb_text module_id=&raquo;foseniundervisning&raquo; module_class=&raquo;orange-link&raquo; _builder_version=&raquo;4.21.0&#8243; text_font=&raquo;||||||||&raquo; text_text_color=&raquo;#000000&#8243; text_font_size=&raquo;15px&raquo; text_line_height=&raquo;1.8em&raquo; header_text_align=&raquo;left&raquo; header_2_text_align=&raquo;left&raquo; header_3_text_align=&raquo;left&raquo; header_4_text_align=&raquo;left&raquo; background_size=&raquo;initial&raquo; background_position=&raquo;top_left&raquo; background_repeat=&raquo;repeat&raquo; text_orientation=&raquo;justified&raquo; custom_margin=&raquo;|||-26px||&raquo; custom_margin_tablet=&raquo;|||-26px||&raquo; custom_margin_phone=&raquo;|||0px|false|false&raquo; custom_margin_last_edited=&raquo;on|phone&raquo; custom_padding=&raquo;10px|7%|60px|25px||&raquo; custom_padding_tablet=&raquo;10px|7%|60px|25px||&raquo; custom_padding_phone=&raquo;|0px||0px|false|true&raquo; custom_padding_last_edited=&raquo;on|phone&raquo; module_alignment_tablet=&raquo;&raquo; module_alignment_phone=&raquo;center&raquo; module_alignment_last_edited=&raquo;on|phone&raquo; global_colors_info=&raquo;{}&raquo;]<\/p>\n<h1>Fosen-saken i undervisningen<\/h1>\n<p>Fosen-saken er en dagsaktuell sak som kan brukes i undervisningen knyttet til tema som arealkonflikter, menneskerettigheter, fornybar energi, naturinngrep og politisk p\u00e5virkning. I tillegg er det viktige punkter i det tverrfaglige temaet &laquo;Demokratisk medborgerskap&raquo; i overordnet del av l\u00e6replanen at elevene skal f\u00e5 kunnskap om demokratiets forutsetninger, verdier og spilleregler. De skal ogs\u00e5 f\u00e5 forst\u00e5else for sammenhengen mellom demokrati og sentrale menneskerettigheter som ytringsfrihet, stemmerett og organisasjonsfrihet. I undervisningen kan elevene b\u00e5de l\u00e6re om saken, men ogs\u00e5 gjennom den l\u00e6re kritisk tenkning, hvordan bygge opp argumenter og hvordan m\u00f8te meningsmotstand.<\/p>\n<p>&nbsp;<\/p>\n<h3 style=\"text-align: left\">Kontroversielt tema<\/h3>\n<p>Fosen-saken kan likevel v\u00e6re utfordrende \u00e5 undervise om nettopp fordi det er en konflikt, og temaet kan oppleves som kontroversielt. Kontroversielle tema kjennetegnes ved at det gjerne er verdi- og interessekonflikter uten enkle svar, det kan v\u00e6re uenigheter om bakenforliggende fakta og hvor elevene kan ha sterke meninger og f\u00f8lelser knyttet til saken <a href=\"https:\/\/rm.coe.int\/a-undervise-i-kontroversielle-tema\/1680748448\">(1)<\/a>. Hva som regnes som kontroversiell vil variere med tid og sted. Temaer som omhandler noens identitet og kultur, s\u00e6rlig n\u00e5r det gjelder minoriteter, vil ogs\u00e5 kunne oppleves som s\u00e6rlig sensitivt. Da kan et argument i saken oppleves som et argument mot ens selv, og dette kan utfordre \u00f8nsket om saklig debatt og godt debattmilj\u00f8. I tillegg er det viktig at ingen av elevene eller gruppene i konflikten blir satt i en offerrolle. Det kan derfor v\u00e6re lurt som underviser \u00e5 gj\u00f8re seg noen refleksjoner p\u00e5 forh\u00e5nd.<\/p>\n<p>[\/et_pb_text][\/et_pb_column][et_pb_column type=&raquo;2_5&#8243; _builder_version=&raquo;4.16&#8243; global_colors_info=&raquo;{}&raquo;][et_pb_image src=&raquo;https:\/\/result.uit.no\/reaidu\/wp-content\/uploads\/sites\/27\/2023\/04\/52722961057_f2b95b98b5_c.jpg&raquo; alt=&raquo;Fosen-aksjonister&raquo; title_text=&raquo;Fosen-aksjonister med samisk flagg&raquo; _builder_version=&raquo;4.20.4&#8243; _module_preset=&raquo;default&raquo; custom_margin=&raquo;||8px|||&raquo; global_colors_info=&raquo;{}&raquo;][\/et_pb_image][et_pb_text _builder_version=&raquo;4.20.4&#8243; text_font=&raquo;Poiret One||||||||&raquo; text_font_size=&raquo;12px&raquo; text_line_height=&raquo;1em&raquo; text_orientation=&raquo;right&raquo; custom_margin=&raquo;10px||10px||false|false&raquo; custom_padding=&raquo;|0px||0px|false|true&raquo; locked=&raquo;off&raquo; global_colors_info=&raquo;{}&raquo;]<\/p>\n<p><a href=\"https:\/\/www.flickr.com\/photos\/naturogungdom\/52722961057\/\">Foto: Amanda Iversen Orlich \/ Natur og Ungdom<\/a><\/p>\n<p>[\/et_pb_text][et_pb_blurb title=&raquo;Undervisning&raquo; url=&raquo;@ET-DC@eyJkeW5hbWljIjp0cnVlLCJjb250ZW50IjoicG9zdF9saW5rX3VybF9wYWdlIiwic2V0dGluZ3MiOnsicG9zdF9pZCI6IjI0MjkxMCJ9fQ==@&raquo; use_icon=&raquo;on&raquo; font_icon=&raquo;&#x39;||divi||400&#8243; icon_color=&raquo;#e09900&#8243; icon_placement=&raquo;left&raquo; _builder_version=&raquo;4.20.2&#8243; _dynamic_attributes=&raquo;url,link_option_url&raquo; header_level=&raquo;h2&#8243; header_font=&raquo;Poiret One|700||on|||||&raquo; header_text_align=&raquo;left&raquo; body_font=&raquo;||||||||&raquo; body_text_align=&raquo;left&raquo; body_font_size=&raquo;14px&raquo; background_color=&raquo;#f6f4f2&#8243; text_orientation=&raquo;center&raquo; max_width=&raquo;100%&raquo; module_alignment=&raquo;center&raquo; custom_margin=&raquo;31px|3px|31px|3px|true|true&raquo; custom_margin_tablet=&raquo;&raquo; custom_margin_phone=&raquo;&raquo; custom_margin_last_edited=&raquo;on|desktop&raquo; custom_padding=&raquo;17px|25px|17px|25px|true|true&raquo; link_option_url=&raquo;@ET-DC@eyJkeW5hbWljIjp0cnVlLCJjb250ZW50IjoicG9zdF9saW5rX3VybF9wYWdlIiwic2V0dGluZ3MiOnsicG9zdF9pZCI6IjI0MjkxMCJ9fQ==@&raquo; custom_css_blurb_image=&raquo;margin-left: 8px;&raquo; custom_css_blurb_content=&raquo;display: flex;||flex-direction: row-reverse;||&raquo; border_radii=&raquo;on|5px|5px|5px|5px&raquo; border_width_all=&raquo;2px&raquo; border_color_all=&raquo;#e09900&#8243; box_shadow_style=&raquo;preset3&#8243; locked=&raquo;off&raquo; global_colors_info=&raquo;{}&raquo;]<\/p>\n<p>Her finner du informasjon og refleksjoner om hva undervisning om samiske temaer inneb\u00e6rer, og forslag til undervisningsopplegg.<\/p>\n<p>[\/et_pb_blurb][et_pb_blurb title=&raquo;SAMEPOLITIKK OG RETTIGHETSKAMP&raquo; url=&raquo;@ET-DC@eyJkeW5hbWljIjp0cnVlLCJjb250ZW50IjoicG9zdF9saW5rX3VybF9wYWdlIiwic2V0dGluZ3MiOnsicG9zdF9pZCI6IjM5MDI4In19@&raquo; use_icon=&raquo;on&raquo; font_icon=&raquo;&#x39;||divi||400&#8243; icon_color=&raquo;#e09900&#8243; icon_placement=&raquo;left&raquo; module_class=&raquo;hover-zoom &raquo; _builder_version=&raquo;4.20.4&#8243; _dynamic_attributes=&raquo;url,link_option_url&raquo; header_level=&raquo;h2&#8243; header_font=&raquo;Poiret One|700||on|||||&raquo; header_text_align=&raquo;left&raquo; body_font=&raquo;||||||||&raquo; body_text_align=&raquo;left&raquo; body_font_size=&raquo;14px&raquo; background_color=&raquo;#f6f4f2&#8243; text_orientation=&raquo;center&raquo; module_alignment=&raquo;center&raquo; custom_margin=&raquo;20px|3px|20px|3px|true|true&raquo; custom_margin_tablet=&raquo;&raquo; custom_margin_phone=&raquo;&raquo; custom_margin_last_edited=&raquo;on|desktop&raquo; custom_padding=&raquo;17px|25px|17px|25px|true|true&raquo; animation_style=&raquo;zoom&raquo; link_option_url=&raquo;@ET-DC@eyJkeW5hbWljIjp0cnVlLCJjb250ZW50IjoicG9zdF9saW5rX3VybF9wYWdlIiwic2V0dGluZ3MiOnsicG9zdF9pZCI6IjM5MDI4In19@&raquo; custom_css_blurb_image=&raquo;margin-left: 8px;&raquo; custom_css_blurb_content=&raquo;display: flex;||flex-direction: row-reverse;||&raquo; border_radii=&raquo;on|5px|5px|5px|5px&raquo; border_width_all=&raquo;2px&raquo; border_color_all=&raquo;#e09900&#8243; box_shadow_style=&raquo;preset3&#8243; locked=&raquo;off&raquo; global_colors_info=&raquo;{}&raquo;]<\/p>\n<p><span>Kampen for samiske rettigheter startet allerede rundt det forrige \u00e5rhundreskiftet, men er like aktuell i dag. Her kan du lese om Sametinget,\u00a0 Alta-saken, og urfolks rettigheter.\u00a0<\/span><\/p>\n<p>[\/et_pb_blurb][\/et_pb_column][\/et_pb_row][et_pb_row column_structure=&raquo;2_5,3_5&#8243; _builder_version=&raquo;4.16&#8243; custom_padding=&raquo;||0px|||&raquo; global_colors_info=&raquo;{}&raquo;][et_pb_column type=&raquo;2_5&#8243; _builder_version=&raquo;4.16&#8243; global_colors_info=&raquo;{}&raquo;][et_pb_image src=&raquo;https:\/\/result.uit.no\/reaidu\/wp-content\/uploads\/sites\/27\/2023\/04\/52723702463_185da3948e_c-1.jpg&raquo; title_text=&raquo;Marsj fra Stortinget til Slottet i forbindelse med St\u00f8tteaksjon for Fosen&raquo; _builder_version=&raquo;4.20.4&#8243; _module_preset=&raquo;default&raquo; custom_margin=&raquo;||5px|||&raquo; locked=&raquo;off&raquo; global_colors_info=&raquo;{}&raquo;][\/et_pb_image][et_pb_text _builder_version=&raquo;4.20.4&#8243; text_font=&raquo;Poiret One||||||||&raquo; text_font_size=&raquo;12px&raquo; text_line_height=&raquo;1em&raquo; text_orientation=&raquo;right&raquo; custom_margin=&raquo;10px||10px||false|false&raquo; custom_padding=&raquo;|0px||0px|false|true&raquo; locked=&raquo;off&raquo; global_colors_info=&raquo;{}&raquo;]<\/p>\n<p><a href=\"https:\/\/www.flickr.com\/photos\/naturogungdom\/52723702463\/in\/album-72177720306430879\/\">Foto: Thor Due\/Natur og Ungdom<\/a><\/p>\n<p>[\/et_pb_text][\/et_pb_column][et_pb_column type=&raquo;3_5&#8243; _builder_version=&raquo;4.16&#8243; global_colors_info=&raquo;{}&raquo;][et_pb_text module_class=&raquo;orange-link&raquo; _builder_version=&raquo;4.21.0&#8243; text_font=&raquo;||||||||&raquo; text_text_color=&raquo;#000000&#8243; text_font_size=&raquo;15px&raquo; text_line_height=&raquo;1.8em&raquo; header_text_align=&raquo;left&raquo; header_2_text_align=&raquo;left&raquo; header_3_text_align=&raquo;left&raquo; header_4_text_align=&raquo;left&raquo; background_size=&raquo;initial&raquo; background_position=&raquo;top_left&raquo; background_repeat=&raquo;repeat&raquo; text_orientation=&raquo;justified&raquo; custom_margin=&raquo;|||-26px||&raquo; custom_margin_tablet=&raquo;|||-26px||&raquo; custom_margin_phone=&raquo;|||0px|false|false&raquo; custom_margin_last_edited=&raquo;on|phone&raquo; custom_padding=&raquo;10px|7%|60px|25px||&raquo; custom_padding_tablet=&raquo;10px|7%|60px|25px||&raquo; custom_padding_phone=&raquo;|0px||0px|false|true&raquo; custom_padding_last_edited=&raquo;on|phone&raquo; global_colors_info=&raquo;{}&raquo;]<\/p>\n<h3>Hva skal \u00e5pnes for diskusjon<\/h3>\n<p>Det f\u00f8rste er \u00e5 reflektere rundt hva skal \u00e5pnes for diskusjon, samt hvilke begrepsavklaringer og fakta som m\u00e5 legges frem p\u00e5 forh\u00e5nd. Dette vil si \u00e5 lage et skille mellom styrende og ikke-styrende undervisning. Ikke-styrende undervisning gjelder for sp\u00f8rsm\u00e5l hvor det er ulike svar og l\u00f8sninger, og elevene kan utforske ulike sider ved tema. I styrende undervisning er m\u00e5let at elevene overtar visse synspunkt, som for eksempel i undervisning om demokratiske verdier og menneskerettigheter <a href=\"https:\/\/www.universitetsforlaget.no\/kontroversielle-emosjonelle-og-sensitive-tema-i-skolen\">(2)<\/a>. Hva som \u00e5pnes for diskusjon vil variere fra sak til sak og fra klasserom til klasserom. I Fosen-saken kan det for eksempel legges til grunn at man ikke kommer til \u00e5 diskutere samers status som urfolk og medf\u00f8lgende rettigheter. Det kan i stedet fokuseres p\u00e5 mindre s\u00e5rbare tema for diskusjon, for eksempel hvordan man kan bruke ulike former for aktivisme til \u00e5 fremme et politisk budskap.<\/p>\n<p>Her er det viktig \u00e5 kjenne elevene, s\u00e5 man har mulighet til \u00e5 forberede seg p\u00e5 eventuelle vanskelige sp\u00f8rsm\u00e5l og utsagn som kan komme. Hvilke utfordringer kan du komme til \u00e5 m\u00f8te? Kan det komme ekstreme meninger som for eksempel er rasistiske? Hvordan kan du ivareta b\u00e5de elevene som ytrer ekstreme meninger og elevene som blir utsatt for det? Er det samiske elever i klasserommet som kan v\u00e6re s\u00e6rlig s\u00e5rbare n\u00e5r det snakkes om samisk kultur? M\u00e5let f\u00f8r undervisningen er et klasseromsmilj\u00f8 hvor det ligger til rette for trygg diskusjon, der det samtidig er rom for tvil og for \u00e5 lufte tanker elevene ikke har ytringsrom for ellers.<\/p>\n<p>[\/et_pb_text][\/et_pb_column][\/et_pb_row][et_pb_row _builder_version=&raquo;4.16&#8243; custom_padding=&raquo;0px||0px|||&raquo; locked=&raquo;off&raquo; global_colors_info=&raquo;{}&raquo;][et_pb_column type=&raquo;4_4&#8243; _builder_version=&raquo;4.16&#8243; global_colors_info=&raquo;{}&raquo;][et_pb_text module_class=&raquo;orange-link&raquo; _builder_version=&raquo;4.20.4&#8243; text_font=&raquo;||||||||&raquo; text_text_color=&raquo;#000000&#8243; text_font_size=&raquo;15px&raquo; text_line_height=&raquo;1.8em&raquo; header_text_align=&raquo;left&raquo; header_2_text_align=&raquo;left&raquo; header_3_text_align=&raquo;left&raquo; header_4_text_align=&raquo;left&raquo; background_size=&raquo;initial&raquo; background_position=&raquo;top_left&raquo; background_repeat=&raquo;repeat&raquo; text_orientation=&raquo;justified&raquo; custom_margin=&raquo;|||-26px||&raquo; custom_padding=&raquo;10px|7%|29px|25px||&raquo; global_colors_info=&raquo;{}&raquo;]<\/p>\n<h3>L\u00e6rerens rolle<\/h3>\n<p>Det er ogs\u00e5 nyttig \u00e5 reflektere rundt hvilken rolle du som l\u00e6rer skal ha i undervisningen, og hvor \u00e5pen skal du v\u00e6re om egne meninger i saken. Undervisningen vil alltid p\u00e5virkes av holdningene til b\u00e5de elevene og l\u00e6reren, og enten du er \u00e5pen om egne meninger eller ikke, vil undervisningen aldri v\u00e6re helt n\u00f8ytral. Sp\u00f8rsm\u00e5let er da om man \u00e5pent kan ta et standpunkt i en sak og samtidig undervise p\u00e5 en nyansert og balansert m\u00e5te? Dette finnes det ulike undervisningsstrategier for. En strategi er at l\u00e6reren avsl\u00f8rer sine egne meninger i saken. Her er fordelen at elevene blir bevisst p\u00e5 l\u00e6rerens synspunkt, og de l\u00e6rer seg metoder for hvordan man kan m\u00f8te kontroversielle tema. Men ulempen er at elevene kan inntar meningene til l\u00e6reren fordi de \u00f8nsker \u00e5 mene det samme eller tror at det er det &laquo;rette&raquo; svaret rett og slett fordi l\u00e6reren mener det. En annen strategi er at l\u00e6reren presenterer de ulike synspunktene p\u00e5 en balansert m\u00e5te uten \u00e5 dele hva l\u00e6reren selv mener. Her f\u00e5r elevene se saken fra ulike sider og kan bli introdusert for nye argumenter, men det kan samtidig gi uttrykk for at alle argumenter er like velbegrunnede eller har like stor tyngde. Flere strategier for undervisning om kontroversielle tema finnes i l\u00e6ringsressursen <a href=\"https:\/\/rm.coe.int\/a-undervise-i-kontroversielle-tema\/1680748448\">\u00c5 undervise i kontroversielle tema<\/a>.\u00a0<\/p>\n<p>[\/et_pb_text][et_pb_toggle title=&raquo;Referanser&raquo; icon_color=&raquo;#e09900&#8243; open_icon_color=&raquo;#e09900&#8243; module_class=&raquo;orange-link&raquo; _builder_version=&raquo;4.20.4&#8243; title_level=&raquo;h1&#8243; title_font=&raquo;Poiret One|700||on|||||&raquo; title_font_size=&raquo;14px&raquo; closed_title_text_align=&raquo;left&raquo; closed_title_font_size=&raquo;14px&raquo; body_font=&raquo;||||||||&raquo; body_text_align=&raquo;left&raquo; body_text_color=&raquo;#000000&#8243; body_font_size=&raquo;12px&raquo; body_line_height=&raquo;1.6em&raquo; body_link_line_height=&raquo;1.6em&raquo; body_ul_line_height=&raquo;1.6em&raquo; body_ol_line_height=&raquo;1.7em&raquo; background_size=&raquo;initial&raquo; background_position=&raquo;top_left&raquo; background_repeat=&raquo;repeat&raquo; text_orientation=&raquo;left&raquo; width=&raquo;95%&raquo; module_alignment=&raquo;center&raquo; custom_margin=&raquo;||50px|-119px|false|false&raquo; custom_padding=&raquo;10px||10px||true|false&raquo; use_border_color=&raquo;off&raquo; border_color=&raquo;#ffffff&raquo; border_style=&raquo;solid&raquo; locked=&raquo;off&raquo; global_colors_info=&raquo;{}&raquo;]<\/p>\n<div class=\"et_pb_text_inner\">\n<div data-shortcode-id=\"1.3.0.1-1680527435533\" data-quickaccess-editable=\"yes\" class=\"et-fb-popover-tinymce\">\n<div class=\"mce-content-body\">\n<ul>\n<li><a href=\"https:\/\/rm.coe.int\/a-undervise-i-kontroversielle-tema\/1680748448\">(1) \u00c5 undervise i kontroversielle tema &#8211; l\u00e6ringsressurs for l\u00e6rere (Kerr &amp; Huddleston, 2017)<\/a><\/li>\n<li><a href=\"https:\/\/www.universitetsforlaget.no\/kontroversielle-emosjonelle-og-sensitive-tema-i-skolen\">(2) Kontroversielle, emosjonelle og sensistive tema i skolen (Goldschmidt-Gjerl\u00f8w, Gregers Eriksen &amp; Jore, 2022)<\/a>\u00a0<\/li>\n<\/ul>\n<p>&nbsp;<\/p>\n<\/div>\n<\/div>\n<\/div>\n<p>[\/et_pb_toggle][\/et_pb_column][\/et_pb_row][et_pb_row column_structure=&raquo;1_2,1_2&#8243; custom_padding_last_edited=&raquo;on|phone&raquo; module_id=&raquo;oppleggoglenker&raquo; _builder_version=&raquo;4.21.0&#8243; _module_preset=&raquo;default&raquo; width_tablet=&raquo;&raquo; width_phone=&raquo;90%&raquo; width_last_edited=&raquo;on|phone&raquo; module_alignment=&raquo;center&raquo; custom_margin_tablet=&raquo;&raquo; custom_margin_phone=&raquo;|0px||0px|false|true&raquo; custom_margin_last_edited=&raquo;on|phone&raquo; custom_padding=&raquo;45px|||||&raquo; custom_padding_tablet=&raquo;45px|||||&raquo; custom_padding_phone=&raquo;45px|0px||0px|false|true&raquo; global_colors_info=&raquo;{}&raquo;][et_pb_column type=&raquo;1_2&#8243; _builder_version=&raquo;4.20.4&#8243; _module_preset=&raquo;default&raquo; global_colors_info=&raquo;{}&raquo;][et_pb_blurb title=&raquo;undervisningsopplegg&raquo; use_icon=&raquo;on&raquo; font_icon=&raquo;&#x55;||divi||400&#8243; image_icon_width=&raquo;36px&raquo; image_icon_width_tablet=&raquo;36px&raquo; image_icon_width_phone=&raquo;36px&raquo; image_icon_width_last_edited=&raquo;on|tablet&raquo; admin_label=&raquo;Teaser&raquo; module_class=&raquo;pa-bullet-list-1 orange-link&raquo; _builder_version=&raquo;4.21.0&#8243; header_font=&raquo;Poiret One|700||on|||||&raquo; header_text_align=&raquo;center&raquo; header_font_size=&raquo;22px&raquo; header_line_height=&raquo;1.8em&raquo; body_text_color=&raquo;#000000&#8243; body_font_size=&raquo;14px&raquo; body_line_height=&raquo;2em&raquo; body_link_text_color=&raquo;#000000&#8243; body_ul_text_color=&raquo;#000000&#8243; body_ol_text_color=&raquo;#000000&#8243; background_color=&raquo;#ffffff&raquo; width=&raquo;100%&raquo; max_width=&raquo;100%&raquo; module_alignment=&raquo;center&raquo; custom_margin=&raquo;30px|3px|30px|3px|true|true&raquo; custom_margin_tablet=&raquo;30px|3px|30px|3px|true|true&raquo; custom_margin_phone=&raquo;30px|3px|30px|3px|true|true&raquo; custom_margin_last_edited=&raquo;on|phone&raquo; custom_padding=&raquo;30px|42px|30px|42px|true|true&raquo; custom_padding_tablet=&raquo;30px|86px|30px|86px|true|true&raquo; custom_padding_phone=&raquo;|23px||23px|true|true&raquo; custom_padding_last_edited=&raquo;on|tablet&raquo; animation_style=&raquo;zoom&raquo; animation_intensity_zoom=&raquo;10%&raquo; box_shadow_style=&raquo;preset1&#8243; box_shadow_vertical=&raquo;10px&raquo; box_shadow_blur=&raquo;67px&raquo; box_shadow_spread=&raquo;21px&raquo; box_shadow_color=&raquo;rgba(1,33,92,0.1)&raquo; icon_font_size=&raquo;36px&raquo; image_max_width_tablet=&raquo;60px&raquo; image_max_width_phone=&raquo;&raquo; image_max_width_last_edited=&raquo;on|tablet&raquo; locked=&raquo;off&raquo; global_colors_info=&raquo;{}&raquo;]<\/p>\n<ul>\n<li><a href=\"https:\/\/www.fn.no\/undervisning\/undervisningsopplegg\/VGS\/fosen-saken-og-urfolks-rettigheter?for=elever\">Fosen-saken og urfolks rettigheter (fn.no)<\/a><\/li>\n<li><a href=\"https:\/\/www.nobelpeacecenter.org\/utdanning\/leksjoner\/fosen2\">Nobel Skole | Nobel Skole (nobelpeacecenter.org)<\/a><\/li>\n<li><a href=\"https:\/\/minstemme.no\/0211811791333\/fra-protest-til-sivil-ulydighet-del-1-demokrati-og-aktivisme\">Fra protest til sivil ulydighet. Del 1: Demokrati og aktivisme &#8211; Min stemme<\/a><\/li>\n<li><a href=\"https:\/\/www.uis.no\/nb\/aktivisme-til-demokrati-kan-ungdom-redde-verden\">Aktivisme til demokrati: Kan ungdom redde verden? | Universitetet i Stavanger (uis.no)<\/a><\/li>\n<li><a href=\"https:\/\/dembra.no\/no\/utema\/demokrati-medborgerskap-kritisk-tenkning\/\" title=\"Demokrati, medborgerskap, kritisk tenkning - DEMBRA\">Demokrati, medborgerskap, kritisk tenkning &#8211; DEMBRA<\/a><\/li>\n<\/ul>\n<p>[\/et_pb_blurb][\/et_pb_column][et_pb_column type=&raquo;1_2&#8243; _builder_version=&raquo;4.20.4&#8243; _module_preset=&raquo;default&raquo; global_colors_info=&raquo;{}&raquo;][et_pb_blurb title=&raquo;Nyttige Lenker&raquo; use_icon=&raquo;on&raquo; font_icon=&raquo;&#x55;||divi||400&#8243; image_icon_width=&raquo;36px&raquo; image_icon_width_tablet=&raquo;36px&raquo; image_icon_width_phone=&raquo;36px&raquo; image_icon_width_last_edited=&raquo;on|tablet&raquo; admin_label=&raquo;Teaser&raquo; module_class=&raquo;pa-bullet-list-1 orange-link&raquo; _builder_version=&raquo;4.21.0&#8243; header_font=&raquo;Poiret One|700||on|||||&raquo; header_text_align=&raquo;center&raquo; header_font_size=&raquo;22px&raquo; header_line_height=&raquo;1.8em&raquo; body_text_color=&raquo;#000000&#8243; body_font_size=&raquo;14px&raquo; body_line_height=&raquo;2em&raquo; body_link_text_color=&raquo;#000000&#8243; body_ul_text_color=&raquo;#000000&#8243; body_ol_text_color=&raquo;#000000&#8243; background_color=&raquo;#ffffff&raquo; width=&raquo;100%&raquo; max_width=&raquo;100%&raquo; module_alignment=&raquo;center&raquo; custom_margin=&raquo;30px|5px|30px|5px|true|true&raquo; custom_margin_tablet=&raquo;30px|5px|30px|5px|true|true&raquo; custom_margin_phone=&raquo;30px|0px|30px|0px|true|true&raquo; custom_margin_last_edited=&raquo;on|phone&raquo; custom_padding=&raquo;23px|38px|23px|38px|true|true&raquo; custom_padding_tablet=&raquo;30px|86px|30px|86px|true|true&raquo; custom_padding_phone=&raquo;|22px||22px|true|true&raquo; custom_padding_last_edited=&raquo;on|tablet&raquo; animation_style=&raquo;zoom&raquo; animation_intensity_zoom=&raquo;10%&raquo; box_shadow_style=&raquo;preset1&#8243; box_shadow_vertical=&raquo;10px&raquo; box_shadow_blur=&raquo;67px&raquo; box_shadow_spread=&raquo;21px&raquo; box_shadow_color=&raquo;rgba(1,33,92,0.1)&raquo; icon_font_size=&raquo;36px&raquo; image_max_width_tablet=&raquo;60px&raquo; image_max_width_phone=&raquo;&raquo; image_max_width_last_edited=&raquo;on|tablet&raquo; locked=&raquo;off&raquo; global_colors_info=&raquo;{}&raquo;]<\/p>\n<ul>\n<li><span style=\"font-size: 14px\"><\/span><a href=\"https:\/\/www.nrk.no\/norge\/derfor-demonstrerer-samer-og-natur-og-ungdom-mot-regjeringen-og-vindkraft-pa-fosen-1.16314273\" style=\"font-size: 14px\">Derfor demonstrerer samer og Natur og Ungdom mot regjeringen og vindkraft p\u00e5 Fosen \u2013 NRK<\/a><\/li>\n<li><a href=\"https:\/\/snl.no\/Fosen-saken\">Fosen-saken \u2013 Store norske leksikon (snl.no)<\/a><\/li>\n<li><a href=\"https:\/\/snl.no\/sivil_ulydighet\">Sivil ulydighet \u2013 Store norske leksikon (snl.no)<\/a><\/li>\n<li><a href=\"https:\/\/www.stortinget.no\/no\/Stortinget-og-demokratiet\/stortinget-undervisning\/videregaende-skole\/deltakelse-og-pavirkning\/Aksjoner\/\">G\u00e5 til aksjon &#8211; stortinget.no<\/a><\/li>\n<\/ul>\n<p>[\/et_pb_blurb][\/et_pb_column][\/et_pb_row][et_pb_row _builder_version=&raquo;4.20.4&#8243; _module_preset=&raquo;default&raquo; global_colors_info=&raquo;{}&raquo;][et_pb_column type=&raquo;4_4&#8243; _builder_version=&raquo;4.20.4&#8243; _module_preset=&raquo;default&raquo; global_colors_info=&raquo;{}&raquo;][et_pb_image src=&raquo;https:\/\/result.uit.no\/reaidu\/wp-content\/uploads\/sites\/27\/2023\/04\/52722737757_71b823f6da_c.jpg&raquo; title_text=&raquo;FOTO: Jannicke Totland&raquo; align=&raquo;center&raquo; force_fullwidth=&raquo;on&raquo; _builder_version=&raquo;4.20.4&#8243; _module_preset=&raquo;default&raquo; custom_margin=&raquo;||6px|0px|false|false&raquo; custom_padding=&raquo;0px||||false|false&raquo; global_colors_info=&raquo;{}&raquo;][\/et_pb_image][et_pb_text _builder_version=&raquo;4.20.4&#8243; text_font=&raquo;Poiret One||||||||&raquo; text_font_size=&raquo;12px&raquo; text_line_height=&raquo;1em&raquo; text_orientation=&raquo;right&raquo; custom_margin=&raquo;10px||10px||false|false&raquo; custom_padding=&raquo;|0px||0px|false|true&raquo; locked=&raquo;off&raquo; global_colors_info=&raquo;{}&raquo;]<\/p>\n<p><a href=\"https:\/\/www.flickr.com\/photos\/naturogungdom\/52722737757\/in\/album-72177720306430879\/\">Foto: Jannicke Totland\/Natur og Ungdom<\/a><\/p>\n<p>[\/et_pb_text][\/et_pb_column][\/et_pb_row][et_pb_row disabled_on=&raquo;off|off|off&raquo; _builder_version=&raquo;4.19.0&#8243; _module_preset=&raquo;default&raquo; custom_margin=&raquo;46px|auto||auto||&raquo; custom_padding=&raquo;0px||0px|||&raquo; locked=&raquo;off&raquo; global_colors_info=&raquo;{}&raquo;][et_pb_column type=&raquo;4_4&#8243; _builder_version=&raquo;4.18.0&#8243; _module_preset=&raquo;default&raquo; global_colors_info=&raquo;{}&raquo;][et_pb_text _builder_version=&raquo;4.21.0&#8243; text_font=&raquo;Poiret One||||||||&raquo; text_font_size=&raquo;12px&raquo; text_line_height=&raquo;1em&raquo; text_orientation=&raquo;right&raquo; width=&raquo;100%&raquo; custom_margin=&raquo;10px||10px||false|false&raquo; locked=&raquo;off&raquo; global_colors_info=&raquo;{}&raquo;]<\/p>\n<p><span style=\"font-size: small\">Sist redigert: 09. juni 2023<\/span><\/p>\n<p>[\/et_pb_text][\/et_pb_column][\/et_pb_row][\/et_pb_section][et_pb_section fb_built=&raquo;1&#8243; specialty=&raquo;on&raquo; module_class=&raquo; et_pb_specialty_fullwidth&raquo; _builder_version=&raquo;4.16&#8243; inner_width=&raquo;89%&raquo; inner_width_tablet=&raquo;80%&raquo; inner_width_phone=&raquo;&raquo; inner_width_last_edited=&raquo;on|desktop&raquo; inner_max_width=&raquo;89%&raquo; inner_max_width_tablet=&raquo;80%&raquo; inner_max_width_phone=&raquo;&raquo; inner_max_width_last_edited=&raquo;on|desktop&raquo; custom_padding=&raquo;0|0px|0|0px|false|false&raquo; make_fullwidth=&raquo;on&raquo; global_colors_info=&raquo;{}&raquo;][et_pb_column type=&raquo;1_3&#8243; _builder_version=&raquo;4.16&#8243; custom_padding=&raquo;|||&raquo; global_colors_info=&raquo;{}&raquo; parallax__hover=&raquo;off&raquo; parallax_method__hover=&raquo;on&raquo; custom_padding__hover=&raquo;|||&raquo;][\/et_pb_column][et_pb_column type=&raquo;2_3&#8243; specialty_columns=&raquo;2&#8243; _builder_version=&raquo;4.16&#8243; custom_padding=&raquo;|||&raquo; global_colors_info=&raquo;{}&raquo; parallax__hover=&raquo;off&raquo; parallax_method__hover=&raquo;on&raquo; custom_padding__hover=&raquo;|||&raquo;][et_pb_row_inner column_structure=&raquo;1_4,1_4,1_4,1_4&#8243; _builder_version=&raquo;4.16&#8243; global_colors_info=&raquo;{}&raquo;][et_pb_column_inner type=&raquo;1_4&#8243; saved_specialty_column_type=&raquo;2_3&#8243; _builder_version=&raquo;4.16&#8243; custom_padding=&raquo;|||&raquo; global_colors_info=&raquo;{}&raquo; parallax__hover=&raquo;off&raquo; parallax_method__hover=&raquo;on&raquo; custom_padding__hover=&raquo;|||&raquo;][\/et_pb_column_inner][et_pb_column_inner type=&raquo;1_4&#8243; saved_specialty_column_type=&raquo;2_3&#8243; _builder_version=&raquo;4.16&#8243; custom_padding=&raquo;|||&raquo; global_colors_info=&raquo;{}&raquo; parallax__hover=&raquo;off&raquo; parallax_method__hover=&raquo;on&raquo; custom_padding__hover=&raquo;|||&raquo;][\/et_pb_column_inner][et_pb_column_inner type=&raquo;1_4&#8243; saved_specialty_column_type=&raquo;2_3&#8243; _builder_version=&raquo;4.16&#8243; custom_padding=&raquo;|||&raquo; global_colors_info=&raquo;{}&raquo; parallax__hover=&raquo;off&raquo; parallax_method__hover=&raquo;on&raquo; custom_padding__hover=&raquo;|||&raquo;][\/et_pb_column_inner][et_pb_column_inner type=&raquo;1_4&#8243; saved_specialty_column_type=&raquo;2_3&#8243; _builder_version=&raquo;4.16&#8243; custom_padding=&raquo;|||&raquo; global_colors_info=&raquo;{}&raquo; parallax__hover=&raquo;off&raquo; parallax_method__hover=&raquo;on&raquo; custom_padding__hover=&raquo;|||&raquo;][et_pb_button button_url=&raquo;@ET-DC@eyJkeW5hbWljIjp0cnVlLCJjb250ZW50IjoicG9zdF9saW5rX3VybF9wYWdlIiwic2V0dGluZ3MiOnsicG9zdF9pZCI6IjI0MjkxMCJ9fQ==@&raquo; button_text=&raquo;Undervisning&raquo; button_alignment=&raquo;left&raquo; button_alignment_tablet=&raquo;left&raquo; button_alignment_phone=&raquo;left&raquo; button_alignment_last_edited=&raquo;on|phone&raquo; _builder_version=&raquo;4.21.0&#8243; _dynamic_attributes=&raquo;button_url&raquo; custom_button=&raquo;on&raquo; button_text_size=&raquo;18px&raquo; button_text_color=&raquo;#ffffff&raquo; button_bg_color=&raquo;#e09900&#8243; button_border_width=&raquo;0px&raquo; button_border_radius=&raquo;10px&raquo; button_font=&raquo;Poiret One|700|||||||&raquo; button_icon=&raquo;&#x34;||divi||400&#8243; button_icon_placement=&raquo;left&raquo; button_on_hover=&raquo;off&raquo; custom_margin=&raquo;25px|||&raquo; custom_padding=&raquo;10px|20px|10px|30px|true|false&raquo; box_shadow_style=&raquo;preset2&#8243; locked=&raquo;off&raquo; global_colors_info=&raquo;{}&raquo; button_text_size__hover_enabled=&raquo;off&raquo; button_one_text_size__hover_enabled=&raquo;off&raquo; button_two_text_size__hover_enabled=&raquo;off&raquo; button_text_color__hover_enabled=&raquo;off&raquo; button_one_text_color__hover_enabled=&raquo;off&raquo; button_two_text_color__hover_enabled=&raquo;off&raquo; button_border_width__hover_enabled=&raquo;off&raquo; button_one_border_width__hover_enabled=&raquo;off&raquo; button_two_border_width__hover_enabled=&raquo;off&raquo; button_border_color__hover_enabled=&raquo;off&raquo; button_one_border_color__hover_enabled=&raquo;off&raquo; button_two_border_color__hover_enabled=&raquo;off&raquo; button_border_radius__hover_enabled=&raquo;off&raquo; button_one_border_radius__hover_enabled=&raquo;off&raquo; button_two_border_radius__hover_enabled=&raquo;off&raquo; button_letter_spacing__hover_enabled=&raquo;off&raquo; button_one_letter_spacing__hover_enabled=&raquo;off&raquo; button_two_letter_spacing__hover_enabled=&raquo;off&raquo; button_bg_color__hover_enabled=&raquo;off&raquo; button_one_bg_color__hover_enabled=&raquo;off&raquo; button_two_bg_color__hover_enabled=&raquo;off&raquo;][\/et_pb_button][\/et_pb_column_inner][\/et_pb_row_inner][\/et_pb_column][\/et_pb_section]<\/p>\n","protected":false},"excerpt":{"rendered":"<p>Fosen, aktivisme og sivil ulydighet*p\u00e5 samisk*Torsdag 23. februar 2023 gikk over 15 aktivister inn i foajeen til Olje- og Energidepartementet. Der hang de opp banner med &laquo;Baajh vaeride \u00e5rrodh&raquo; og &laquo;Urfolksrett er ikke valgfritt&raquo;, vrengte koftene og ga beskjed om at de var her for \u00e5 aksjonere mot vindkraftutbyggingene p\u00e5 Storheia og Roan p\u00e5 Fosen-halv\u00f8ya [&hellip;]<\/p>\n","protected":false},"author":1964,"featured_media":0,"parent":245917,"menu_order":0,"comment_status":"closed","ping_status":"closed","template":"","meta":{"_et_pb_use_builder":"on","_et_pb_old_content":"","_et_gb_content_width":"","footnotes":""},"class_list":["post-245738","page","type-page","status-publish","hentry"],"_links":{"self":[{"href":"https:\/\/result.uit.no\/reaidu\/wp-json\/wp\/v2\/pages\/245738","targetHints":{"allow":["GET"]}}],"collection":[{"href":"https:\/\/result.uit.no\/reaidu\/wp-json\/wp\/v2\/pages"}],"about":[{"href":"https:\/\/result.uit.no\/reaidu\/wp-json\/wp\/v2\/types\/page"}],"author":[{"embeddable":true,"href":"https:\/\/result.uit.no\/reaidu\/wp-json\/wp\/v2\/users\/1964"}],"replies":[{"embeddable":true,"href":"https:\/\/result.uit.no\/reaidu\/wp-json\/wp\/v2\/comments?post=245738"}],"version-history":[{"count":0,"href":"https:\/\/result.uit.no\/reaidu\/wp-json\/wp\/v2\/pages\/245738\/revisions"}],"up":[{"embeddable":true,"href":"https:\/\/result.uit.no\/reaidu\/wp-json\/wp\/v2\/pages\/245917"}],"wp:attachment":[{"href":"https:\/\/result.uit.no\/reaidu\/wp-json\/wp\/v2\/media?parent=245738"}],"curies":[{"name":"wp","href":"https:\/\/api.w.org\/{rel}","templated":true}]}}