{"id":245480,"date":"2023-03-13T13:35:00","date_gmt":"2023-03-13T12:35:00","guid":{"rendered":"https:\/\/result.uit.no\/reaidu\/?page_id=245480"},"modified":"2023-06-20T13:22:26","modified_gmt":"2023-06-20T11:22:26","slug":"media","status":"publish","type":"page","link":"https:\/\/result.uit.no\/reaidu\/vare-tema\/litteratur-film-og-media\/media\/","title":{"rendered":"Media"},"content":{"rendered":"<p>[et_pb_section fb_built=&raquo;1&#8243; custom_padding_last_edited=&raquo;on|desktop&raquo; admin_label=&raquo;Section %22The Boss%22&#8243; module_id=&raquo;chef&raquo; _builder_version=&raquo;4.16&#8243; custom_padding=&raquo;157px||104px||false|false&raquo; custom_padding_tablet=&raquo;100px||60px|&raquo; custom_padding_phone=&raquo;80px||40px|&raquo; custom_css_main_element=&raquo;margin-left: 2%;||margin-right: 2%;||&raquo; transparent_background=&raquo;off&raquo; collapsed=&raquo;off&raquo; global_colors_info=&raquo;{}&raquo;][et_pb_row column_structure=&raquo;1_2,1_2&#8243; use_custom_gutter=&raquo;on&raquo; gutter_width=&raquo;1&#8243; padding_mobile=&raquo;on&raquo; column_padding_mobile=&raquo;on&raquo; admin_label=&raquo;Row&raquo; module_class=&raquo; et_pb_row_fullwidth&raquo; _builder_version=&raquo;4.16&#8243; background_size=&raquo;initial&raquo; background_position=&raquo;top_left&raquo; background_repeat=&raquo;repeat&raquo; width=&raquo;100%&raquo; width_tablet=&raquo;100%&raquo; width_phone=&raquo;&raquo; width_last_edited=&raquo;on|desktop&raquo; max_width=&raquo;100%&raquo; max_width_tablet=&raquo;100%&raquo; max_width_phone=&raquo;&raquo; max_width_last_edited=&raquo;on|desktop&raquo; custom_padding=&raquo;0px|0px|0px|0px&raquo; make_fullwidth=&raquo;on&raquo; global_colors_info=&raquo;{}&raquo;][et_pb_column type=&raquo;1_2&#8243; _builder_version=&raquo;4.16&#8243; background_color=&raquo;#f6f4f2&#8243; custom_padding=&raquo;|||&raquo; global_colors_info=&raquo;{}&raquo; custom_padding__hover=&raquo;|||&raquo;][et_pb_text admin_label=&raquo;overskrift&raquo; _builder_version=&raquo;4.20.2&#8243; text_font=&raquo;Poiret One|||on|&raquo; text_font_size=&raquo;40px&raquo; text_line_height=&raquo;1em&raquo; header_font=&raquo;||||||||&raquo; header_text_color=&raquo;#666666&#8243; header_font_size=&raquo;3px&raquo; header_2_font=&raquo;||||||||&raquo; text_orientation=&raquo;right&raquo; custom_margin=&raquo;-26px|||&raquo; custom_margin_tablet=&raquo;&raquo; custom_margin_phone=&raquo;-30px|||&raquo; custom_margin_last_edited=&raquo;on|desktop&raquo; custom_padding=&raquo;|10%||&raquo; custom_padding_tablet=&raquo;&raquo; custom_padding_phone=&raquo;|0px||20px&raquo; custom_padding_last_edited=&raquo;on|desktop&raquo; text_font_size_tablet=&raquo;&raquo; text_font_size_phone=&raquo;50&#8243; text_font_size_last_edited=&raquo;on|phone&raquo; use_border_color=&raquo;off&raquo; border_color=&raquo;#ffffff&raquo; border_style=&raquo;solid&raquo; global_colors_info=&raquo;{}&raquo;]<\/p>\n<p>Media<\/p>\n<p>[\/et_pb_text][et_pb_text disabled_on=&raquo;off|off|off&raquo; admin_label=&raquo;underoverskrift &raquo; _builder_version=&raquo;4.21.0&#8243; text_font=&raquo;Dancing Script|on|||&raquo; text_text_color=&raquo;#e09900&#8243; text_font_size=&raquo;34&#8243; text_line_height=&raquo;1em&raquo; header_font=&raquo;||||||||&raquo; text_orientation=&raquo;right&raquo; custom_padding=&raquo;|13%|40px|&raquo; custom_padding_tablet=&raquo;|13%|30px|&raquo; custom_padding_phone=&raquo;|20px|20px|30px&raquo; custom_padding_last_edited=&raquo;on|desktop&raquo; hover_enabled=&raquo;0&#8243; text_font_size_tablet=&raquo;&raquo; text_font_size_phone=&raquo;30&#8243; text_font_size_last_edited=&raquo;on|phone&raquo; use_border_color=&raquo;off&raquo; border_color=&raquo;#ffffff&raquo; border_style=&raquo;solid&raquo; global_colors_info=&raquo;{}&raquo; sticky_enabled=&raquo;0&#8243;]<\/p>\n<p>Meedije<\/p>\n<p>[\/et_pb_text][\/et_pb_column][et_pb_column type=&raquo;1_2&#8243; _builder_version=&raquo;4.16&#8243; custom_padding=&raquo;|||&raquo; global_colors_info=&raquo;{}&raquo; custom_padding__hover=&raquo;|||&raquo;][\/et_pb_column][\/et_pb_row][et_pb_row column_structure=&raquo;1_2,1_2&#8243; use_custom_gutter=&raquo;on&raquo; gutter_width=&raquo;1&#8243; padding_mobile=&raquo;on&raquo; make_equal=&raquo;on&raquo; column_padding_mobile=&raquo;on&raquo; admin_label=&raquo;Row&raquo; module_class=&raquo; et_pb_row_fullwidth&raquo; _builder_version=&raquo;4.16&#8243; background_size=&raquo;initial&raquo; background_position=&raquo;top_left&raquo; background_repeat=&raquo;repeat&raquo; width=&raquo;100%&raquo; width_tablet=&raquo;100%&raquo; width_phone=&raquo;&raquo; width_last_edited=&raquo;on|desktop&raquo; max_width=&raquo;100%&raquo; max_width_tablet=&raquo;100%&raquo; max_width_phone=&raquo;&raquo; max_width_last_edited=&raquo;on|desktop&raquo; custom_padding=&raquo;0px|0px|0px|0px&raquo; make_fullwidth=&raquo;on&raquo; global_colors_info=&raquo;{}&raquo;][et_pb_column type=&raquo;1_2&#8243; _builder_version=&raquo;4.16&#8243; background_color=&raquo;#f6f4f2&#8243; custom_padding=&raquo;|||19%&raquo; custom_padding_tablet=&raquo;|||16%&raquo; custom_padding_phone=&raquo;|||10%&raquo; custom_padding_last_edited=&raquo;on|desktop&raquo; global_colors_info=&raquo;{}&raquo; custom_padding__hover=&raquo;|||&raquo;][et_pb_text admin_label=&raquo;Ingress&raquo; module_class=&raquo;orange-link&raquo; _builder_version=&raquo;4.20.2&#8243; text_font=&raquo;||||||||&raquo; text_text_color=&raquo;#000000&#8243; text_font_size=&raquo;15px&raquo; text_line_height=&raquo;1.8em&raquo; background_size=&raquo;initial&raquo; background_position=&raquo;top_left&raquo; background_repeat=&raquo;repeat&raquo; text_orientation=&raquo;justified&raquo; custom_margin=&raquo;|||-26px||&raquo; custom_padding=&raquo;10px|7%|60px|25px||&raquo; use_border_color=&raquo;off&raquo; border_color=&raquo;#ffffff&raquo; border_style=&raquo;solid&raquo; global_colors_info=&raquo;{}&raquo;]<\/p>\n<p>Media er et viktig aspekt av samfunnsutvikling. Om det er \u00e5 holde seg oppdatert p\u00e5 hva som skjer lokalt eller internasjonalt, eller \u00e5 bygge opp en felles identitet, s\u00e5 spiller media en stor rolle. Samisk media har en lang historie, i dag spenner det alt\u00a0fra barne-TV, til daglige nyhetssendinger p\u00e5 TV, ungdomsmagasiner og samiskspr\u00e5klige podcaster, og er stadig under utvikling.<\/p>\n<p>[\/et_pb_text][\/et_pb_column][et_pb_column type=&raquo;1_2&#8243; _builder_version=&raquo;4.16&#8243; background_color=&raquo;rgba(255,255,255,0)&raquo; custom_padding=&raquo;|||&raquo; global_colors_info=&raquo;{}&raquo; custom_padding__hover=&raquo;|||&raquo;][\/et_pb_column][\/et_pb_row][et_pb_row column_structure=&raquo;1_4,1_4,1_2&#8243; use_custom_gutter=&raquo;on&raquo; gutter_width=&raquo;0&#8243; padding_mobile=&raquo;on&raquo; column_padding_mobile=&raquo;on&raquo; admin_label=&raquo;Row&raquo; _builder_version=&raquo;4.16&#8243; background_size=&raquo;initial&raquo; background_position=&raquo;top_left&raquo; background_repeat=&raquo;repeat&raquo; custom_margin=&raquo;-25px|||&raquo; custom_padding=&raquo;0px|0px|0px|0px&raquo; global_colors_info=&raquo;{}&raquo;][et_pb_column type=&raquo;1_4&#8243; _builder_version=&raquo;4.16&#8243; custom_padding=&raquo;|||&raquo; global_colors_info=&raquo;{}&raquo; custom_padding__hover=&raquo;|||&raquo;][\/et_pb_column][et_pb_column type=&raquo;1_4&#8243; _builder_version=&raquo;4.16&#8243; custom_padding=&raquo;|||&raquo; global_colors_info=&raquo;{}&raquo; custom_padding__hover=&raquo;|||&raquo;][\/et_pb_column][et_pb_column type=&raquo;1_2&#8243; _builder_version=&raquo;4.16&#8243; custom_padding=&raquo;|||&raquo; global_colors_info=&raquo;{}&raquo; custom_padding__hover=&raquo;|||&raquo;][et_pb_image src=&raquo;https:\/\/result.uit.no\/reaidu\/wp-content\/uploads\/sites\/27\/2023\/03\/samisk-media1-scaled.jpg&raquo; alt=&raquo;En samling med samiske ungdomsmagasiner. Magasiner \u0160 ligger \u00f8verst.&raquo; title_text=&raquo;Samisk ungdomsmagasin&raquo; show_in_lightbox=&raquo;on&raquo; align=&raquo;center&raquo; align_tablet=&raquo;center&raquo; align_phone=&raquo;&raquo; align_last_edited=&raquo;on|desktop&raquo; disabled_on=&raquo;off|off|off&raquo; admin_label=&raquo;Image&raquo; _builder_version=&raquo;4.20.2&#8243; max_width=&raquo;450%&raquo; custom_margin=&raquo;-53%||-3px|30px||&raquo; custom_margin_tablet=&raquo;0px|||0px&raquo; custom_margin_phone=&raquo;0px|||0px&raquo; custom_margin_last_edited=&raquo;on|tablet&raquo; animation_style=&raquo;slide&raquo; animation_direction=&raquo;top&raquo; animation_duration=&raquo;500ms&raquo; animation_intensity_slide=&raquo;10%&raquo; custom_css_main_element=&raquo;-webkit-box-shadow: 9px 14px 43px -9px rgba(150,150,150,0.6);||-moz-box-shadow: 9px 14px 43px -9px rgba(150,150,150,0.6);||box-shadow: 9px 14px 43px -9px rgba(150,150,150,0.6);&raquo; use_border_color=&raquo;off&raquo; border_color=&raquo;#08cac4&#8243; border_style=&raquo;solid&raquo; animation=&raquo;top&raquo; sticky=&raquo;off&raquo; global_colors_info=&raquo;{}&raquo;][\/et_pb_image][et_pb_text _builder_version=&raquo;4.20.2&#8243; text_font=&raquo;Poiret One||||||||&raquo; text_font_size=&raquo;12px&raquo; text_line_height=&raquo;1em&raquo; text_orientation=&raquo;right&raquo; custom_margin=&raquo;10px||10px||false|false&raquo; locked=&raquo;off&raquo; global_colors_info=&raquo;{}&raquo;]<\/p>\n<p>Foto: Helene A. Olsen<\/p>\n<p>[\/et_pb_text][\/et_pb_column][\/et_pb_row][\/et_pb_section][et_pb_section fb_built=&raquo;1&#8243; module_class=&raquo;orange-link&raquo; _builder_version=&raquo;4.16&#8243; global_colors_info=&raquo;{}&raquo;][et_pb_row _builder_version=&raquo;4.20.2&#8243; _module_preset=&raquo;default&raquo; custom_margin=&raquo;|auto|-25px|auto||&raquo; custom_padding=&raquo;||0px|||&raquo; global_colors_info=&raquo;{}&raquo;][et_pb_column type=&raquo;4_4&#8243; _builder_version=&raquo;4.20.2&#8243; _module_preset=&raquo;default&raquo; global_colors_info=&raquo;{}&raquo;][et_pb_text _builder_version=&raquo;4.20.2&#8243; _module_preset=&raquo;default&raquo; text_font=&raquo;Poiret One|||on|||||&raquo; custom_margin=&raquo;||7px|||&raquo; global_colors_info=&raquo;{}&raquo;]<\/p>\n<p>Innhold<\/p>\n<p>[\/et_pb_text][et_pb_divider _builder_version=&raquo;4.20.2&#8243; _module_preset=&raquo;default&raquo; global_colors_info=&raquo;{}&raquo;][\/et_pb_divider][\/et_pb_column][\/et_pb_row][et_pb_row column_structure=&raquo;1_2,1_2&#8243; _builder_version=&raquo;4.20.2&#8243; _module_preset=&raquo;default&raquo; global_colors_info=&raquo;{}&raquo;][et_pb_column type=&raquo;1_2&#8243; _builder_version=&raquo;4.20.2&#8243; _module_preset=&raquo;default&raquo; global_colors_info=&raquo;{}&raquo;][et_pb_blurb title=&raquo;TV og Radio&raquo; url=&raquo;#tv-radio&raquo; use_icon=&raquo;on&raquo; module_class=&raquo;hover-zoom menubox-equal-size&raquo; _builder_version=&raquo;4.20.2&#8243; _module_preset=&raquo;default&raquo; header_font=&raquo;Poiret One|700||on|||||&raquo; header_text_color=&raquo;#353740&#8243; header_font_size=&raquo;13px&raquo; header_line_height=&raquo;1.4em&raquo; background_color=&raquo;#f6f4f2&#8243; text_orientation=&raquo;center&raquo; width=&raquo;256px&raquo; max_width=&raquo;100%&raquo; module_alignment=&raquo;center&raquo; max_height=&raquo;196px&raquo; custom_padding=&raquo;20px|10px|20px|10px|false|false&raquo; animation_style=&raquo;zoom&raquo; link_option_url=&raquo;#tv-radio&raquo; global_colors_info=&raquo;{}&raquo;][\/et_pb_blurb][\/et_pb_column][et_pb_column type=&raquo;1_2&#8243; _builder_version=&raquo;4.20.2&#8243; _module_preset=&raquo;default&raquo; global_colors_info=&raquo;{}&raquo;][et_pb_blurb title=&raquo;Aviser og magasiner&raquo; url=&raquo;#aviser-magasiner&raquo; use_icon=&raquo;on&raquo; module_class=&raquo;hover-zoom menubox-equal-size&raquo; _builder_version=&raquo;4.20.2&#8243; _module_preset=&raquo;default&raquo; header_font=&raquo;Poiret One|700||on|||||&raquo; header_text_color=&raquo;#353740&#8243; header_font_size=&raquo;13px&raquo; header_line_height=&raquo;1.4em&raquo; background_color=&raquo;#f6f4f2&#8243; text_orientation=&raquo;center&raquo; width=&raquo;256px&raquo; max_width=&raquo;100%&raquo; module_alignment=&raquo;center&raquo; max_height=&raquo;196px&raquo; custom_padding=&raquo;20px|10px|20px|10px|false|false&raquo; animation_style=&raquo;zoom&raquo; link_option_url=&raquo;#aviser-magasiner&raquo; global_colors_info=&raquo;{}&raquo;][\/et_pb_blurb][\/et_pb_column][\/et_pb_row][\/et_pb_section][et_pb_section fb_built=&raquo;1&#8243; inner_shadow=&raquo;on&raquo; disabled_on=&raquo;off|off|off&raquo; module_id=&raquo;tv-radio&raquo; module_class=&raquo;orange-link&raquo; _builder_version=&raquo;4.20.2&#8243; custom_padding=&raquo;100px|0px|54px|0px&raquo; locked=&raquo;off&raquo; global_colors_info=&raquo;{}&raquo;][et_pb_row column_structure=&raquo;1_2,1_2&#8243; module_id=&raquo;tv-radio&raquo; _builder_version=&raquo;4.20.2&#8243; _module_preset=&raquo;default&raquo; global_colors_info=&raquo;{}&raquo;][et_pb_column type=&raquo;1_2&#8243; _builder_version=&raquo;4.18.0&#8243; _module_preset=&raquo;default&raquo; global_colors_info=&raquo;{}&raquo;][et_pb_text module_class=&raquo;orange-link&raquo; _builder_version=&raquo;4.20.2&#8243; _module_preset=&raquo;default&raquo; text_font_size=&raquo;15px&raquo; text_line_height=&raquo;1.8em&raquo; header_font=&raquo;Poiret One|||on|||||&raquo; text_orientation=&raquo;justified&raquo; custom_margin=&raquo;|||-26px|false|false&raquo; custom_padding=&raquo;10px|7%|60px|25px|false|false&raquo; global_colors_info=&raquo;{}&raquo;]<\/p>\n<h1>TV og Radio<\/h1>\n<p>Media er viktige arenaer for samisk spr\u00e5k, kultur og samfunn. Det er med p\u00e5 \u00e5 fremme samiske saker, og er viktige arenaer for at samisktalende personer skal f\u00e5 utvikle et levende spr\u00e5k. I dag er NRK forpliktet til \u00e5 fremme og \u00e5 styrke de samiske spr\u00e5kene gjennom <a href=\"https:\/\/info.nrk.no\/vedtekter\/?\/l3v4qr5cy50\" target=\"_blank\" rel=\"noopener\">NRK-plakaten<\/a>, og skal ha daglige sendinger p\u00e5 samisk. Det trekkes ogs\u00e5 frem at de skal ha jevnlige programmer for barn og unge p\u00e5 de samiske spr\u00e5kene. NRK har en egen avdeling for samisk TV og radio (NRK S\u00e1pmi), som lager og sender diverse programmer p\u00e5 nordsamisk, lulesamisk og s\u00f8rsamisk. Dette er et felt som er under stadig utvikling, og det kommer flere og flere tilbud for barn, ungdom og voksne.<\/p>\n<p>NRK st\u00e5r for hovedredaksjonen og sendingen av <a href=\"https:\/\/tv.nrk.no\/serie\/oddasat-tv\" target=\"_blank\" rel=\"noopener\"><em>O\u0111\u0111asat<\/em><\/a>, et nyhetsprogram p\u00e5 samisk, og som er en samproduksjon mellom NRK S\u00e1pmi, YLE S\u00e1pmi og SVT S\u00e1pmi. Programmet ble f\u00f8rst sendt i 2001, og sendes i dag i hverdagene.<\/p>\n<p>TV har v\u00e6rt viktig for mange i \u00e5 \u00f8ke bevisstheten om den samiske identiteten, og har v\u00e6rt med p\u00e5 \u00e5 gi kunnskap om det samiske til majoritetsbefolkningen. TV-serien\u00a0<em>Ante<\/em> ble f\u00f8rst sendt i 1975, og var for mange i majoritetsbefolkningen deres f\u00f8rste innblikk i effektene av fornorskningspolitikken. TV er ogs\u00e5 viktige for at samiske barn og unge skal f\u00e5 h\u00f8re og se samisk spr\u00e5k, og mellom 1991-2016 var\u00a0<em>M\u00e1n\u00e1id-TV<\/em> p\u00e5 NRK spesielt viktig. I dag finns det diverse programmer, blant annet har Binnabanna\u0161, Fantorangens samiske venn, et eget program p\u00e5 nord-, lule- og s\u00f8rsamisk.<\/p>\n<p>Samisk spr\u00e5k og tema blir ogs\u00e5 fremmet p\u00e5 nye m\u00e5ter, som gjennom podcaster, sosiale media og YouTube. Det som er viktig er at dette skjer <em>av <\/em><em>samer<\/em> og <em>for samer,<\/em> hvor samer selv er med p\u00e5 \u00e5 utforme innholdet.\u00a0\u00c5 ta aktivt del i bruken av nye medie-plattformer blir viktig for fremtidig vitalisering og utvikling av samisk spr\u00e5k.<\/p>\n<p>[\/et_pb_text][\/et_pb_column][et_pb_column type=&raquo;1_2&#8243; _builder_version=&raquo;4.18.0&#8243; _module_preset=&raquo;default&raquo; global_colors_info=&raquo;{}&raquo;][et_pb_blurb title=&raquo;et lite utvalg&raquo; use_icon=&raquo;on&raquo; font_icon=&raquo;&#xe101;||divi||400&#8243; image_icon_width=&raquo;36px&raquo; image_icon_width_tablet=&raquo;36px&raquo; image_icon_width_phone=&raquo;36px&raquo; image_icon_width_last_edited=&raquo;on|tablet&raquo; admin_label=&raquo;Teaser&raquo; module_class=&raquo;pa-bullet-list-1 orange-link&raquo; _builder_version=&raquo;4.20.4&#8243; header_font=&raquo;Poiret One|700||on|||||&raquo; header_text_align=&raquo;center&raquo; header_font_size=&raquo;22px&raquo; header_line_height=&raquo;1.8em&raquo; body_text_color=&raquo;#000000&#8243; body_font_size=&raquo;14px&raquo; body_line_height=&raquo;2em&raquo; body_link_text_color=&raquo;#000000&#8243; body_ul_text_color=&raquo;#000000&#8243; body_ol_text_color=&raquo;#000000&#8243; background_color=&raquo;#ffffff&raquo; width=&raquo;100%&raquo; max_width=&raquo;100%&raquo; module_alignment=&raquo;center&raquo; custom_margin=&raquo;30px|75px|30px|75px|true|true&raquo; custom_padding=&raquo;30px|30px|30px|30px|true|true&raquo; animation_style=&raquo;zoom&raquo; animation_intensity_zoom=&raquo;10%&raquo; box_shadow_style=&raquo;preset1&#8243; box_shadow_vertical=&raquo;10px&raquo; box_shadow_blur=&raquo;67px&raquo; box_shadow_spread=&raquo;21px&raquo; box_shadow_color=&raquo;rgba(1,33,92,0.1)&raquo; icon_font_size=&raquo;36px&raquo; image_max_width_tablet=&raquo;60px&raquo; image_max_width_phone=&raquo;&raquo; image_max_width_last_edited=&raquo;on|tablet&raquo; locked=&raquo;off&raquo; global_colors_info=&raquo;{}&raquo;]<\/p>\n<ul>\n<li><a href=\"https:\/\/radio.nrk.no\/kategori\/samisk\" target=\"_blank\" rel=\"noopener\">NRK Radio S\u00e1pmi<\/a><\/li>\n<li><a href=\"https:\/\/radio.nrk.no\/podkast\/gozuid_alde\/l_27549dee-384c-4d38-949d-ee384c4d38bf\" target=\"_blank\" rel=\"noopener\">Gozuid Alde &#8211; en videopodcast p\u00e5 nordsamisk som tar opp nye temaer<\/a><\/li>\n<li><a href=\"https:\/\/tv.nrk.no\/serie\/haevvi-soersamisk-podkast\/sesong\/1\/episode\/1\/avspiller\" target=\"_blank\" rel=\"noopener\">H\u00e6vvi &#8211; en videopodcast p\u00e5 s\u00f8rsamisk om det \u00e5 v\u00e6re ung same<\/a><\/li>\n<li><a href=\"https:\/\/radio.nrk.no\/podkast\/tett_paa\" target=\"_blank\" rel=\"noopener\">Tett p\u00e5 &#8211; en d\u00f8r\u00e5pner til S\u00e1pmi\/S\u00e1bme\/Saepmie<\/a><\/li>\n<li><a href=\"https:\/\/tv.nrk.no\/serie\/studio-sapmi\/2019\/SAPP67006519\/avspiller\" target=\"_blank\" rel=\"noopener\">Studio S\u00e1pmi &laquo;Begynte \u00e5 vlogge som 5-\u00e5ring&raquo;<\/a><\/li>\n<\/ul>\n<p>[\/et_pb_blurb][et_pb_blurb title=&raquo;Relevante lenker&raquo; use_icon=&raquo;on&raquo; font_icon=&raquo;&#xe101;||divi||400&#8243; image_icon_width=&raquo;36px&raquo; image_icon_width_tablet=&raquo;36px&raquo; image_icon_width_phone=&raquo;36px&raquo; image_icon_width_last_edited=&raquo;on|tablet&raquo; admin_label=&raquo;Teaser&raquo; module_class=&raquo;pa-bullet-list-1 orange-link&raquo; _builder_version=&raquo;4.18.1&#8243; header_font=&raquo;Poiret One|700||on|||||&raquo; header_text_align=&raquo;center&raquo; header_font_size=&raquo;22px&raquo; header_line_height=&raquo;1.8em&raquo; body_text_color=&raquo;#000000&#8243; body_font_size=&raquo;14px&raquo; body_line_height=&raquo;2em&raquo; body_link_text_color=&raquo;#000000&#8243; body_ul_text_color=&raquo;#000000&#8243; body_ol_text_color=&raquo;#000000&#8243; background_color=&raquo;#ffffff&raquo; width=&raquo;100%&raquo; max_width=&raquo;100%&raquo; module_alignment=&raquo;center&raquo; custom_margin=&raquo;30px|75px|30px|75px|true|true&raquo; custom_padding=&raquo;30px|30px|30px|30px|true|true&raquo; animation_style=&raquo;zoom&raquo; animation_intensity_zoom=&raquo;10%&raquo; box_shadow_style=&raquo;preset1&#8243; box_shadow_vertical=&raquo;10px&raquo; box_shadow_blur=&raquo;67px&raquo; box_shadow_spread=&raquo;21px&raquo; box_shadow_color=&raquo;rgba(1,33,92,0.1)&raquo; icon_font_size=&raquo;36px&raquo; image_max_width_tablet=&raquo;60px&raquo; image_max_width_phone=&raquo;&raquo; image_max_width_last_edited=&raquo;on|tablet&raquo; locked=&raquo;off&raquo; global_colors_info=&raquo;{}&raquo;]<\/p>\n<ul>\n<li><a href=\"https:\/\/uwapress.uw.edu\/book\/9780295746609\/sami-media-and-indigenous-agency-in-the-arctic-north\/\" target=\"_blank\" rel=\"noopener\">Copp\u00e9lie Cocq og Thomas A. DuBois, 2020,\u00a0<em>S\u00e1mi media and Indigenous agency in the arctic north<\/em><\/a><\/li>\n<li><a href=\"https:\/\/muse.jhu.edu\/article\/539093\" target=\"_blank\" rel=\"noopener\">Copp\u00e9lie Cocq, 2013, &laquo;From the \u00c1rran to the internet: Sami storytelling in digital environments&raquo;<\/a><\/li>\n<li><a href=\"https:\/\/sametinget.no\/_f\/p1\/i9c4d0ab6-fd89-453f-9b52-645c8f6a6a50\/sametingsradets-redegjorelse-om-samiske-medier.pdf\" target=\"_blank\" rel=\"noopener\">Sametingr\u00e5dets redegj\u00f8resle om samiske media<\/a><\/li>\n<li><a href=\"https:\/\/samiskeveivisere.no\/article\/samer-og-andre-urfolk-i-media\/\" target=\"_blank\" rel=\"noopener\">Samiske Veivisere om stereotypier av samer og andre urfolk i media<\/a><\/li>\n<\/ul>\n<p>[\/et_pb_blurb][\/et_pb_column][\/et_pb_row][et_pb_row _builder_version=&raquo;4.20.2&#8243; _module_preset=&raquo;default&raquo; global_colors_info=&raquo;{}&raquo;][et_pb_column type=&raquo;4_4&#8243; _builder_version=&raquo;4.20.2&#8243; _module_preset=&raquo;default&raquo; global_colors_info=&raquo;{}&raquo;][et_pb_image src=&raquo;https:\/\/result.uit.no\/reaidu\/wp-content\/uploads\/sites\/27\/2023\/03\/Skjermbilde-NRK-Sapmi-2.png&raquo; alt=&raquo;Skjermbilde fra NRK Sapmi som viser et utvalg TV-programmer &raquo; title_text=&raquo;Skjermbilde NRK Sapmi&raquo; align=&raquo;center&raquo; _builder_version=&raquo;4.20.2&#8243; _module_preset=&raquo;default&raquo; max_width=&raquo;75%&raquo; max_width_tablet=&raquo;100%&raquo; max_width_phone=&raquo;100%&raquo; max_width_last_edited=&raquo;on|phone&raquo; module_alignment=&raquo;center&raquo; custom_margin=&raquo;||12px|||&raquo; global_colors_info=&raquo;{}&raquo;][\/et_pb_image][et_pb_text _builder_version=&raquo;4.20.2&#8243; text_font=&raquo;Poiret One||||||||&raquo; text_font_size=&raquo;12px&raquo; text_line_height=&raquo;1em&raquo; text_orientation=&raquo;right&raquo; custom_margin=&raquo;10px||10px||false|false&raquo; custom_padding=&raquo;|12.5%|||false|false&raquo; custom_padding_tablet=&raquo;|0%|||false|false&raquo; custom_padding_phone=&raquo;|0%|||false|false&raquo; custom_padding_last_edited=&raquo;on|phone&raquo; locked=&raquo;off&raquo; global_colors_info=&raquo;{}&raquo;]<\/p>\n<p>Skjermbilde NRK S\u00e1pmi, 10.03.2023.<\/p>\n<p>[\/et_pb_text][et_pb_text _builder_version=&raquo;4.20.2&#8243; text_font=&raquo;||||||||&raquo; text_font_size=&raquo;14px&raquo; text_line_height=&raquo;1em&raquo; text_orientation=&raquo;right&raquo; custom_margin=&raquo;10px||10px||false|false&raquo; custom_padding=&raquo;|12.5%|||false|false&raquo; custom_padding_tablet=&raquo;|0%|||false|false&raquo; custom_padding_phone=&raquo;|0%|||false|false&raquo; custom_padding_last_edited=&raquo;on|phone&raquo; locked=&raquo;off&raquo; global_colors_info=&raquo;{}&raquo;]<\/p>\n<p>Det finnes i dag et bredt utvalg av TV-programmer med samiske tema og spr\u00e5k.<\/p>\n<p>[\/et_pb_text][\/et_pb_column][\/et_pb_row][et_pb_row column_structure=&raquo;1_2,1_2&#8243; _builder_version=&raquo;4.21.0&#8243; _module_preset=&raquo;default&raquo; custom_margin=&raquo;54px|auto||auto||&raquo; custom_padding=&raquo;29px|31px|29px|31px|true|true&raquo; box_shadow_style=&raquo;preset1&#8243; global_colors_info=&raquo;{}&raquo;][et_pb_column type=&raquo;1_2&#8243; _builder_version=&raquo;4.21.0&#8243; _module_preset=&raquo;default&raquo; global_colors_info=&raquo;{}&raquo;][et_pb_blurb title=&raquo;Eurovision&raquo; image_icon_width_tablet=&raquo;60px&raquo; image_icon_width_phone=&raquo;60px&raquo; image_icon_width_last_edited=&raquo;on|tablet&raquo; admin_label=&raquo;Teaser&raquo; module_class=&raquo;pa-bullet-list-1 orange-link&raquo; _builder_version=&raquo;4.21.0&#8243; header_font=&raquo;Poiret One|700||on|||||&raquo; header_text_align=&raquo;center&raquo; header_font_size=&raquo;22px&raquo; header_line_height=&raquo;1.8em&raquo; body_text_color=&raquo;#000000&#8243; body_font_size=&raquo;14px&raquo; body_line_height=&raquo;2em&raquo; body_link_text_color=&raquo;#000000&#8243; body_ul_text_color=&raquo;#000000&#8243; body_ol_text_color=&raquo;#000000&#8243; background_color=&raquo;#ffffff&raquo; width=&raquo;100%&raquo; max_width=&raquo;100%&raquo; module_alignment=&raquo;center&raquo; custom_margin=&raquo;30px|0px|30px|0px|true|true&raquo; custom_padding=&raquo;30px|30px|30px|30px|true|true&raquo; animation_style=&raquo;zoom&raquo; animation_intensity_zoom=&raquo;10%&raquo; border_radii=&raquo;off||1px|1px|1px&raquo; icon_font_size=&raquo;36px&raquo; image_max_width_tablet=&raquo;60px&raquo; image_max_width_phone=&raquo;&raquo; image_max_width_last_edited=&raquo;on|tablet&raquo; locked=&raquo;off&raquo; global_colors_info=&raquo;{}&raquo;]<\/p>\n<p>Samisk musikk har flere ganger v\u00e6rt vist p\u00e5 TV, b\u00e5de i inn- og utland, blant annet i konkurranser som Eurovision Song Contest. I 1980 representerte Sverre Kjellsberg og Mattis H\u00e6tta Norge med l\u00e5ta &laquo;Samiid \u00c6dnan&raquo;, og i 2019 representerte gruppen KEiiNO, som blant annet best\u00e5r av joiker Fred Ren\u00e9 Buljo, Norge med l\u00e5ten &laquo;Spirit in the sky&raquo;. I 2023 var det ogs\u00e5 mulig \u00e5 se Eurovision Song Contest med nordsamiskspr\u00e5klige kommentatorer p\u00e5 <a href=\"https:\/\/yle.fi\/sapmi\" target=\"_blank\" rel=\"noopener\"><span style=\"color: #e09900\">S\u00e1pmi | Yle Uutiset<\/span><\/a>.<\/p>\n<p>[\/et_pb_blurb][\/et_pb_column][et_pb_column type=&raquo;1_2&#8243; _builder_version=&raquo;4.21.0&#8243; _module_preset=&raquo;default&raquo; global_colors_info=&raquo;{}&raquo;][et_pb_image src=&raquo;https:\/\/result.uit.no\/reaidu\/wp-content\/uploads\/sites\/27\/2023\/05\/Semi2Dress2019-035-20190516-EuroVisionary-scaled.jpg&raquo; title_text=&raquo;KEiiNO (Norway 2019)&raquo; _builder_version=&raquo;4.21.0&#8243; _module_preset=&raquo;default&raquo; custom_margin=&raquo;||-3px|||&raquo; custom_padding=&raquo;32px|0px|||false|false&raquo; global_colors_info=&raquo;{}&raquo;][\/et_pb_image][et_pb_text _builder_version=&raquo;4.21.0&#8243; text_font=&raquo;Poiret One||||||||&raquo; text_font_size=&raquo;12px&raquo; text_line_height=&raquo;1em&raquo; text_orientation=&raquo;right&raquo; module_alignment=&raquo;right&raquo; custom_margin=&raquo;10px||10px||false|false&raquo; custom_padding=&raquo;|0%|||false|false&raquo; custom_padding_tablet=&raquo;|0%|||false|false&raquo; custom_padding_phone=&raquo;|0%|||false|false&raquo; custom_padding_last_edited=&raquo;on|phone&raquo; locked=&raquo;off&raquo; global_colors_info=&raquo;{}&raquo;]<\/p>\n<p><a href=\"https:\/\/eurovisionary.com\/?attachment_id=166867\">Foto: Martin Fjellanger\/Eurovision Norway<\/a><\/p>\n<p>[\/et_pb_text][\/et_pb_column][\/et_pb_row][\/et_pb_section][et_pb_section fb_built=&raquo;1&#8243; disabled_on=&raquo;off|off|off&raquo; module_id=&raquo;aviser-magasiner&raquo; _builder_version=&raquo;4.20.2&#8243; _module_preset=&raquo;default&raquo; locked=&raquo;off&raquo; global_colors_info=&raquo;{}&raquo;][et_pb_row column_structure=&raquo;1_2,1_2&#8243; module_id=&raquo;aviser-magasiner&raquo; _builder_version=&raquo;4.20.2&#8243; _module_preset=&raquo;default&raquo; global_colors_info=&raquo;{}&raquo;][et_pb_column type=&raquo;1_2&#8243; _builder_version=&raquo;4.18.0&#8243; _module_preset=&raquo;default&raquo; global_colors_info=&raquo;{}&raquo;][et_pb_blurb title=&raquo;Relevante lenker&raquo; use_icon=&raquo;on&raquo; font_icon=&raquo;&#xe101;||divi||400&#8243; image_icon_width=&raquo;36px&raquo; image_icon_width_tablet=&raquo;36px&raquo; image_icon_width_phone=&raquo;36px&raquo; image_icon_width_last_edited=&raquo;on|tablet&raquo; admin_label=&raquo;Teaser&raquo; module_class=&raquo;pa-bullet-list-1 orange-link&raquo; _builder_version=&raquo;4.20.2&#8243; header_font=&raquo;Poiret One|700||on|||||&raquo; header_text_align=&raquo;center&raquo; header_font_size=&raquo;22px&raquo; header_line_height=&raquo;1.8em&raquo; body_text_color=&raquo;#000000&#8243; body_font_size=&raquo;14px&raquo; body_line_height=&raquo;2em&raquo; body_link_text_color=&raquo;#000000&#8243; body_ul_text_color=&raquo;#000000&#8243; body_ol_text_color=&raquo;#000000&#8243; background_color=&raquo;#ffffff&raquo; width=&raquo;100%&raquo; max_width=&raquo;100%&raquo; module_alignment=&raquo;center&raquo; custom_margin=&raquo;30px|75px|30px|75px|true|true&raquo; custom_padding=&raquo;30px|30px|30px|30px|true|true&raquo; animation_style=&raquo;zoom&raquo; animation_intensity_zoom=&raquo;10%&raquo; box_shadow_style=&raquo;preset1&#8243; box_shadow_vertical=&raquo;10px&raquo; box_shadow_blur=&raquo;67px&raquo; box_shadow_spread=&raquo;21px&raquo; box_shadow_color=&raquo;rgba(1,33,92,0.1)&raquo; icon_font_size=&raquo;36px&raquo; image_max_width_tablet=&raquo;60px&raquo; image_max_width_phone=&raquo;&raquo; image_max_width_last_edited=&raquo;on|tablet&raquo; locked=&raquo;off&raquo; global_colors_info=&raquo;{}&raquo;]<\/p>\n<ul>\n<li><a href=\"https:\/\/www.nb.no\/items\/feebd816dda3adf4a8874a101569043f?page=0\" target=\"_blank\" rel=\"noopener\">Les Waren Sardne p\u00e5 nett<\/a><\/li>\n<li><a href=\"https:\/\/ungdomsmagasin.no\/\" target=\"_blank\" rel=\"noopener\">\u0160 Nuoraidmagasiidna<\/a><\/li>\n<\/ul>\n<p>[\/et_pb_blurb][et_pb_blurb title=&raquo;Bruk av Samisk i dag&raquo; url=&raquo;https:\/\/result.uit.no\/reaidu\/vare-tema\/sprak\/bruk-av-samisk-i-dag\/&raquo; use_icon=&raquo;on&raquo; font_icon=&raquo;&#x39;||divi||400&#8243; icon_color=&raquo;#e09900&#8243; icon_placement=&raquo;left&raquo; module_class=&raquo;hover-zoom &raquo; _builder_version=&raquo;4.20.2&#8243; header_level=&raquo;h2&#8243; header_font=&raquo;Poiret One|700||on|||||&raquo; header_text_align=&raquo;left&raquo; body_font=&raquo;||||||||&raquo; body_text_align=&raquo;left&raquo; body_font_size=&raquo;14px&raquo; background_color=&raquo;#f6f4f2&#8243; text_orientation=&raquo;center&raquo; module_alignment=&raquo;center&raquo; custom_margin=&raquo;20px|3px|20px|3px|true|true&raquo; custom_margin_tablet=&raquo;&raquo; custom_margin_phone=&raquo;&raquo; custom_margin_last_edited=&raquo;on|desktop&raquo; custom_padding=&raquo;17px|25px|17px|25px|true|true&raquo; animation_style=&raquo;zoom&raquo; link_option_url=&raquo;https:\/\/result.uit.no\/reaidu\/vare-tema\/sprak\/bruk-av-samisk-i-dag\/&raquo; custom_css_blurb_image=&raquo;margin-left: 8px;&raquo; custom_css_blurb_content=&raquo;display: flex;||flex-direction: row-reverse;||&raquo; border_radii=&raquo;on|5px|5px|5px|5px&raquo; border_width_all=&raquo;2px&raquo; border_color_all=&raquo;#e09900&#8243; box_shadow_style=&raquo;preset3&#8243; locked=&raquo;off&raquo; global_colors_info=&raquo;{}&raquo;]<\/p>\n<p>Samisk spr\u00e5k brukes i dag i alle samfunnsomr\u00e5der, ikke bare i private sammenhenger. Vi legger godt merke til n\u00e5r samiske spr\u00e5k brukes i nasjonale medier og p\u00e5 veiskilt langs E6. For den enkelte og for de samiske samfunnene er det ogs\u00e5 betydningfullt at samisk brukes i media.<\/p>\n<p>[\/et_pb_blurb][\/et_pb_column][et_pb_column type=&raquo;1_2&#8243; _builder_version=&raquo;4.18.0&#8243; _module_preset=&raquo;default&raquo; global_colors_info=&raquo;{}&raquo;][et_pb_text module_class=&raquo;orange-link&raquo; _builder_version=&raquo;4.20.2&#8243; _module_preset=&raquo;default&raquo; text_font_size=&raquo;15px&raquo; text_line_height=&raquo;1.8em&raquo; header_font=&raquo;Poiret One|||on|||||&raquo; text_orientation=&raquo;justified&raquo; custom_margin=&raquo;|||-26px|false|false&raquo; custom_padding=&raquo;10px|7%|60px|25px|false|false&raquo; global_colors_info=&raquo;{}&raquo;]<\/p>\n<h1>Aviser og magasiner<\/h1>\n<p>Aviskulturen i S\u00e1pmi\/S\u00e1bme\/Saepmie g\u00e5r tilbake til begynnelsen av 1900-tallet med publiseringen av Sagai Muittal\u00e6gje og Waren Sardne. Sagai Muittal\u00e6gje ble gitt ut mellom 1904 og 1911, og var den f\u00f8rste samiskspr\u00e5klige avisen. Redakt\u00f8ren var l\u00e6reren Anders Larsen. Avisen publiserte saker om b\u00e5de utenriksnyheter og lokalnyheter, og var ogs\u00e5 en samepolitisk avis med m\u00e5l om \u00e5 f\u00e5 Isak Saba valgt inn p\u00e5 Stortinget i 1906.<\/p>\n<p>Waren Sardne ble gitt ut i periodene 1910-13 og 1922-27. Navnet betyr\u00a0<em>Budskap fra fjellet<\/em> eller\u00a0<em>Underretning fra fjellet\u00a0<\/em>p\u00e5 s\u00f8rsamisk. Den ble gitt ut av Daniel Mortenson, og etter hans d\u00f8d tok hans s\u00f8nn Lars Danielsen over som redakt\u00f8r. Avisens form\u00e5l var \u00e5 ivareta samenes interesser, samt opplyse samfunnet om den usikre livsstillingen til samene.<\/p>\n<p>Den lengstlevende samiske publikasjonen som fremdeles kommer ut er Nuorttanaste. Den ble f\u00f8rst gitt ut i 1898, og er den eneste nordsamiske kristelige bladet. Daerpies Dierie er et s\u00f8rsamisk kirkeblad som har blitt utgitt siden 1997.<\/p>\n<p>I dag er \u00c1vvir og S\u00e1gat de dominerende samiske avisene. \u00c1vvir er en samiskspr\u00e5klig dagsavis, mens S\u00e1gat er en norskspr\u00e5klig samisk avis. Begge er viktige i dag viktige i \u00e5 gi samer nyheter om S\u00e1pmi\/S\u00e1bme\/Saepmie, og \u00e5 ivareta samisk samfunnsliv. I tillegg er lokallaviser som Sn\u00e5sningen og NordSalten Avis viktige i \u00e5 formidle nyheter p\u00e5 henholdsvis s\u00f8r- og lulesamisk.<\/p>\n<p lang=\"se-NO\">P\u00e5 norsk side er \u0160 nuoraidmagasiidna et viktig ungdomsmagasin, som gir ut artikler og reportasjer p\u00e5 nord-, lule- og s\u00f8rsamisk.<\/p>\n<p>[\/et_pb_text][\/et_pb_column][\/et_pb_row][\/et_pb_section][et_pb_section fb_built=&raquo;1&#8243; _builder_version=&raquo;4.20.2&#8243; _module_preset=&raquo;default&raquo; global_colors_info=&raquo;{}&raquo;][\/et_pb_section][et_pb_section fb_built=&raquo;1&#8243; specialty=&raquo;on&raquo; module_class=&raquo; et_pb_specialty_fullwidth&raquo; _builder_version=&raquo;4.16&#8243; inner_width=&raquo;89%&raquo; inner_width_tablet=&raquo;80%&raquo; inner_width_phone=&raquo;&raquo; inner_width_last_edited=&raquo;on|desktop&raquo; inner_max_width=&raquo;89%&raquo; inner_max_width_tablet=&raquo;80%&raquo; inner_max_width_phone=&raquo;&raquo; inner_max_width_last_edited=&raquo;on|desktop&raquo; custom_padding=&raquo;0|0px|0|0px|false|false&raquo; make_fullwidth=&raquo;on&raquo; global_colors_info=&raquo;{}&raquo;][et_pb_column type=&raquo;1_3&#8243; _builder_version=&raquo;4.16&#8243; custom_padding=&raquo;|||&raquo; global_colors_info=&raquo;{}&raquo; parallax__hover=&raquo;off&raquo; parallax_method__hover=&raquo;on&raquo; custom_padding__hover=&raquo;|||&raquo;][\/et_pb_column][et_pb_column type=&raquo;2_3&#8243; specialty_columns=&raquo;2&#8243; _builder_version=&raquo;4.16&#8243; custom_padding=&raquo;|||&raquo; global_colors_info=&raquo;{}&raquo; parallax__hover=&raquo;off&raquo; parallax_method__hover=&raquo;on&raquo; custom_padding__hover=&raquo;|||&raquo;][et_pb_row_inner column_structure=&raquo;1_4,1_4,1_4,1_4&#8243; _builder_version=&raquo;4.16&#8243; global_colors_info=&raquo;{}&raquo;][et_pb_column_inner type=&raquo;1_4&#8243; saved_specialty_column_type=&raquo;2_3&#8243; _builder_version=&raquo;4.16&#8243; custom_padding=&raquo;|||&raquo; global_colors_info=&raquo;{}&raquo; parallax__hover=&raquo;off&raquo; parallax_method__hover=&raquo;on&raquo; custom_padding__hover=&raquo;|||&raquo;][\/et_pb_column_inner][et_pb_column_inner type=&raquo;1_4&#8243; saved_specialty_column_type=&raquo;2_3&#8243; _builder_version=&raquo;4.16&#8243; custom_padding=&raquo;|||&raquo; global_colors_info=&raquo;{}&raquo; parallax__hover=&raquo;off&raquo; parallax_method__hover=&raquo;on&raquo; custom_padding__hover=&raquo;|||&raquo;][\/et_pb_column_inner][et_pb_column_inner type=&raquo;1_4&#8243; saved_specialty_column_type=&raquo;2_3&#8243; _builder_version=&raquo;4.16&#8243; custom_padding=&raquo;|||&raquo; global_colors_info=&raquo;{}&raquo; parallax__hover=&raquo;off&raquo; parallax_method__hover=&raquo;on&raquo; custom_padding__hover=&raquo;|||&raquo;][\/et_pb_column_inner][et_pb_column_inner type=&raquo;1_4&#8243; saved_specialty_column_type=&raquo;2_3&#8243; _builder_version=&raquo;4.16&#8243; custom_padding=&raquo;|||&raquo; global_colors_info=&raquo;{}&raquo; parallax__hover=&raquo;off&raquo; parallax_method__hover=&raquo;on&raquo; custom_padding__hover=&raquo;|||&raquo;][et_pb_button button_url=&raquo;@ET-DC@eyJkeW5hbWljIjp0cnVlLCJjb250ZW50IjoicG9zdF9saW5rX3VybF9wYWdlIiwic2V0dGluZ3MiOnsicG9zdF9pZCI6IjI0NTQ2NyJ9fQ==@&raquo; button_text=&raquo;Litteratur, film og media&raquo; button_alignment=&raquo;left&raquo; _builder_version=&raquo;4.20.2&#8243; _dynamic_attributes=&raquo;button_url&raquo; custom_button=&raquo;on&raquo; button_text_size=&raquo;18px&raquo; button_text_color=&raquo;#ffffff&raquo; button_bg_color=&raquo;#e09900&#8243; button_border_width=&raquo;0px&raquo; button_border_radius=&raquo;10px&raquo; button_font=&raquo;Poiret One|700|||||||&raquo; button_icon=&raquo;&#x34;||divi||400&#8243; button_icon_placement=&raquo;left&raquo; button_on_hover=&raquo;off&raquo; custom_margin=&raquo;25px|||&raquo; custom_padding=&raquo;10px|20px|10px|30px|true|false&raquo; box_shadow_style=&raquo;preset2&#8243; locked=&raquo;off&raquo; global_colors_info=&raquo;{}&raquo; button_text_size__hover_enabled=&raquo;off&raquo; button_one_text_size__hover_enabled=&raquo;off&raquo; button_two_text_size__hover_enabled=&raquo;off&raquo; button_text_color__hover_enabled=&raquo;off&raquo; button_one_text_color__hover_enabled=&raquo;off&raquo; button_two_text_color__hover_enabled=&raquo;off&raquo; button_border_width__hover_enabled=&raquo;off&raquo; button_one_border_width__hover_enabled=&raquo;off&raquo; button_two_border_width__hover_enabled=&raquo;off&raquo; button_border_color__hover_enabled=&raquo;off&raquo; button_one_border_color__hover_enabled=&raquo;off&raquo; button_two_border_color__hover_enabled=&raquo;off&raquo; button_border_radius__hover_enabled=&raquo;off&raquo; button_one_border_radius__hover_enabled=&raquo;off&raquo; button_two_border_radius__hover_enabled=&raquo;off&raquo; button_letter_spacing__hover_enabled=&raquo;off&raquo; button_one_letter_spacing__hover_enabled=&raquo;off&raquo; button_two_letter_spacing__hover_enabled=&raquo;off&raquo; button_bg_color__hover_enabled=&raquo;off&raquo; button_one_bg_color__hover_enabled=&raquo;off&raquo; button_two_bg_color__hover_enabled=&raquo;off&raquo;][\/et_pb_button][\/et_pb_column_inner][\/et_pb_row_inner][\/et_pb_column][\/et_pb_section]<\/p>\n","protected":false},"excerpt":{"rendered":"<p>MediaMeedijeMedia er et viktig aspekt av samfunnsutvikling. Om det er \u00e5 holde seg oppdatert p\u00e5 hva som skjer lokalt eller internasjonalt, eller \u00e5 bygge opp en felles identitet, s\u00e5 spiller media en stor rolle. Samisk media har en lang historie, i dag spenner det alt\u00a0fra barne-TV, til daglige nyhetssendinger p\u00e5 TV, ungdomsmagasiner og samiskspr\u00e5klige podcaster, [&hellip;]<\/p>\n","protected":false},"author":1966,"featured_media":0,"parent":245467,"menu_order":0,"comment_status":"closed","ping_status":"closed","template":"","meta":{"_et_pb_use_builder":"on","_et_pb_old_content":"","_et_gb_content_width":"","footnotes":""},"class_list":["post-245480","page","type-page","status-publish","hentry"],"_links":{"self":[{"href":"https:\/\/result.uit.no\/reaidu\/wp-json\/wp\/v2\/pages\/245480","targetHints":{"allow":["GET"]}}],"collection":[{"href":"https:\/\/result.uit.no\/reaidu\/wp-json\/wp\/v2\/pages"}],"about":[{"href":"https:\/\/result.uit.no\/reaidu\/wp-json\/wp\/v2\/types\/page"}],"author":[{"embeddable":true,"href":"https:\/\/result.uit.no\/reaidu\/wp-json\/wp\/v2\/users\/1966"}],"replies":[{"embeddable":true,"href":"https:\/\/result.uit.no\/reaidu\/wp-json\/wp\/v2\/comments?post=245480"}],"version-history":[{"count":0,"href":"https:\/\/result.uit.no\/reaidu\/wp-json\/wp\/v2\/pages\/245480\/revisions"}],"up":[{"embeddable":true,"href":"https:\/\/result.uit.no\/reaidu\/wp-json\/wp\/v2\/pages\/245467"}],"wp:attachment":[{"href":"https:\/\/result.uit.no\/reaidu\/wp-json\/wp\/v2\/media?parent=245480"}],"curies":[{"name":"wp","href":"https:\/\/api.w.org\/{rel}","templated":true}]}}