{"id":245251,"date":"2023-02-20T14:45:52","date_gmt":"2023-02-20T13:45:52","guid":{"rendered":"https:\/\/result.uit.no\/reaidu\/?page_id=245251"},"modified":"2023-07-03T09:55:19","modified_gmt":"2023-07-03T07:55:19","slug":"identitet-i-endring","status":"publish","type":"page","link":"https:\/\/result.uit.no\/reaidu\/vare-tema\/identitet\/identitet-i-endring\/","title":{"rendered":"Identitet i endring"},"content":{"rendered":"<p>[et_pb_section fb_built=&raquo;1&#8243; _builder_version=&raquo;4.19.0&#8243; _module_preset=&raquo;default&raquo; global_colors_info=&raquo;{}&raquo;][\/et_pb_section][et_pb_section fb_built=&raquo;1&#8243; custom_padding_last_edited=&raquo;on|desktop&raquo; admin_label=&raquo;Section %22The Boss%22&#8243; module_id=&raquo;chef&raquo; _builder_version=&raquo;4.16&#8243; custom_padding=&raquo;157px||19px||false|false&raquo; custom_padding_tablet=&raquo;100px||60px|&raquo; custom_padding_phone=&raquo;80px||40px|&raquo; custom_css_main_element=&raquo;margin-left: 2%;||margin-right: 2%;||&raquo; transparent_background=&raquo;off&raquo; collapsed=&raquo;off&raquo; global_colors_info=&raquo;{}&raquo;][et_pb_row column_structure=&raquo;1_2,1_2&#8243; use_custom_gutter=&raquo;on&raquo; gutter_width=&raquo;1&#8243; padding_mobile=&raquo;on&raquo; column_padding_mobile=&raquo;on&raquo; admin_label=&raquo;Row&raquo; module_class=&raquo; et_pb_row_fullwidth&raquo; _builder_version=&raquo;4.16&#8243; background_size=&raquo;initial&raquo; background_position=&raquo;top_left&raquo; background_repeat=&raquo;repeat&raquo; width=&raquo;100%&raquo; width_tablet=&raquo;100%&raquo; width_phone=&raquo;&raquo; width_last_edited=&raquo;on|desktop&raquo; max_width=&raquo;100%&raquo; max_width_tablet=&raquo;100%&raquo; max_width_phone=&raquo;&raquo; max_width_last_edited=&raquo;on|desktop&raquo; custom_padding=&raquo;0px|0px|0px|0px&raquo; make_fullwidth=&raquo;on&raquo; global_colors_info=&raquo;{}&raquo;][et_pb_column type=&raquo;1_2&#8243; _builder_version=&raquo;4.16&#8243; background_color=&raquo;#f6f4f2&#8243; custom_padding=&raquo;|||&raquo; global_colors_info=&raquo;{}&raquo; custom_padding__hover=&raquo;|||&raquo;][et_pb_text admin_label=&raquo;overskrift spr\u00e5k, identitet og utdanning&raquo; _builder_version=&raquo;4.16&#8243; text_font=&raquo;Poiret One|||on|&raquo; text_font_size=&raquo;40px&raquo; text_line_height=&raquo;1em&raquo; header_font=&raquo;||||||||&raquo; header_text_color=&raquo;#666666&#8243; header_font_size=&raquo;3px&raquo; header_2_font=&raquo;||||||||&raquo; text_orientation=&raquo;right&raquo; custom_margin=&raquo;-26px|||&raquo; custom_margin_tablet=&raquo;&raquo; custom_margin_phone=&raquo;-30px|||&raquo; custom_margin_last_edited=&raquo;on|desktop&raquo; custom_padding=&raquo;|10%||&raquo; custom_padding_tablet=&raquo;&raquo; custom_padding_phone=&raquo;|0px||20px&raquo; custom_padding_last_edited=&raquo;on|desktop&raquo; text_font_size_tablet=&raquo;&raquo; text_font_size_phone=&raquo;50&#8243; text_font_size_last_edited=&raquo;on|phone&raquo; use_border_color=&raquo;off&raquo; border_color=&raquo;#ffffff&raquo; border_style=&raquo;solid&raquo; global_colors_info=&raquo;{}&raquo;]<\/p>\n<p>identitet i endring<\/p>\n<p>[\/et_pb_text][et_pb_text disabled_on=&raquo;off|off|off&raquo; admin_label=&raquo;underoverskrift spr\u00e5k, identitet og utdanning&raquo; _builder_version=&raquo;4.21.0&#8243; text_font=&raquo;Dancing Script|on|||&raquo; text_text_color=&raquo;#e09900&#8243; text_font_size=&raquo;34&#8243; text_line_height=&raquo;1em&raquo; header_font=&raquo;||||||||&raquo; text_orientation=&raquo;right&raquo; custom_padding=&raquo;|13%|40px|&raquo; custom_padding_tablet=&raquo;|13%|30px|&raquo; custom_padding_phone=&raquo;|20px|20px|30px&raquo; custom_padding_last_edited=&raquo;on|desktop&raquo; hover_enabled=&raquo;0&#8243; text_font_size_tablet=&raquo;&raquo; text_font_size_phone=&raquo;30&#8243; text_font_size_last_edited=&raquo;on|phone&raquo; use_border_color=&raquo;off&raquo; border_color=&raquo;#ffffff&raquo; border_style=&raquo;solid&raquo; global_colors_info=&raquo;{}&raquo; sticky_enabled=&raquo;0&#8243;]<\/p>\n<p>Identitehta nupp\u00e1stuvvamin<\/p>\n<p>[\/et_pb_text][\/et_pb_column][et_pb_column type=&raquo;1_2&#8243; _builder_version=&raquo;4.16&#8243; custom_padding=&raquo;|||&raquo; global_colors_info=&raquo;{}&raquo; custom_padding__hover=&raquo;|||&raquo;][\/et_pb_column][\/et_pb_row][et_pb_row column_structure=&raquo;1_2,1_2&#8243; use_custom_gutter=&raquo;on&raquo; gutter_width=&raquo;1&#8243; padding_mobile=&raquo;on&raquo; make_equal=&raquo;on&raquo; column_padding_mobile=&raquo;on&raquo; admin_label=&raquo;Row&raquo; module_class=&raquo; et_pb_row_fullwidth&raquo; _builder_version=&raquo;4.16&#8243; background_size=&raquo;initial&raquo; background_position=&raquo;top_left&raquo; background_repeat=&raquo;repeat&raquo; width=&raquo;100%&raquo; width_tablet=&raquo;100%&raquo; width_phone=&raquo;&raquo; width_last_edited=&raquo;on|desktop&raquo; max_width=&raquo;100%&raquo; max_width_tablet=&raquo;100%&raquo; max_width_phone=&raquo;&raquo; max_width_last_edited=&raquo;on|desktop&raquo; custom_padding=&raquo;0px|0px|0px|0px&raquo; make_fullwidth=&raquo;on&raquo; global_colors_info=&raquo;{}&raquo;][et_pb_column type=&raquo;1_2&#8243; _builder_version=&raquo;4.16&#8243; background_color=&raquo;#f6f4f2&#8243; custom_padding=&raquo;|||19%&raquo; custom_padding_tablet=&raquo;|||16%&raquo; custom_padding_phone=&raquo;|||10%&raquo; custom_padding_last_edited=&raquo;on|desktop&raquo; global_colors_info=&raquo;{}&raquo; custom_padding__hover=&raquo;|||&raquo;][et_pb_text admin_label=&raquo;Ingress spr\u00e5k, identitet og utdanning&raquo; _builder_version=&raquo;4.16&#8243; text_font=&raquo;||||||||&raquo; text_text_color=&raquo;#000000&#8243; text_font_size=&raquo;15px&raquo; text_line_height=&raquo;1.8em&raquo; background_size=&raquo;initial&raquo; background_position=&raquo;top_left&raquo; background_repeat=&raquo;repeat&raquo; text_orientation=&raquo;justified&raquo; custom_margin=&raquo;|||-26px||&raquo; custom_padding=&raquo;10px|7%|60px|25px||&raquo; use_border_color=&raquo;off&raquo; border_color=&raquo;#ffffff&raquo; border_style=&raquo;solid&raquo; global_colors_info=&raquo;{}&raquo;]<\/p>\n<p>Identitet sier noe om hvordan en person ser seg selv og om hvordan den ser seg som en del av en st\u00f8rre gruppe. Samers identitet finnes i like mange versjoner som det finnes samer, og hva som er viktig for en persons identitet er kanskje mindre viktig for en annens.<span><\/span><\/p>\n<p>[\/et_pb_text][\/et_pb_column][et_pb_column type=&raquo;1_2&#8243; _builder_version=&raquo;4.16&#8243; background_color=&raquo;rgba(255,255,255,0)&raquo; custom_padding=&raquo;|||&raquo; global_colors_info=&raquo;{}&raquo; custom_padding__hover=&raquo;|||&raquo;][\/et_pb_column][\/et_pb_row][et_pb_row column_structure=&raquo;1_4,1_4,1_2&#8243; use_custom_gutter=&raquo;on&raquo; gutter_width=&raquo;0&#8243; padding_mobile=&raquo;on&raquo; column_padding_mobile=&raquo;on&raquo; admin_label=&raquo;Row&raquo; _builder_version=&raquo;4.16&#8243; background_size=&raquo;initial&raquo; background_position=&raquo;top_left&raquo; background_repeat=&raquo;repeat&raquo; custom_margin=&raquo;-25px|auto|-5px|auto||&raquo; custom_padding=&raquo;0px|0px|0px|0px&raquo; global_colors_info=&raquo;{}&raquo;][et_pb_column type=&raquo;1_4&#8243; _builder_version=&raquo;4.16&#8243; custom_padding=&raquo;|||&raquo; global_colors_info=&raquo;{}&raquo; custom_padding__hover=&raquo;|||&raquo;][\/et_pb_column][et_pb_column type=&raquo;1_4&#8243; _builder_version=&raquo;4.16&#8243; custom_padding=&raquo;|||&raquo; global_colors_info=&raquo;{}&raquo; custom_padding__hover=&raquo;|||&raquo;][\/et_pb_column][et_pb_column type=&raquo;1_2&#8243; _builder_version=&raquo;4.16&#8243; custom_padding=&raquo;|||&raquo; global_colors_info=&raquo;{}&raquo; custom_padding__hover=&raquo;|||&raquo;][et_pb_image src=&raquo;https:\/\/result.uit.no\/reaidu\/wp-content\/uploads\/sites\/27\/2023\/02\/Riddu_Riddu_2010_Doulva_dottor13-scaled.jpg&raquo; alt=&raquo;Duolva Duottar&raquo; title_text=&raquo;Riddu 2010 foto \u00d8rjan Marakatt Bertelsen&raquo; _builder_version=&raquo;4.20.0&#8243; _module_preset=&raquo;default&raquo; custom_margin=&raquo;-179px|||||&raquo; custom_margin_tablet=&raquo;-118px||||false|false&raquo; custom_margin_phone=&raquo;-118px||||false|false&raquo; custom_margin_last_edited=&raquo;on|tablet&raquo; custom_padding=&raquo;||2px|||&raquo; global_colors_info=&raquo;{}&raquo;][\/et_pb_image][et_pb_text _builder_version=&raquo;4.20.0&#8243; text_font=&raquo;Poiret One||||||||&raquo; text_font_size=&raquo;12px&raquo; text_line_height=&raquo;0em&raquo; text_orientation=&raquo;right&raquo; min_height=&raquo;0px&raquo; custom_margin=&raquo;21px|||||&raquo; locked=&raquo;off&raquo; global_colors_info=&raquo;{}&raquo;]<\/p>\n<p>Foto: \u00d8rjan Marakatt Bertelsen<\/p>\n<p>[\/et_pb_text][\/et_pb_column][\/et_pb_row][\/et_pb_section][et_pb_section fb_built=&raquo;1&#8243; _builder_version=&raquo;4.18.0&#8243; _module_preset=&raquo;default&raquo; custom_padding=&raquo;6px|||||&raquo; global_colors_info=&raquo;{}&raquo;][et_pb_row _builder_version=&raquo;4.18.0&#8243; _module_preset=&raquo;default&raquo; custom_padding=&raquo;||0px|||&raquo; global_colors_info=&raquo;{}&raquo;][et_pb_column type=&raquo;4_4&#8243; _builder_version=&raquo;4.18.0&#8243; _module_preset=&raquo;default&raquo; global_colors_info=&raquo;{}&raquo;][et_pb_text _builder_version=&raquo;4.16&#8243; _module_preset=&raquo;default&raquo; custom_margin=&raquo;||10px||false|false&raquo; custom_padding=&raquo;||||false|false&raquo; global_colors_info=&raquo;{}&raquo;]<\/p>\n<p>Innhold<\/p>\n<p>[\/et_pb_text][et_pb_divider _builder_version=&raquo;4.16&#8243; _module_preset=&raquo;default&raquo; global_colors_info=&raquo;{}&raquo;][\/et_pb_divider][\/et_pb_column][\/et_pb_row][et_pb_row column_structure=&raquo;1_4,1_4,1_4,1_4&#8243; _builder_version=&raquo;4.18.0&#8243; _module_preset=&raquo;default&raquo; custom_margin=&raquo;-21px|auto||auto||&raquo; global_colors_info=&raquo;{}&raquo;][et_pb_column type=&raquo;1_4&#8243; _builder_version=&raquo;4.18.0&#8243; _module_preset=&raquo;default&raquo; global_colors_info=&raquo;{}&raquo;][et_pb_blurb title=&raquo;Personlig identitet&raquo; url=&raquo;#personligidentitet&raquo; use_icon=&raquo;on&raquo; module_class=&raquo;hover-zoom menubox-equal-size&raquo; _builder_version=&raquo;4.20.0&#8243; _module_preset=&raquo;default&raquo; header_font=&raquo;Poiret One|700||on|||||&raquo; header_text_color=&raquo;#353740&#8243; header_font_size=&raquo;13px&raquo; header_line_height=&raquo;1.4em&raquo; background_color=&raquo;#f6f4f2&#8243; text_orientation=&raquo;center&raquo; width=&raquo;256px&raquo; max_width=&raquo;100%&raquo; module_alignment=&raquo;center&raquo; max_height=&raquo;196px&raquo; custom_padding=&raquo;20px|10px|20px|10px|false|false&raquo; animation_style=&raquo;zoom&raquo; link_option_url=&raquo;#personligidentitet&raquo; global_colors_info=&raquo;{}&raquo;][\/et_pb_blurb][\/et_pb_column][et_pb_column type=&raquo;1_4&#8243; _builder_version=&raquo;4.18.0&#8243; _module_preset=&raquo;default&raquo; global_colors_info=&raquo;{}&raquo;][et_pb_blurb title=&raquo;sosial identitet&raquo; url=&raquo;#sosialidentitet&raquo; use_icon=&raquo;on&raquo; module_class=&raquo;hover-zoom menubox-equal-size&raquo; _builder_version=&raquo;4.20.0&#8243; _module_preset=&raquo;default&raquo; header_font=&raquo;Poiret One|700||on|||||&raquo; header_text_color=&raquo;#353740&#8243; header_font_size=&raquo;13px&raquo; header_line_height=&raquo;1.4em&raquo; background_color=&raquo;#f6f4f2&#8243; text_orientation=&raquo;center&raquo; width=&raquo;256px&raquo; max_width=&raquo;100%&raquo; module_alignment=&raquo;center&raquo; max_height=&raquo;196px&raquo; custom_padding=&raquo;20px|10px|20px|10px|false|false&raquo; animation_style=&raquo;zoom&raquo; link_option_url=&raquo;#sosialidentitet&raquo; global_colors_info=&raquo;{}&raquo;][\/et_pb_blurb][\/et_pb_column][et_pb_column type=&raquo;1_4&#8243; _builder_version=&raquo;4.18.0&#8243; _module_preset=&raquo;default&raquo; global_colors_info=&raquo;{}&raquo;][et_pb_blurb title=&raquo;etnisitet og kulturell identitet&raquo; url=&raquo;#etnisitet&raquo; use_icon=&raquo;on&raquo; module_class=&raquo;hover-zoom menubox-equal-size&raquo; _builder_version=&raquo;4.20.0&#8243; _module_preset=&raquo;default&raquo; header_font=&raquo;Poiret One|700||on|||||&raquo; header_text_color=&raquo;#353740&#8243; header_font_size=&raquo;13px&raquo; header_line_height=&raquo;1.4em&raquo; background_color=&raquo;#f6f4f2&#8243; text_orientation=&raquo;center&raquo; width=&raquo;256px&raquo; max_width=&raquo;100%&raquo; module_alignment=&raquo;center&raquo; max_height=&raquo;196px&raquo; custom_padding=&raquo;20px|10px|20px|10px|false|false&raquo; animation_style=&raquo;zoom&raquo; link_option_url=&raquo;#etnisitet&raquo; global_colors_info=&raquo;{}&raquo;][\/et_pb_blurb][\/et_pb_column][et_pb_column type=&raquo;1_4&#8243; _builder_version=&raquo;4.18.0&#8243; _module_preset=&raquo;default&raquo; global_colors_info=&raquo;{}&raquo;][et_pb_blurb title=&raquo;\u00e5 v\u00e6re samisk&raquo; url=&raquo;#\u00e5v\u00e6resamisk&raquo; use_icon=&raquo;on&raquo; module_class=&raquo;hover-zoom menubox-equal-size&raquo; _builder_version=&raquo;4.20.0&#8243; _module_preset=&raquo;default&raquo; header_font=&raquo;Poiret One|700||on|||||&raquo; header_text_color=&raquo;#353740&#8243; header_font_size=&raquo;13px&raquo; header_line_height=&raquo;1.4em&raquo; background_color=&raquo;#f6f4f2&#8243; text_orientation=&raquo;center&raquo; width=&raquo;256px&raquo; max_width=&raquo;100%&raquo; module_alignment=&raquo;center&raquo; max_height=&raquo;196px&raquo; custom_padding=&raquo;20px|10px|20px|10px|false|false&raquo; animation_style=&raquo;zoom&raquo; link_option_url=&raquo;#\u00e5v\u00e6resamisk&raquo; global_colors_info=&raquo;{}&raquo;][\/et_pb_blurb][\/et_pb_column][\/et_pb_row][\/et_pb_section][et_pb_section fb_built=&raquo;1&#8243; _builder_version=&raquo;4.16&#8243; custom_padding=&raquo;10px||10px||true|false&raquo; global_colors_info=&raquo;{}&raquo;][et_pb_row column_structure=&raquo;2_5,3_5&#8243; module_id=&raquo;mangfoldig&raquo; _builder_version=&raquo;4.18.0&#8243; global_colors_info=&raquo;{}&raquo;][et_pb_column type=&raquo;2_5&#8243; _builder_version=&raquo;4.16&#8243; global_colors_info=&raquo;{}&raquo;][et_pb_text _builder_version=&raquo;4.16&#8243; text_font=&raquo;||||||||&raquo; text_text_color=&raquo;#7e7f93&#8243; text_font_size=&raquo;13px&raquo; text_line_height=&raquo;1.2em&raquo; link_font=&raquo;|700|||||||&raquo; header_font=&raquo;||||||||&raquo; header_text_color=&raquo;#000000&#8243; header_2_font=&raquo;Poiret One|||on|||||&raquo; header_2_text_align=&raquo;center&raquo; header_2_font_size=&raquo;15px&raquo; header_3_font=&raquo;|700|||||||&raquo; header_3_text_color=&raquo;#000000&#8243; header_3_font_size=&raquo;18px&raquo; header_3_line_height=&raquo;1.2em&raquo; background_color=&raquo;RGBA(255,255,255,0)&raquo; width=&raquo;95%&raquo; module_alignment=&raquo;right&raquo; custom_margin=&raquo;47px||62px||false|false&raquo; locked=&raquo;off&raquo; global_colors_info=&raquo;{}&raquo;]<\/p>\n<h2 style=\"text-align: left\">Skrevet av<\/h2>\n<h3>Erle B\u00e5rdsdatter S\u00e6ther<\/h3>\n<p>Senter for samiske studier, UiT Norges arktiske universitet<\/p>\n<p>[\/et_pb_text][et_pb_image src=&raquo;https:\/\/result.uit.no\/reaidu\/wp-content\/uploads\/sites\/27\/2023\/02\/Save_Design_Foto_Orjan_Bertelsen_056-scaled.jpg&raquo; alt=&raquo;Detaljbilde av g\u00e1kti og s\u00f8lje&raquo; title_text=&raquo;save design foto \u00d8rjan Bertelsenf&raquo; _builder_version=&raquo;4.20.0&#8243; _module_preset=&raquo;default&raquo; global_colors_info=&raquo;{}&raquo;][\/et_pb_image][et_pb_text _builder_version=&raquo;4.20.2&#8243; text_font=&raquo;Poiret One||||||||&raquo; text_font_size=&raquo;12px&raquo; text_line_height=&raquo;0em&raquo; text_orientation=&raquo;right&raquo; min_height=&raquo;0px&raquo; custom_margin=&raquo;21px||42px|||&raquo; custom_padding=&raquo;7px||12px||false|false&raquo; locked=&raquo;off&raquo; global_colors_info=&raquo;{}&raquo;]<\/p>\n<p>Foto: \u00d8rjan Marakatt Bertelsen<\/p>\n<p>[\/et_pb_text][et_pb_blurb title=&raquo;MANGFOLDIGE IDENTITETER&raquo; url=&raquo;@ET-DC@eyJkeW5hbWljIjp0cnVlLCJjb250ZW50IjoicG9zdF9saW5rX3VybF9wYWdlIiwic2V0dGluZ3MiOnsicG9zdF9pZCI6IjI0NDEyMiJ9fQ==@&raquo; use_icon=&raquo;on&raquo; font_icon=&raquo;&#x39;||divi||400&#8243; icon_color=&raquo;#e09900&#8243; icon_placement=&raquo;left&raquo; module_class=&raquo;hover-zoom &raquo; _builder_version=&raquo;4.20.2&#8243; _dynamic_attributes=&raquo;url&raquo; header_level=&raquo;h2&#8243; header_font=&raquo;Poiret One|700||on|||||&raquo; header_text_align=&raquo;left&raquo; body_font=&raquo;||||||||&raquo; body_text_align=&raquo;left&raquo; body_font_size=&raquo;14px&raquo; background_color=&raquo;#f6f4f2&#8243; text_orientation=&raquo;center&raquo; module_alignment=&raquo;center&raquo; custom_margin=&raquo;20px|3px|20px|3px|true|true&raquo; custom_margin_tablet=&raquo;&raquo; custom_margin_phone=&raquo;&raquo; custom_margin_last_edited=&raquo;on|desktop&raquo; custom_padding=&raquo;17px|25px|17px|25px|true|true&raquo; animation_style=&raquo;zoom&raquo; custom_css_blurb_image=&raquo;margin-left: 8px;&raquo; custom_css_blurb_content=&raquo;display: flex;||flex-direction: row-reverse;||&raquo; border_radii=&raquo;on|5px|5px|5px|5px&raquo; border_width_all=&raquo;2px&raquo; border_color_all=&raquo;#e09900&#8243; box_shadow_style=&raquo;preset3&#8243; locked=&raquo;off&raquo; global_colors_info=&raquo;{}&raquo;]<\/p>\n<p><span>D<\/span><span>et samiske samfunnet er mangfoldig.<\/span><span> Samers identitet finnes i like mange versjoner som det finnes samer.\u00a0<\/span><span>Kanskje er det mer presist \u00e5 si at \u00abde samiske samfunnene\u00bb\u00a0\u2013 i flertall \u2013 er mangfoldige.<\/span><\/p>\n<p>[\/et_pb_blurb][\/et_pb_column][et_pb_column type=&raquo;3_5&#8243; _builder_version=&raquo;4.16&#8243; global_colors_info=&raquo;{}&raquo;][et_pb_text module_id=&raquo;personligidentitet&raquo; _builder_version=&raquo;4.20.0&#8243; text_font=&raquo;||||||||&raquo; text_text_color=&raquo;#000000&#8243; text_font_size=&raquo;15px&raquo; text_line_height=&raquo;1.8em&raquo; background_size=&raquo;initial&raquo; background_position=&raquo;top_left&raquo; background_repeat=&raquo;repeat&raquo; text_orientation=&raquo;justified&raquo; custom_margin=&raquo;|||-26px||&raquo; custom_padding=&raquo;10px|25px|0px|25px|false|true&raquo; global_colors_info=&raquo;{}&raquo;]<\/p>\n<h1>Personlig identitet<\/h1>\n<p>Identiteten v\u00e5r sier noe om hvem vi er og hvordan vi ser p\u00e5 oss selv. Det er ulike m\u00e5ter \u00e5 se p\u00e5 hvordan identiteten v\u00e5r skapes. Vi skiller mellom essensialistisk og konstruktivistisk identitetsforst\u00e5else. Den essensialistiske identitetsforst\u00e5elsen beskriver identitet som noe man er f\u00f8dt med og som holder seg relativt stabil. Den konstruktivistiske identitetsforst\u00e5elsen ser p\u00e5 identitet som noe vi skaper og utvikler basert p\u00e5 alle v\u00e5re erfaringer. Forskjellen er om identitet er noe vi er f\u00f8dt med eller noe vi skaper. En tredje syn p\u00e5 identitet er en blanding av begge forst\u00e5elsene, hvor en del av v\u00e5r identitet er fast, mens en del forandres gjennom livet. I dette synet blir du f\u00f8dt med et utgangspunkt for din identitet, som videre blir preget av for eksempel familie, venner, oppvekst og alle opplevelser du har hatt som har styrket eller svekket ulike deler ved din identitet. N\u00e5r identiteten v\u00e5r blir utfordret basert p\u00e5 andres oppfatning av oss, opplever vi det som kalles identitetsforhandlinger.<\/p>\n<p>[\/et_pb_text][et_pb_text module_id=&raquo;sosialidentitet&raquo; _builder_version=&raquo;4.20.0&#8243; text_font=&raquo;||||||||&raquo; text_text_color=&raquo;#000000&#8243; text_font_size=&raquo;15px&raquo; text_line_height=&raquo;1.8em&raquo; background_size=&raquo;initial&raquo; background_position=&raquo;top_left&raquo; background_repeat=&raquo;repeat&raquo; text_orientation=&raquo;justified&raquo; custom_margin=&raquo;|||-26px||&raquo; custom_padding=&raquo;10px|25px|0px|25px|false|true&raquo; global_colors_info=&raquo;{}&raquo;]<\/p>\n<h1>Sosial identitet<\/h1>\n<p>V\u00e5r sosiale identitet eller gruppeidentitet sier noe om hvilke sosiale felleskap vi f\u00f8ler tilh\u00f8righet til. Alle tilh\u00f8rer flere grupper p\u00e5 samme tid. Hvor vi bor, hvilket kj\u00f8nn vi identifiserer oss som, hvilke aktiviteter vi liker eller hvilket politisk parti vi tilh\u00f8rer er eksempler p\u00e5 v\u00e5re gruppeidentiteter. V\u00e5r tilh\u00f8righet i familien eller vennegjengen vil ogs\u00e5 si noe om v\u00e5r sosiale identitet. Den etniske identiteten v\u00e5r er en del av v\u00e5r sosiale identitet.<\/p>\n<p>[\/et_pb_text][et_pb_text module_id=&raquo;etnisitet&raquo; _builder_version=&raquo;4.20.0&#8243; text_font=&raquo;||||||||&raquo; text_text_color=&raquo;#000000&#8243; text_font_size=&raquo;15px&raquo; text_line_height=&raquo;1.8em&raquo; background_size=&raquo;initial&raquo; background_position=&raquo;top_left&raquo; background_repeat=&raquo;repeat&raquo; text_orientation=&raquo;justified&raquo; custom_margin=&raquo;|||-26px||&raquo; custom_padding=&raquo;10px|25px|0px|25px|false|true&raquo; global_colors_info=&raquo;{}&raquo;]<\/p>\n<h1>Etnisitet og kulturell identitet<\/h1>\n<p>Samer er en etnisk gruppe og skaper i felleskap en etnisk identitet. Etnisitet tar utgangspunkt i en forestilling om felles opprinnelse og antatte kulturforskjeller. Etnisitet eksisterer ikke i et vakuum, men krever en annen etnisk gruppe for \u00e5 oppst\u00e5. Antropologen Fredrik Barth beskriver det \u00e5 tenke p\u00e5 en enkelt gruppes etnisitet og kultur som \u00e5 \u00abklappe med en h\u00e5nd\u00bb (Eriksen &amp; Sajjad, 2020). Etnisitet oppst\u00e5r nemlig i m\u00f8tet mellom grupper. Et viktig aspekt ved etnisitet er de kulturelle utrykkene som trekkes frem som relevante for \u00e5 forsterke de forestilte forskjellene mellom gruppene. Ofte kan man se at det ikke er mellom grupper som er vidt forskjellige fra hverandre det er viktigst \u00e5 trekke grenser, men heller mellom grupper som ligner. Derfor kan det v\u00e6re mange likheter mellom etniske grupper. Som vi b\u00e5de i dag og historisk, har det v\u00e6rt store likheter mellom samer og ikke-samer som har bodd i samme omr\u00e5der. Etnisitet er i stor grad grensedragning, og disse etniske grensene defineres av gruppene som er involvert p\u00e5 hver sin side av grensen. E<span>t tydelig fokus p\u00e5 forskjellene mellom norsk og samisk kultur, har tidligere v\u00e6rt viktig i kampen for samiske rettigheter og for revitalisering av samiske kulturuttrykk. I dag kan det v\u00e6re begrensende og gi et mangelfullt bilde av hva samisk(e) kultur(er) er, og det kan samtidig virke begrensende for hva samisk identitet er.<\/span><\/p>\n<p>[\/et_pb_text][\/et_pb_column][\/et_pb_row][et_pb_row module_id=&raquo;mangfoldig&raquo; _builder_version=&raquo;4.18.0&#8243; global_colors_info=&raquo;{}&raquo;][et_pb_column type=&raquo;4_4&#8243; _builder_version=&raquo;4.16&#8243; global_colors_info=&raquo;{}&raquo;][et_pb_text module_id=&raquo;\u00e5v\u00e6resamisk&raquo; _builder_version=&raquo;4.20.0&#8243; text_font=&raquo;||||||||&raquo; text_text_color=&raquo;#000000&#8243; text_font_size=&raquo;15px&raquo; text_line_height=&raquo;1.8em&raquo; background_size=&raquo;initial&raquo; background_position=&raquo;top_left&raquo; background_repeat=&raquo;repeat&raquo; text_orientation=&raquo;justified&raquo; custom_margin=&raquo;|||-26px||&raquo; custom_padding=&raquo;10px|25px|0px|25px|false|true&raquo; global_colors_info=&raquo;{}&raquo;]<\/p>\n<h1>\u00c5 v\u00e6re samisk<\/h1>\n<p>\u00c5 v\u00e6re samisk vil b\u00e5de p\u00e5virke hvordan du ser p\u00e5 deg selv og din identitet, og hvordan du opplever tilknytning til andre. Den kollektive samiske identiteten har v\u00e6rt preget av historiske p\u00e5kjenninger som fornorskningspolitikken, hvor samisk spr\u00e5k og kulturut\u00f8velse ble hardt begrenset. Fornorskningspolitikken hadde som m\u00e5l \u00e5 erstatte samisk spr\u00e5k og kultur med norsk spr\u00e5k og kultur, og \u00e5 styrke samers tilh\u00f8righet til Norge og den norske kulturen. Siden den offisielle fornorskningspolitikken ble avsluttet p\u00e5 midten av 1900-tallet, har det v\u00e6rt drevet en revitalisering av samisk spr\u00e5k og kultur. B\u00e5de fornorskningen og den senere revitaliseringen har preget hvordan mange samer ser p\u00e5 seg selv og den kollektive samiske identiteten i dag. Det har i noen samfunn v\u00e6rt en kontinuitet i den kollektive samiske identiteten, og samisk spr\u00e5k og kulturuttrykk ble her videref\u00f8rt til neste generasjon. I andre samfunn ble det samiske fortiet og den samiske identiteten ble ikke videref\u00f8rt til neste generasjon. I noen av disse omr\u00e5dene har yngre generasjoner tatt tilbake igjen den samiske kulturen og identiteten. Det kan derfor v\u00e6re familier der noen identifiserer seg som samisk, mens andre i familien ikke gj\u00f8r det.<\/p>\n<p>Samisk identitet ser i dag ulikt ut avhengig av hvem du snakker med. Det som er viktig for ens identitet kan v\u00e6re helt ulik det som er viktig for en annens. Men som vi s\u00e5 i hva som kjennetegner etnisk identitet, har ogs\u00e5 samisk identitet noen kjennetegn. Samisk identitet kjennetegnes blant annet ved en felles kultur, historie, spr\u00e5k og omr\u00e5de. Men samer m\u00e5 verken bo innenfor disse grensene, snakke et samisk spr\u00e5k eller bruke kofte for \u00e5 v\u00e6re same. Det viktigste er at personen selv oppfatter seg som samisk.<\/p>\n<p>&nbsp;<\/p>\n<p>[\/et_pb_text][\/et_pb_column][\/et_pb_row][et_pb_row _builder_version=&raquo;4.18.0&#8243; _module_preset=&raquo;default&raquo; custom_padding=&raquo;24px||6px||false|&raquo; locked=&raquo;off&raquo; global_colors_info=&raquo;{}&raquo;][et_pb_column type=&raquo;4_4&#8243; _builder_version=&raquo;4.18.0&#8243; _module_preset=&raquo;default&raquo; global_colors_info=&raquo;{}&raquo;][et_pb_toggle title=&raquo;Referanser&raquo; icon_color=&raquo;#e09900&#8243; open_icon_color=&raquo;#e09900&#8243; module_id=&raquo;naturreferanser&raquo; module_class=&raquo;orange-link&raquo; _builder_version=&raquo;4.20.0&#8243; title_level=&raquo;h1&#8243; title_font=&raquo;Poiret One|700||on|||||&raquo; title_font_size=&raquo;14px&raquo; closed_title_text_align=&raquo;left&raquo; closed_title_font_size=&raquo;14px&raquo; body_font=&raquo;||||||||&raquo; body_text_align=&raquo;left&raquo; body_text_color=&raquo;#000000&#8243; body_font_size=&raquo;12px&raquo; body_line_height=&raquo;1.6em&raquo; body_link_line_height=&raquo;1.6em&raquo; body_ul_line_height=&raquo;1.6em&raquo; body_ol_line_height=&raquo;1.7em&raquo; background_size=&raquo;initial&raquo; background_position=&raquo;top_left&raquo; background_repeat=&raquo;repeat&raquo; text_orientation=&raquo;left&raquo; width=&raquo;95%&raquo; module_alignment=&raquo;center&raquo; custom_margin=&raquo;||50px||false|false&raquo; custom_padding=&raquo;10px||10px||true|false&raquo; use_border_color=&raquo;off&raquo; border_color=&raquo;#ffffff&raquo; border_style=&raquo;solid&raquo; locked=&raquo;off&raquo; global_colors_info=&raquo;{}&raquo;]<\/p>\n<ul>\n<li>Kulturforskjeller i praksis: Perspektiver p\u00e5 det flerkulturelle Norge (Eriksen &amp; Sajjad, 2020)<\/li>\n<li><a href=\"https:\/\/ndla.no\/subject:1:18569f4e-5901-472a-96a0-b06c09b201fb\/topic:2:185340\/topic:2:71188\/resource:1:65716\" style=\"font-size: 12px\"><\/a><a href=\"https:\/\/dembra.no\/no\/utema\/identitet-og-tilhorighet\/?fane=om-temaet&amp;trekk=1\">Identitet, mangfold og tilh\u00f8righet &#8211; DEMBRA<\/a><a href=\"https:\/\/ndla.no\/subject:1:18569f4e-5901-472a-96a0-b06c09b201fb\/topic:2:185340\/topic:2:71188\/resource:1:65716\" style=\"font-size: 12px\"><\/a><\/li>\n<li><a href=\"https:\/\/dembra.no\/no\/utema\/urfolk-og-nasjonale-minoriteter\/?fane=om-temaet&amp;trekk=6\">Urfolk og nasjonale minoriteter: Minoritetsidentitet og selvpresentasjon &#8211; DEMBRA<\/a><\/li>\n<li><a href=\"https:\/\/ndla.no\/subject:1:18569f4e-5901-472a-96a0-b06c09b201fb\/topic:2:185340\/topic:2:71188\/resource:1:65716\" style=\"font-size: 12px\">Hva er identitet? &#8211; NDLA<\/a><\/li>\n<li><a href=\"https:\/\/www.hlsenteret.no\/kunnskapsbasen\/livssyn\/etnisitet\/etnisitet.html\">Etnisitet &#8211; HL-senteret (hlsenteret.no)<\/a><\/li>\n<\/ul>\n<p>[\/et_pb_toggle][\/et_pb_column][\/et_pb_row][et_pb_row column_structure=&raquo;1_2,1_2&#8243; custom_padding_last_edited=&raquo;on|phone&raquo; _builder_version=&raquo;4.19.4&#8243; width=&raquo;70%&raquo; width_tablet=&raquo;93%&raquo; width_phone=&raquo;100%&raquo; width_last_edited=&raquo;on|phone&raquo; max_width=&raquo;1000px&raquo; module_alignment=&raquo;center&raquo; custom_margin=&raquo;70px|0px|70px|0px|true|false&raquo; custom_margin_tablet=&raquo;55px|31px|55px|33px|true|false&raquo; custom_margin_phone=&raquo;|6px||0px|true|false&raquo; custom_margin_last_edited=&raquo;on|phone&raquo; custom_padding=&raquo;69px|41px|69px|41px|true|true&raquo; custom_padding_tablet=&raquo;41px|34px|34px|34px|false|true&raquo; custom_padding_phone=&raquo;41px|0px|4px|0px|false|true&raquo; box_shadow_style=&raquo;preset1&#8243; box_shadow_vertical=&raquo;10px&raquo; box_shadow_blur=&raquo;67px&raquo; box_shadow_spread=&raquo;21px&raquo; box_shadow_color=&raquo;rgba(1,33,92,0.1)&raquo; locked=&raquo;off&raquo; global_colors_info=&raquo;{}&raquo;][et_pb_column type=&raquo;1_2&#8243; _builder_version=&raquo;4.16&#8243; global_colors_info=&raquo;{}&raquo;][et_pb_blurb title=&raquo;Undervisningsopplegg om identitet&raquo; use_icon=&raquo;on&raquo; font_icon=&raquo;&#xe024;||divi||400&#8243; image_icon_width=&raquo;36px&raquo; content_max_width=&raquo;549px&raquo; image_icon_width_tablet=&raquo;36px&raquo; image_icon_width_phone=&raquo;36px&raquo; image_icon_width_last_edited=&raquo;on|tablet&raquo; admin_label=&raquo;Teaser&raquo; module_class=&raquo;pa-bullet-list-1 orange-link&raquo; _builder_version=&raquo;4.21.0&#8243; header_font=&raquo;Poiret One|700||on|||||&raquo; header_text_align=&raquo;center&raquo; header_font_size=&raquo;22px&raquo; header_line_height=&raquo;1.8em&raquo; body_text_color=&raquo;#000000&#8243; body_font_size=&raquo;14px&raquo; body_line_height=&raquo;2em&raquo; body_link_text_color=&raquo;#000000&#8243; body_ul_text_color=&raquo;#000000&#8243; body_ol_text_color=&raquo;#000000&#8243; background_color=&raquo;#ffffff&raquo; width=&raquo;98%&raquo; max_width=&raquo;94%&raquo; module_alignment=&raquo;center&raquo; custom_margin=&raquo;2px|57px|2px|57px|true|true&raquo; custom_padding=&raquo;65px|0px|65px|24px|true|false&raquo; animation_style=&raquo;zoom&raquo; animation_intensity_zoom=&raquo;10%&raquo; icon_font_size=&raquo;36px&raquo; image_max_width_tablet=&raquo;60px&raquo; image_max_width_phone=&raquo;&raquo; image_max_width_last_edited=&raquo;on|tablet&raquo; locked=&raquo;off&raquo; global_colors_info=&raquo;{}&raquo;]<\/p>\n<ul>\n<li>I forbindelse med skolevisninger under Troms\u00f8 Internasjonale Filmfestival (TIFF), har festivalen laget filmstudieark til filmene &laquo;Ellos eatnu &#8211; La elva leve&raquo; og &laquo;<span>RAH\u010cAN \u2013 Ellas oppr\u00f8r&raquo;. Begge disse filmene tar opp ulike sider ved identitet og tilh\u00f8righet, og filmstudiearkene inneholder undervisningsopplegg tilpasset temaene. Du finner mer informasjon om filmene og undervisningsoppleggene ved \u00e5 klikke p\u00e5 boksene til h\u00f8yre.\u00a0<\/span><\/li>\n<\/ul>\n<p>[\/et_pb_blurb][\/et_pb_column][et_pb_column type=&raquo;1_2&#8243; _builder_version=&raquo;4.16&#8243; global_colors_info=&raquo;{}&raquo;][et_pb_blurb title=&raquo;ELLOS EATNU &#8211; LA ELVA LEVE&raquo; url=&raquo;@ET-DC@eyJkeW5hbWljIjp0cnVlLCJjb250ZW50IjoicG9zdF9saW5rX3VybF9wYWdlIiwic2V0dGluZ3MiOnsicG9zdF9pZCI6IjI0NDgwNSJ9fQ==@&raquo; use_icon=&raquo;on&raquo; font_icon=&raquo;&#x39;||divi||400&#8243; icon_color=&raquo;#e09900&#8243; icon_placement=&raquo;left&raquo; module_class=&raquo;hover-zoom &raquo; _builder_version=&raquo;4.21.0&#8243; _dynamic_attributes=&raquo;url,link_option_url&raquo; header_level=&raquo;h2&#8243; header_font=&raquo;Poiret One|700||on|||||&raquo; header_text_align=&raquo;left&raquo; body_font=&raquo;||||||||&raquo; body_text_align=&raquo;left&raquo; body_font_size=&raquo;14px&raquo; background_color=&raquo;#f6f4f2&#8243; text_orientation=&raquo;center&raquo; module_alignment=&raquo;center&raquo; custom_margin=&raquo;20px|3px|20px|3px|true|true&raquo; custom_margin_tablet=&raquo;&raquo; custom_margin_phone=&raquo;&raquo; custom_margin_last_edited=&raquo;on|desktop&raquo; custom_padding=&raquo;17px|25px|17px|25px|true|true&raquo; animation_style=&raquo;zoom&raquo; link_option_url=&raquo;@ET-DC@eyJkeW5hbWljIjp0cnVlLCJjb250ZW50IjoicG9zdF9saW5rX3VybF9wYWdlIiwic2V0dGluZ3MiOnsicG9zdF9pZCI6IjI0NDgwNSJ9fQ==@&raquo; custom_css_blurb_image=&raquo;margin-left: 8px;&raquo; custom_css_blurb_content=&raquo;display: flex;||flex-direction: row-reverse;||&raquo; border_radii=&raquo;on|5px|5px|5px|5px&raquo; border_width_all=&raquo;2px&raquo; border_color_all=&raquo;#e09900&#8243; box_shadow_style=&raquo;preset3&#8243; locked=&raquo;off&raquo; global_colors_info=&raquo;{}&raquo;]<\/p>\n<p><span>Dette tverrfaglige undervisningsopplegget er laget i forbindelse med visninger av filmen \u00ab<\/span><span role=\"heading\" class=\"yKMVIe\">Ellos eatnu \u2013 La elva leve<\/span><span>\u00bb under Troms\u00f8 Internasjonale Filmfestival (TIFF).\u00a0<\/span><\/p>\n<p>[\/et_pb_blurb][et_pb_blurb title=&raquo;RAH\u010cAN &#8211; ELLAS OPPR\u00d8R&raquo; url=&raquo;@ET-DC@eyJkeW5hbWljIjp0cnVlLCJjb250ZW50IjoicG9zdF9saW5rX3VybF9wYWdlIiwic2V0dGluZ3MiOnsicG9zdF9pZCI6IjI0NDgzMCJ9fQ==@&raquo; use_icon=&raquo;on&raquo; font_icon=&raquo;&#x39;||divi||400&#8243; icon_color=&raquo;#e09900&#8243; icon_placement=&raquo;left&raquo; module_class=&raquo;hover-zoom &raquo; _builder_version=&raquo;4.21.0&#8243; _dynamic_attributes=&raquo;url,link_option_url&raquo; header_level=&raquo;h2&#8243; header_font=&raquo;Poiret One|700||on|||||&raquo; header_text_align=&raquo;left&raquo; body_font=&raquo;||||||||&raquo; body_text_align=&raquo;left&raquo; body_font_size=&raquo;14px&raquo; background_color=&raquo;#f6f4f2&#8243; text_orientation=&raquo;center&raquo; module_alignment=&raquo;center&raquo; custom_margin=&raquo;20px|3px|20px|3px|true|true&raquo; custom_margin_tablet=&raquo;&raquo; custom_margin_phone=&raquo;&raquo; custom_margin_last_edited=&raquo;on|desktop&raquo; custom_padding=&raquo;17px|25px|17px|25px|true|true&raquo; animation_style=&raquo;zoom&raquo; link_option_url=&raquo;@ET-DC@eyJkeW5hbWljIjp0cnVlLCJjb250ZW50IjoicG9zdF9saW5rX3VybF9wYWdlIiwic2V0dGluZ3MiOnsicG9zdF9pZCI6IjI0NDgzMCJ9fQ==@&raquo; custom_css_blurb_image=&raquo;margin-left: 8px;&raquo; custom_css_blurb_content=&raquo;display: flex;||flex-direction: row-reverse;||&raquo; border_radii=&raquo;on|5px|5px|5px|5px&raquo; border_width_all=&raquo;2px&raquo; border_color_all=&raquo;#e09900&#8243; box_shadow_style=&raquo;preset3&#8243; locked=&raquo;off&raquo; global_colors_info=&raquo;{}&raquo;]<\/p>\n<p><span>Dette tverrfaglige undervisningsopplegget er laget i forbindelse med visninger av filmen \u00abRAH\u010cAN \u2013 Ellas oppr\u00f8r\u00bb under Troms\u00f8 Internasjonale Filmfestival (TIFF) arrangert i samarbeid med Den Kulturelle Skolesekken (DKS).\u00a0<\/span><\/p>\n<p>[\/et_pb_blurb][\/et_pb_column][\/et_pb_row][\/et_pb_section][et_pb_section fb_built=&raquo;1&#8243; specialty=&raquo;on&raquo; module_class=&raquo; et_pb_specialty_fullwidth&raquo; _builder_version=&raquo;4.16&#8243; inner_width=&raquo;89%&raquo; inner_width_tablet=&raquo;80%&raquo; inner_width_phone=&raquo;&raquo; inner_width_last_edited=&raquo;on|desktop&raquo; inner_max_width=&raquo;89%&raquo; inner_max_width_tablet=&raquo;80%&raquo; inner_max_width_phone=&raquo;&raquo; inner_max_width_last_edited=&raquo;on|desktop&raquo; custom_padding=&raquo;0|0px|0|0px|false|false&raquo; make_fullwidth=&raquo;on&raquo; global_colors_info=&raquo;{}&raquo;][et_pb_column type=&raquo;1_3&#8243; _builder_version=&raquo;4.16&#8243; custom_padding=&raquo;|||&raquo; global_colors_info=&raquo;{}&raquo; parallax__hover=&raquo;off&raquo; parallax_method__hover=&raquo;on&raquo; custom_padding__hover=&raquo;|||&raquo;][\/et_pb_column][et_pb_column type=&raquo;2_3&#8243; specialty_columns=&raquo;2&#8243; _builder_version=&raquo;4.16&#8243; custom_padding=&raquo;|||&raquo; global_colors_info=&raquo;{}&raquo; parallax__hover=&raquo;off&raquo; parallax_method__hover=&raquo;on&raquo; custom_padding__hover=&raquo;|||&raquo;][et_pb_row_inner column_structure=&raquo;1_4,1_4,1_4,1_4&#8243; _builder_version=&raquo;4.16&#8243; global_colors_info=&raquo;{}&raquo;][et_pb_column_inner type=&raquo;1_4&#8243; saved_specialty_column_type=&raquo;2_3&#8243; _builder_version=&raquo;4.16&#8243; custom_padding=&raquo;|||&raquo; global_colors_info=&raquo;{}&raquo; parallax__hover=&raquo;off&raquo; parallax_method__hover=&raquo;on&raquo; custom_padding__hover=&raquo;|||&raquo;][\/et_pb_column_inner][et_pb_column_inner type=&raquo;1_4&#8243; saved_specialty_column_type=&raquo;2_3&#8243; _builder_version=&raquo;4.16&#8243; custom_padding=&raquo;|||&raquo; global_colors_info=&raquo;{}&raquo; parallax__hover=&raquo;off&raquo; parallax_method__hover=&raquo;on&raquo; custom_padding__hover=&raquo;|||&raquo;][\/et_pb_column_inner][et_pb_column_inner type=&raquo;1_4&#8243; saved_specialty_column_type=&raquo;2_3&#8243; _builder_version=&raquo;4.16&#8243; custom_padding=&raquo;|||&raquo; global_colors_info=&raquo;{}&raquo; parallax__hover=&raquo;off&raquo; parallax_method__hover=&raquo;on&raquo; custom_padding__hover=&raquo;|||&raquo;][\/et_pb_column_inner][et_pb_column_inner type=&raquo;1_4&#8243; saved_specialty_column_type=&raquo;2_3&#8243; _builder_version=&raquo;4.16&#8243; custom_padding=&raquo;|||&raquo; global_colors_info=&raquo;{}&raquo; parallax__hover=&raquo;off&raquo; parallax_method__hover=&raquo;on&raquo; custom_padding__hover=&raquo;|||&raquo;][et_pb_button button_url=&raquo;@ET-DC@eyJkeW5hbWljIjp0cnVlLCJjb250ZW50IjoicG9zdF9saW5rX3VybF9wYWdlIiwic2V0dGluZ3MiOnsicG9zdF9pZCI6IjM4NjkyIn19@&raquo; button_text=&raquo;Identitet&raquo; button_alignment=&raquo;left&raquo; _builder_version=&raquo;4.16&#8243; _dynamic_attributes=&raquo;button_url&raquo; custom_button=&raquo;on&raquo; button_text_size=&raquo;18px&raquo; button_text_color=&raquo;#ffffff&raquo; button_bg_color=&raquo;#e09900&#8243; button_border_width=&raquo;0px&raquo; button_border_radius=&raquo;10px&raquo; button_font=&raquo;Poiret One|700|||||||&raquo; button_icon=&raquo;&#x34;||divi||400&#8243; button_icon_placement=&raquo;left&raquo; button_on_hover=&raquo;off&raquo; custom_margin=&raquo;25px|||&raquo; custom_padding=&raquo;10px|20px|10px|30px|true|false&raquo; box_shadow_style=&raquo;preset2&#8243; locked=&raquo;off&raquo; global_colors_info=&raquo;{}&raquo; button_text_size__hover_enabled=&raquo;off&raquo; button_one_text_size__hover_enabled=&raquo;off&raquo; button_two_text_size__hover_enabled=&raquo;off&raquo; button_text_color__hover_enabled=&raquo;off&raquo; button_one_text_color__hover_enabled=&raquo;off&raquo; button_two_text_color__hover_enabled=&raquo;off&raquo; button_border_width__hover_enabled=&raquo;off&raquo; button_one_border_width__hover_enabled=&raquo;off&raquo; button_two_border_width__hover_enabled=&raquo;off&raquo; button_border_color__hover_enabled=&raquo;off&raquo; button_one_border_color__hover_enabled=&raquo;off&raquo; button_two_border_color__hover_enabled=&raquo;off&raquo; button_border_radius__hover_enabled=&raquo;off&raquo; button_one_border_radius__hover_enabled=&raquo;off&raquo; button_two_border_radius__hover_enabled=&raquo;off&raquo; button_letter_spacing__hover_enabled=&raquo;off&raquo; button_one_letter_spacing__hover_enabled=&raquo;off&raquo; button_two_letter_spacing__hover_enabled=&raquo;off&raquo; button_bg_color__hover_enabled=&raquo;off&raquo; button_one_bg_color__hover_enabled=&raquo;off&raquo; button_two_bg_color__hover_enabled=&raquo;off&raquo;][\/et_pb_button][\/et_pb_column_inner][\/et_pb_row_inner][\/et_pb_column][\/et_pb_section]<\/p>\n","protected":false},"excerpt":{"rendered":"<p>identitet i endringIdentitehta nupp\u00e1stuvvaminIdentitet sier noe om hvordan en person ser seg selv og om hvordan den ser seg som en del av en st\u00f8rre gruppe. Samers identitet finnes i like mange versjoner som det finnes samer, og hva som er viktig for en persons identitet er kanskje mindre viktig for en annens.Foto: \u00d8rjan Marakatt [&hellip;]<\/p>\n","protected":false},"author":1964,"featured_media":0,"parent":38692,"menu_order":0,"comment_status":"closed","ping_status":"closed","template":"","meta":{"_et_pb_use_builder":"on","_et_pb_old_content":"","_et_gb_content_width":"","footnotes":""},"class_list":["post-245251","page","type-page","status-publish","hentry"],"_links":{"self":[{"href":"https:\/\/result.uit.no\/reaidu\/wp-json\/wp\/v2\/pages\/245251","targetHints":{"allow":["GET"]}}],"collection":[{"href":"https:\/\/result.uit.no\/reaidu\/wp-json\/wp\/v2\/pages"}],"about":[{"href":"https:\/\/result.uit.no\/reaidu\/wp-json\/wp\/v2\/types\/page"}],"author":[{"embeddable":true,"href":"https:\/\/result.uit.no\/reaidu\/wp-json\/wp\/v2\/users\/1964"}],"replies":[{"embeddable":true,"href":"https:\/\/result.uit.no\/reaidu\/wp-json\/wp\/v2\/comments?post=245251"}],"version-history":[{"count":0,"href":"https:\/\/result.uit.no\/reaidu\/wp-json\/wp\/v2\/pages\/245251\/revisions"}],"up":[{"embeddable":true,"href":"https:\/\/result.uit.no\/reaidu\/wp-json\/wp\/v2\/pages\/38692"}],"wp:attachment":[{"href":"https:\/\/result.uit.no\/reaidu\/wp-json\/wp\/v2\/media?parent=245251"}],"curies":[{"name":"wp","href":"https:\/\/api.w.org\/{rel}","templated":true}]}}