{"id":242840,"date":"2022-09-14T14:39:30","date_gmt":"2022-09-14T12:39:30","guid":{"rendered":"https:\/\/result.uit.no\/reaidu\/?page_id=242840"},"modified":"2023-07-03T09:58:27","modified_gmt":"2023-07-03T07:58:27","slug":"samenes-historie","status":"publish","type":"page","link":"https:\/\/result.uit.no\/reaidu\/vare-tema\/historie-samfunn-og-politikk\/samenes-historie\/","title":{"rendered":"Samenes historie"},"content":{"rendered":"<p>[et_pb_section fb_built=&raquo;1&#8243; custom_padding_last_edited=&raquo;on|desktop&raquo; admin_label=&raquo;Section %22The Boss%22&#8243; module_id=&raquo;chef&raquo; _builder_version=&raquo;4.16&#8243; custom_padding=&raquo;157px||71px||false|false&raquo; custom_padding_tablet=&raquo;100px||60px|&raquo; custom_padding_phone=&raquo;80px||40px|&raquo; custom_css_main_element=&raquo;margin-left: 2%;||margin-right: 2%;||&raquo; transparent_background=&raquo;off&raquo; collapsed=&raquo;off&raquo; global_colors_info=&raquo;{}&raquo;][et_pb_row column_structure=&raquo;1_2,1_2&#8243; use_custom_gutter=&raquo;on&raquo; gutter_width=&raquo;1&#8243; padding_mobile=&raquo;on&raquo; column_padding_mobile=&raquo;on&raquo; admin_label=&raquo;Row&raquo; module_class=&raquo; et_pb_row_fullwidth&raquo; _builder_version=&raquo;4.16&#8243; background_size=&raquo;initial&raquo; background_position=&raquo;top_left&raquo; background_repeat=&raquo;repeat&raquo; width=&raquo;100%&raquo; width_tablet=&raquo;100%&raquo; width_phone=&raquo;&raquo; width_last_edited=&raquo;on|desktop&raquo; max_width=&raquo;100%&raquo; max_width_tablet=&raquo;100%&raquo; max_width_phone=&raquo;&raquo; max_width_last_edited=&raquo;on|desktop&raquo; custom_padding=&raquo;0px|0px|0px|0px&raquo; make_fullwidth=&raquo;on&raquo; global_colors_info=&raquo;{}&raquo;][et_pb_column type=&raquo;1_2&#8243; _builder_version=&raquo;4.16&#8243; background_color=&raquo;#f6f4f2&#8243; custom_padding=&raquo;|||&raquo; global_colors_info=&raquo;{}&raquo; custom_padding__hover=&raquo;|||&raquo;][et_pb_text admin_label=&raquo;overskrift&raquo; _builder_version=&raquo;4.16&#8243; text_font=&raquo;Poiret One|||on|&raquo; text_font_size=&raquo;40px&raquo; text_line_height=&raquo;1em&raquo; header_font=&raquo;||||||||&raquo; header_text_color=&raquo;#666666&#8243; header_font_size=&raquo;3px&raquo; header_2_font=&raquo;||||||||&raquo; text_orientation=&raquo;right&raquo; custom_margin=&raquo;-26px|||&raquo; custom_margin_tablet=&raquo;&raquo; custom_margin_phone=&raquo;-30px|||&raquo; custom_margin_last_edited=&raquo;on|desktop&raquo; custom_padding=&raquo;|10%||&raquo; custom_padding_tablet=&raquo;&raquo; custom_padding_phone=&raquo;|0px||20px&raquo; custom_padding_last_edited=&raquo;on|desktop&raquo; text_font_size_tablet=&raquo;&raquo; text_font_size_phone=&raquo;50&#8243; text_font_size_last_edited=&raquo;on|phone&raquo; use_border_color=&raquo;off&raquo; border_color=&raquo;#ffffff&raquo; border_style=&raquo;solid&raquo; global_colors_info=&raquo;{}&raquo;]<\/p>\n<p>Samenes historie<\/p>\n<p>[\/et_pb_text][et_pb_text disabled_on=&raquo;off|off|off&raquo; admin_label=&raquo;underoverskrift &raquo; _builder_version=&raquo;4.21.0&#8243; text_font=&raquo;Dancing Script|on|||&raquo; text_text_color=&raquo;#e09900&#8243; text_font_size=&raquo;34&#8243; text_line_height=&raquo;1em&raquo; header_font=&raquo;||||||||&raquo; text_orientation=&raquo;right&raquo; custom_padding=&raquo;|13%|40px|&raquo; custom_padding_tablet=&raquo;|13%|30px|&raquo; custom_padding_phone=&raquo;|20px|20px|30px&raquo; custom_padding_last_edited=&raquo;on|desktop&raquo; hover_enabled=&raquo;0&#8243; text_font_size_tablet=&raquo;&raquo; text_font_size_phone=&raquo;30&#8243; text_font_size_last_edited=&raquo;on|phone&raquo; use_border_color=&raquo;off&raquo; border_color=&raquo;#ffffff&raquo; border_style=&raquo;solid&raquo; global_colors_info=&raquo;{}&raquo; sticky_enabled=&raquo;0&#8243;]<\/p>\n<p>S\u00e1miid historj\u00e1<\/p>\n<p>[\/et_pb_text][\/et_pb_column][et_pb_column type=&raquo;1_2&#8243; _builder_version=&raquo;4.16&#8243; custom_padding=&raquo;|||&raquo; global_colors_info=&raquo;{}&raquo; custom_padding__hover=&raquo;|||&raquo;][\/et_pb_column][\/et_pb_row][et_pb_row column_structure=&raquo;1_2,1_2&#8243; use_custom_gutter=&raquo;on&raquo; gutter_width=&raquo;1&#8243; padding_mobile=&raquo;on&raquo; make_equal=&raquo;on&raquo; column_padding_mobile=&raquo;on&raquo; admin_label=&raquo;Row&raquo; module_class=&raquo; et_pb_row_fullwidth&raquo; _builder_version=&raquo;4.16&#8243; background_size=&raquo;initial&raquo; background_position=&raquo;top_left&raquo; background_repeat=&raquo;repeat&raquo; width=&raquo;100%&raquo; width_tablet=&raquo;100%&raquo; width_phone=&raquo;&raquo; width_last_edited=&raquo;on|desktop&raquo; max_width=&raquo;100%&raquo; max_width_tablet=&raquo;100%&raquo; max_width_phone=&raquo;&raquo; max_width_last_edited=&raquo;on|desktop&raquo; custom_padding=&raquo;0px|0px|0px|0px&raquo; make_fullwidth=&raquo;on&raquo; global_colors_info=&raquo;{}&raquo;][et_pb_column type=&raquo;1_2&#8243; _builder_version=&raquo;4.16&#8243; background_color=&raquo;#f6f4f2&#8243; custom_padding=&raquo;|||19%&raquo; custom_padding_tablet=&raquo;|||16%&raquo; custom_padding_phone=&raquo;|||10%&raquo; custom_padding_last_edited=&raquo;on|desktop&raquo; global_colors_info=&raquo;{}&raquo; custom_padding__hover=&raquo;|||&raquo;][et_pb_text admin_label=&raquo;Ingress&raquo; module_class=&raquo;orange-link&raquo; _builder_version=&raquo;4.20.0&#8243; text_font=&raquo;||||||||&raquo; text_text_color=&raquo;#000000&#8243; text_font_size=&raquo;15px&raquo; text_line_height=&raquo;1.8em&raquo; background_size=&raquo;initial&raquo; background_position=&raquo;top_left&raquo; background_repeat=&raquo;repeat&raquo; text_orientation=&raquo;justified&raquo; custom_margin=&raquo;|||-26px||&raquo; custom_padding=&raquo;10px|7%|60px|25px||&raquo; use_border_color=&raquo;off&raquo; border_color=&raquo;#ffffff&raquo; border_style=&raquo;solid&raquo; global_colors_info=&raquo;{}&raquo;]<\/p>\n<p>Samene har levd i Norden i uminnelige tider. De f\u00f8rste arkeologiske funnene som tyder p\u00e5 en s\u00e6regen samisk kultur dateres til det siste \u00e5rtusenet fvt. Siden da har samenes historie v\u00e6rt n\u00e6rt knyttet til landene de bor i, og er en viktig del av Norge, Sverige, Finland og Russlands nasjonshistorie.<\/p>\n<p>[\/et_pb_text][\/et_pb_column][et_pb_column type=&raquo;1_2&#8243; _builder_version=&raquo;4.16&#8243; background_color=&raquo;rgba(255,255,255,0)&raquo; custom_padding=&raquo;|||&raquo; global_colors_info=&raquo;{}&raquo; custom_padding__hover=&raquo;|||&raquo;][\/et_pb_column][\/et_pb_row][et_pb_row column_structure=&raquo;1_4,1_4,1_2&#8243; use_custom_gutter=&raquo;on&raquo; gutter_width=&raquo;0&#8243; padding_mobile=&raquo;on&raquo; column_padding_mobile=&raquo;on&raquo; admin_label=&raquo;Row&raquo; _builder_version=&raquo;4.16&#8243; background_size=&raquo;initial&raquo; background_position=&raquo;top_left&raquo; background_repeat=&raquo;repeat&raquo; custom_margin=&raquo;-25px|||&raquo; custom_padding=&raquo;0px|0px|0px|0px&raquo; global_colors_info=&raquo;{}&raquo;][et_pb_column type=&raquo;1_4&#8243; _builder_version=&raquo;4.16&#8243; custom_padding=&raquo;|||&raquo; global_colors_info=&raquo;{}&raquo; custom_padding__hover=&raquo;|||&raquo;][\/et_pb_column][et_pb_column type=&raquo;1_4&#8243; _builder_version=&raquo;4.16&#8243; custom_padding=&raquo;|||&raquo; global_colors_info=&raquo;{}&raquo; custom_padding__hover=&raquo;|||&raquo;][\/et_pb_column][et_pb_column type=&raquo;1_2&#8243; _builder_version=&raquo;4.16&#8243; custom_padding=&raquo;|||&raquo; global_colors_info=&raquo;{}&raquo; custom_padding__hover=&raquo;|||&raquo;][et_pb_image src=&raquo;https:\/\/result.uit.no\/reaidu\/wp-content\/uploads\/sites\/27\/2022\/09\/Lappar-fra-X-distriktet-rasta-under-flyttingen-pa-Storsteinnes-Riksarkivet.jpg&raquo; alt=&raquo;Historisk bilde Samefamilie med tre barn raster&raquo; title_text=&raquo;Lappar fra X distriktet rasta under flyttingen p\u00e5 Storsteinnes &#8211; Riksarkivet&raquo; show_in_lightbox=&raquo;on&raquo; align=&raquo;center&raquo; align_tablet=&raquo;center&raquo; align_phone=&raquo;&raquo; align_last_edited=&raquo;on|desktop&raquo; disabled_on=&raquo;off|off|off&raquo; admin_label=&raquo;Image&raquo; _builder_version=&raquo;4.18.0&#8243; max_width=&raquo;100%&raquo; custom_margin=&raquo;-40%|||30px|false|false&raquo; custom_margin_tablet=&raquo;0px|||0px&raquo; custom_margin_phone=&raquo;0px|||0px&raquo; custom_margin_last_edited=&raquo;on|tablet&raquo; animation_style=&raquo;slide&raquo; animation_direction=&raquo;top&raquo; animation_duration=&raquo;500ms&raquo; animation_intensity_slide=&raquo;10%&raquo; custom_css_main_element=&raquo;-webkit-box-shadow: 9px 14px 43px -9px rgba(150,150,150,0.6);||-moz-box-shadow: 9px 14px 43px -9px rgba(150,150,150,0.6);||box-shadow: 9px 14px 43px -9px rgba(150,150,150,0.6);&raquo; use_border_color=&raquo;off&raquo; border_color=&raquo;#08cac4&#8243; border_style=&raquo;solid&raquo; animation=&raquo;top&raquo; sticky=&raquo;off&raquo; global_colors_info=&raquo;{}&raquo;][\/et_pb_image][et_pb_text _builder_version=&raquo;4.18.0&#8243; text_font=&raquo;Poiret One||||||||&raquo; text_font_size=&raquo;12px&raquo; text_line_height=&raquo;1em&raquo; text_orientation=&raquo;right&raquo; custom_margin=&raquo;10px||10px||false|false&raquo; locked=&raquo;off&raquo; global_colors_info=&raquo;{}&raquo;]<\/p>\n<p><a href=\"https:\/\/foto.digitalarkivet.no\/fotoweb\/archives\/5001-Historiske-foto\/Indekserte%20bilder\/foS_1709_B0700.tif.info#c=%2Ffotoweb%2Farchives%2F5001-Historiske-foto%2F\">Foto: Riksarkivet<\/a><\/p>\n<p>[\/et_pb_text][\/et_pb_column][\/et_pb_row][\/et_pb_section][et_pb_section fb_built=&raquo;1&#8243; _builder_version=&raquo;4.18.0&#8243; _module_preset=&raquo;default&raquo; min_height=&raquo;310.6px&raquo; global_colors_info=&raquo;{}&raquo;][et_pb_row _builder_version=&raquo;4.18.0&#8243; _module_preset=&raquo;default&raquo; custom_padding=&raquo;||0px|||&raquo; global_colors_info=&raquo;{}&raquo;][et_pb_column type=&raquo;4_4&#8243; _builder_version=&raquo;4.18.0&#8243; _module_preset=&raquo;default&raquo; global_colors_info=&raquo;{}&raquo;][et_pb_text _builder_version=&raquo;4.18.0&#8243; _module_preset=&raquo;default&raquo; text_font=&raquo;Poiret One|||on|||||&raquo; custom_margin=&raquo;||7px|||&raquo; global_colors_info=&raquo;{}&raquo;]<\/p>\n<p>Innhold<\/p>\n<p>[\/et_pb_text][et_pb_divider _builder_version=&raquo;4.16&#8243; _module_preset=&raquo;default&raquo; custom_margin=&raquo;||-19px|||&raquo; custom_padding=&raquo;||0px|||&raquo; global_colors_info=&raquo;{}&raquo;][\/et_pb_divider][\/et_pb_column][\/et_pb_row][et_pb_row column_structure=&raquo;1_4,1_4,1_4,1_4&#8243; _builder_version=&raquo;4.18.0&#8243; _module_preset=&raquo;default&raquo; global_colors_info=&raquo;{}&raquo;][et_pb_column type=&raquo;1_4&#8243; _builder_version=&raquo;4.18.0&#8243; _module_preset=&raquo;default&raquo; global_colors_info=&raquo;{}&raquo;][et_pb_blurb title=&raquo;Fra jernalder til middelalder&raquo; url=&raquo;#jernalder-middelalder&raquo; use_icon=&raquo;on&raquo; module_class=&raquo;hover-zoom menubox-equal-size&raquo; _builder_version=&raquo;4.18.1&#8243; _module_preset=&raquo;default&raquo; header_font=&raquo;Poiret One|700||on|||||&raquo; header_text_color=&raquo;#353740&#8243; header_font_size=&raquo;13px&raquo; header_line_height=&raquo;1.4em&raquo; background_color=&raquo;#f6f4f2&#8243; text_orientation=&raquo;center&raquo; width=&raquo;256px&raquo; max_width=&raquo;100%&raquo; module_alignment=&raquo;center&raquo; max_height=&raquo;196px&raquo; custom_padding=&raquo;20px|10px|20px|10px|false|false&raquo; animation_style=&raquo;zoom&raquo; link_option_url=&raquo;#jernalder-middelalder&raquo; global_colors_info=&raquo;{}&raquo;][\/et_pb_blurb][\/et_pb_column][et_pb_column type=&raquo;1_4&#8243; _builder_version=&raquo;4.18.0&#8243; _module_preset=&raquo;default&raquo; global_colors_info=&raquo;{}&raquo;][et_pb_blurb title=&raquo;Norsk nasjonalisme&raquo; url=&raquo;#norsk-nasjonalisme&raquo; use_icon=&raquo;on&raquo; module_class=&raquo;hover-zoom menubox-equal-size&raquo; _builder_version=&raquo;4.19.2&#8243; _module_preset=&raquo;default&raquo; header_font=&raquo;Poiret One|700||on|||||&raquo; header_text_color=&raquo;#353740&#8243; header_font_size=&raquo;13px&raquo; header_line_height=&raquo;1.4em&raquo; background_color=&raquo;#f6f4f2&#8243; text_orientation=&raquo;center&raquo; width=&raquo;256px&raquo; max_width=&raquo;100%&raquo; module_alignment=&raquo;center&raquo; max_height=&raquo;196px&raquo; custom_padding=&raquo;20px|10px|20px|10px|false|false&raquo; animation_style=&raquo;zoom&raquo; link_option_url=&raquo;#norsk-nasjonalisme&raquo; global_colors_info=&raquo;{}&raquo;][\/et_pb_blurb][\/et_pb_column][et_pb_column type=&raquo;1_4&#8243; _builder_version=&raquo;4.18.0&#8243; _module_preset=&raquo;default&raquo; global_colors_info=&raquo;{}&raquo;][et_pb_blurb title=&raquo;Fornorskningspolitikk&raquo; url=&raquo;#fornorskningspolitikk&raquo; use_icon=&raquo;on&raquo; module_class=&raquo;hover-zoom menubox-equal-size&raquo; _builder_version=&raquo;4.19.2&#8243; _module_preset=&raquo;default&raquo; header_font=&raquo;Poiret One|700||on|||||&raquo; header_text_color=&raquo;#353740&#8243; header_font_size=&raquo;13px&raquo; header_line_height=&raquo;1.4em&raquo; background_color=&raquo;#f6f4f2&#8243; text_orientation=&raquo;center&raquo; width=&raquo;256px&raquo; max_width=&raquo;100%&raquo; module_alignment=&raquo;center&raquo; max_height=&raquo;196px&raquo; custom_padding=&raquo;20px|10px|20px|10px|false|false&raquo; animation_style=&raquo;zoom&raquo; link_option_url=&raquo;#fornorskningspolitikk&raquo; global_colors_info=&raquo;{}&raquo;][\/et_pb_blurb][\/et_pb_column][et_pb_column type=&raquo;1_4&#8243; _builder_version=&raquo;4.18.0&#8243; _module_preset=&raquo;default&raquo; global_colors_info=&raquo;{}&raquo;][et_pb_blurb title=&raquo;samisk opposisjon og etterkrigstiden&raquo; url=&raquo;#samisk-opposisjon-etterkrig&raquo; use_icon=&raquo;on&raquo; module_class=&raquo;hover-zoom menubox-equal-size&raquo; _builder_version=&raquo;4.19.2&#8243; _module_preset=&raquo;default&raquo; header_font=&raquo;Poiret One|700||on|||||&raquo; header_text_color=&raquo;#353740&#8243; header_font_size=&raquo;13px&raquo; header_line_height=&raquo;1.4em&raquo; background_color=&raquo;#f6f4f2&#8243; text_orientation=&raquo;center&raquo; width=&raquo;256px&raquo; max_width=&raquo;100%&raquo; module_alignment=&raquo;center&raquo; max_height=&raquo;196px&raquo; custom_padding=&raquo;20px|10px|20px|10px|false|false&raquo; animation_style=&raquo;zoom&raquo; link_option_url=&raquo;#samisk-opposisjon-etterkrig&raquo; global_colors_info=&raquo;{}&raquo;][\/et_pb_blurb][\/et_pb_column][\/et_pb_row][\/et_pb_section][et_pb_section fb_built=&raquo;1&#8243; module_class=&raquo;orange-link&raquo; _builder_version=&raquo;4.18.1&#8243; global_colors_info=&raquo;{}&raquo;][et_pb_row column_structure=&raquo;1_2,1_2&#8243; module_id=&raquo;jernalder-middelalder&raquo; _builder_version=&raquo;4.19.2&#8243; _module_preset=&raquo;default&raquo; custom_padding=&raquo;||20px|||&raquo; global_colors_info=&raquo;{}&raquo;][et_pb_column type=&raquo;1_2&#8243; _builder_version=&raquo;4.18.0&#8243; _module_preset=&raquo;default&raquo; global_colors_info=&raquo;{}&raquo;][et_pb_image src=&raquo;https:\/\/result.uit.no\/reaidu\/wp-content\/uploads\/sites\/27\/2022\/10\/Skridfinner-Olaus-Magnus.jpg&raquo; alt=&raquo;Tre samer jakter med bil og bue p\u00e5 ski&raquo; title_text=&raquo;Tresnitt av tre samer som jakter med pil og bue p\u00e5 ski, av Olaus Magnus&raquo; _builder_version=&raquo;4.18.1&#8243; _module_preset=&raquo;default&raquo; custom_margin=&raquo;||9px|||&raquo; global_colors_info=&raquo;{}&raquo;][\/et_pb_image][et_pb_text _builder_version=&raquo;4.18.1&#8243; text_font=&raquo;Poiret One||||||||&raquo; text_font_size=&raquo;12px&raquo; text_line_height=&raquo;1em&raquo; text_orientation=&raquo;right&raquo; custom_margin=&raquo;10px||10px||false|false&raquo; locked=&raquo;off&raquo; global_colors_info=&raquo;{}&raquo;]<\/p>\n<p>Illustrasjon: Olaus Magnus<\/p>\n<p>[\/et_pb_text][et_pb_blurb title=&raquo;Relevante lenker&raquo; use_icon=&raquo;on&raquo; font_icon=&raquo;&#xe101;||divi||400&#8243; image_icon_width=&raquo;36px&raquo; image_icon_width_tablet=&raquo;36px&raquo; image_icon_width_phone=&raquo;36px&raquo; image_icon_width_last_edited=&raquo;on|tablet&raquo; admin_label=&raquo;Teaser&raquo; module_class=&raquo;pa-bullet-list-1 orange-link&raquo; _builder_version=&raquo;4.20.2&#8243; header_font=&raquo;Poiret One|700||on|||||&raquo; header_text_align=&raquo;center&raquo; header_font_size=&raquo;22px&raquo; header_line_height=&raquo;1.8em&raquo; body_text_color=&raquo;#000000&#8243; body_font_size=&raquo;14px&raquo; body_line_height=&raquo;2em&raquo; body_link_text_color=&raquo;#000000&#8243; body_ul_text_color=&raquo;#000000&#8243; body_ol_text_color=&raquo;#000000&#8243; background_color=&raquo;#ffffff&raquo; width=&raquo;100%&raquo; max_width=&raquo;100%&raquo; module_alignment=&raquo;center&raquo; custom_margin=&raquo;25px|75px|30px|75px|false|true&raquo; custom_padding=&raquo;13px|30px|0px|30px|false|true&raquo; animation_style=&raquo;zoom&raquo; animation_intensity_zoom=&raquo;10%&raquo; box_shadow_style=&raquo;preset1&#8243; box_shadow_vertical=&raquo;10px&raquo; box_shadow_blur=&raquo;67px&raquo; box_shadow_spread=&raquo;21px&raquo; box_shadow_color=&raquo;rgba(1,33,92,0.1)&raquo; icon_font_size=&raquo;36px&raquo; image_max_width_tablet=&raquo;60px&raquo; image_max_width_phone=&raquo;&raquo; image_max_width_last_edited=&raquo;on|tablet&raquo; locked=&raquo;off&raquo; global_colors_info=&raquo;{}&raquo;]<\/p>\n<ul>\n<li><a href=\"https:\/\/snl.no\/samenes_historie\" target=\"_blank\" rel=\"noopener\">Samenes historie p\u00e5 SNL<\/a><\/li>\n<li><a href=\"https:\/\/snl.no\/samenes_forhistorie\" target=\"_blank\" rel=\"noopener\">Les mer om samenes forhistorie p\u00e5 SNL<\/a><\/li>\n<li><a href=\"https:\/\/snl.no\/samene_i_jernalderen\" target=\"_blank\" rel=\"noopener\">Les mer om samene i jernalderen p\u00e5 SNL<\/a><\/li>\n<li><a href=\"https:\/\/snl.no\/samane_i_mellomalderen\" target=\"_blank\" rel=\"noopener\">Les mer om samene i middelalderen p\u00e5 SNL<\/a><\/li>\n<li><a href=\"https:\/\/www.kvinnehistorie.no\/artikkel\/t-5841\" target=\"_blank\" rel=\"noopener\">Kvinnehistoria om Sn\u00f8frid &#8211; den samiske stammora til den norske kongeslekta<\/a><\/li>\n<\/ul>\n<p>[\/et_pb_blurb][\/et_pb_column][et_pb_column type=&raquo;1_2&#8243; _builder_version=&raquo;4.18.0&#8243; _module_preset=&raquo;default&raquo; global_colors_info=&raquo;{}&raquo;][et_pb_text module_class=&raquo;orange-link&raquo; _builder_version=&raquo;4.20.0&#8243; _module_preset=&raquo;default&raquo; text_text_color=&raquo;#000000&#8243; text_font_size=&raquo;15px&raquo; text_line_height=&raquo;1.8em&raquo; text_orientation=&raquo;justified&raquo; custom_margin=&raquo;||-6px|-26px|false|false&raquo; custom_padding=&raquo;10px|7%|23px|25px|false|false&raquo; global_colors_info=&raquo;{}&raquo;]<\/p>\n<h1>Fra jernalder til middelalder<\/h1>\n<p>I jernalderen levde samene som jegere, fiskere og sankere, og deltok i handel med de andre folkegruppene som bodde i de samme omr\u00e5dene. Gamle tekster skrevet av ikke-samer,\u00a0s\u00e5nn som <a href=\"https:\/\/www.norgeshistorie.no\/kilder\/vikingtid\/K0803-Ottars-beretning.html\" target=\"_blank\" rel=\"noopener\">Ottars beretning<\/a> fra ca. 890 og i Snorres kongesagaer, bruker stort sett ikke samenes navn p\u00e5 seg selv, men i stedet ordet \u00abfinner\u00bb. Dette ordet ga igjen navn til &laquo;Finnm\u01ebrk&raquo;, en betegnelse p\u00e5 omr\u00e5dene av Norden hvor flest samer bodde og f\u00e5 andre grupper hadde faste bosetninger.<\/p>\n<p xml:lang=\"NB-NO\"><span data-contrast=\"auto\" xml:lang=\"NB-NO\">De norr\u00f8ne bosetningene trakk seg stadig nordover og innover i landet. De norr\u00f8ne herskerne krevde inn en form for skatt fra samene, kalt &laquo;finneskatt&raquo;, som besto av ulike former for fangstvarer. Hvor frivillig denne skatten ble betalt er usikkert, men det er en mulighet for at dette ble betalt i forbindelse med andre byttehandler hvor samene ogs\u00e5 fikk tak i varer man selv hadde behov for. B\u00e5de ulike former for dyreskinn og olje utvinnet av sel og hval var viktige samiske handelsvarer. Samene var kjent som dyktige b\u00e5tbyggere, og det var kjent at blant samene var det mennesker som kunne ut\u00f8ve trolldom og sp\u00e5 fremtiden.<\/span><\/p>\n<p class=\"paragraph\" style=\"margin: 0cm;vertical-align: baseline\" xml:lang=\"NB-NO\">[\/et_pb_text][\/et_pb_column][\/et_pb_row][et_pb_row _builder_version=&raquo;4.18.1&#8243; _module_preset=&raquo;default&raquo; custom_margin=&raquo;|auto|-75px|auto||&raquo; global_colors_info=&raquo;{}&raquo;][et_pb_column type=&raquo;4_4&#8243; _builder_version=&raquo;4.18.1&#8243; _module_preset=&raquo;default&raquo; global_colors_info=&raquo;{}&raquo;][et_pb_text module_class=&raquo;orange-link&raquo; _builder_version=&raquo;4.18.1&#8243; _module_preset=&raquo;default&raquo; text_font_size=&raquo;15px&raquo; text_line_height=&raquo;1.8em&raquo; text_orientation=&raquo;justified&raquo; custom_margin=&raquo;-58px||-44px|-26px|false|false&raquo; custom_padding=&raquo;10px|3%|60px|25px|false|false&raquo; global_colors_info=&raquo;{}&raquo;]<\/p>\n<p>Med sentralisering av kongemakten ble det i tillegg uenighet om hvem som hadde rett til \u00e5 beskatte og \u00e5 gj\u00f8re handel med samene. I tidlig middelalder ble b\u00e5de Norge og Sverige dannet som kongeriker, begge med hovedsete i s\u00f8r. Det var likevel ikke trukket opp grense mellom Norge og Sverige i de nordligste omr\u00e5dene, og det er fremdeles usikkerhet rundt hvilken status samene hadde i disse omr\u00e5dene. De samiske samfunnene i nord kunne sannsynligvis i stor grad styre seg selv i det daglige.<\/p>\n<p>F\u00f8rkristen samisk religion ble mot slutten av jernalderen p\u00e5virket av kristendommens spredning. Kristningen f\u00f8rte til et sterkere skille mellom samene og andre folkegrupper i nord. Det ble bygget flere kirker i nordomr\u00e5dene for \u00e5 markere den kristne tilstedev\u00e6relsen, men det ble sannsynligvis ikke gjennomf\u00f8rt noe st\u00f8rre fors\u00f8k p\u00e5 kristning av samene i middelalderen.<\/p>\n<p>I middelalderen spredte jordbrukskulturen seg, ogs\u00e5 i omr\u00e5dene som samene tradisjonelt hadde brukt. Dette f\u00f8rte til at samene laget tydeligere grenser mot spredningen. En form for grense var at samene selv ble bofaste og startet egne jordbruk. S\u00e6rlig langs vestkysten i nord ble kombinasjonen av fiske og jordbruk vanligere for alle folkegrupper i denne perioden. Fisket ga ogs\u00e5 samene nye \u00f8konomiske muligheter ved at t\u00f8rrfisken ble solgt s\u00f8rover.<\/p>\n<p>&nbsp;<\/p>\n<p>[\/et_pb_text][\/et_pb_column][\/et_pb_row][\/et_pb_section][et_pb_section fb_built=&raquo;1&#8243; _builder_version=&raquo;4.18.0&#8243; _module_preset=&raquo;default&raquo; global_colors_info=&raquo;{}&raquo;][et_pb_row column_structure=&raquo;3_5,2_5&#8243; module_id=&raquo;norsk-nasjonalisme&raquo; _builder_version=&raquo;4.19.2&#8243; _module_preset=&raquo;default&raquo; global_colors_info=&raquo;{}&raquo;][et_pb_column type=&raquo;3_5&#8243; _builder_version=&raquo;4.18.0&#8243; _module_preset=&raquo;default&raquo; global_colors_info=&raquo;{}&raquo;][et_pb_text _builder_version=&raquo;4.19.2&#8243; _module_preset=&raquo;default&raquo; text_text_color=&raquo;#000000&#8243; text_font_size=&raquo;15px&raquo; text_line_height=&raquo;1.8em&raquo; text_orientation=&raquo;justified&raquo; custom_margin=&raquo;|||-26px|false|false&raquo; custom_padding=&raquo;10px|7%|8px|25px|false|false&raquo; global_colors_info=&raquo;{}&raquo;]<\/p>\n<h1>Norsk nasjonalisme<\/h1>\n<p>I 1751 ble hele riksgrensen mot Sverige (som da inkluderte Finland) trukket opp. Samtidig ble reindriftssamene sikret s\u00e6rrettigheter i et tillegg til grensetraktaten kalt <a href=\"https:\/\/www.norgeshistorie.no\/kilder\/enevelde\/K1221-lappekodisillen.html\" target=\"_blank\" rel=\"noopener\">Lappekodisillen<\/a>. Denne sikret blant annet retten til \u00e5 flytte reinflokken over grensen.<\/p>\n<p>[\/et_pb_text][et_pb_image src=&raquo;https:\/\/result.uit.no\/reaidu\/wp-content\/uploads\/sites\/27\/2023\/03\/51607756814_22646bcc23_o-scaled.jpg&raquo; alt=&raquo;Riksarkivar Inga Bolstad og sametingspresident Aili Keskitalo med Lappekodisillen&raquo; title_text=&raquo;Lappekodisilen ble i 2021 flyttet til S\u00e1pmi\/S\u00e1bme\/Saepmie&raquo; _builder_version=&raquo;4.20.2&#8243; _module_preset=&raquo;default&raquo; max_width=&raquo;70%&raquo; module_alignment=&raquo;center&raquo; custom_margin=&raquo;||4px|||&raquo; global_colors_info=&raquo;{}&raquo;][\/et_pb_image][et_pb_text _builder_version=&raquo;4.20.2&#8243; text_font=&raquo;||||||||&raquo; text_font_size=&raquo;13px&raquo; text_line_height=&raquo;1em&raquo; header_6_font=&raquo;Poiret One||||||||&raquo; header_6_font_size=&raquo;12px&raquo; text_orientation=&raquo;right&raquo; custom_margin=&raquo;10px||10px||false|false&raquo; custom_padding=&raquo;|15%|||false|false&raquo; locked=&raquo;off&raquo; global_colors_info=&raquo;{}&raquo;]<\/p>\n<h6>Foto: <a href=\"https:\/\/www.flickr.com\/photos\/samediggi\/51607756814\/\" target=\"_blank\" rel=\"noopener\">\u00c5se M.P. Pulk \/ Sametinget<\/a><\/h6>\n<p>Lappekodisilen ble i 2021 overf\u00f8rt til S\u00e1pmi\/S\u00e1bme\/Saepmie.<\/p>\n<p>[\/et_pb_text][et_pb_text _builder_version=&raquo;4.20.2&#8243; _module_preset=&raquo;default&raquo; text_text_color=&raquo;#000000&#8243; text_font_size=&raquo;15px&raquo; text_line_height=&raquo;1.8em&raquo; text_orientation=&raquo;justified&raquo; custom_margin=&raquo;|||-26px|false|false&raquo; custom_padding=&raquo;10px|7%|60px|25px|false|false&raquo; global_colors_info=&raquo;{}&raquo;]<\/p>\n<p>P\u00e5 1700-tallet skj\u00f8t misjoneringsarbeidet blant samene fart med Thomas von Westens arbeid. Misjoneringen hadde et todelt motiv; \u00e5 spre kristendommen som religion, og som sikkerhetspolitikk. Med grunnloven av 1814 ble samene i Norge norske statsborgere og fokuset i landet var p\u00e5 vekst av norsk kultur og spr\u00e5k, og en stryket nasjonalf\u00f8lelse. Utover 1800-tallet ble fornorskningspolitikken mot samene og kvenene tydeligere. Sosialdarwinistiske ideer om samene som en underlegen &laquo;rase&raquo; begynte \u00e5 spre seg og innvandringen fra Finland ga argumenter for en sterkere sikkerhetspolitikk i nordomr\u00e5dene. I det s\u00f8rsamiske omr\u00e5det argumenterte Yngvar Nielsen for &laquo;framrykningsteorien&raquo;, som forklarte at samene s\u00f8r for Namdalen f\u00f8rst kom til omr\u00e5det etter middelalderen. Denne teorien har senere blitt motbevist.<\/p>\n<p>[\/et_pb_text][\/et_pb_column][et_pb_column type=&raquo;2_5&#8243; _builder_version=&raquo;4.18.0&#8243; _module_preset=&raquo;default&raquo; global_colors_info=&raquo;{}&raquo;][et_pb_blurb title=&raquo;Relevante lenker&raquo; use_icon=&raquo;on&raquo; font_icon=&raquo;&#xe101;||divi||400&#8243; image_icon_width=&raquo;36px&raquo; image_icon_width_tablet=&raquo;36px&raquo; image_icon_width_phone=&raquo;36px&raquo; image_icon_width_last_edited=&raquo;on|tablet&raquo; admin_label=&raquo;Teaser&raquo; module_class=&raquo;pa-bullet-list-1 orange-link&raquo; _builder_version=&raquo;4.20.0&#8243; header_font=&raquo;Poiret One|700||on|||||&raquo; header_text_align=&raquo;center&raquo; header_font_size=&raquo;22px&raquo; header_line_height=&raquo;1.8em&raquo; body_text_color=&raquo;#000000&#8243; body_font_size=&raquo;14px&raquo; body_line_height=&raquo;2em&raquo; body_link_text_color=&raquo;#000000&#8243; body_ul_text_color=&raquo;#000000&#8243; body_ol_text_color=&raquo;#000000&#8243; background_color=&raquo;#ffffff&raquo; width=&raquo;100%&raquo; max_width=&raquo;100%&raquo; module_alignment=&raquo;center&raquo; custom_margin=&raquo;30px|75px|30px|75px|true|true&raquo; custom_padding=&raquo;30px|30px|30px|30px|true|true&raquo; animation_style=&raquo;zoom&raquo; animation_intensity_zoom=&raquo;10%&raquo; box_shadow_style=&raquo;preset1&#8243; box_shadow_vertical=&raquo;10px&raquo; box_shadow_blur=&raquo;67px&raquo; box_shadow_spread=&raquo;21px&raquo; box_shadow_color=&raquo;rgba(1,33,92,0.1)&raquo; icon_font_size=&raquo;36px&raquo; image_max_width_tablet=&raquo;60px&raquo; image_max_width_phone=&raquo;&raquo; image_max_width_last_edited=&raquo;on|tablet&raquo; locked=&raquo;off&raquo; global_colors_info=&raquo;{}&raquo;]<\/p>\n<ul>\n<li><a href=\"https:\/\/www.arkivverket.no\/nyheter\/lappekodisillen-flyttet-til-sapmi\" target=\"_blank\" rel=\"noopener\">Lappekodisilen ble i 2021 flyttet til S\u00e1pmi<\/a><\/li>\n<li><a href=\"https:\/\/www.tandfonline.com\/doi\/full\/10.1080\/13621025.2010.506709?scroll=top&amp;needAccess=true\" target=\"_blank\" rel=\"noopener\">Patrik Lantto, 2010, &laquo;Borders, citizenship and change: the case of the Sami people, 1751-2008&raquo;<\/a><\/li>\n<li><a href=\"https:\/\/dembra.no\/no\/utema\/urfolk-og-nasjonale-minoriteter\/?fane=om-temaet&amp;trekk=2\" target=\"_blank\" rel=\"noopener\">Les om kolonisering og samisk motsvar p\u00e5 dembra<\/a><\/li>\n<li><a href=\"https:\/\/www.nrk.no\/trondelag\/xl\/mattis-vil-vise-at-det-har-vaert-samer-og-reindrift-i-hele-sor-norge-1.15660299\" target=\"_blank\" rel=\"noopener\">Les &laquo;Den usynlige historien&raquo; p\u00e5 NRK om konsekvensene av fremrykningsteorien<\/a><\/li>\n<\/ul>\n<p>[\/et_pb_blurb][et_pb_blurb title=&raquo;Kristendommen overtar&raquo; url=&raquo;@ET-DC@eyJkeW5hbWljIjp0cnVlLCJjb250ZW50IjoicG9zdF9saW5rX3VybF9wYWdlIiwic2V0dGluZ3MiOnsicG9zdF9pZCI6IjI0MjY2NyJ9fQ==@&raquo; use_icon=&raquo;on&raquo; font_icon=&raquo;&#x39;||divi||400&#8243; icon_color=&raquo;#e09900&#8243; icon_placement=&raquo;left&raquo; module_class=&raquo;hover-zoom &raquo; _builder_version=&raquo;4.20.2&#8243; _dynamic_attributes=&raquo;url,link_option_url&raquo; header_level=&raquo;h2&#8243; header_font=&raquo;Poiret One|700||on|||||&raquo; header_text_align=&raquo;left&raquo; body_font=&raquo;||||||||&raquo; body_text_align=&raquo;left&raquo; body_font_size=&raquo;14px&raquo; background_color=&raquo;#f6f4f2&#8243; text_orientation=&raquo;center&raquo; module_alignment=&raquo;center&raquo; custom_margin=&raquo;20px|3px|20px|3px|true|true&raquo; custom_margin_tablet=&raquo;&raquo; custom_margin_phone=&raquo;&raquo; custom_margin_last_edited=&raquo;on|desktop&raquo; custom_padding=&raquo;17px|25px|17px|25px|true|true&raquo; animation_style=&raquo;zoom&raquo; link_option_url=&raquo;@ET-DC@eyJkeW5hbWljIjp0cnVlLCJjb250ZW50IjoicG9zdF9saW5rX3VybF9wYWdlIiwic2V0dGluZ3MiOnsicG9zdF9pZCI6IjI0MjY2NyJ9fQ==@&raquo; custom_css_blurb_image=&raquo;margin-left: 8px;&raquo; custom_css_blurb_content=&raquo;display: flex;||flex-direction: row-reverse;||&raquo; border_radii=&raquo;on|5px|5px|5px|5px&raquo; border_width_all=&raquo;2px&raquo; border_color_all=&raquo;#e09900&#8243; box_shadow_style=&raquo;preset3&#8243; locked=&raquo;off&raquo; global_colors_info=&raquo;{}&raquo;]<\/p>\n<p>Med Thomas von Westen i spissen intensiferte misjoneringa i S\u00e1pmi\/S\u00e1bme\/Saepmie p\u00e5 starten av 1700-tallet.<\/p>\n<p>[\/et_pb_blurb][\/et_pb_column][\/et_pb_row][\/et_pb_section][et_pb_section fb_built=&raquo;1&#8243; _builder_version=&raquo;4.18.0&#8243; _module_preset=&raquo;default&raquo; global_colors_info=&raquo;{}&raquo;][et_pb_row module_id=&raquo;fornorskningspolitikk&raquo; _builder_version=&raquo;4.18.1&#8243; _module_preset=&raquo;default&raquo; global_colors_info=&raquo;{}&raquo;][et_pb_column type=&raquo;4_4&#8243; _builder_version=&raquo;4.18.0&#8243; _module_preset=&raquo;default&raquo; global_colors_info=&raquo;{}&raquo;][et_pb_blurb image=&raquo;https:\/\/api.ndla.no\/image-api\/raw\/sp4b1d79.jpg?_gl=1*1kxbx43*_ga*MTI3Njk5NDAuMTY2MjU1OTAzMg..*_ga_L4QY3VXF4F*MTY2Njk0MzIyMy40Ny4wLjE2NjY5NDMyMjMuMC4wLjA.&raquo; alt=&raquo;Svart-hvitt bilde av en skoleklasse. En gutt i kofte st\u00e5r med tavla og leser.&raquo; image_icon_width_tablet=&raquo;&raquo; image_icon_width_phone=&raquo;&raquo; image_icon_width_last_edited=&raquo;on|phone&raquo; admin_label=&raquo;Teaser&raquo; module_class=&raquo;pa-bullet-list-1 orange-link&raquo; _builder_version=&raquo;4.20.2&#8243; header_level=&raquo;h1&#8243; header_font=&raquo;Poiret One|||on|||||&raquo; header_text_align=&raquo;center&raquo; header_font_size=&raquo;22px&raquo; header_line_height=&raquo;1.8em&raquo; body_font=&raquo;||||||||&raquo; body_text_align=&raquo;justify&raquo; body_text_color=&raquo;#000000&#8243; body_font_size=&raquo;14px&raquo; body_line_height=&raquo;2em&raquo; body_link_text_color=&raquo;#000000&#8243; body_ul_text_color=&raquo;#000000&#8243; body_ol_text_color=&raquo;#000000&#8243; background_color=&raquo;#ffffff&raquo; image_icon_custom_margin=&raquo;||-20px||false|false&raquo; width=&raquo;100%&raquo; max_width=&raquo;100%&raquo; module_alignment=&raquo;center&raquo; custom_margin=&raquo;30px|75px|30px|75px|true|true&raquo; custom_padding=&raquo;30px|30px|30px|30px|true|true&raquo; animation_style=&raquo;zoom&raquo; animation_intensity_zoom=&raquo;10%&raquo; border_radii=&raquo;off||1px|1px|1px&raquo; border_width_all=&raquo;1px&raquo; box_shadow_style=&raquo;preset1&#8243; box_shadow_vertical=&raquo;10px&raquo; box_shadow_blur=&raquo;67px&raquo; box_shadow_spread=&raquo;21px&raquo; box_shadow_color=&raquo;rgba(1,33,92,0.1)&raquo; icon_font_size=&raquo;36px&raquo; image_max_width_tablet=&raquo;60px&raquo; image_max_width_phone=&raquo;&raquo; image_max_width_last_edited=&raquo;on|tablet&raquo; locked=&raquo;off&raquo; global_colors_info=&raquo;{}&raquo;]<\/p>\n<p style=\"font-family: poiret one;text-align: right;font-size: 0.75em\">Foto: Sverre A. B\u00f8rretzen \/ NTB scanpix<\/p>\n<p style=\"font-family: 'poiret one';font-size: 1.8em;text-align: center;font-weight: 600\">FORNORSKNINGSPOLITIKK<\/p>\n<p class=\"paragraph\" style=\"margin: 0cm;vertical-align: baseline\">I 1902 ble det vedtatt en lov for Finnmark hvor det ble forbudt med salg av jord til de som ikke behersket norsk.\u00a0\u00a0<span style=\"font-size: 9.0pt;font-family: 'Segoe UI',sans-serif\"><\/span><\/p>\n<p class=\"paragraph\" style=\"margin: 0cm;vertical-align: baseline\">Skolen var en tydelig arena for fornorskning. Fra slutten av 1800-tallet skulle all undervisning foreg\u00e5 p\u00e5 norsk. I 1898 kom &laquo;Wexelsenplakaten&raquo;, en instruks som stramma kraftig inn p\u00e5 bruken av samisk og kvensk som undervisnings- og hjelpespr\u00e5k i skolen. Det var mulig \u00e5 s\u00f8ke unntak fra denne instruksen for \u00e5 holde kristendomsundervisninga p\u00e5 samisk eller kvensk, men dette unntaket ble kun benyttet av skolestyrene i Kautokeino og Karasjok. Kirkeminister Vilhelm Andreas Wexelsen fikk ogs\u00e5 innsatt en skoledirekt\u00f8r til \u00e5 overse fornorskningsarbeidet i skolene i Finnmark. Dette f\u00f8rte blant annet til at skolebarn fikk forbud mot \u00e5 bruke samisk seg imellom. Tidlig p\u00e5 1900-tallet ble det opprettet internatskoler b\u00e5de i Finnmark og i det s\u00f8rsamiske omr\u00e5det hvor samiske og kvenske elever ble utsatt for sterkt fornorskningspress.<\/p>\n<ul>\n<ul>\n<li class=\"paragraph\" style=\"vertical-align: baseline\"><a href=\"https:\/\/snl.no\/fornorsking\" target=\"_blank\" rel=\"noopener\">Les mer om fornorskningen p\u00e5 SNL<\/a><\/li>\n<\/ul>\n<\/ul>\n<p>[\/et_pb_blurb][\/et_pb_column][\/et_pb_row][et_pb_row column_structure=&raquo;1_2,1_2&#8243; _builder_version=&raquo;4.18.0&#8243; _module_preset=&raquo;default&raquo; global_colors_info=&raquo;{}&raquo;][et_pb_column type=&raquo;1_2&#8243; _builder_version=&raquo;4.18.0&#8243; _module_preset=&raquo;default&raquo; global_colors_info=&raquo;{}&raquo;][et_pb_blurb title=&raquo;Kautokeino-Oppr\u00f8ret&raquo; image_icon_width_tablet=&raquo;60px&raquo; image_icon_width_phone=&raquo;60px&raquo; image_icon_width_last_edited=&raquo;on|tablet&raquo; admin_label=&raquo;Teaser&raquo; module_class=&raquo;pa-bullet-list-1 orange-link&raquo; _builder_version=&raquo;4.20.2&#8243; header_font=&raquo;Poiret One|700||on|||||&raquo; header_text_align=&raquo;center&raquo; header_font_size=&raquo;22px&raquo; header_line_height=&raquo;1.8em&raquo; body_text_color=&raquo;#000000&#8243; body_font_size=&raquo;14px&raquo; body_line_height=&raquo;2em&raquo; body_link_text_color=&raquo;#000000&#8243; body_ul_text_color=&raquo;#000000&#8243; body_ol_text_color=&raquo;#000000&#8243; background_color=&raquo;#ffffff&raquo; width=&raquo;100%&raquo; max_width=&raquo;100%&raquo; module_alignment=&raquo;center&raquo; custom_margin=&raquo;20px|75px|20px|75px|true|true&raquo; custom_padding=&raquo;30px|30px|30px|30px|true|true&raquo; animation_style=&raquo;zoom&raquo; animation_intensity_zoom=&raquo;10%&raquo; border_radii=&raquo;off||1px|1px|1px&raquo; border_width_all=&raquo;1px&raquo; box_shadow_style=&raquo;preset1&#8243; box_shadow_vertical=&raquo;10px&raquo; box_shadow_blur=&raquo;67px&raquo; box_shadow_spread=&raquo;21px&raquo; box_shadow_color=&raquo;rgba(1,33,92,0.1)&raquo; icon_font_size=&raquo;36px&raquo; image_max_width_tablet=&raquo;60px&raquo; image_max_width_phone=&raquo;&raquo; image_max_width_last_edited=&raquo;on|tablet&raquo; locked=&raquo;off&raquo; global_colors_info=&raquo;{}&raquo;]<\/p>\n<p class=\"paragraph\" style=\"margin: 0cm;vertical-align: baseline\">I Kautokeino var det en konflikt mellom l\u00e6stadianske samer og den ikke-samiske \u00f8vrigheta i Kautokeino: handelsmannen, presten og lensmannen. Samene gjorde motstand blant annet mot brennevinshandelen i bygda som hadde f\u00f8rt til at mange ble avhengig og satte seg i dyp gjeld. I 1852 eskalerte det til det vi kjenner som Kautokeino-oppr\u00f8ret. Handelsmannen og lensmannen mistet livet og presten ble pisket, f\u00f8r oppr\u00f8ret ble sl\u00e5tt ned av andre samer. Rettsaken etter oppr\u00f8ret d\u00f8mte flere av oppr\u00f8rerne til straffearbeid og oppr\u00f8rslederne ble henrettet i 1854. Oppr\u00f8ret kan ha v\u00e6rt med p\u00e5 \u00e5 styrke argumentene om at samisk kultur og spr\u00e5k var underlegne og st\u00f8tte argumentene for fornorskningspolitikken.<\/p>\n<ul>\n<ul>\n<li><a href=\"https:\/\/snl.no\/Kautokeino-oppr%C3%B8ret\" target=\"_blank\" rel=\"noopener\">Les mer om Kautokeino-oppr\u00f8ret p\u00e5 SNL<\/a><\/li>\n<li class=\"paragraph\" style=\"vertical-align: baseline\"><a href=\"https:\/\/www.nb.no\/items\/86ba78d6f41ba845cb0b93a68a1e2088?page=0&amp;searchText=de%20rettferdiges%20strid\" target=\"_blank\" rel=\"noopener\">Nellejet Zorgdrager, 1997,\u00a0<em>De rettferdiges strid: Kautokeino 1852<\/em><\/a><\/li>\n<\/ul>\n<\/ul>\n<p>[\/et_pb_blurb][\/et_pb_column][et_pb_column type=&raquo;1_2&#8243; _builder_version=&raquo;4.18.0&#8243; _module_preset=&raquo;default&raquo; global_colors_info=&raquo;{}&raquo;][et_pb_blurb title=&raquo;Samisk Spr\u00e5kpolitikk&raquo; url=&raquo;@ET-DC@eyJkeW5hbWljIjp0cnVlLCJjb250ZW50IjoicG9zdF9saW5rX3VybF9wYWdlIiwic2V0dGluZ3MiOnsicG9zdF9pZCI6IjM4NjUxIn19@&raquo; use_icon=&raquo;on&raquo; font_icon=&raquo;&#x39;||divi||400&#8243; icon_color=&raquo;#e09900&#8243; icon_placement=&raquo;left&raquo; module_class=&raquo;hover-zoom &raquo; _builder_version=&raquo;4.20.2&#8243; _dynamic_attributes=&raquo;url,link_option_url&raquo; header_level=&raquo;h2&#8243; header_font=&raquo;Poiret One|700||on|||||&raquo; header_text_align=&raquo;left&raquo; body_font=&raquo;||||||||&raquo; body_text_align=&raquo;left&raquo; body_font_size=&raquo;14px&raquo; background_color=&raquo;#f6f4f2&#8243; text_orientation=&raquo;center&raquo; module_alignment=&raquo;center&raquo; custom_margin=&raquo;20px|3px|20px|3px|true|true&raquo; custom_margin_tablet=&raquo;&raquo; custom_margin_phone=&raquo;&raquo; custom_margin_last_edited=&raquo;on|desktop&raquo; custom_padding=&raquo;17px|25px|17px|25px|true|true&raquo; animation_style=&raquo;zoom&raquo; link_option_url=&raquo;@ET-DC@eyJkeW5hbWljIjp0cnVlLCJjb250ZW50IjoicG9zdF9saW5rX3VybF9wYWdlIiwic2V0dGluZ3MiOnsicG9zdF9pZCI6IjM4NjUxIn19@&raquo; custom_css_blurb_image=&raquo;margin-left: 8px;&raquo; custom_css_blurb_content=&raquo;display: flex;||flex-direction: row-reverse;||&raquo; border_radii=&raquo;on|5px|5px|5px|5px&raquo; border_width_all=&raquo;2px&raquo; border_color_all=&raquo;#e09900&#8243; box_shadow_style=&raquo;preset3&#8243; locked=&raquo;off&raquo; global_colors_info=&raquo;{}&raquo;]<\/p>\n<p>Samisk spr\u00e5k oppfattes som et s\u00e6rlig viktig kjennetegn for samene, og hovedm\u00e5lsettinga for samisk spr\u00e5kpolitikk er \u00e5 styrke de samiske spr\u00e5kene. Dagens spr\u00e5kpolitikk m\u00e5 ses i lys av fornorskningspolitikken.<\/p>\n<p>[\/et_pb_blurb][et_pb_blurb title=&raquo;L\u00e6stadianismen&raquo; url=&raquo;@ET-DC@eyJkeW5hbWljIjp0cnVlLCJjb250ZW50IjoicG9zdF9saW5rX3VybF9wYWdlIiwic2V0dGluZ3MiOnsicG9zdF9pZCI6IjM5MTE3In19@&raquo; use_icon=&raquo;on&raquo; font_icon=&raquo;&#x39;||divi||400&#8243; icon_color=&raquo;#e09900&#8243; icon_placement=&raquo;left&raquo; module_class=&raquo;hover-zoom &raquo; _builder_version=&raquo;4.20.2&#8243; _dynamic_attributes=&raquo;url,link_option_url&raquo; header_level=&raquo;h2&#8243; header_font=&raquo;Poiret One|700||on|||||&raquo; header_text_align=&raquo;left&raquo; body_font=&raquo;||||||||&raquo; body_text_align=&raquo;left&raquo; body_font_size=&raquo;14px&raquo; background_color=&raquo;#f6f4f2&#8243; text_orientation=&raquo;center&raquo; module_alignment=&raquo;center&raquo; custom_margin=&raquo;20px|3px|20px|3px|true|true&raquo; custom_margin_tablet=&raquo;&raquo; custom_margin_phone=&raquo;&raquo; custom_margin_last_edited=&raquo;on|desktop&raquo; custom_padding=&raquo;17px|25px|17px|25px|true|true&raquo; animation_style=&raquo;zoom&raquo; link_option_url=&raquo;@ET-DC@eyJkeW5hbWljIjp0cnVlLCJjb250ZW50IjoicG9zdF9saW5rX3VybF9wYWdlIiwic2V0dGluZ3MiOnsicG9zdF9pZCI6IjM5MTE3In19@&raquo; custom_css_blurb_image=&raquo;margin-left: 8px;&raquo; custom_css_blurb_content=&raquo;display: flex;||flex-direction: row-reverse;||&raquo; border_radii=&raquo;on|5px|5px|5px|5px&raquo; border_width_all=&raquo;2px&raquo; border_color_all=&raquo;#e09900&#8243; box_shadow_style=&raquo;preset3&#8243; locked=&raquo;off&raquo; global_colors_info=&raquo;{}&raquo;]<\/p>\n<p>L\u00e6stadianismen er en konservativ kristen bevegelse som startet rundt den svensk-samiske presten Lars Levi L\u00e6stadius p\u00e5 midten av 1800-tallet. I starten var det s\u00e6rlig i de samiske bygdene at l\u00e6stadianismen slo rot.<\/p>\n<p>[\/et_pb_blurb][\/et_pb_column][\/et_pb_row][\/et_pb_section][et_pb_section fb_built=&raquo;1&#8243; inner_shadow=&raquo;on&raquo; module_class=&raquo;orange-link&raquo; _builder_version=&raquo;4.16&#8243; width=&raquo;100%&raquo; custom_padding=&raquo;100px|0px|54px|0px&raquo; global_colors_info=&raquo;{}&raquo;][et_pb_row column_structure=&raquo;1_2,1_2&#8243; module_id=&raquo;samisk-opposisjon-etterkrig&raquo; _builder_version=&raquo;4.18.1&#8243; _module_preset=&raquo;default&raquo; global_colors_info=&raquo;{}&raquo;][et_pb_column type=&raquo;1_2&#8243; _builder_version=&raquo;4.18.0&#8243; _module_preset=&raquo;default&raquo; global_colors_info=&raquo;{}&raquo;][et_pb_text module_class=&raquo;orange-link&raquo; _builder_version=&raquo;4.18.0&#8243; _module_preset=&raquo;default&raquo; text_font_size=&raquo;15px&raquo; text_line_height=&raquo;1.8em&raquo; header_text_align=&raquo;left&raquo; text_orientation=&raquo;justified&raquo; custom_margin=&raquo;|||-26px|false|false&raquo; custom_padding=&raquo;10px|7%|60px|25px|false|false&raquo; global_colors_info=&raquo;{}&raquo;]<\/p>\n<h1>Samisk opposisjon og etterkrigstiden<\/h1>\n<p>P\u00e5 starten av 1900-tallet vokste det frem en politisk samisk opposisjon, hvor blant annet samen Isak Saba ble valgt inn som stortingsrepresentant i perioden 1906-1912. I det s\u00f8rsamiske omr\u00e5det var det p\u00e5 tidlig 1900-tallet aktiv organisering blant annet av Elsa Laula Renberg og Daniel Mortenson, som begge ledet sameforeninger og var sentrale personer p\u00e5 det f\u00f8rste samiske landsm\u00f8tet i Trondheim i 1917.\u00a0 Samisk organisering var st\u00f8ttet av samisk media som avisen <span data-contrast=\"auto\" xml:lang=\"NB-NO\">Sagai Muittal\u00e6gje<\/span><span data-contrast=\"auto\" xml:lang=\"NB-NO\">\u00a0utgitt av skolemannen og forfatteren Anders Larsen og\u00a0<\/span><span data-contrast=\"auto\" xml:lang=\"NB-NO\">Waren Sardne<\/span><span data-contrast=\"auto\" xml:lang=\"NB-NO\">\u00a0utgitt av Daniel Mortenson.\u00a0<\/span>\u00a0<\/p>\n<p xml:lang=\"NB-NO\"><span data-contrast=\"auto\" xml:lang=\"NB-NO\">Utover 1900-tallet holdt fornorskningen stand uten at det samiske organisasjonsarbeidet n\u00e5dde fram med mye.\u00a0<\/span>\u00a0<\/p>\n<p xml:lang=\"NB-NO\"><span data-contrast=\"auto\" xml:lang=\"NB-NO\">Mot slutten av andre verdenskrig, f\u00f8rte de tyske okkupasjonsstyrkene den brente jords taktikk mens de trakk seg ut av Finnmark og Nord-Troms. Dette gjorde at sivilbefolkningen ble tvangsevakuert og det meste av bygninger og infrastruktur ble brent. I 1944 tar ogs\u00e5 Sovjetunionen tilbake det skoltesamiske omr\u00e5det Pe\u00e4ccam \u00f8st for den norske grensen. Dette gj\u00f8r at mange \u00f8stsamer velger \u00e5 flytte til Finland, og kontakten mellom samene i Norden og i Sovjetunionen mister kontakten.\u00a0<\/span>\u00a0<\/p>\n<p xml:lang=\"NB-NO\"><span data-contrast=\"auto\" xml:lang=\"NB-NO\">Etter 2. verdenskrig ble samenes situasjon i Norge igjen diskutert, blant annet etter FNs menneskerettighetserkl\u00e6ring fra 1948 fokuserte p\u00e5 allmenne ideer om menneskeverd og kulturers verdi. I 1956 ble Komiteen til \u00e5 utrede samesp\u00f8rsm\u00e5l nedsatt, og som med sin innstilling i 1959 fremmet en lang rekke forslag for \u00e5 styrke samenes kulturelle og \u00f8konomiske situasjon. Denne innstillingen ble behandlet i Stortinget i 1963 og f\u00f8rte blant annet til at spr\u00e5kundervisningen i skolen fikk bedre vilk\u00e5r.<\/span>\u00a0<\/p>\n<p class=\"paragraph\" style=\"margin: 0cm;vertical-align: baseline\" xml:lang=\"NB-NO\"><span data-contrast=\"auto\" xml:lang=\"NB-NO\">I etterkrigstiden \u00f8kte ogs\u00e5 den samiske organiseringen, hvor Norske Reindriftssamers Landsforbund dannes i 1947 og Samisk Selskap i Oslo ble dannet i 1948. Sistnevnte forening reorganiseres sammen med andre samiske lokalforeninger og stifter i 1968 Norske Samers Riksforbund (NSR). Den nasjonale organiseringen var ogs\u00e5 viktig for internasjonal organisering og de samiske organisasjonene i Norge, Sverige og Finland var med \u00e5 danne World Council of Indigenous Peoples. <\/span>\u00a0<span style=\"font-size: 9.0pt;font-family: 'Segoe UI',sans-serif\"><\/span><\/p>\n<p>&nbsp;<\/p>\n<p>[\/et_pb_text][\/et_pb_column][et_pb_column type=&raquo;1_2&#8243; _builder_version=&raquo;4.18.0&#8243; _module_preset=&raquo;default&raquo; global_colors_info=&raquo;{}&raquo;][et_pb_image src=&raquo;https:\/\/result.uit.no\/reaidu\/wp-content\/uploads\/sites\/27\/2019\/04\/Folkeaksjonen_mot_Altautbyggingen_6263033681.jpg&raquo; title_text=&raquo;Folkeaksjonen_mot_Altautbyggingen_(6263033681)&raquo; _builder_version=&raquo;4.18.0&#8243; _module_preset=&raquo;default&raquo; custom_margin=&raquo;||8px|||&raquo; global_colors_info=&raquo;{}&raquo;][\/et_pb_image][et_pb_text _builder_version=&raquo;4.19.4&#8243; text_font=&raquo;Poiret One||||||||&raquo; text_font_size=&raquo;12px&raquo; text_line_height=&raquo;1em&raquo; text_orientation=&raquo;right&raquo; custom_margin=&raquo;10px||10px||false|false&raquo; custom_padding=&raquo;||0px|||&raquo; locked=&raquo;off&raquo; global_colors_info=&raquo;{}&raquo;]<\/p>\n<p>Foto: <a href=\"https:\/\/www.flickr.com\/photos\/national_archives_of_norway\/6263033681\/\" target=\"_blank\" rel=\"noopener\">Riksarkivet, Kripos_Uc2_108<\/a><\/p>\n<p>[\/et_pb_text][et_pb_blurb title=&raquo;Samisk samfunnsliv&raquo; url=&raquo;https:\/\/result.uit.no\/reaidu\/velkommen\/litteratur-kunst-og-musikk\/litteratur\/samiske-forfattere\/&raquo; use_icon=&raquo;on&raquo; font_icon=&raquo;&#x39;||divi||400&#8243; icon_color=&raquo;#e09900&#8243; icon_placement=&raquo;left&raquo; disabled_on=&raquo;on|on|on&raquo; module_class=&raquo;hover-zoom &raquo; _builder_version=&raquo;4.20.2&#8243; header_level=&raquo;h2&#8243; header_font=&raquo;Poiret One|700||on|||||&raquo; header_text_align=&raquo;left&raquo; body_font=&raquo;||||||||&raquo; body_text_align=&raquo;left&raquo; body_font_size=&raquo;14px&raquo; background_color=&raquo;#f6f4f2&#8243; text_orientation=&raquo;center&raquo; module_alignment=&raquo;center&raquo; custom_margin=&raquo;20px|3px|20px|3px|true|true&raquo; custom_margin_tablet=&raquo;&raquo; custom_margin_phone=&raquo;&raquo; custom_margin_last_edited=&raquo;on|desktop&raquo; custom_padding=&raquo;17px|25px|17px|25px|true|true&raquo; animation_style=&raquo;zoom&raquo; custom_css_blurb_image=&raquo;margin-left: 8px;&raquo; custom_css_blurb_content=&raquo;display: flex;||flex-direction: row-reverse;||&raquo; border_radii=&raquo;on|5px|5px|5px|5px&raquo; border_width_all=&raquo;2px&raquo; border_color_all=&raquo;#e09900&#8243; box_shadow_style=&raquo;preset3&#8243; disabled=&raquo;on&raquo; locked=&raquo;off&raquo; global_colors_info=&raquo;{}&raquo;]<\/p>\n<p>Dette er en boks for krysslenking til temaer som ligger under andre hovedkategorier. Hvis du \u00f8nsker ha samme st\u00f8rrelsesinnstilling som de vanlige tema-boksene \u2013 g\u00e5 til avansert -&gt; CSS-class og erstatt &laquo;hover-zoom&raquo; med &laquo;Equal-size-boxes&raquo;<\/p>\n<p>[\/et_pb_blurb][et_pb_blurb title=&raquo;Samepolitikk og rettighetskamp&raquo; url=&raquo;@ET-DC@eyJkeW5hbWljIjp0cnVlLCJjb250ZW50IjoicG9zdF9saW5rX3VybF9wYWdlIiwic2V0dGluZ3MiOnsicG9zdF9pZCI6IjM5MDI4In19@&raquo; use_icon=&raquo;on&raquo; font_icon=&raquo;&#x39;||divi||400&#8243; icon_color=&raquo;#e09900&#8243; icon_placement=&raquo;left&raquo; module_class=&raquo;hover-zoom &raquo; _builder_version=&raquo;4.20.2&#8243; _dynamic_attributes=&raquo;url,link_option_url&raquo; header_level=&raquo;h2&#8243; header_font=&raquo;Poiret One|700||on|||||&raquo; header_text_align=&raquo;left&raquo; body_font=&raquo;||||||||&raquo; body_text_align=&raquo;left&raquo; body_font_size=&raquo;14px&raquo; background_color=&raquo;#f6f4f2&#8243; text_orientation=&raquo;center&raquo; module_alignment=&raquo;center&raquo; custom_margin=&raquo;20px|3px|20px|3px|true|true&raquo; custom_margin_tablet=&raquo;&raquo; custom_margin_phone=&raquo;&raquo; custom_margin_last_edited=&raquo;on|desktop&raquo; custom_padding=&raquo;17px|25px|17px|25px|true|true&raquo; animation_style=&raquo;zoom&raquo; link_option_url=&raquo;@ET-DC@eyJkeW5hbWljIjp0cnVlLCJjb250ZW50IjoicG9zdF9saW5rX3VybF9wYWdlIiwic2V0dGluZ3MiOnsicG9zdF9pZCI6IjM5MDI4In19@&raquo; custom_css_blurb_image=&raquo;margin-left: 8px;&raquo; custom_css_blurb_content=&raquo;display: flex;||flex-direction: row-reverse;||&raquo; border_radii=&raquo;on|5px|5px|5px|5px&raquo; border_width_all=&raquo;2px&raquo; border_color_all=&raquo;#e09900&#8243; box_shadow_style=&raquo;preset3&#8243; locked=&raquo;off&raquo; global_colors_info=&raquo;{}&raquo;]<\/p>\n<p>Kampen for samiske rettigheter startet allerede rundt det forrige \u00e5rhundreskiftet, og mye har skjedd i l\u00f8pet av denne tiden. Men kampen for de samiske rettighetene er like aktuell i dag, med nye rettighetssp\u00f8rsm\u00e5l som stadig dukker opp.<\/p>\n<p>[\/et_pb_blurb][\/et_pb_column][\/et_pb_row][et_pb_row column_structure=&raquo;1_2,1_2&#8243; disabled_on=&raquo;off|off|off&raquo; _builder_version=&raquo;4.18.0&#8243; _module_preset=&raquo;default&raquo; global_colors_info=&raquo;{}&raquo;][et_pb_column type=&raquo;1_2&#8243; _builder_version=&raquo;4.18.0&#8243; _module_preset=&raquo;default&raquo; global_colors_info=&raquo;{}&raquo;][et_pb_blurb title=&raquo;Relevante lenker&raquo; use_icon=&raquo;on&raquo; font_icon=&raquo;&#xe02c;||divi||400&#8243; image_icon_width=&raquo;36px&raquo; image_icon_width_tablet=&raquo;36px&raquo; image_icon_width_phone=&raquo;36px&raquo; image_icon_width_last_edited=&raquo;on|tablet&raquo; admin_label=&raquo;Teaser&raquo; module_class=&raquo;pa-bullet-list-1 orange-link&raquo; _builder_version=&raquo;4.19.2&#8243; header_font=&raquo;Poiret One|700||on|||||&raquo; header_text_align=&raquo;center&raquo; header_font_size=&raquo;22px&raquo; header_line_height=&raquo;1.8em&raquo; body_text_color=&raquo;#000000&#8243; body_font_size=&raquo;14px&raquo; body_line_height=&raquo;2em&raquo; body_link_text_color=&raquo;#000000&#8243; body_ul_text_color=&raquo;#000000&#8243; body_ol_text_color=&raquo;#000000&#8243; background_color=&raquo;#ffffff&raquo; width=&raquo;100%&raquo; max_width=&raquo;100%&raquo; module_alignment=&raquo;center&raquo; custom_margin=&raquo;30px|75px|30px|75px|true|true&raquo; custom_padding=&raquo;30px|30px|30px|30px|true|true&raquo; animation_style=&raquo;zoom&raquo; animation_intensity_zoom=&raquo;10%&raquo; box_shadow_style=&raquo;preset1&#8243; box_shadow_vertical=&raquo;10px&raquo; box_shadow_blur=&raquo;67px&raquo; box_shadow_spread=&raquo;21px&raquo; box_shadow_color=&raquo;rgba(1,33,92,0.1)&raquo; icon_font_size=&raquo;36px&raquo; image_max_width_tablet=&raquo;60px&raquo; image_max_width_phone=&raquo;&raquo; image_max_width_last_edited=&raquo;on|tablet&raquo; locked=&raquo;off&raquo; global_colors_info=&raquo;{}&raquo;]<\/p>\n<ul>\n<li><a href=\"https:\/\/urplay.se\/serie\/203240-samernas-tid\" target=\"_blank\" rel=\"noopener\">Serien &laquo;Samernas tid&raquo;<\/a><\/li>\n<li><a href=\"https:\/\/radio.nrk.no\/serie\/norgeshistorie\/sesong\/202111\/KMTE87005421\" target=\"_blank\" rel=\"noopener\">NRK Radio &laquo;Samenes historie&raquo;<\/a><\/li>\n<li><a href=\"https:\/\/gaavnoes.no\/tidslinje\/\" target=\"_blank\" rel=\"noopener\">Gaavnoes interaktiv s\u00f8rsamisk tidslinje<\/a><\/li>\n<li><a href=\"https:\/\/samiskeveivisere.no\/tidslinje\/\" target=\"_blank\" rel=\"noopener\">Samisk tidslinje av Samiske Veivisere<\/a><\/li>\n<\/ul>\n<p>[\/et_pb_blurb][\/et_pb_column][et_pb_column type=&raquo;1_2&#8243; _builder_version=&raquo;4.18.0&#8243; _module_preset=&raquo;default&raquo; global_colors_info=&raquo;{}&raquo;][et_pb_blurb title=&raquo;Relevante forskningsartikler&raquo; use_icon=&raquo;on&raquo; font_icon=&raquo;&#xe101;||divi||400&#8243; image_icon_width=&raquo;36px&raquo; image_icon_width_tablet=&raquo;36px&raquo; image_icon_width_phone=&raquo;36px&raquo; image_icon_width_last_edited=&raquo;on|tablet&raquo; admin_label=&raquo;Teaser&raquo; module_class=&raquo;pa-bullet-list-1 orange-link&raquo; _builder_version=&raquo;4.20.0&#8243; header_font=&raquo;Poiret One|700||on|||||&raquo; header_text_align=&raquo;center&raquo; header_font_size=&raquo;22px&raquo; header_line_height=&raquo;1.8em&raquo; body_text_color=&raquo;#000000&#8243; body_font_size=&raquo;14px&raquo; body_line_height=&raquo;2em&raquo; body_link_text_color=&raquo;#000000&#8243; body_ul_text_color=&raquo;#000000&#8243; body_ol_text_color=&raquo;#000000&#8243; background_color=&raquo;#ffffff&raquo; width=&raquo;100%&raquo; max_width=&raquo;100%&raquo; module_alignment=&raquo;center&raquo; custom_margin=&raquo;30px|75px|30px|75px|true|true&raquo; custom_padding=&raquo;30px|30px|30px|30px|true|true&raquo; animation_style=&raquo;zoom&raquo; animation_intensity_zoom=&raquo;10%&raquo; box_shadow_style=&raquo;preset1&#8243; box_shadow_vertical=&raquo;10px&raquo; box_shadow_blur=&raquo;67px&raquo; box_shadow_spread=&raquo;21px&raquo; box_shadow_color=&raquo;rgba(1,33,92,0.1)&raquo; icon_font_size=&raquo;36px&raquo; image_max_width_tablet=&raquo;60px&raquo; image_max_width_phone=&raquo;&raquo; image_max_width_last_edited=&raquo;on|tablet&raquo; locked=&raquo;off&raquo; global_colors_info=&raquo;{}&raquo;]<\/p>\n<ul>\n<li>&laquo;<a href=\"https:\/\/samiskeveivisere.no\/wp-content\/uploads\/2019\/05\/3-2005-fornorskning-av-samene-henry-minde.pdf\" target=\"_blank\" rel=\"noopener\">Fornorskninga av samene &#8211; hvorfor, hvordan, og hvilke f\u00f8lger<\/a>&raquo; (Minde, 2005)<\/li>\n<li><a href=\"https:\/\/www.taylorfrancis.com\/chapters\/edit\/10.4324\/9780367853785-12\/stories-resist-eva-maria-fjellheim\" target=\"_blank\" rel=\"noopener\">&laquo;Through our stories we resist: Decolonial perspectives on south Saami history, indigeneity and rights&raquo;<\/a> (Fjellheim, 2020)<\/li>\n<\/ul>\n<p>[\/et_pb_blurb][\/et_pb_column][\/et_pb_row][\/et_pb_section][et_pb_section fb_built=&raquo;1&#8243; disabled_on=&raquo;on|on|on&raquo; _builder_version=&raquo;4.19.3&#8243; _module_preset=&raquo;default&raquo; disabled=&raquo;on&raquo; global_colors_info=&raquo;{}&raquo;][et_pb_row column_structure=&raquo;1_5,1_5,1_5,1_5,1_5&#8243; _builder_version=&raquo;4.18.0&#8243; _module_preset=&raquo;default&raquo; min_height=&raquo;251.1px&raquo; custom_margin=&raquo;|auto|-26px|auto||&raquo; custom_padding=&raquo;||6px|||&raquo; global_colors_info=&raquo;{}&raquo;][et_pb_column type=&raquo;1_5&#8243; _builder_version=&raquo;4.18.0&#8243; _module_preset=&raquo;default&raquo; global_colors_info=&raquo;{}&raquo;][et_pb_blurb image=&raquo;https:\/\/result.uit.no\/reaidu\/wp-content\/uploads\/sites\/27\/2022\/09\/standard_compressed_2560px-Brurskanken_samiske_kvinneforening_1_.jpg&raquo; _builder_version=&raquo;4.18.0&#8243; _module_preset=&raquo;default&raquo; body_text_align=&raquo;center&raquo; body_font_size=&raquo;13px&raquo; image_icon_custom_margin=&raquo;||-15px||false|false&raquo; image_icon_custom_padding=&raquo;||||false|false&raquo; transform_scale=&raquo;99%|99%&raquo; transform_origin=&raquo;50%|59%&raquo; custom_padding=&raquo;||5px||false|false&raquo; border_width_all=&raquo;1px&raquo; global_colors_info=&raquo;{}&raquo;]<\/p>\n<p>xxxx<\/p>\n<p>f\u00f8rste arkeologiske funn<\/p>\n<p>[\/et_pb_blurb][\/et_pb_column][et_pb_column type=&raquo;1_5&#8243; _builder_version=&raquo;4.18.0&#8243; _module_preset=&raquo;default&raquo; global_colors_info=&raquo;{}&raquo;][\/et_pb_column][et_pb_column type=&raquo;1_5&#8243; _builder_version=&raquo;4.18.0&#8243; _module_preset=&raquo;default&raquo; global_colors_info=&raquo;{}&raquo;][et_pb_blurb image=&raquo;https:\/\/result.uit.no\/reaidu\/wp-content\/uploads\/sites\/27\/2022\/09\/standard_compressed_2560px-Brurskanken_samiske_kvinneforening_1_.jpg&raquo; _builder_version=&raquo;4.18.0&#8243; _module_preset=&raquo;default&raquo; body_text_align=&raquo;center&raquo; body_font_size=&raquo;13px&raquo; image_icon_custom_margin=&raquo;||-15px||false|false&raquo; image_icon_custom_padding=&raquo;||||false|false&raquo; transform_scale=&raquo;99%|99%&raquo; transform_origin=&raquo;50%|59%&raquo; custom_padding=&raquo;||5px||false|false&raquo; border_width_all=&raquo;1px&raquo; locked=&raquo;off&raquo; global_colors_info=&raquo;{}&raquo;]<\/p>\n<p>xxxx<\/p>\n<p>f\u00f8rste arkeologiske funn<\/p>\n<p>[\/et_pb_blurb][\/et_pb_column][et_pb_column type=&raquo;1_5&#8243; _builder_version=&raquo;4.18.0&#8243; _module_preset=&raquo;default&raquo; global_colors_info=&raquo;{}&raquo;][\/et_pb_column][et_pb_column type=&raquo;1_5&#8243; _builder_version=&raquo;4.18.0&#8243; _module_preset=&raquo;default&raquo; global_colors_info=&raquo;{}&raquo;][et_pb_blurb image=&raquo;https:\/\/result.uit.no\/reaidu\/wp-content\/uploads\/sites\/27\/2022\/09\/standard_compressed_2560px-Brurskanken_samiske_kvinneforening_1_.jpg&raquo; _builder_version=&raquo;4.18.0&#8243; _module_preset=&raquo;default&raquo; body_text_align=&raquo;center&raquo; body_font_size=&raquo;13px&raquo; image_icon_custom_margin=&raquo;||-15px||false|false&raquo; image_icon_custom_padding=&raquo;||||false|false&raquo; transform_scale=&raquo;99%|99%&raquo; transform_origin=&raquo;50%|59%&raquo; custom_padding=&raquo;||5px||false|false&raquo; border_width_all=&raquo;1px&raquo; locked=&raquo;off&raquo; global_colors_info=&raquo;{}&raquo;]<\/p>\n<p>xxxx<\/p>\n<p>f\u00f8rste arkeologiske funn<\/p>\n<p>[\/et_pb_blurb][\/et_pb_column][\/et_pb_row][et_pb_row _builder_version=&raquo;4.18.0&#8243; _module_preset=&raquo;default&raquo; min_height=&raquo;53.8px&raquo; custom_padding=&raquo;25px||0px|||&raquo; global_colors_info=&raquo;{}&raquo;][et_pb_column type=&raquo;4_4&#8243; _builder_version=&raquo;4.18.0&#8243; _module_preset=&raquo;default&raquo; global_colors_info=&raquo;{}&raquo;][et_pb_divider divider_weight=&raquo;4px&raquo; _builder_version=&raquo;4.18.0&#8243; _module_preset=&raquo;default&raquo; custom_margin=&raquo;||-32px|||&raquo; global_colors_info=&raquo;{}&raquo;][\/et_pb_divider][\/et_pb_column][\/et_pb_row][et_pb_row column_structure=&raquo;1_5,1_5,1_5,1_5,1_5&#8243; _builder_version=&raquo;4.18.0&#8243; _module_preset=&raquo;default&raquo; custom_margin=&raquo;-27px|auto||auto||&raquo; global_colors_info=&raquo;{}&raquo;][et_pb_column type=&raquo;1_5&#8243; _builder_version=&raquo;4.18.0&#8243; _module_preset=&raquo;default&raquo; global_colors_info=&raquo;{}&raquo;][\/et_pb_column][et_pb_column type=&raquo;1_5&#8243; _builder_version=&raquo;4.18.0&#8243; _module_preset=&raquo;default&raquo; global_colors_info=&raquo;{}&raquo;][et_pb_blurb image=&raquo;https:\/\/result.uit.no\/reaidu\/wp-content\/uploads\/sites\/27\/2022\/09\/standard_compressed_2560px-Brurskanken_samiske_kvinneforening_1_.jpg&raquo; _builder_version=&raquo;4.18.0&#8243; _module_preset=&raquo;default&raquo; body_text_align=&raquo;center&raquo; body_font_size=&raquo;13px&raquo; image_icon_custom_margin=&raquo;||-15px||false|false&raquo; image_icon_custom_padding=&raquo;||||false|false&raquo; transform_scale=&raquo;99%|99%&raquo; transform_origin=&raquo;50%|59%&raquo; custom_padding=&raquo;||5px||false|false&raquo; border_width_all=&raquo;1px&raquo; locked=&raquo;off&raquo; global_colors_info=&raquo;{}&raquo;]<\/p>\n<p>xxxx<\/p>\n<p>f\u00f8rste arkeologiske funn<\/p>\n<p>[\/et_pb_blurb][\/et_pb_column][et_pb_column type=&raquo;1_5&#8243; _builder_version=&raquo;4.18.0&#8243; _module_preset=&raquo;default&raquo; global_colors_info=&raquo;{}&raquo;][\/et_pb_column][et_pb_column type=&raquo;1_5&#8243; _builder_version=&raquo;4.18.0&#8243; _module_preset=&raquo;default&raquo; global_colors_info=&raquo;{}&raquo;][et_pb_text _builder_version=&raquo;4.18.0&#8243; _module_preset=&raquo;default&raquo; text_font_size=&raquo;13px&raquo; text_orientation=&raquo;center&raquo; custom_padding=&raquo;||||false|false&raquo; locked=&raquo;off&raquo; global_colors_info=&raquo;{}&raquo;]<\/p>\n<p>xxxx<\/p>\n<p>F\u00f8rste arkeologiske funn<\/p>\n<p>[\/et_pb_text][et_pb_image src=&raquo;https:\/\/result.uit.no\/reaidu\/wp-content\/uploads\/sites\/27\/2022\/09\/standard_compressed_2560px-Brurskanken_samiske_kvinneforening_1_.jpg&raquo; title_text=&raquo;standard_compressed_2560px-Brurskanken_samiske_kvinneforening_1_&raquo; _builder_version=&raquo;4.18.0&#8243; _module_preset=&raquo;default&raquo; global_colors_info=&raquo;{}&raquo;][\/et_pb_image][\/et_pb_column][et_pb_column type=&raquo;1_5&#8243; _builder_version=&raquo;4.18.0&#8243; _module_preset=&raquo;default&raquo; global_colors_info=&raquo;{}&raquo;][\/et_pb_column][\/et_pb_row][\/et_pb_section][et_pb_section fb_built=&raquo;1&#8243; specialty=&raquo;on&raquo; module_class=&raquo; et_pb_specialty_fullwidth&raquo; _builder_version=&raquo;4.16&#8243; inner_width=&raquo;89%&raquo; inner_width_tablet=&raquo;80%&raquo; inner_width_phone=&raquo;&raquo; inner_width_last_edited=&raquo;on|desktop&raquo; inner_max_width=&raquo;89%&raquo; inner_max_width_tablet=&raquo;80%&raquo; inner_max_width_phone=&raquo;&raquo; inner_max_width_last_edited=&raquo;on|desktop&raquo; custom_padding=&raquo;0|0px|0|0px|false|false&raquo; make_fullwidth=&raquo;on&raquo; global_colors_info=&raquo;{}&raquo;][et_pb_column type=&raquo;1_3&#8243; _builder_version=&raquo;4.16&#8243; custom_padding=&raquo;|||&raquo; global_colors_info=&raquo;{}&raquo; parallax__hover=&raquo;off&raquo; parallax_method__hover=&raquo;on&raquo; custom_padding__hover=&raquo;|||&raquo;][\/et_pb_column][et_pb_column type=&raquo;2_3&#8243; specialty_columns=&raquo;2&#8243; _builder_version=&raquo;4.16&#8243; custom_padding=&raquo;|||&raquo; global_colors_info=&raquo;{}&raquo; parallax__hover=&raquo;off&raquo; parallax_method__hover=&raquo;on&raquo; custom_padding__hover=&raquo;|||&raquo;][et_pb_row_inner column_structure=&raquo;1_4,1_4,1_4,1_4&#8243; _builder_version=&raquo;4.16&#8243; global_colors_info=&raquo;{}&raquo;][et_pb_column_inner type=&raquo;1_4&#8243; saved_specialty_column_type=&raquo;2_3&#8243; _builder_version=&raquo;4.16&#8243; custom_padding=&raquo;|||&raquo; global_colors_info=&raquo;{}&raquo; parallax__hover=&raquo;off&raquo; parallax_method__hover=&raquo;on&raquo; custom_padding__hover=&raquo;|||&raquo;][\/et_pb_column_inner][et_pb_column_inner type=&raquo;1_4&#8243; saved_specialty_column_type=&raquo;2_3&#8243; _builder_version=&raquo;4.16&#8243; custom_padding=&raquo;|||&raquo; global_colors_info=&raquo;{}&raquo; parallax__hover=&raquo;off&raquo; parallax_method__hover=&raquo;on&raquo; custom_padding__hover=&raquo;|||&raquo;][\/et_pb_column_inner][et_pb_column_inner type=&raquo;1_4&#8243; saved_specialty_column_type=&raquo;2_3&#8243; _builder_version=&raquo;4.16&#8243; custom_padding=&raquo;|||&raquo; global_colors_info=&raquo;{}&raquo; parallax__hover=&raquo;off&raquo; parallax_method__hover=&raquo;on&raquo; custom_padding__hover=&raquo;|||&raquo;][\/et_pb_column_inner][et_pb_column_inner type=&raquo;1_4&#8243; saved_specialty_column_type=&raquo;2_3&#8243; _builder_version=&raquo;4.16&#8243; custom_padding=&raquo;|||&raquo; global_colors_info=&raquo;{}&raquo; parallax__hover=&raquo;off&raquo; parallax_method__hover=&raquo;on&raquo; custom_padding__hover=&raquo;|||&raquo;][et_pb_button button_url=&raquo;https:\/\/result.uit.no\/reaidu\/vare-tema\/historie-samfunn-og-politikk\/&raquo; button_text=&raquo;Historie, samfunn og politikk&raquo; button_alignment=&raquo;left&raquo; _builder_version=&raquo;4.18.0&#8243; custom_button=&raquo;on&raquo; button_text_size=&raquo;18px&raquo; button_text_color=&raquo;#ffffff&raquo; button_bg_color=&raquo;#e09900&#8243; button_border_width=&raquo;0px&raquo; button_border_radius=&raquo;10px&raquo; button_font=&raquo;Poiret One|700|||||||&raquo; button_icon=&raquo;&#x34;||divi||400&#8243; button_icon_placement=&raquo;left&raquo; button_on_hover=&raquo;off&raquo; custom_margin=&raquo;25px|||&raquo; custom_padding=&raquo;10px|20px|10px|30px|true|false&raquo; box_shadow_style=&raquo;preset2&#8243; locked=&raquo;off&raquo; global_colors_info=&raquo;{}&raquo; button_text_size__hover_enabled=&raquo;off&raquo; button_one_text_size__hover_enabled=&raquo;off&raquo; button_two_text_size__hover_enabled=&raquo;off&raquo; button_text_color__hover_enabled=&raquo;off&raquo; button_one_text_color__hover_enabled=&raquo;off&raquo; button_two_text_color__hover_enabled=&raquo;off&raquo; button_border_width__hover_enabled=&raquo;off&raquo; button_one_border_width__hover_enabled=&raquo;off&raquo; button_two_border_width__hover_enabled=&raquo;off&raquo; button_border_color__hover_enabled=&raquo;off&raquo; button_one_border_color__hover_enabled=&raquo;off&raquo; button_two_border_color__hover_enabled=&raquo;off&raquo; button_border_radius__hover_enabled=&raquo;off&raquo; button_one_border_radius__hover_enabled=&raquo;off&raquo; button_two_border_radius__hover_enabled=&raquo;off&raquo; button_letter_spacing__hover_enabled=&raquo;off&raquo; button_one_letter_spacing__hover_enabled=&raquo;off&raquo; button_two_letter_spacing__hover_enabled=&raquo;off&raquo; button_bg_color__hover_enabled=&raquo;off&raquo; button_one_bg_color__hover_enabled=&raquo;off&raquo; button_two_bg_color__hover_enabled=&raquo;off&raquo;][\/et_pb_button][\/et_pb_column_inner][\/et_pb_row_inner][\/et_pb_column][\/et_pb_section]<\/p>\n","protected":false},"excerpt":{"rendered":"<p>Samenes historieS\u00e1miid historj\u00e1Samene har levd i Norden i uminnelige tider. De f\u00f8rste arkeologiske funnene som tyder p\u00e5 en s\u00e6regen samisk kultur dateres til det siste \u00e5rtusenet fvt. Siden da har samenes historie v\u00e6rt n\u00e6rt knyttet til landene de bor i, og er en viktig del av Norge, Sverige, Finland og Russlands nasjonshistorie.Foto: RiksarkivetInnholdIllustrasjon: Olaus Magnus [&hellip;]<\/p>\n","protected":false},"author":1966,"featured_media":0,"parent":39007,"menu_order":0,"comment_status":"closed","ping_status":"closed","template":"","meta":{"_et_pb_use_builder":"on","_et_pb_old_content":"","_et_gb_content_width":"","footnotes":""},"class_list":["post-242840","page","type-page","status-publish","hentry"],"_links":{"self":[{"href":"https:\/\/result.uit.no\/reaidu\/wp-json\/wp\/v2\/pages\/242840","targetHints":{"allow":["GET"]}}],"collection":[{"href":"https:\/\/result.uit.no\/reaidu\/wp-json\/wp\/v2\/pages"}],"about":[{"href":"https:\/\/result.uit.no\/reaidu\/wp-json\/wp\/v2\/types\/page"}],"author":[{"embeddable":true,"href":"https:\/\/result.uit.no\/reaidu\/wp-json\/wp\/v2\/users\/1966"}],"replies":[{"embeddable":true,"href":"https:\/\/result.uit.no\/reaidu\/wp-json\/wp\/v2\/comments?post=242840"}],"version-history":[{"count":0,"href":"https:\/\/result.uit.no\/reaidu\/wp-json\/wp\/v2\/pages\/242840\/revisions"}],"up":[{"embeddable":true,"href":"https:\/\/result.uit.no\/reaidu\/wp-json\/wp\/v2\/pages\/39007"}],"wp:attachment":[{"href":"https:\/\/result.uit.no\/reaidu\/wp-json\/wp\/v2\/media?parent=242840"}],"curies":[{"name":"wp","href":"https:\/\/api.w.org\/{rel}","templated":true}]}}