{"id":997,"date":"2018-03-16T12:16:52","date_gmt":"2018-03-16T11:16:52","guid":{"rendered":"https:\/\/result.uit.no\/proted\/?page_id=997"},"modified":"2018-06-28T23:07:32","modified_gmt":"2018-06-28T21:07:32","slug":"oda-julie-hembre","status":"publish","type":"page","link":"https:\/\/result.uit.no\/proted\/oda-julie-hembre\/","title":{"rendered":"Oda Julie Hembre"},"content":{"rendered":"<p>[et_pb_section fb_built=&raquo;1&#8243; fullwidth=&raquo;on&raquo; _builder_version=&raquo;3.0.98&#8243;][et_pb_fullwidth_image src=&raquo;https:\/\/result.uit.no\/proted\/wp-content\/uploads\/sites\/45\/2017\/10\/Banner.jpg&raquo; admin_label=&raquo;Fullbreddes bilde&raquo; _builder_version=&raquo;3.0.47&#8243; use_border_color=&raquo;off&raquo; border_color=&raquo;#ffffff&raquo; border_width=&raquo;1px&raquo; border_style=&raquo;solid&raquo; animation=&raquo;off&raquo; saved_tabs=&raquo;all&raquo;] [\/et_pb_fullwidth_image][\/et_pb_section][et_pb_section fb_built=&raquo;1&#8243; specialty=&raquo;on&raquo; _builder_version=&raquo;3.0.98&#8243; custom_padding=&raquo;0px|0px|23px|0px&raquo;][et_pb_column type=&raquo;3_4&#8243; specialty_columns=&raquo;3&#8243; _builder_version=&raquo;3.0.47&#8243; parallax=&raquo;off&raquo; parallax_method=&raquo;on&raquo;][et_pb_row_inner custom_padding=&raquo;33px|0px|32.3375px|0px&raquo; _builder_version=&raquo;3.0.98&#8243;][et_pb_column_inner type=&raquo;4_4&#8243; saved_specialty_column_type=&raquo;3_4&#8243; _builder_version=&raquo;3.0.47&#8243; box_shadow_position=&raquo;outer&raquo; parallax=&raquo;off&raquo; parallax_method=&raquo;on&raquo;][et_pb_text _builder_version=&raquo;3.0.98&#8243;]<\/p>\n<h3><strong>Oda Julie Hembre<\/strong><\/h3>\n<h4>Stipendiat i pedagogikk\u00a0<br \/><span>Institutt for l\u00e6rerutdanning og pedagogikk, UiT Campus Troms\u00f8.<\/span><\/h4>\n<p>[\/et_pb_text][\/et_pb_column_inner][\/et_pb_row_inner][et_pb_row_inner custom_padding=&raquo;0px|0px|75px|0px&raquo; _builder_version=&raquo;3.0.98&#8243;][et_pb_column_inner type=&raquo;4_4&#8243; saved_specialty_column_type=&raquo;3_4&#8243; _builder_version=&raquo;3.0.47&#8243; box_shadow_position=&raquo;outer&raquo; parallax=&raquo;off&raquo; parallax_method=&raquo;on&raquo;][et_pb_text _builder_version=&raquo;3.0.98&#8243;]<\/p>\n<p><strong>Arbeidstittel:<\/strong> Teknologi og l\u00e6rerprofesjon i samspill eller strid? En case-studie av teknologiintegrasjon i skole.<\/p>\n<p><strong>Veiledere:<\/strong> Line Lundvoll Warth (Senter for e-helseforskning) og Anne-Grete Sandaunet (Handelsh\u00f8gskolen ved UiT)<\/p>\n<p>Utgangspunktet for Odas prosjekt er \u00e5 studere hvordan en ny app, utviklet for bruk i skolen, blir mottatt og brukt ved to ulike skoler i Nord-Norge:\u00a0<\/p>\n<p>Gjennom \u00e5 f\u00f8lge denne appen i en testfase, ser jeg at den kommer inn i to ulike kontekster for innf\u00f8ring og bruk av teknologi generelt. Jeg ser dermed p\u00e5 hvilke sosiale og materielle forhold som vokser frem i skolenes utviklingsarbeid rettet mot IKT og digitale ferdigheter (artikkel 1), hvordan bruk av mobile digitale verkt\u00f8y blir fremforhandlet i ulike skolekontekster (artikkel 2), og hvordan l\u00e6rere, skoleledere og utviklere jobber for \u00e5 trekke teknologien inn i praksis (artikkel 3).<\/p>\n<p>I 2006 ble digitale ferdigheter inkludert som en av de fem grunnleggende ferdighetene i den generelle l\u00e6replanen. Det vil si at l\u00e6rere er forpliktet til \u00e5 ta i bruk digitale verkt\u00f8y i undervisningen. Teknologien har lenge blitt sett p\u00e5 som essensiell for innovasjon og utvikling av nye undervisningspraksiser i skolen, noe som kommer til uttrykk i styringsdokumenter og planer. Forskningen p\u00e5 feltet viser derimot at det skjer lite endring kun som f\u00f8lge av \u00f8kt teknologitetthet. Mens mye av forskningen fors\u00f8ker \u00e5 avdekke teknologiens pedagogiske potensiale, s\u00f8ker jeg kunnskap om hva som faktisk skjer n\u00e5r ny teknologi gj\u00f8r sitt inntog i skolen.<\/p>\n<p>For \u00e5 f\u00e5 et helhetlig bilde av teknologiintegrasjon som en mangfoldig prosess, tar jeg i bruk ulike kvalitative metoder. Jeg har analysert relevante styringsdokumenter som ligger til grunn for utviklingsarbeid innenfor IKT ved de ulike skolene, og gjennomf\u00f8rte kvalitative intervju med l\u00e6rere, skoleledere og app-utviklere. Jeg benyttet meg ogs\u00e5 av klasseromsobservasjon n\u00e5r appen er i bruk. Ved slutten av testperioden ble l\u00e6rere, rektor og utviklere invitert til et m\u00f8te ved hver skole for erfaringsdeling. Disse m\u00f8tene ble tatt opp p\u00e5 video for \u00e5 f\u00e5 gode data p\u00e5 interaksjonen mellom l\u00e6rere og teknologiutviklere.\u00a0<\/p>\n<p>Prosjektet ferdigstilles h\u00f8sten 2019<\/p>\n<p>[\/et_pb_text][\/et_pb_column_inner][\/et_pb_row_inner][\/et_pb_column][et_pb_column type=&raquo;1_4&#8243; _builder_version=&raquo;3.0.47&#8243; parallax=&raquo;off&raquo; parallax_method=&raquo;on&raquo;][\/et_pb_column][\/et_pb_section]<\/p>\n","protected":false},"excerpt":{"rendered":"<p>Oda Julie Hembre Stipendiat i pedagogikk\u00a0Institutt for l\u00e6rerutdanning og pedagogikk, UiT Campus Troms\u00f8.Arbeidstittel: Teknologi og l\u00e6rerprofesjon i samspill eller strid? En case-studie av teknologiintegrasjon i skole. Veiledere: Line Lundvoll Warth (Senter for e-helseforskning) og Anne-Grete Sandaunet (Handelsh\u00f8gskolen ved UiT) Utgangspunktet for Odas prosjekt er \u00e5 studere hvordan en ny app, utviklet for bruk i skolen, [&hellip;]<\/p>\n","protected":false},"author":1078,"featured_media":0,"parent":0,"menu_order":0,"comment_status":"closed","ping_status":"closed","template":"","meta":{"_et_pb_use_builder":"on","_et_pb_old_content":"","_et_gb_content_width":"","footnotes":""},"class_list":["post-997","page","type-page","status-publish","hentry"],"_links":{"self":[{"href":"https:\/\/result.uit.no\/proted\/wp-json\/wp\/v2\/pages\/997","targetHints":{"allow":["GET"]}}],"collection":[{"href":"https:\/\/result.uit.no\/proted\/wp-json\/wp\/v2\/pages"}],"about":[{"href":"https:\/\/result.uit.no\/proted\/wp-json\/wp\/v2\/types\/page"}],"author":[{"embeddable":true,"href":"https:\/\/result.uit.no\/proted\/wp-json\/wp\/v2\/users\/1078"}],"replies":[{"embeddable":true,"href":"https:\/\/result.uit.no\/proted\/wp-json\/wp\/v2\/comments?post=997"}],"version-history":[{"count":0,"href":"https:\/\/result.uit.no\/proted\/wp-json\/wp\/v2\/pages\/997\/revisions"}],"wp:attachment":[{"href":"https:\/\/result.uit.no\/proted\/wp-json\/wp\/v2\/media?parent=997"}],"curies":[{"name":"wp","href":"https:\/\/api.w.org\/{rel}","templated":true}]}}