{"id":164,"date":"2017-10-03T11:47:09","date_gmt":"2017-10-03T10:47:09","guid":{"rendered":"https:\/\/result.uit.no\/proted\/?page_id=164"},"modified":"2020-03-10T11:06:45","modified_gmt":"2020-03-10T10:06:45","slug":"publikasjoner","status":"publish","type":"page","link":"https:\/\/result.uit.no\/proted\/publikasjoner\/","title":{"rendered":"Publikasjoner"},"content":{"rendered":"<p>[et_pb_section fb_built=&raquo;1&#8243; fullwidth=&raquo;on&raquo; _builder_version=&raquo;3.22&#8243; custom_padding=&raquo;0px|0px|0px|0px&raquo; transparent_background=&raquo;off&raquo;][et_pb_fullwidth_image src=&raquo;https:\/\/result.uit.no\/proted\/wp-content\/uploads\/sites\/45\/2017\/10\/Banner.jpg&raquo; admin_label=&raquo;Fullbreddes bilde&raquo; _builder_version=&raquo;3.0.87&#8243; animation=&raquo;off&raquo; use_border_color=&raquo;off&raquo; border_color=&raquo;#ffffff&raquo; border_width=&raquo;1px&raquo; border_style=&raquo;solid&raquo; saved_tabs=&raquo;all&raquo;] [\/et_pb_fullwidth_image][\/et_pb_section][et_pb_section fb_built=&raquo;1&#8243; _builder_version=&raquo;3.22&#8243; transparent_background=&raquo;off&raquo;][et_pb_row _builder_version=&raquo;3.25&#8243; background_size=&raquo;initial&raquo; background_position=&raquo;top_left&raquo; background_repeat=&raquo;repeat&raquo;][et_pb_column type=&raquo;4_4&#8243; _builder_version=&raquo;3.25&#8243; custom_padding=&raquo;|||&raquo; custom_padding__hover=&raquo;|||&raquo;][et_pb_text _builder_version=&raquo;4.1&#8243; background_size=&raquo;initial&raquo; background_position=&raquo;top_left&raquo; background_repeat=&raquo;repeat&raquo; hover_enabled=&raquo;0&#8243; use_border_color=&raquo;off&raquo; border_style=&raquo;solid&raquo;]<\/p>\n<h1>\u00a0Publikasjoner<\/h1>\n<p>&nbsp;<\/p>\n<p>Her vil du finne en oversikt over publikasjoner som er tilknyttet ProTed.<\/p>\n<p>&nbsp;<\/p>\n<h3><\/h3>\n<p><span style=\"font-size: 19px\">B\u00f8ker<\/span><\/p>\n<p>&nbsp;<\/p>\n<table style=\"height: 334px;width: 1069.3px;border-color: #ffffff\">\n<tbody>\n<tr style=\"height: 255px\">\n<td style=\"width: 318px;height: 255px;border-color: #ffffff;text-align: center\"><img decoding=\"async\" data-src=\"https:\/\/result.uit.no\/proted\/wp-content\/uploads\/sites\/45\/2017\/11\/fremragende-LRU-214x300.png\" width=\"194\" height=\"272\" alt=\"\" class=\"wp-image-744 aligncenter size-medium lazyload\" data-srcset=\"https:\/\/result.uit.no\/proted\/wp-content\/uploads\/sites\/45\/2017\/11\/fremragende-LRU-214x300.png 214w, https:\/\/result.uit.no\/proted\/wp-content\/uploads\/sites\/45\/2017\/11\/fremragende-LRU-768x1079.png 768w, https:\/\/result.uit.no\/proted\/wp-content\/uploads\/sites\/45\/2017\/11\/fremragende-LRU-729x1024.png 729w, https:\/\/result.uit.no\/proted\/wp-content\/uploads\/sites\/45\/2017\/11\/fremragende-LRU-1080x1517.png 1080w, https:\/\/result.uit.no\/proted\/wp-content\/uploads\/sites\/45\/2017\/11\/fremragende-LRU.png 911w\" data-sizes=\"(max-width: 194px) 100vw, 194px\" src=\"data:image\/svg+xml;base64,PHN2ZyB3aWR0aD0iMSIgaGVpZ2h0PSIxIiB4bWxucz0iaHR0cDovL3d3dy53My5vcmcvMjAwMC9zdmciPjwvc3ZnPg==\" style=\"--smush-placeholder-width: 194px; --smush-placeholder-aspect-ratio: 194\/272;\" \/><\/td>\n<td style=\"width: 307px;height: 255px;border-color: #ffffff;text-align: center\"><img decoding=\"async\" data-src=\"https:\/\/result.uit.no\/proted\/wp-content\/uploads\/sites\/45\/2017\/11\/l\u00e6reren-som-forsker-213x300.jpg\" width=\"194\" height=\"273\" alt=\"\" class=\"wp-image-745 alignright size-medium lazyload\" data-srcset=\"https:\/\/result.uit.no\/proted\/wp-content\/uploads\/sites\/45\/2017\/11\/l\u00e6reren-som-forsker-213x300.jpg 213w, https:\/\/result.uit.no\/proted\/wp-content\/uploads\/sites\/45\/2017\/11\/l\u00e6reren-som-forsker-768x1082.jpg 768w, https:\/\/result.uit.no\/proted\/wp-content\/uploads\/sites\/45\/2017\/11\/l\u00e6reren-som-forsker-727x1024.jpg 727w, https:\/\/result.uit.no\/proted\/wp-content\/uploads\/sites\/45\/2017\/11\/l\u00e6reren-som-forsker-1080x1522.jpg 1080w, https:\/\/result.uit.no\/proted\/wp-content\/uploads\/sites\/45\/2017\/11\/l\u00e6reren-som-forsker.jpg 908w\" data-sizes=\"(max-width: 194px) 100vw, 194px\" src=\"data:image\/svg+xml;base64,PHN2ZyB3aWR0aD0iMSIgaGVpZ2h0PSIxIiB4bWxucz0iaHR0cDovL3d3dy53My5vcmcvMjAwMC9zdmciPjwvc3ZnPg==\" style=\"--smush-placeholder-width: 194px; --smush-placeholder-aspect-ratio: 194\/273;\" \/><\/td>\n<td style=\"width: 293px;height: 255px;border-color: #ffffff;text-align: center\"><img decoding=\"async\" data-src=\"https:\/\/result.uit.no\/proted\/wp-content\/uploads\/sites\/45\/2017\/12\/9788202491451-210x300.jpg\" width=\"194\" height=\"277\" alt=\"\" class=\"wp-image-781 alignright size-medium lazyload\" data-srcset=\"https:\/\/result.uit.no\/proted\/wp-content\/uploads\/sites\/45\/2017\/12\/9788202491451-210x300.jpg 210w, https:\/\/result.uit.no\/proted\/wp-content\/uploads\/sites\/45\/2017\/12\/9788202491451.jpg 360w\" data-sizes=\"(max-width: 194px) 100vw, 194px\" src=\"data:image\/svg+xml;base64,PHN2ZyB3aWR0aD0iMSIgaGVpZ2h0PSIxIiB4bWxucz0iaHR0cDovL3d3dy53My5vcmcvMjAwMC9zdmciPjwvc3ZnPg==\" style=\"--smush-placeholder-width: 194px; --smush-placeholder-aspect-ratio: 194\/277;\" \/><\/td>\n<td style=\"width: 362.297px;height: 255px;border-color: #ffffff;text-align: center\"><a href=\"https:\/\/www.universitetsforlaget.no\/nettbutikk\/restart-a-vaere-digital-i-skole-og-utdanning-uf.html\" target=\"_blank\" rel=\"noopener noreferrer\"><img decoding=\"async\" data-src=\"https:\/\/result.uit.no\/proted\/wp-content\/uploads\/sites\/45\/2018\/06\/9788215028217-213x300.png\" width=\"194\" height=\"273\" alt=\"\" class=\"wp-image-1080 aligncenter size-medium lazyload\" data-srcset=\"https:\/\/result.uit.no\/proted\/wp-content\/uploads\/sites\/45\/2018\/06\/9788215028217-213x300.png 213w, https:\/\/result.uit.no\/proted\/wp-content\/uploads\/sites\/45\/2018\/06\/9788215028217.png 650w\" data-sizes=\"(max-width: 194px) 100vw, 194px\" src=\"data:image\/svg+xml;base64,PHN2ZyB3aWR0aD0iMSIgaGVpZ2h0PSIxIiB4bWxucz0iaHR0cDovL3d3dy53My5vcmcvMjAwMC9zdmciPjwvc3ZnPg==\" style=\"--smush-placeholder-width: 194px; --smush-placeholder-aspect-ratio: 194\/273;\" \/><\/a><\/td>\n<\/tr>\n<tr style=\"height: 49px\">\n<td style=\"width: 318px;height: 49px;border-color: #ffffff;text-align: center\"><a href=\"https:\/\/www.universitetsforlaget.no\/nettbutikk\/veier-til-fremragende-laererutdanning-uf.html\" target=\"_blank\" rel=\"noopener noreferrer\">Veier til fremragende l\u00e6rerutdanning (2015)<\/a><\/td>\n<td style=\"width: 307px;height: 49px;border-color: #ffffff;text-align: center\"><a href=\"https:\/\/www.universitetsforlaget.no\/nettbutikk\/laereren-som-forsker-uf.html\" target=\"_blank\" rel=\"noopener noreferrer\">L\u00e6reren som forsker (2013) <\/a><\/td>\n<td style=\"width: 293px;height: 49px;border-color: #ffffff;text-align: center\"><a href=\"https:\/\/www.cappelendamm.no\/_forskerstudentene-eva-alerby-9788202491451\" target=\"_blank\" rel=\"noopener noreferrer\">Forskerstudentene: L\u00e6rerstudenter i nye roller<\/a><\/td>\n<td style=\"width: 362.297px;height: 49px;border-color: #ffffff;text-align: center\"><a href=\"https:\/\/www.universitetsforlaget.no\/nettbutikk\/restart-a-vaere-digital-i-skole-og-utdanning-uf.html\" target=\"_blank\" rel=\"noopener noreferrer\">Restart: \u00c5 v\u00e6re digital i skole og utdanning<\/a><\/td>\n<\/tr>\n<\/tbody>\n<\/table>\n<p>&nbsp;<\/p>\n<p>&nbsp;<\/p>\n<h3>Lyd og bilde<\/h3>\n<p><a href=\"https:\/\/result.uit.no\/proted\/filmer\/\">Filmer fra oppstart med STIL studiestart h\u00f8sten 2018<\/a><\/p>\n<p>&nbsp;<\/p>\n<p>&nbsp;<\/p>\n<h3>Rapporter<\/h3>\n<p>&nbsp;<\/p>\n<p><a href=\"https:\/\/result.uit.no\/proted\/wp-content\/uploads\/sites\/45\/2020\/03\/Annual-Report-for-2019.pdf\" target=\"_blank\" rel=\"noopener noreferrer\">\u00c5rsrapport 2019<\/a> &#8211; pdf<\/p>\n<p><a href=\"https:\/\/result.uit.no\/proted\/wp-content\/uploads\/sites\/45\/2020\/03\/stil-sluttrapport-january-2019.pdf\" target=\"_blank\" rel=\"noopener noreferrer\">Sluttrapport &#8211;\u00a0\u201cStudieintensive arbeidsformer\u00a0ved implementering av fem\u00e5rige\u00a0grunnskolel\u00e6rerutdanninger\u201d (STIL), 2018<\/a> &#8211; pdf<\/p>\n<p><a href=\"https:\/\/result.uit.no\/proted\/wp-content\/uploads\/sites\/45\/2020\/03\/annual-report-for-ProTed-2018.pdf\" target=\"_blank\" rel=\"noopener noreferrer\">\u00c5rsrapport 2018<\/a> &#8211; pdf\u00a0<\/p>\n<p><a href=\"https:\/\/result.uit.no\/proted\/wp-content\/uploads\/sites\/45\/2018\/06\/Samlingsbasert-fleksibel-desentralisert-l\u00e6rerutdanning-\u2013-status-etter-tre-\u00e5rs-drift.pdf\">Samlingsbasert-fleksibel-desentralisert l\u00e6rerutdanning \u2013 status etter tre \u00e5rs drift, 2017<\/a>\u00a0&#8211; pdf<\/p>\n<p><a href=\"https:\/\/result.uit.no\/proted\/wp-content\/uploads\/sites\/45\/2020\/03\/ProTed-Annual-report-2017_final.pdf\" target=\"_blank\" rel=\"noopener noreferrer\">\u00c5rsrapport 2017<\/a>\u00a0&#8211; pdf<\/p>\n<p><a href=\"https:\/\/result.uit.no\/proted\/wp-content\/uploads\/sites\/45\/2018\/01\/Evalueringsrapport-Oppstart-med-STIL_2017.pdf\" target=\"_blank\" rel=\"noopener noreferrer\">Oppstart med STIL &#8211; L\u00e6ringslyst og l\u00e6ringsbehov (H\u00f8sten 2017)<\/a>\u00a0&#8211; pdf<\/p>\n<p><a href=\"https:\/\/result.uit.no\/proted\/wp-content\/uploads\/sites\/45\/2018\/09\/2018-Rapport-STIL-prosjektet.pdf\">Rapport &#8211; STIL-prosjektet, 2018\u00a0<\/a>&#8211; pdf<\/p>\n<p><a href=\"https:\/\/result.uit.no\/proted\/wp-content\/uploads\/sites\/45\/2017\/12\/Kvalitet-i-masterveiledningen-Kollegabasert-kompetanseutvikling-for-veiledere-i-IMA-LU-1-7-og-5-10..pdf\" target=\"_blank\" rel=\"noopener noreferrer\">Kvalitet i masterveiledningen &#8211; Kollegabasert kompetanseutvikling for veiledere i IMA-LU 1-7 og 5-10. (2015-2017)<\/a> &#8211; pdf<\/p>\n<p><a href=\"https:\/\/result.uit.no\/proted\/wp-content\/uploads\/sites\/45\/2017\/10\/ProTed_Mid-term_evaluation_report_2015.pdf\">Midtveisevaluering (2015)\u00a0<\/a>&#8211; pdf<\/p>\n<p>&nbsp;<\/p>\n<p>&nbsp;<\/p>\n<p>&nbsp;<\/p>\n<p>&nbsp;<\/p>\n<p>[\/et_pb_text][\/et_pb_column][\/et_pb_row][\/et_pb_section]<\/p>\n","protected":false},"excerpt":{"rendered":"<p>\u00a0Publikasjoner &nbsp; Her vil du finne en oversikt over publikasjoner som er tilknyttet ProTed. &nbsp; B\u00f8ker &nbsp; Veier til fremragende l\u00e6rerutdanning (2015) L\u00e6reren som forsker (2013) Forskerstudentene: L\u00e6rerstudenter i nye roller Restart: \u00c5 v\u00e6re digital i skole og utdanning &nbsp; &nbsp; Lyd og bilde Filmer fra oppstart med STIL studiestart h\u00f8sten 2018 &nbsp; &nbsp; Rapporter [&hellip;]<\/p>\n","protected":false},"author":1078,"featured_media":0,"parent":0,"menu_order":0,"comment_status":"closed","ping_status":"closed","template":"","meta":{"_et_pb_use_builder":"on","_et_pb_old_content":"","_et_gb_content_width":"","footnotes":""},"class_list":["post-164","page","type-page","status-publish","hentry"],"_links":{"self":[{"href":"https:\/\/result.uit.no\/proted\/wp-json\/wp\/v2\/pages\/164","targetHints":{"allow":["GET"]}}],"collection":[{"href":"https:\/\/result.uit.no\/proted\/wp-json\/wp\/v2\/pages"}],"about":[{"href":"https:\/\/result.uit.no\/proted\/wp-json\/wp\/v2\/types\/page"}],"author":[{"embeddable":true,"href":"https:\/\/result.uit.no\/proted\/wp-json\/wp\/v2\/users\/1078"}],"replies":[{"embeddable":true,"href":"https:\/\/result.uit.no\/proted\/wp-json\/wp\/v2\/comments?post=164"}],"version-history":[{"count":0,"href":"https:\/\/result.uit.no\/proted\/wp-json\/wp\/v2\/pages\/164\/revisions"}],"wp:attachment":[{"href":"https:\/\/result.uit.no\/proted\/wp-json\/wp\/v2\/media?parent=164"}],"curies":[{"name":"wp","href":"https:\/\/api.w.org\/{rel}","templated":true}]}}