{"id":162,"date":"2017-10-03T11:46:32","date_gmt":"2017-10-03T10:46:32","guid":{"rendered":"https:\/\/result.uit.no\/proted\/?page_id=162"},"modified":"2021-01-17T18:58:25","modified_gmt":"2021-01-17T17:58:25","slug":"prosjekter","status":"publish","type":"page","link":"https:\/\/result.uit.no\/proted\/prosjekter\/","title":{"rendered":"Prosjekter"},"content":{"rendered":"<p>[et_pb_section fb_built=&raquo;1&#8243; fullwidth=&raquo;on&raquo; _builder_version=&raquo;3.22&#8243; transparent_background=&raquo;off&raquo;][et_pb_fullwidth_image src=&raquo;https:\/\/result.uit.no\/proted\/wp-content\/uploads\/sites\/45\/2017\/10\/Banner.jpg&raquo; admin_label=&raquo;Fullbreddes bilde&raquo; _builder_version=&raquo;3.0.87&#8243; animation=&raquo;off&raquo; use_border_color=&raquo;off&raquo; border_color=&raquo;#ffffff&raquo; border_width=&raquo;1px&raquo; border_style=&raquo;solid&raquo; saved_tabs=&raquo;all&raquo;] [\/et_pb_fullwidth_image][\/et_pb_section][et_pb_section fb_built=&raquo;1&#8243; _builder_version=&raquo;3.22&#8243; custom_padding=&raquo;27px|0px|28px|0px&raquo; transparent_background=&raquo;off&raquo;][et_pb_row _builder_version=&raquo;3.25&#8243; background_size=&raquo;initial&raquo; background_position=&raquo;top_left&raquo; background_repeat=&raquo;repeat&raquo; custom_padding=&raquo;0px|0px|0px|0px&raquo;][et_pb_column type=&raquo;4_4&#8243; _builder_version=&raquo;3.25&#8243; custom_padding=&raquo;|||&raquo; custom_padding__hover=&raquo;|||&raquo;][et_pb_text _builder_version=&raquo;3.27.4&#8243; background_size=&raquo;initial&raquo; background_position=&raquo;top_left&raquo; background_repeat=&raquo;repeat&raquo; use_border_color=&raquo;off&raquo; border_style=&raquo;solid&raquo;]<\/p>\n<h2>Prosjekter<\/h2>\n<p>F\u00f8lgende prosjekter er tilknyttet ProTed ved UiT:<span style=\"font-size: 14px\">\u00a0<\/span><\/p>\n<p>[\/et_pb_text][\/et_pb_column][\/et_pb_row][\/et_pb_section][et_pb_section fb_built=&raquo;1&#8243; _builder_version=&raquo;3.22&#8243; transparent_background=&raquo;off&raquo;][et_pb_row column_structure=&raquo;1_4,3_4&#8243; use_custom_gutter=&raquo;on&raquo; _builder_version=&raquo;3.25&#8243; background_size=&raquo;initial&raquo; background_position=&raquo;top_left&raquo; background_repeat=&raquo;repeat&raquo; custom_padding=&raquo;27px|0px|27px|0px&raquo;][et_pb_column type=&raquo;1_4&#8243; _builder_version=&raquo;3.25&#8243; custom_padding=&raquo;|||&raquo; custom_padding__hover=&raquo;|||&raquo;][et_pb_image src=&raquo;https:\/\/result.uit.no\/proted\/wp-content\/uploads\/sites\/45\/2017\/12\/2MK2015.jpg&raquo; align=&raquo;right&raquo; align_tablet=&raquo;center&raquo; align_phone=&raquo;&raquo; align_last_edited=&raquo;on|desktop&raquo; disabled_on=&raquo;on|on|off&raquo; _builder_version=&raquo;4.1&#8243; max_width=&raquo;175px&raquo; module_alignment=&raquo;right&raquo; border_width_all=&raquo;1px&raquo; border_color_all=&raquo;#0a62af&raquo;][\/et_pb_image][\/et_pb_column][et_pb_column type=&raquo;3_4&#8243; _builder_version=&raquo;3.25&#8243; custom_padding=&raquo;|||&raquo; custom_padding__hover=&raquo;|||&raquo;][et_pb_text _builder_version=&raquo;4.1&#8243; background_size=&raquo;initial&raquo; background_position=&raquo;top_left&raquo; background_repeat=&raquo;repeat&raquo; hover_enabled=&raquo;0&#8243;]<\/p>\n<h4><strong>Forskningsprosjekt:\u00a0Masteroppgaver og metodebruk p\u00e5 grunnskolel\u00e6rerutdanningen ved UiT<\/strong><\/h4>\n<p><span>Siden 2015 har UiT Norges arktiske universitet uteksaminert alle sine grunnskolel\u00e6rere med mastergrad og n\u00e5 kommer resten av landet etter. I den forbindelse er det startet et forskningsprosjekt den hensikt \u00e5 se p\u00e5 variasjon og retning i l\u00e6rerstudentenes forskningsvalg.<\/span><\/p>\n<p><a href=\"https:\/\/result.uit.no\/proted\/masteroppgaver\/\">Les mer<\/a><\/p>\n<p>[\/et_pb_text][\/et_pb_column][\/et_pb_row][et_pb_row column_structure=&raquo;1_4,3_4&#8243; use_custom_gutter=&raquo;on&raquo; _builder_version=&raquo;3.25&#8243; background_size=&raquo;initial&raquo; background_position=&raquo;top_left&raquo; background_repeat=&raquo;repeat&raquo; custom_padding=&raquo;27px|0px|27px|0px&raquo;][et_pb_column type=&raquo;1_4&#8243; _builder_version=&raquo;3.25&#8243; custom_padding=&raquo;|||&raquo; custom_padding__hover=&raquo;|||&raquo;][et_pb_image src=&raquo;https:\/\/result.uit.no\/proted\/wp-content\/uploads\/sites\/45\/2017\/11\/USPIT.jpg&raquo; align=&raquo;right&raquo; align_tablet=&raquo;center&raquo; align_phone=&raquo;&raquo; align_last_edited=&raquo;on|desktop&raquo; disabled_on=&raquo;on|on|off&raquo; _builder_version=&raquo;4.1&#8243; max_width=&raquo;175px&raquo; module_alignment=&raquo;right&raquo; border_width_all=&raquo;1px&raquo; border_color_all=&raquo;#0a62af&raquo;][\/et_pb_image][\/et_pb_column][et_pb_column type=&raquo;3_4&#8243; _builder_version=&raquo;3.25&#8243; custom_padding=&raquo;|||&raquo; custom_padding__hover=&raquo;|||&raquo;][et_pb_text _builder_version=&raquo;3.27.4&#8243; background_size=&raquo;initial&raquo; background_position=&raquo;top_left&raquo; background_repeat=&raquo;repeat&raquo;]<\/p>\n<h4><b>Universitetsskoleprosjektet<\/b><\/h4>\n<p>Universitetsskoleprosjektet baserer seg p\u00e5 ideen om at det skal stilles \u00f8kte krav til samhandlingen mellom universitetets l\u00e6rerutdanning og universitetsskolene, enn til tradisjonelle praksis-skoler.\u00a0M\u00e5let er\u00a0et\u00a0tett samarbeid mellom kommunen, universitetet og skoler.<\/p>\n<p><a href=\"https:\/\/result.uit.no\/proted\/universitetsskoleprosjeketet\/\">Les mer<\/a><\/p>\n<p>[\/et_pb_text][\/et_pb_column][\/et_pb_row][et_pb_row column_structure=&raquo;1_4,3_4&#8243; use_custom_gutter=&raquo;on&raquo; _builder_version=&raquo;4.1&#8243; background_size=&raquo;initial&raquo; background_position=&raquo;top_left&raquo; background_repeat=&raquo;repeat&raquo; custom_margin=&raquo;-1px|auto||auto|false|false&raquo; custom_padding=&raquo;27px|0px|27px|0px|false|false&raquo;][et_pb_column type=&raquo;1_4&#8243; _builder_version=&raquo;3.25&#8243; custom_padding=&raquo;|||&raquo; custom_padding__hover=&raquo;|||&raquo;][et_pb_image src=&raquo;https:\/\/result.uit.no\/proted\/wp-content\/uploads\/sites\/45\/2017\/11\/veil.jpg&raquo; align_tablet=&raquo;center&raquo; align_phone=&raquo;&raquo; align_last_edited=&raquo;on|desktop&raquo; disabled_on=&raquo;on|on|off&raquo; _builder_version=&raquo;4.1&#8243; max_width=&raquo;175px&raquo; module_alignment=&raquo;right&raquo; border_width_all=&raquo;1px&raquo; border_color_all=&raquo;#0a62af&raquo;][\/et_pb_image][\/et_pb_column][et_pb_column type=&raquo;3_4&#8243; _builder_version=&raquo;3.25&#8243; custom_padding=&raquo;|||&raquo; custom_padding__hover=&raquo;|||&raquo;][et_pb_text _builder_version=&raquo;3.27.4&#8243; background_size=&raquo;initial&raquo; background_position=&raquo;top_left&raquo; background_repeat=&raquo;repeat&raquo; custom_margin=&raquo;||19px|||&raquo;]<\/p>\n<h4><strong>Kvalitet i masterveiledningen &#8211; Kollegabasert kompetanseutvikling for veiledere<\/strong><span style=\"font-size: 14px;background-color: #ffffff\"><\/span><\/h4>\n<p><span>H\u00f8sten 2010 startet UiT \u00ab<\/span><em>Pilot i Nord<\/em><span>\u00bb som\u00a0ga\u00a0en fem\u00e5rig master i l\u00e6rerutdanning for 1.-7. og 5.-10. trinn.\u00a0Dette innbar en stor endring; fra en fire\u00e5rig grunnskole-l\u00e6rerutdanning til \u00e5 veilede og uteksaminere over 60 masterstudenter i \u00e5ret.<\/span><\/p>\n<p><a href=\"..\/masterveiledning\/\">Les mer<\/a><\/p>\n<p><span style=\"background-color: #ffffff;font-size: 14px\"><\/span><\/p>\n<p>[\/et_pb_text][\/et_pb_column][\/et_pb_row][et_pb_row column_structure=&raquo;1_4,3_4&#8243; use_custom_gutter=&raquo;on&raquo; _builder_version=&raquo;4.1&#8243; background_size=&raquo;initial&raquo; background_position=&raquo;top_left&raquo; background_repeat=&raquo;repeat&raquo; custom_padding=&raquo;27px|0px|27px|0px||&raquo;][et_pb_column type=&raquo;1_4&#8243; _builder_version=&raquo;3.25&#8243; custom_padding=&raquo;|||&raquo; custom_padding__hover=&raquo;|||&raquo;][et_pb_image src=&raquo;https:\/\/result.uit.no\/proted\/wp-content\/uploads\/sites\/45\/2017\/11\/eks2.jpg&raquo; align=&raquo;right&raquo; disabled_on=&raquo;on|on|off&raquo; _builder_version=&raquo;4.1&#8243; max_width=&raquo;152px&raquo; max_width_tablet=&raquo;&raquo; max_width_phone=&raquo;&raquo; max_width_last_edited=&raquo;on|desktop&raquo; module_alignment=&raquo;right&raquo; border_width_all=&raquo;1px&raquo; border_color_all=&raquo;#4779b2&#8243; border_style_all=&raquo;inset&raquo; animation=&raquo;off&raquo; use_border_color=&raquo;on&raquo; border_color=&raquo;#4779b2&#8243; border_width=&raquo;2px&raquo; border_style=&raquo;inset&raquo; sticky=&raquo;off&raquo; always_center_on_mobile=&raquo;off&raquo;][\/et_pb_image][\/et_pb_column][et_pb_column type=&raquo;3_4&#8243; _builder_version=&raquo;3.25&#8243; custom_padding=&raquo;|||&raquo; custom_padding__hover=&raquo;|||&raquo;][et_pb_text _builder_version=&raquo;3.27.4&#8243; background_size=&raquo;initial&raquo; background_position=&raquo;top_left&raquo; background_repeat=&raquo;repeat&raquo;]<\/p>\n<h4><strong>Ny masterutdanning i naturfag &#8211; Bedre l\u00e6rerkompetanse?<\/strong><\/h4>\n<p><span>H\u00f8sten 2012 startet naturfagmilj\u00f8et ved ILP opp et prosjekt der studenter i naturfag p\u00e5 tre forskjellige kull p\u00e5 masterutdanningen 5-10 blir fulgt gjennom hele utdanningen i en kvalitativ og kvantitativ studie. Prosjektet inng\u00e5r i forskningsgruppen \u00ab<\/span><a href=\"https:\/\/uit.no\/forskning\/forskningsgrupper\/gruppe?p_document_id=502830\" target=\"_self\" rel=\"noopener noreferrer\">Teaching and learning in science<\/a><span>\u00bb\u00a0forskningsportef\u00f8lje.\u00a0I 2013 ble prosjektet\u00a0tatt opp som et\u00a0ProTed-prosjekt (Senter for fremragende utdanning) i programomr\u00e5det Undervisning i fag.<\/span><\/p>\n<p><a href=\"..\/ny-masterutdanning-i-naturfag-bedre-laererkompetanse\/\"><span>Les mer<\/span><\/a><\/p>\n<p>[\/et_pb_text][\/et_pb_column][\/et_pb_row][et_pb_row column_structure=&raquo;1_4,3_4&#8243; use_custom_gutter=&raquo;on&raquo; _builder_version=&raquo;4.1&#8243; background_size=&raquo;initial&raquo; background_position=&raquo;top_left&raquo; background_repeat=&raquo;repeat&raquo; custom_padding=&raquo;27px|0px|27px|0px|false|false&raquo;][et_pb_column type=&raquo;1_4&#8243; _builder_version=&raquo;3.25&#8243; custom_padding=&raquo;|||&raquo; custom_padding__hover=&raquo;|||&raquo;][et_pb_image src=&raquo;https:\/\/result.uit.no\/proted\/wp-content\/uploads\/sites\/45\/2017\/10\/NORDLYS-073A0409-2.jpg&raquo; align=&raquo;right&raquo; align_tablet=&raquo;center&raquo; align_phone=&raquo;&raquo; align_last_edited=&raquo;on|desktop&raquo; disabled_on=&raquo;on|on|off&raquo; _builder_version=&raquo;4.1&#8243; max_width=&raquo;175px&raquo; border_width_all=&raquo;1px&raquo; border_color_all=&raquo;#0a62af&raquo; animation=&raquo;off&raquo; sticky=&raquo;off&raquo;][\/et_pb_image][\/et_pb_column][et_pb_column type=&raquo;3_4&#8243; _builder_version=&raquo;3.25&#8243; custom_padding=&raquo;|||&raquo; custom_padding__hover=&raquo;|||&raquo;][et_pb_text _builder_version=&raquo;3.27.4&#8243; background_size=&raquo;initial&raquo; background_position=&raquo;top_left&raquo; background_repeat=&raquo;repeat&raquo;]<\/p>\n<h4><strong>Pilot i Nord:\u00a0Profesjonelle l\u00e6rere p\u00e5 alle trinn<br \/><\/strong><\/h4>\n<p><span style=\"font-size: 14px;background-color: #ffffff\">H\u00f8sten 2007 ble\u00a0<\/span><span style=\"background-color: #ffffff;font-size: 14px\">H\u00f8gskolen i Troms\u00f8 (HiT\u00f8) og Universitetet i Troms\u00f8\u00a0(UiT) fusjonert og man fikk et \u00f8nske om \u00e5 utvikle en helt ny og helhetlig l\u00e6rerutdanning\u00a0for hele det 18-\u00e5rige utdanningsl\u00f8pet fra barnehage til og med videreg\u00e5ende oppl\u00e6ring.\u00a0<\/span><\/p>\n<p><a href=\"..\/pilot-i-nord\/\"><span style=\"background-color: #ffffff;font-size: 14px\">Les mer<\/span><\/a><\/p>\n<p>[\/et_pb_text][\/et_pb_column][\/et_pb_row][et_pb_row column_structure=&raquo;1_4,3_4&#8243; use_custom_gutter=&raquo;on&raquo; _builder_version=&raquo;3.25&#8243; background_size=&raquo;initial&raquo; background_position=&raquo;top_left&raquo; background_repeat=&raquo;repeat&raquo; custom_padding=&raquo;27px|0px|27px|0px&raquo;][et_pb_column type=&raquo;1_4&#8243; _builder_version=&raquo;3.25&#8243; custom_padding=&raquo;|||&raquo; custom_padding__hover=&raquo;|||&raquo;][et_pb_image src=&raquo;https:\/\/result.uit.no\/proted\/wp-content\/uploads\/sites\/45\/2020\/03\/Bilde1.gif&raquo; align=&raquo;right&raquo; align_tablet=&raquo;center&raquo; align_phone=&raquo;&raquo; align_last_edited=&raquo;on|desktop&raquo; disabled_on=&raquo;on|on|off&raquo; _builder_version=&raquo;4.1&#8243; max_width=&raquo;166px&raquo; max_width_tablet=&raquo;&raquo; max_width_phone=&raquo;&raquo; max_width_last_edited=&raquo;on|desktop&raquo; module_alignment=&raquo;right&raquo; custom_margin=&raquo;|50px||&raquo; custom_padding=&raquo;|20px||&raquo;][\/et_pb_image][\/et_pb_column][et_pb_column type=&raquo;3_4&#8243; _builder_version=&raquo;3.25&#8243; custom_padding=&raquo;|||&raquo; custom_padding__hover=&raquo;|||&raquo;][et_pb_text _builder_version=&raquo;3.27.4&#8243; background_size=&raquo;initial&raquo; background_position=&raquo;top_left&raquo; background_repeat=&raquo;repeat&raquo;]<\/p>\n<h4><b>Trivsel i Troms\u00f8<\/b><\/h4>\n<p><span>Hensikten med dette prosjektet er \u00e5 knytte forskeren, l\u00e6rerstudenten og skolen sammen, og slik bidra til at forskningsbasert kunnskap utvikles og tas i aktiv bruk. Som alle vet er skolen en viktig livsarena for barn og unge, og barnas opplevelser i skolehverdagen har stor betydning for deres sosiale utvikling. Mer spesifikk kunnskap om hvordan ulike trivselsfaktorer faktisk spiller inn vil, ved siden av \u00e5 v\u00e6re av interesse i seg selv, v\u00e6re av grunnleggende betydning for tiltak og forandringer. <\/span><\/p>\n<p><span>Prosjektet er et samarbeid mellom UiT og skoler i Troms\u00f8 kommune.\u00a0<\/span><\/p>\n<p><a href=\"https:\/\/uit.no\/prosjekter\/prosjekt?p_document_id=350293\" style=\"font-size: 14px\">Les mer (ekstern side)<\/a><\/p>\n<p>[\/et_pb_text][\/et_pb_column][\/et_pb_row][et_pb_row column_structure=&raquo;1_4,3_4&#8243; use_custom_gutter=&raquo;on&raquo; _builder_version=&raquo;4.1&#8243; background_size=&raquo;initial&raquo; background_position=&raquo;top_left&raquo; background_repeat=&raquo;repeat&raquo; custom_padding=&raquo;27px|0px|27px|0px&raquo;][et_pb_column type=&raquo;1_4&#8243; _builder_version=&raquo;3.25&#8243; custom_padding=&raquo;|||&raquo; custom_padding__hover=&raquo;|||&raquo;][et_pb_image src=&raquo;https:\/\/result.uit.no\/proted\/wp-content\/uploads\/sites\/45\/2018\/06\/futurelabzoner1.png&raquo; align=&raquo;center&raquo; align_tablet=&raquo;center&raquo; align_phone=&raquo;&raquo; align_last_edited=&raquo;on|desktop&raquo; disabled_on=&raquo;on|on|off&raquo; _builder_version=&raquo;3.23&#8243; max_width=&raquo;175px&raquo; module_alignment=&raquo;right&raquo;][\/et_pb_image][\/et_pb_column][et_pb_column type=&raquo;3_4&#8243; _builder_version=&raquo;3.25&#8243; custom_padding=&raquo;|||&raquo; custom_padding__hover=&raquo;|||&raquo;][et_pb_text _builder_version=&raquo;3.27.4&#8243; background_size=&raquo;initial&raquo; background_position=&raquo;top_left&raquo; background_repeat=&raquo;repeat&raquo;]<\/p>\n<h4><strong>Futurelab ved ILP<\/strong><\/h4>\n<p>FutureLab<span>\u00a0er en tjeneste levert av\u00a0<\/span><a href=\"http:\/\/uit.no\/ita\" target=\"_blank\" rel=\"noopener noreferrer\">Avdeling for IT<\/a><span>\u00a0ved\u00a0<\/span>UiT Norges arktiske universitet<a href=\"http:\/\/uit.no\/\" target=\"_blank\" rel=\"noopener noreferrer\"><\/a><span>\u00a0med m\u00e5lsetning om \u00e5 etablere et laboratorium for teknologibasert l\u00e6ring og samhandling. Laboratoriet skal v\u00e6re i konstant endring og m\u00e5let er at de funksjoner og l\u00f8sninger som vi kommer fram til skal kunne etableres i st\u00f8rre skala i undervisningsrom og arenaer p\u00e5 resten av campus. Futurelab ved ILP finnes p\u00e5 Mellomveien 110, rom C.109G.<\/span><\/p>\n<p><a href=\"http:\/\/site.uit.no\/futurelab\/om\/\">Les mer (ekstern side)<\/a><\/p>\n<p><span style=\"background-color: #ffffff;font-size: 14px\"><\/span><\/p>\n<p>[\/et_pb_text][\/et_pb_column][\/et_pb_row][\/et_pb_section][et_pb_section fb_built=&raquo;1&#8243; _builder_version=&raquo;3.22&#8243; transparent_background=&raquo;off&raquo;][et_pb_row column_structure=&raquo;1_4,3_4&#8243; use_custom_gutter=&raquo;on&raquo; _builder_version=&raquo;4.1&#8243; background_size=&raquo;initial&raquo; background_position=&raquo;top_left&raquo; background_repeat=&raquo;repeat&raquo; custom_padding=&raquo;27px|0px|27px|0px|false|false&raquo;][et_pb_column type=&raquo;1_4&#8243; _builder_version=&raquo;3.25&#8243; custom_padding=&raquo;|||&raquo; custom_padding__hover=&raquo;|||&raquo;][et_pb_image src=&raquo;https:\/\/result.uit.no\/proted\/wp-content\/uploads\/sites\/45\/2017\/10\/UiT_samarbeidslogo_bokmal_72ppi.png&raquo; align=&raquo;right&raquo; disabled_on=&raquo;on|on|off&raquo; _builder_version=&raquo;4.1&#8243; width=&raquo;170px&raquo; module_alignment=&raquo;right&raquo; always_center_on_mobile=&raquo;off&raquo;][\/et_pb_image][\/et_pb_column][et_pb_column type=&raquo;3_4&#8243; _builder_version=&raquo;3.25&#8243; custom_padding=&raquo;|||&raquo; custom_padding__hover=&raquo;|||&raquo;][et_pb_text _builder_version=&raquo;4.1&#8243; background_size=&raquo;initial&raquo; background_position=&raquo;top_left&raquo; background_repeat=&raquo;repeat&raquo;]<\/p>\n<h4><a href=\"https:\/\/result.uit.no\/proted\/masterkonferansen\/\"><strong>Masterkonferansen<\/strong><\/a><\/h4>\n<p><span>Siden v\u00e5ren 2015 har Norges arktiske universitet \u2013 UiT uteksaminert l\u00e6rerstudenter med 5-\u00e5rig integrert master i l\u00e6rerutdanning for trinn 1.-7. og 5.-10.\u00a0Masterkonferansen ble derfor skapt ikke bare for \u00e5 feire v\u00e5re avgangselever, men ogs\u00e5 for \u00e5 gi studentene en arena hvor de kan presentere sine prosjekter for et bredere publikum.\u00a0Masterkonferansen har blitt et fast \u00e5rlig arrangement ved ILP.<\/span><\/p>\n<p><span style=\"background-color: #ffffff;font-size: 14px\"><\/span><\/p>\n<p>[\/et_pb_text][\/et_pb_column][\/et_pb_row][et_pb_row column_structure=&raquo;1_4,3_4&#8243; use_custom_gutter=&raquo;on&raquo; _builder_version=&raquo;3.25&#8243; background_size=&raquo;initial&raquo; background_position=&raquo;top_left&raquo; background_repeat=&raquo;repeat&raquo; custom_padding=&raquo;27px|0px|27px|0px|false|false&raquo;][et_pb_column type=&raquo;1_4&#8243; _builder_version=&raquo;3.25&#8243; custom_padding=&raquo;|||&raquo; custom_padding__hover=&raquo;|||&raquo;][et_pb_image src=&raquo;https:\/\/result.uit.no\/proted\/wp-content\/uploads\/sites\/45\/2017\/10\/UiT_samarbeidslogo_bokmal_72ppi.png&raquo; align=&raquo;center&raquo; disabled_on=&raquo;on|on|off&raquo; _builder_version=&raquo;4.1&#8243; max_width=&raquo;97px&raquo; module_alignment=&raquo;right&raquo; always_center_on_mobile=&raquo;off&raquo;][\/et_pb_image][\/et_pb_column][et_pb_column type=&raquo;3_4&#8243; _builder_version=&raquo;3.25&#8243; custom_padding=&raquo;|||&raquo; custom_padding__hover=&raquo;|||&raquo;][et_pb_text _builder_version=&raquo;3.27.4&#8243; background_size=&raquo;initial&raquo; background_position=&raquo;top_left&raquo; background_repeat=&raquo;repeat&raquo;]<\/p>\n<h4><strong>Mastertorg<\/strong><\/h4>\n<p><span style=\"background-color: #ffffff;font-size: 14px\"><\/span><\/p>\n<p>[\/et_pb_text][\/et_pb_column][\/et_pb_row][et_pb_row column_structure=&raquo;1_4,3_4&#8243; use_custom_gutter=&raquo;on&raquo; _builder_version=&raquo;3.25&#8243; background_size=&raquo;initial&raquo; background_position=&raquo;top_left&raquo; background_repeat=&raquo;repeat&raquo; custom_padding=&raquo;27px|0px|27px|0px|false|false&raquo;][et_pb_column type=&raquo;1_4&#8243; _builder_version=&raquo;3.25&#8243; custom_padding=&raquo;|||&raquo; custom_padding__hover=&raquo;|||&raquo;][et_pb_image src=&raquo;https:\/\/result.uit.no\/proted\/wp-content\/uploads\/sites\/45\/2020\/03\/Capture.jpg&raquo; align=&raquo;center&raquo; src_last_edited=&raquo;off|desktop&raquo; disabled_on=&raquo;on|on|off&raquo; _builder_version=&raquo;4.1&#8243; width=&raquo;111px&raquo; module_alignment=&raquo;right&raquo; always_center_on_mobile=&raquo;off&raquo;][\/et_pb_image][\/et_pb_column][et_pb_column type=&raquo;3_4&#8243; _builder_version=&raquo;3.25&#8243; custom_padding=&raquo;|||&raquo; custom_padding__hover=&raquo;|||&raquo;][et_pb_text _builder_version=&raquo;4.1&#8243; background_size=&raquo;initial&raquo; background_position=&raquo;top_left&raquo; background_repeat=&raquo;repeat&raquo;]<\/p>\n<h4><strong>Learning, assessment and boundary crossing in Teacher Education (LAB-TEd)<\/strong><\/h4>\n<p>Det overordnede m\u00e5let for LAB-TEd er at studentenes FoU-oppgave og masteroppgave skal bidra til \u00f8kt forskningskompetanse i grunnskolel\u00e6rerutdanningen (GLU) og skolens praksis, og til nye modeller for oppgaveveiledning\u00a0 og vurdering.\u00a0 Dette skal skje i partnerskap mellom universiteter (l\u00e6rerutdannere), skoler (l\u00e6rere og skoleledere) og studenter i GLU.<\/p>\n<p><span style=\"background-color: #ffffff;font-size: 14px\"><\/span><\/p>\n<p>[\/et_pb_text][\/et_pb_column][\/et_pb_row][et_pb_row column_structure=&raquo;1_4,3_4&#8243; use_custom_gutter=&raquo;on&raquo; _builder_version=&raquo;3.25&#8243; background_size=&raquo;initial&raquo; background_position=&raquo;top_left&raquo; background_repeat=&raquo;repeat&raquo; custom_padding=&raquo;27px|0px|0|0px|false|false&raquo;][et_pb_column type=&raquo;1_4&#8243; _builder_version=&raquo;3.25&#8243; custom_padding=&raquo;|||&raquo; custom_padding__hover=&raquo;|||&raquo;][et_pb_image src=&raquo;https:\/\/result.uit.no\/proted\/wp-content\/uploads\/sites\/45\/2019\/03\/logo100r.jpg&raquo; align=&raquo;center&raquo; align_tablet=&raquo;center&raquo; align_phone=&raquo;&raquo; align_last_edited=&raquo;on|desktop&raquo; disabled_on=&raquo;on|on|off&raquo; _builder_version=&raquo;4.1&#8243; max_width=&raquo;87px&raquo; module_alignment=&raquo;right&raquo;][\/et_pb_image][\/et_pb_column][et_pb_column type=&raquo;3_4&#8243; _builder_version=&raquo;3.25&#8243; custom_padding=&raquo;|||&raquo; custom_padding__hover=&raquo;|||&raquo;][et_pb_text _builder_version=&raquo;3.27.4&#8243; background_size=&raquo;initial&raquo; background_position=&raquo;top_left&raquo; background_repeat=&raquo;repeat&raquo;]<\/p>\n<h4><strong>Teacher education network (TEDNED)<\/strong><\/h4>\n<p><span style=\"background-color: #ffffff;font-size: 14px\"><\/span><\/p>\n<p>[\/et_pb_text][\/et_pb_column][\/et_pb_row][et_pb_row column_structure=&raquo;1_4,3_4&#8243; use_custom_gutter=&raquo;on&raquo; _builder_version=&raquo;3.25&#8243; background_size=&raquo;initial&raquo; background_position=&raquo;top_left&raquo; background_repeat=&raquo;repeat&raquo; custom_padding=&raquo;27px|0px|27px|0px&raquo;][et_pb_column type=&raquo;1_4&#8243; _builder_version=&raquo;3.25&#8243; custom_padding=&raquo;|||&raquo; custom_padding__hover=&raquo;|||&raquo;][\/et_pb_column][et_pb_column type=&raquo;3_4&#8243; _builder_version=&raquo;3.25&#8243; custom_padding=&raquo;|||&raquo; custom_padding__hover=&raquo;|||&raquo;][et_pb_text _builder_version=&raquo;3.27.4&#8243; background_size=&raquo;initial&raquo; background_position=&raquo;top_left&raquo; background_repeat=&raquo;repeat&raquo;]<\/p>\n<h4><strong>Sammen gj\u00f8r vi praksisoppl\u00e6ringa god!<\/strong><\/h4>\n<p><span style=\"background-color: #ffffff;font-size: 14px\"><\/span><\/p>\n<p>[\/et_pb_text][\/et_pb_column][\/et_pb_row][\/et_pb_section][et_pb_section fb_built=&raquo;1&#8243; _builder_version=&raquo;3.22&#8243; transparent_background=&raquo;off&raquo;][et_pb_row column_structure=&raquo;1_4,3_4&#8243; use_custom_gutter=&raquo;on&raquo; _builder_version=&raquo;3.25&#8243; background_size=&raquo;initial&raquo; background_position=&raquo;top_left&raquo; background_repeat=&raquo;repeat&raquo; custom_padding=&raquo;27px|0px|30px|0px|false|false&raquo;][et_pb_column type=&raquo;1_4&#8243; _builder_version=&raquo;3.25&#8243; custom_padding=&raquo;|||&raquo; custom_padding__hover=&raquo;|||&raquo;][\/et_pb_column][et_pb_column type=&raquo;3_4&#8243; _builder_version=&raquo;3.25&#8243; custom_padding=&raquo;|||&raquo; custom_padding__hover=&raquo;|||&raquo;][et_pb_text _builder_version=&raquo;3.27.4&#8243; background_size=&raquo;initial&raquo; background_position=&raquo;top_left&raquo; background_repeat=&raquo;repeat&raquo;]<\/p>\n<h4><strong>STIL-prosjektet<\/strong><\/h4>\n<p>[\/et_pb_text][\/et_pb_column][\/et_pb_row][et_pb_row column_structure=&raquo;1_4,3_4&#8243; use_custom_gutter=&raquo;on&raquo; _builder_version=&raquo;3.25&#8243; background_size=&raquo;initial&raquo; background_position=&raquo;top_left&raquo; background_repeat=&raquo;repeat&raquo; custom_padding=&raquo;27px|0px|36px|0px|false|false&raquo;][et_pb_column type=&raquo;1_4&#8243; _builder_version=&raquo;3.25&#8243; custom_padding=&raquo;|||&raquo; custom_padding__hover=&raquo;|||&raquo;][\/et_pb_column][et_pb_column type=&raquo;3_4&#8243; _builder_version=&raquo;3.25&#8243; custom_padding=&raquo;|||&raquo; custom_padding__hover=&raquo;|||&raquo;][et_pb_text _builder_version=&raquo;3.27.4&#8243; background_size=&raquo;initial&raquo; background_position=&raquo;top_left&raquo; background_repeat=&raquo;repeat&raquo;]<\/p>\n<h4><strong>Drama og matematikk &#8211; bruk av roller som endring i samtalem\u00f8nsteret i matematikk<\/strong><\/h4>\n<p><span style=\"background-color: #ffffff;font-size: 14px\"><\/span><\/p>\n<p>[\/et_pb_text][\/et_pb_column][\/et_pb_row][\/et_pb_section][et_pb_section fb_built=&raquo;1&#8243; _builder_version=&raquo;3.22&#8243; transparent_background=&raquo;off&raquo;][et_pb_row column_structure=&raquo;1_4,3_4&#8243; use_custom_gutter=&raquo;on&raquo; _builder_version=&raquo;3.25&#8243; background_size=&raquo;initial&raquo; background_position=&raquo;top_left&raquo; background_repeat=&raquo;repeat&raquo; custom_padding=&raquo;27px|0px|27px|0px|false|false&raquo;][et_pb_column type=&raquo;1_4&#8243; _builder_version=&raquo;3.25&#8243; custom_padding=&raquo;|||&raquo; custom_padding__hover=&raquo;|||&raquo;][\/et_pb_column][et_pb_column type=&raquo;3_4&#8243; _builder_version=&raquo;3.25&#8243; custom_padding=&raquo;|||&raquo; custom_padding__hover=&raquo;|||&raquo;][et_pb_text _builder_version=&raquo;3.27.4&#8243; background_size=&raquo;initial&raquo; background_position=&raquo;top_left&raquo; background_repeat=&raquo;repeat&raquo;]<\/p>\n<h4><strong>Spr\u00e5klig mangfold i klasserommet<\/strong><\/h4>\n<p><span style=\"background-color: #ffffff;font-size: 14px\"><\/span><\/p>\n<p>[\/et_pb_text][\/et_pb_column][\/et_pb_row][\/et_pb_section]<\/p>\n","protected":false},"excerpt":{"rendered":"<p>Prosjekter F\u00f8lgende prosjekter er tilknyttet ProTed ved UiT:\u00a0Forskningsprosjekt:\u00a0Masteroppgaver og metodebruk p\u00e5 grunnskolel\u00e6rerutdanningen ved UiT Siden 2015 har UiT Norges arktiske universitet uteksaminert alle sine grunnskolel\u00e6rere med mastergrad og n\u00e5 kommer resten av landet etter. I den forbindelse er det startet et forskningsprosjekt den hensikt \u00e5 se p\u00e5 variasjon og retning i l\u00e6rerstudentenes forskningsvalg. Les mer [&hellip;]<\/p>\n","protected":false},"author":1078,"featured_media":0,"parent":0,"menu_order":0,"comment_status":"closed","ping_status":"closed","template":"","meta":{"_et_pb_use_builder":"on","_et_pb_old_content":"","_et_gb_content_width":"","footnotes":""},"class_list":["post-162","page","type-page","status-publish","hentry"],"_links":{"self":[{"href":"https:\/\/result.uit.no\/proted\/wp-json\/wp\/v2\/pages\/162","targetHints":{"allow":["GET"]}}],"collection":[{"href":"https:\/\/result.uit.no\/proted\/wp-json\/wp\/v2\/pages"}],"about":[{"href":"https:\/\/result.uit.no\/proted\/wp-json\/wp\/v2\/types\/page"}],"author":[{"embeddable":true,"href":"https:\/\/result.uit.no\/proted\/wp-json\/wp\/v2\/users\/1078"}],"replies":[{"embeddable":true,"href":"https:\/\/result.uit.no\/proted\/wp-json\/wp\/v2\/comments?post=162"}],"version-history":[{"count":0,"href":"https:\/\/result.uit.no\/proted\/wp-json\/wp\/v2\/pages\/162\/revisions"}],"wp:attachment":[{"href":"https:\/\/result.uit.no\/proted\/wp-json\/wp\/v2\/media?parent=162"}],"curies":[{"name":"wp","href":"https:\/\/api.w.org\/{rel}","templated":true}]}}