{"id":27296,"date":"2019-06-18T10:22:34","date_gmt":"2019-06-18T08:22:34","guid":{"rendered":"https:\/\/result.uit.no\/musicificium\/eksempelbank\/harmonikk\/hoved-og-bitreklanger\/hovedtreklanger\/"},"modified":"2024-09-04T10:56:10","modified_gmt":"2024-09-04T08:56:10","slug":"hovedtreklanger","status":"publish","type":"page","link":"https:\/\/result.uit.no\/musicificium\/eksempelbank\/harmonikk\/hoved-og-bitreklanger\/hovedtreklanger\/","title":{"rendered":"Hovedtreklanger"},"content":{"rendered":"<p>[et_pb_section fb_built=&#8221;1&#8243; specialty=&#8221;on&#8221; _builder_version=&#8221;4.16&#8243; global_colors_info=&#8221;{}&#8221;][et_pb_column type=&#8221;3_4&#8243; specialty_columns=&#8221;3&#8243; _builder_version=&#8221;4.16&#8243; custom_padding=&#8221;|||&#8221; global_colors_info=&#8221;{}&#8221; custom_padding__hover=&#8221;|||&#8221;][et_pb_row_inner admin_label=&#8221;Row&#8221; _builder_version=&#8221;4.16&#8243; custom_padding=&#8221;28.2969px|0px|3px|0px|false|false&#8221; global_colors_info=&#8221;{}&#8221;][et_pb_column_inner saved_specialty_column_type=&#8221;3_4&#8243; _builder_version=&#8221;4.16&#8243; custom_padding=&#8221;|||&#8221; global_colors_info=&#8221;{}&#8221; custom_padding__hover=&#8221;|||&#8221;][et_pb_text admin_label=&#8221;Overskrift &#8211; Rytmefigurer med sekstendeler&#8221; _builder_version=&#8221;4.25.1&#8243; background_size=&#8221;initial&#8221; background_position=&#8221;top_left&#8221; background_repeat=&#8221;repeat&#8221; use_border_color=&#8221;off&#8221; border_color=&#8221;#ffffff&#8221; border_style=&#8221;solid&#8221; global_colors_info=&#8221;{}&#8221;]<\/p>\n<h1>Hovedtreklangene i dur og moll:<\/h1>\n<p>&nbsp;<\/p>\n<h3>Tonika (T), Subdominant (S) og Dominant (D)<\/h3>\n<hr \/>\n<h3>Tonic, subdominant and dominant in major and minor<\/h3>\n<div class=\"spot-content\"><\/div>\n<p>[\/et_pb_text][\/et_pb_column_inner][\/et_pb_row_inner][et_pb_row_inner admin_label=&#8221;Row&#8221; _builder_version=&#8221;4.16&#8243; custom_padding=&#8221;28.2969px|0px|3px|0px|false|false&#8221; global_colors_info=&#8221;{}&#8221;][et_pb_column_inner saved_specialty_column_type=&#8221;3_4&#8243; _builder_version=&#8221;4.16&#8243; custom_padding=&#8221;|||&#8221; global_colors_info=&#8221;{}&#8221; custom_padding__hover=&#8221;|||&#8221;][et_pb_text admin_label=&#8221;Overskrift &#8211; Rytmefigurer med sekstendeler&#8221; _builder_version=&#8221;4.25.1&#8243; background_size=&#8221;initial&#8221; background_position=&#8221;top_left&#8221; background_repeat=&#8221;repeat&#8221; use_border_color=&#8221;off&#8221; border_color=&#8221;#ffffff&#8221; border_style=&#8221;solid&#8221; global_colors_info=&#8221;{}&#8221;]<\/p>\n<h2>Tonal kadens\/ Tonal cadence:<\/h2>\n<p>[\/et_pb_text][\/et_pb_column_inner][\/et_pb_row_inner][et_pb_row_inner admin_label=&#8221;Row&#8221; _builder_version=&#8221;4.16&#8243; custom_padding=&#8221;0|0px|0px|0px|false|false&#8221; global_colors_info=&#8221;{}&#8221;][et_pb_column_inner saved_specialty_column_type=&#8221;3_4&#8243; _builder_version=&#8221;4.16&#8243; custom_padding=&#8221;|||&#8221; global_colors_info=&#8221;{}&#8221; custom_padding__hover=&#8221;|||&#8221;][et_pb_text admin_label=&#8221;Eksempelsang+lyd&#8221; _builder_version=&#8221;4.16&#8243; background_size=&#8221;initial&#8221; background_position=&#8221;top_left&#8221; background_repeat=&#8221;repeat&#8221; custom_padding=&#8221;||0px|||&#8221; use_border_color=&#8221;off&#8221; border_color=&#8221;#ffffff&#8221; border_style=&#8221;solid&#8221; global_colors_info=&#8221;{}&#8221;]<\/p>\n<p>&nbsp;<\/p>\n<p><img decoding=\"async\" data-src=\"https:\/\/result.uit.no\/musicificium\/wp-content\/uploads\/sites\/35\/2019\/06\/tonalkadens73-4dur-bak.xml_.png\" width=\"1024\" height=\"248\" alt=\"\" class=\"wp-image-27480 alignnone size-full lazyload\" data-srcset=\"https:\/\/result.uit.no\/musicificium\/wp-content\/uploads\/sites\/35\/2019\/06\/tonalkadens73-4dur-bak.xml_.png 1024w, https:\/\/result.uit.no\/musicificium\/wp-content\/uploads\/sites\/35\/2019\/06\/tonalkadens73-4dur-bak.xml_-300x73.png 300w, https:\/\/result.uit.no\/musicificium\/wp-content\/uploads\/sites\/35\/2019\/06\/tonalkadens73-4dur-bak.xml_-768x186.png 768w\" data-sizes=\"(max-width: 1024px) 100vw, 1024px\" src=\"data:image\/svg+xml;base64,PHN2ZyB3aWR0aD0iMSIgaGVpZ2h0PSIxIiB4bWxucz0iaHR0cDovL3d3dy53My5vcmcvMjAwMC9zdmciPjwvc3ZnPg==\" style=\"--smush-placeholder-width: 1024px; --smush-placeholder-aspect-ratio: 1024\/248;\" \/><\/p>\n<p>&nbsp;<\/p>\n<div class=\"spot-content\"><\/div>\n<div class=\"spot-content\"><\/div>\n<div class=\"spot-content\"><\/div>\n<p>[\/et_pb_text][et_pb_text _builder_version=&#8221;4.25.1&#8243; _module_preset=&#8221;default&#8221; custom_margin=&#8221;-28px|||||&#8221; global_colors_info=&#8221;{}&#8221;]<\/p>\n<h3>Lytt til akkordene<\/h3>\n<p>[\/et_pb_text][\/et_pb_column_inner][\/et_pb_row_inner][et_pb_row_inner column_structure=&#8221;1_2,1_2&#8243; _builder_version=&#8221;4.25.1&#8243; _module_preset=&#8221;default&#8221; global_colors_info=&#8221;{}&#8221;][et_pb_column_inner type=&#8221;1_2&#8243; saved_specialty_column_type=&#8221;3_4&#8243; _builder_version=&#8221;4.25.1&#8243; _module_preset=&#8221;default&#8221; global_colors_info=&#8221;{}&#8221;][et_pb_text _builder_version=&#8221;4.25.1&#8243; _module_preset=&#8221;default&#8221; global_colors_info=&#8221;{}&#8221;]<\/p>\n<audio class=\"wp-audio-shortcode\" id=\"audio-27296-1\" preload=\"none\" style=\"width: 100%;\" controls=\"controls\"><source type=\"audio\/mpeg\" src=\"https:\/\/result.uit.no\/musicificium\/wp-content\/uploads\/sites\/35\/2024\/05\/Klippet-1c-rask.mp3?_=1\" \/><a href=\"https:\/\/result.uit.no\/musicificium\/wp-content\/uploads\/sites\/35\/2024\/05\/Klippet-1c-rask.mp3\">https:\/\/result.uit.no\/musicificium\/wp-content\/uploads\/sites\/35\/2024\/05\/Klippet-1c-rask.mp3<\/a><\/audio>\n<p>[\/et_pb_text][et_pb_text _builder_version=&#8221;4.25.1&#8243; _module_preset=&#8221;default&#8221; global_colors_info=&#8221;{}&#8221;]<\/p>\n<p>Tonal kadens i dur\/ <em>Tonal cadence, major.<\/em><\/p>\n<p>[\/et_pb_text][et_pb_text _builder_version=&#8221;4.25.1&#8243; _module_preset=&#8221;default&#8221; global_colors_info=&#8221;{}&#8221;]<\/p>\n<audio class=\"wp-audio-shortcode\" id=\"audio-27296-2\" preload=\"none\" style=\"width: 100%;\" controls=\"controls\"><source type=\"audio\/mpeg\" src=\"https:\/\/result.uit.no\/musicificium\/wp-content\/uploads\/sites\/35\/2024\/05\/Klippet-1d-rask.mp3?_=2\" \/><a href=\"https:\/\/result.uit.no\/musicificium\/wp-content\/uploads\/sites\/35\/2024\/05\/Klippet-1d-rask.mp3\">https:\/\/result.uit.no\/musicificium\/wp-content\/uploads\/sites\/35\/2024\/05\/Klippet-1d-rask.mp3<\/a><\/audio>\n<p>[\/et_pb_text][et_pb_text _builder_version=&#8221;4.25.1&#8243; _module_preset=&#8221;default&#8221; global_colors_info=&#8221;{}&#8221;]<\/p>\n<p>Tonal kadens i moll\/ <em>Tonal cadence, minor.<\/em><\/p>\n<p>[\/et_pb_text][\/et_pb_column_inner][et_pb_column_inner type=&#8221;1_2&#8243; saved_specialty_column_type=&#8221;3_4&#8243; _builder_version=&#8221;4.25.1&#8243; _module_preset=&#8221;default&#8221; global_colors_info=&#8221;{}&#8221;][et_pb_text _builder_version=&#8221;4.25.1&#8243; _module_preset=&#8221;default&#8221; global_colors_info=&#8221;{}&#8221;]<\/p>\n<audio class=\"wp-audio-shortcode\" id=\"audio-27296-3\" preload=\"none\" style=\"width: 100%;\" controls=\"controls\"><source type=\"audio\/mpeg\" src=\"https:\/\/result.uit.no\/musicificium\/wp-content\/uploads\/sites\/35\/2024\/05\/Klippet-1c-langsom.mp3?_=3\" \/><a href=\"https:\/\/result.uit.no\/musicificium\/wp-content\/uploads\/sites\/35\/2024\/05\/Klippet-1c-langsom.mp3\">https:\/\/result.uit.no\/musicificium\/wp-content\/uploads\/sites\/35\/2024\/05\/Klippet-1c-langsom.mp3<\/a><\/audio>\n<p>[\/et_pb_text][et_pb_text _builder_version=&#8221;4.25.1&#8243; _module_preset=&#8221;default&#8221; global_colors_info=&#8221;{}&#8221;]<\/p>\n<p>Tonal kadens i dur, langsomt tempo\/ <em>slow tempo.<\/em><\/p>\n<p>[\/et_pb_text][et_pb_text _builder_version=&#8221;4.25.1&#8243; _module_preset=&#8221;default&#8221; global_colors_info=&#8221;{}&#8221;]<\/p>\n<audio class=\"wp-audio-shortcode\" id=\"audio-27296-4\" preload=\"none\" style=\"width: 100%;\" controls=\"controls\"><source type=\"audio\/mpeg\" src=\"https:\/\/result.uit.no\/musicificium\/wp-content\/uploads\/sites\/35\/2024\/05\/Klippet-1d-langsom-1.mp3?_=4\" \/><a href=\"https:\/\/result.uit.no\/musicificium\/wp-content\/uploads\/sites\/35\/2024\/05\/Klippet-1d-langsom-1.mp3\">https:\/\/result.uit.no\/musicificium\/wp-content\/uploads\/sites\/35\/2024\/05\/Klippet-1d-langsom-1.mp3<\/a><\/audio>\n<p>[\/et_pb_text][et_pb_text _builder_version=&#8221;4.25.1&#8243; _module_preset=&#8221;default&#8221; global_colors_info=&#8221;{}&#8221;]<\/p>\n<p>Tonal kadens i moll, langsomt tempo\/ <em>slow tempo.<\/em><\/p>\n<p>[\/et_pb_text][\/et_pb_column_inner][\/et_pb_row_inner][et_pb_row_inner _builder_version=&#8221;4.23.4&#8243; _module_preset=&#8221;default&#8221; global_colors_info=&#8221;{}&#8221;][et_pb_column_inner saved_specialty_column_type=&#8221;3_4&#8243; _builder_version=&#8221;4.23.4&#8243; _module_preset=&#8221;default&#8221; global_colors_info=&#8221;{}&#8221;][et_pb_text _builder_version=&#8221;4.24.2&#8243; _module_preset=&#8221;default&#8221; global_colors_info=&#8221;{}&#8221;]<\/p>\n<h2>Auditiv analyse-oppgaver\/ Auditive analysis-exercises<\/h2>\n<p>[\/et_pb_text][\/et_pb_column_inner][\/et_pb_row_inner][et_pb_row_inner column_structure=&#8221;1_3,1_3,1_3&#8243; admin_label=&#8221;Eksempler fra musikklitteraturen&#8221; _builder_version=&#8221;4.16&#8243; custom_padding=&#8221;0px|0px|29px|0px|false|false&#8221; global_colors_info=&#8221;{}&#8221;][et_pb_column_inner type=&#8221;1_3&#8243; saved_specialty_column_type=&#8221;3_4&#8243; _builder_version=&#8221;4.16&#8243; custom_padding=&#8221;|||&#8221; global_colors_info=&#8221;{}&#8221; custom_padding__hover=&#8221;|||&#8221;][et_pb_text _builder_version=&#8221;4.22.2&#8243; global_colors_info=&#8221;{}&#8221;]<\/p>\n<p>En vott er gr\u00f8nn<br \/>(trad.)<\/p>\n<p><iframe title=\"En Vott Er Gr\u00f8nn\" width=\"1080\" height=\"810\" src=\"https:\/\/www.youtube.com\/embed\/mOotDg_9InI?feature=oembed\"  allow=\"accelerometer; autoplay; clipboard-write; encrypted-media; gyroscope; picture-in-picture; web-share\" allowfullscreen><\/iframe><\/p>\n<p>[\/et_pb_text][et_pb_toggle title=&#8221;Materiale&#8221; _builder_version=&#8221;4.23.1&#8243; _module_preset=&#8221;default&#8221; global_colors_info=&#8221;{}&#8221;]<\/p>\n<p><a href=\"https:\/\/result.uit.no\/musicificium\/wp-content\/uploads\/sites\/35\/2023\/11\/En-vott-er-gronn.pdf\" rel=\"attachment noopener wp-att-32709\" target=\"_blank\">Oppgaveark<\/a><\/p>\n<p><a href=\"https:\/\/result.uit.no\/musicificium\/wp-content\/uploads\/sites\/35\/2023\/11\/En-vott-er-gronn-fasit.pdf\" rel=\"attachment noopener wp-att-32710\" target=\"_blank\">Fasit<\/a><\/p>\n<p>[\/et_pb_toggle][et_pb_text _builder_version=&#8221;4.22.2&#8243; global_colors_info=&#8221;{}&#8221;]<\/p>\n<p>Tysk dans nr.1<br \/>(L. von Beethoven)<\/p>\n<p><iframe title=\"Beethoven \u2010 12 German Dances for Orchestra WoO 8 No 1 in C major\" width=\"1080\" height=\"608\" src=\"https:\/\/www.youtube.com\/embed\/WYHmQrfR3w0?feature=oembed\"  allow=\"accelerometer; autoplay; clipboard-write; encrypted-media; gyroscope; picture-in-picture; web-share\" allowfullscreen><\/iframe><\/p>\n<p>[\/et_pb_text][et_pb_toggle title=&#8221;Materiale&#8221; _builder_version=&#8221;4.23.1&#8243; _module_preset=&#8221;default&#8221; global_colors_info=&#8221;{}&#8221;]<\/p>\n<p><a href=\"https:\/\/result.uit.no\/musicificium\/wp-content\/uploads\/sites\/35\/2023\/11\/Tysk-dans.pdf\" rel=\"attachment noopener wp-att-32832\" target=\"_blank\">Tysk dans oppgaveark<\/a><\/p>\n<p><a href=\"https:\/\/result.uit.no\/musicificium\/wp-content\/uploads\/sites\/35\/2023\/11\/Tysk-dans-fasit.pdf\" rel=\"attachment noopener wp-att-32833\" target=\"_blank\">Tysk dans fasit<\/a><\/p>\n<p>&nbsp;<\/p>\n<p>[\/et_pb_toggle][\/et_pb_column_inner][et_pb_column_inner type=&#8221;1_3&#8243; saved_specialty_column_type=&#8221;3_4&#8243; _builder_version=&#8221;4.16&#8243; custom_padding=&#8221;|||&#8221; global_colors_info=&#8221;{}&#8221; custom_padding__hover=&#8221;|||&#8221;][et_pb_text _builder_version=&#8221;4.22.2&#8243; global_colors_info=&#8221;{}&#8221;]<\/p>\n<p>Ein Schusserl<br \/>(L.von Beethoven)<\/p>\n<p><iframe title=\"Beethoven: Variationen \u00fcber 6 Volksweisen, Op.105 - 3. A Sch\u00fcsserl und a Reindl (\u00d6sterreichisch)\" width=\"1080\" height=\"810\" src=\"https:\/\/www.youtube.com\/embed\/QTVuA5ZSAOY?feature=oembed\"  allow=\"accelerometer; autoplay; clipboard-write; encrypted-media; gyroscope; picture-in-picture; web-share\" allowfullscreen><\/iframe><\/p>\n<p>[\/et_pb_text][et_pb_toggle title=&#8221;Materiale&#8221; _builder_version=&#8221;4.23.1&#8243; _module_preset=&#8221;default&#8221; global_colors_info=&#8221;{}&#8221;]<\/p>\n<p><a href=\"https:\/\/result.uit.no\/musicificium\/wp-content\/uploads\/sites\/35\/2023\/11\/A-schusserl-und-a-reinderl.pdf\" rel=\"attachment noopener wp-att-32818\" target=\"_blank\">A schusserl und a reinderl oppgaveark<\/a><\/p>\n<p><a href=\"https:\/\/result.uit.no\/musicificium\/wp-content\/uploads\/sites\/35\/2023\/11\/A-schusserl-und-a-reinderl-fasit.pdf\" rel=\"attachment noopener wp-att-32819\" target=\"_blank\">A schusserl und a reinderl fasit<\/a><\/p>\n<p>[\/et_pb_toggle][\/et_pb_column_inner][et_pb_column_inner type=&#8221;1_3&#8243; saved_specialty_column_type=&#8221;3_4&#8243; _builder_version=&#8221;4.16&#8243; custom_padding=&#8221;|||&#8221; global_colors_info=&#8221;{}&#8221; custom_padding__hover=&#8221;|||&#8221;][et_pb_text _builder_version=&#8221;4.22.2&#8243; global_colors_info=&#8221;{}&#8221;]<\/p>\n<p>Bl\u00e5veispike<br \/>(K. Foss\/R. B\u00f8e)<\/p>\n<p><iframe title=\"Bl\u00e5veispiken\" width=\"1080\" height=\"810\" src=\"https:\/\/www.youtube.com\/embed\/OedEB2VJJO0?feature=oembed\"  allow=\"accelerometer; autoplay; clipboard-write; encrypted-media; gyroscope; picture-in-picture; web-share\" allowfullscreen><\/iframe><\/p>\n<p>[\/et_pb_text][et_pb_toggle title=&#8221;Materiale&#8221; _builder_version=&#8221;4.23.1&#8243; _module_preset=&#8221;default&#8221; global_colors_info=&#8221;{}&#8221;]<\/p>\n<p><a href=\"https:\/\/result.uit.no\/musicificium\/wp-content\/uploads\/sites\/35\/2023\/11\/Blaveispike.pdf\" rel=\"attachment noopener wp-att-32824\" target=\"_blank\">Bl\u00e5veispike oppgaveark<\/a><\/p>\n<p><a href=\"https:\/\/result.uit.no\/musicificium\/wp-content\/uploads\/sites\/35\/2023\/11\/Blaveispike-fasit.pdf\" rel=\"attachment noopener wp-att-32827\" target=\"_blank\">Bl\u00e5veispike fasit<\/a><\/p>\n<p>[\/et_pb_toggle][\/et_pb_column_inner][\/et_pb_row_inner][et_pb_row_inner _builder_version=&#8221;4.16&#8243; global_colors_info=&#8221;{}&#8221;][et_pb_column_inner saved_specialty_column_type=&#8221;3_4&#8243; _builder_version=&#8221;4.16&#8243; custom_padding=&#8221;|||&#8221; global_colors_info=&#8221;{}&#8221; custom_padding__hover=&#8221;|||&#8221;][et_pb_text _builder_version=&#8221;4.24.2&#8243; global_colors_info=&#8221;{}&#8221;]<\/p>\n<h3>Tonal kadens i omvendinger\/ Tonal canence in inversions<\/h3>\n<p>[\/et_pb_text][\/et_pb_column_inner][\/et_pb_row_inner][et_pb_row_inner column_structure=&#8221;1_3,1_3,1_3&#8243; admin_label=&#8221;Eksempler fra musikklitteraturen&#8221; _builder_version=&#8221;4.16&#8243; custom_padding=&#8221;0px|0px|75px|0px|false|false&#8221; global_colors_info=&#8221;{}&#8221;][et_pb_column_inner type=&#8221;1_3&#8243; saved_specialty_column_type=&#8221;3_4&#8243; _builder_version=&#8221;4.16&#8243; custom_padding=&#8221;|||&#8221; global_colors_info=&#8221;{}&#8221; custom_padding__hover=&#8221;|||&#8221;][et_pb_text _builder_version=&#8221;4.25.1&#8243; global_colors_info=&#8221;{}&#8221;]<\/p>\n<p>Du Friedef\u00fcrst<br \/>(J.S. Bach)<\/p>\n<p><iframe title=\"Du Friedef\u00fcrst, Herr Jesu Christ, BWV 67, Chorale Cantata (Chorus)\" width=\"1080\" height=\"810\" src=\"https:\/\/www.youtube.com\/embed\/L5x947dj9UM?feature=oembed\"  allow=\"accelerometer; autoplay; clipboard-write; encrypted-media; gyroscope; picture-in-picture; web-share\" allowfullscreen><\/iframe><\/p>\n<p>Lytt frem til 0:24\/ Listen until 2:24<\/p>\n<p>[\/et_pb_text][et_pb_toggle title=&#8221;Materiale&#8221; _builder_version=&#8221;4.23.1&#8243; _module_preset=&#8221;default&#8221; global_colors_info=&#8221;{}&#8221;]<\/p>\n<p><a href=\"https:\/\/result.uit.no\/musicificium\/wp-content\/uploads\/sites\/35\/2023\/11\/Friedefurst.pdf\" rel=\"attachment noopener wp-att-32838\" target=\"_blank\">Friedefurst oppgaveark<\/a><\/p>\n<p><a href=\"https:\/\/result.uit.no\/musicificium\/wp-content\/uploads\/sites\/35\/2023\/11\/Du-Friedefurst-fasit.pdf\" rel=\"attachment noopener wp-att-32839\" target=\"_blank\">Friedefurst fasit<\/a><\/p>\n<p>&nbsp;<\/p>\n<p>[\/et_pb_toggle][\/et_pb_column_inner][et_pb_column_inner type=&#8221;1_3&#8243; saved_specialty_column_type=&#8221;3_4&#8243; _builder_version=&#8221;4.16&#8243; custom_padding=&#8221;|||&#8221; global_colors_info=&#8221;{}&#8221; custom_padding__hover=&#8221;|||&#8221;][\/et_pb_column_inner][et_pb_column_inner type=&#8221;1_3&#8243; saved_specialty_column_type=&#8221;3_4&#8243; _builder_version=&#8221;4.16&#8243; custom_padding=&#8221;|||&#8221; global_colors_info=&#8221;{}&#8221; custom_padding__hover=&#8221;|||&#8221;][\/et_pb_column_inner][\/et_pb_row_inner][et_pb_row_inner _builder_version=&#8221;4.23.4&#8243; _module_preset=&#8221;default&#8221; global_colors_info=&#8221;{}&#8221;][et_pb_column_inner saved_specialty_column_type=&#8221;3_4&#8243; _builder_version=&#8221;4.23.4&#8243; _module_preset=&#8221;default&#8221; global_colors_info=&#8221;{}&#8221;][et_pb_text _builder_version=&#8221;4.24.2&#8243; _module_preset=&#8221;default&#8221; custom_margin=&#8221;-25px|||||&#8221; global_colors_info=&#8221;{}&#8221;]<\/p>\n<h2>Bassgang\u00f8velser, syng &amp; spill -\u00f8velser<\/h2>\n<hr \/>\n<h3>Exercises with the bass line and sing- and play exercises<\/h3>\n<p>[\/et_pb_text][\/et_pb_column_inner][\/et_pb_row_inner][et_pb_row_inner column_structure=&#8221;1_3,1_3,1_3&#8243; _builder_version=&#8221;4.25.1&#8243; _module_preset=&#8221;default&#8221; custom_margin=&#8221;||-21px|||&#8221; custom_padding=&#8221;3px||64px|||&#8221; global_colors_info=&#8221;{}&#8221;][et_pb_column_inner type=&#8221;1_3&#8243; saved_specialty_column_type=&#8221;3_4&#8243; _builder_version=&#8221;4.25.1&#8243; _module_preset=&#8221;default&#8221; global_colors_info=&#8221;{}&#8221;][et_pb_toggle title=&#8221;Sj\u00f8 og land&#8221; _builder_version=&#8221;4.27.0&#8243; _module_preset=&#8221;default&#8221; global_colors_info=&#8221;{}&#8221;]<\/p>\n<p><a href=\"https:\/\/result.uit.no\/musicificium\/wp-content\/uploads\/sites\/35\/2024\/08\/Bassovelse-Sjo-og-land.pdf\" rel=\"attachment noopener wp-att-35139\" target=\"_blank\">Worksheet<\/a><\/p>\n<p><a href=\"https:\/\/result.uit.no\/musicificium\/wp-content\/uploads\/sites\/35\/2024\/08\/Sjo-og-land-fasit.pdf\" rel=\"attachment noopener wp-att-35140\" target=\"_blank\">Fasit<\/a><\/p>\n<p>&nbsp;<\/p>\n<p>[\/et_pb_toggle][\/et_pb_column_inner][et_pb_column_inner type=&#8221;1_3&#8243; saved_specialty_column_type=&#8221;3_4&#8243; _builder_version=&#8221;4.25.1&#8243; _module_preset=&#8221;default&#8221; global_colors_info=&#8221;{}&#8221;][et_pb_toggle title=&#8221;Alle mann hadde fota&#8221; _builder_version=&#8221;4.25.1&#8243; _module_preset=&#8221;default&#8221; global_colors_info=&#8221;{}&#8221;]<\/p>\n<p><a href=\"https:\/\/result.uit.no\/musicificium\/wp-content\/uploads\/sites\/35\/2024\/06\/Alle-mann-hadde-fotaa.pdf\" rel=\"attachment noopener wp-att-35120\" target=\"_blank\">Worksheet<\/a><\/p>\n<p><a href=\"https:\/\/result.uit.no\/musicificium\/wp-content\/uploads\/sites\/35\/2024\/05\/Alle-mann-hadde-fota-fasit.pdf\" rel=\"attachment noopener wp-att-35092\" target=\"_blank\">Fasit<\/a><\/p>\n<p>&nbsp;<\/p>\n<p>[\/et_pb_toggle][\/et_pb_column_inner][et_pb_column_inner type=&#8221;1_3&#8243; saved_specialty_column_type=&#8221;3_4&#8243; _builder_version=&#8221;4.25.1&#8243; _module_preset=&#8221;default&#8221; global_colors_info=&#8221;{}&#8221;][et_pb_toggle title=&#8221;Kr\u00e5kevisa&#8221; _builder_version=&#8221;4.25.1&#8243; _module_preset=&#8221;default&#8221; global_colors_info=&#8221;{}&#8221;]<\/p>\n<p><a href=\"https:\/\/result.uit.no\/musicificium\/wp-content\/uploads\/sites\/35\/2024\/06\/Krakevisaa.pdf\" rel=\"attachment noopener wp-att-35123\" target=\"_blank\">Worksheet<\/a><\/p>\n<p><a href=\"https:\/\/result.uit.no\/musicificium\/wp-content\/uploads\/sites\/35\/2024\/05\/Krakevisa-fasit.pdf\" rel=\"attachment noopener wp-att-35109\" target=\"_blank\">Fasit<\/a><\/p>\n<p>[\/et_pb_toggle][\/et_pb_column_inner][\/et_pb_row_inner][et_pb_row_inner _builder_version=&#8221;4.25.1&#8243; _module_preset=&#8221;default&#8221; global_colors_info=&#8221;{}&#8221;][et_pb_column_inner saved_specialty_column_type=&#8221;3_4&#8243; _builder_version=&#8221;4.25.1&#8243; _module_preset=&#8221;default&#8221; global_colors_info=&#8221;{}&#8221;][et_pb_text _builder_version=&#8221;4.25.1&#8243; _module_preset=&#8221;default&#8221; global_colors_info=&#8221;{}&#8221;]<\/p>\n<h2>Analyser akkordene i notebildet og quiz<\/h2>\n<hr \/>\n<h3><span>Analyze the chords in the score and quiz<\/span><\/h3>\n<p>[\/et_pb_text][\/et_pb_column_inner][\/et_pb_row_inner][et_pb_row_inner column_structure=&#8221;1_3,1_3,1_3&#8243; _builder_version=&#8221;4.25.1&#8243; _module_preset=&#8221;default&#8221; custom_padding=&#8221;0px||61px|||&#8221; global_colors_info=&#8221;{}&#8221;][et_pb_column_inner type=&#8221;1_3&#8243; saved_specialty_column_type=&#8221;3_4&#8243; _builder_version=&#8221;4.25.1&#8243; _module_preset=&#8221;default&#8221; global_colors_info=&#8221;{}&#8221;][et_pb_toggle title=&#8221;Quiz&#8221; _builder_version=&#8221;4.25.1&#8243; _module_preset=&#8221;default&#8221; global_colors_info=&#8221;{}&#8221;]<\/p>\n<p><a href=\"https:\/\/result.uit.no\/musicificium\/wp-content\/uploads\/sites\/35\/2024\/05\/Teoriquiz-hovedtreklanger-a.pdf\" rel=\"attachment noopener wp-att-35103\" target=\"_blank\">Worksheet<\/a><\/p>\n<p><a href=\"https:\/\/result.uit.no\/musicificium\/wp-content\/uploads\/sites\/35\/2024\/05\/Teoriquiz-hovedtreklanger-fasit.pdf\" rel=\"attachment noopener wp-att-35104\" target=\"_blank\">Fasit<\/a>\u00a0<\/p>\n<p>[\/et_pb_toggle][\/et_pb_column_inner][et_pb_column_inner type=&#8221;1_3&#8243; saved_specialty_column_type=&#8221;3_4&#8243; _builder_version=&#8221;4.25.1&#8243; _module_preset=&#8221;default&#8221; global_colors_info=&#8221;{}&#8221;][\/et_pb_column_inner][et_pb_column_inner type=&#8221;1_3&#8243; saved_specialty_column_type=&#8221;3_4&#8243; _builder_version=&#8221;4.25.1&#8243; _module_preset=&#8221;default&#8221; global_colors_info=&#8221;{}&#8221;][\/et_pb_column_inner][\/et_pb_row_inner][et_pb_row_inner admin_label=&#8221;Eksempler fra musikklitteraturen&#8221; _builder_version=&#8221;4.16&#8243; custom_padding=&#8221;0px|0px|0px|0px&#8221; global_colors_info=&#8221;{}&#8221;][et_pb_column_inner saved_specialty_column_type=&#8221;3_4&#8243; _builder_version=&#8221;4.16&#8243; custom_padding=&#8221;|||&#8221; global_colors_info=&#8221;{}&#8221; custom_padding__hover=&#8221;|||&#8221;][et_pb_text admin_label=&#8221;Overskrift &#8211; Rytmefigurer med sekstendeler&#8221; _builder_version=&#8221;4.24.2&#8243; background_size=&#8221;initial&#8221; background_position=&#8221;top_left&#8221; background_repeat=&#8221;repeat&#8221; use_border_color=&#8221;off&#8221; border_color=&#8221;#ffffff&#8221; border_style=&#8221;solid&#8221; global_colors_info=&#8221;{}&#8221;]<\/p>\n<h2>Plagal kadens\/ forbindelsen Subdominant &#8211; Tonika<\/h2>\n<hr \/>\n<h3>\u00a0Plagal cadence\/ the harmonic connection of Subdominant-Tonic<\/h3>\n<div class=\"spot-content\"><\/div>\n<p>[\/et_pb_text][\/et_pb_column_inner][\/et_pb_row_inner][et_pb_row_inner admin_label=&#8221;Row&#8221; _builder_version=&#8221;4.16&#8243; custom_padding=&#8221;0|0px|28.2969px|0px|false|false&#8221; global_colors_info=&#8221;{}&#8221;][et_pb_column_inner saved_specialty_column_type=&#8221;3_4&#8243; _builder_version=&#8221;4.16&#8243; custom_padding=&#8221;|||&#8221; global_colors_info=&#8221;{}&#8221; custom_padding__hover=&#8221;|||&#8221;][et_pb_text _builder_version=&#8221;4.16&#8243; global_colors_info=&#8221;{}&#8221;]<\/p>\n<p>&nbsp;<\/p>\n<p><img decoding=\"async\" data-src=\"https:\/\/result.uit.no\/musicificium\/wp-content\/uploads\/sites\/35\/2019\/06\/plagalkadensdur.png\" width=\"1024\" height=\"259\" alt=\"\" class=\"wp-image-27489 alignnone size-full lazyload\" data-srcset=\"https:\/\/result.uit.no\/musicificium\/wp-content\/uploads\/sites\/35\/2019\/06\/plagalkadensdur.png 1024w, https:\/\/result.uit.no\/musicificium\/wp-content\/uploads\/sites\/35\/2019\/06\/plagalkadensdur-300x76.png 300w, https:\/\/result.uit.no\/musicificium\/wp-content\/uploads\/sites\/35\/2019\/06\/plagalkadensdur-768x194.png 768w\" data-sizes=\"(max-width: 1024px) 100vw, 1024px\" src=\"data:image\/svg+xml;base64,PHN2ZyB3aWR0aD0iMSIgaGVpZ2h0PSIxIiB4bWxucz0iaHR0cDovL3d3dy53My5vcmcvMjAwMC9zdmciPjwvc3ZnPg==\" style=\"--smush-placeholder-width: 1024px; --smush-placeholder-aspect-ratio: 1024\/259;\" \/><\/p>\n<p>[\/et_pb_text][\/et_pb_column_inner][\/et_pb_row_inner][et_pb_row_inner _builder_version=&#8221;4.23.4&#8243; _module_preset=&#8221;default&#8221; global_colors_info=&#8221;{}&#8221;][et_pb_column_inner saved_specialty_column_type=&#8221;3_4&#8243; _builder_version=&#8221;4.23.4&#8243; _module_preset=&#8221;default&#8221; global_colors_info=&#8221;{}&#8221;][et_pb_text _builder_version=&#8221;4.24.2&#8243; _module_preset=&#8221;default&#8221; global_colors_info=&#8221;{}&#8221;]<\/p>\n<h2>Auditiv analyse-oppgaver\/ Auditive analysis-exercises<\/h2>\n<p>[\/et_pb_text][\/et_pb_column_inner][\/et_pb_row_inner][et_pb_row_inner column_structure=&#8221;1_3,1_3,1_3&#8243; admin_label=&#8221;Row&#8221; _builder_version=&#8221;4.16&#8243; global_colors_info=&#8221;{}&#8221;][et_pb_column_inner type=&#8221;1_3&#8243; saved_specialty_column_type=&#8221;3_4&#8243; _builder_version=&#8221;4.16&#8243; custom_padding=&#8221;|||&#8221; global_colors_info=&#8221;{}&#8221; custom_padding__hover=&#8221;|||&#8221;][et_pb_text _builder_version=&#8221;4.22.2&#8243; global_colors_info=&#8221;{}&#8221;]<\/p>\n<p>Glade jul<br \/>(F. Gr\u00fcber)<\/p>\n<p><iframe title=\"Glade Jul\" width=\"1080\" height=\"810\" src=\"https:\/\/www.youtube.com\/embed\/Glp6jcQ7QBk?feature=oembed\"  allow=\"accelerometer; autoplay; clipboard-write; encrypted-media; gyroscope; picture-in-picture; web-share\" allowfullscreen><\/iframe><\/p>\n<p>[\/et_pb_text][et_pb_toggle title=&#8221;Materiale&#8221; _builder_version=&#8221;4.23.1&#8243; _module_preset=&#8221;default&#8221; global_colors_info=&#8221;{}&#8221;]<\/p>\n<p><a href=\"https:\/\/result.uit.no\/musicificium\/wp-content\/uploads\/sites\/35\/2023\/11\/Glade-jul.pdf\" rel=\"attachment noopener wp-att-32866\" target=\"_blank\">Oppgaveark<\/a><\/p>\n<p><a href=\"https:\/\/result.uit.no\/musicificium\/wp-content\/uploads\/sites\/35\/2023\/11\/Glade-jul-fasit.pdf\" rel=\"attachment noopener wp-att-32867\" target=\"_blank\">Fasit<\/a><\/p>\n<p>[\/et_pb_toggle][\/et_pb_column_inner][et_pb_column_inner type=&#8221;1_3&#8243; saved_specialty_column_type=&#8221;3_4&#8243; _builder_version=&#8221;4.16&#8243; custom_padding=&#8221;|||&#8221; global_colors_info=&#8221;{}&#8221; custom_padding__hover=&#8221;|||&#8221;][et_pb_text _builder_version=&#8221;4.23.1&#8243; global_colors_info=&#8221;{}&#8221;]<\/p>\n<p>Una voce poco fa<br \/>(G. Rossini)<\/p>\n<p><iframe title=\"Rossini: Il barbiere di Siviglia \/ Act 1 - &quot;Una voce poco fa&quot;\" width=\"1080\" height=\"810\" src=\"https:\/\/www.youtube.com\/embed\/XgYRBNxgV7w?start=163&#038;feature=oembed\"  allow=\"accelerometer; autoplay; clipboard-write; encrypted-media; gyroscope; picture-in-picture; web-share\" allowfullscreen><\/iframe><\/p>\n<p>[\/et_pb_text][et_pb_toggle title=&#8221;Materiale&#8221; _builder_version=&#8221;4.23.1&#8243; _module_preset=&#8221;default&#8221; global_colors_info=&#8221;{}&#8221;]<\/p>\n<p><a href=\"https:\/\/result.uit.no\/musicificium\/wp-content\/uploads\/sites\/35\/2023\/11\/Una-voce.pdf\" rel=\"attachment noopener wp-att-32871\" target=\"_blank\">Oppgaveark<\/a><\/p>\n<p><a href=\"https:\/\/result.uit.no\/musicificium\/wp-content\/uploads\/sites\/35\/2023\/11\/Una-voce-fasit.pdf\" rel=\"attachment noopener wp-att-32872\" target=\"_blank\">Fasit<\/a><\/p>\n<p>[\/et_pb_toggle][\/et_pb_column_inner][et_pb_column_inner type=&#8221;1_3&#8243; saved_specialty_column_type=&#8221;3_4&#8243; _builder_version=&#8221;4.16&#8243; custom_padding=&#8221;|||&#8221; global_colors_info=&#8221;{}&#8221; custom_padding__hover=&#8221;|||&#8221;][\/et_pb_column_inner][\/et_pb_row_inner][et_pb_row_inner column_structure=&#8221;1_3,1_3,1_3&#8243; admin_label=&#8221;Row&#8221; _builder_version=&#8221;4.16&#8243; global_colors_info=&#8221;{}&#8221;][et_pb_column_inner type=&#8221;1_3&#8243; saved_specialty_column_type=&#8221;3_4&#8243; _builder_version=&#8221;4.16&#8243; custom_padding=&#8221;|||&#8221; global_colors_info=&#8221;{}&#8221; custom_padding__hover=&#8221;|||&#8221;][et_pb_text _builder_version=&#8221;4.24.2&#8243; global_colors_info=&#8221;{}&#8221;]<\/p>\n<p>Fl\u00f8ytekvartett, k.285,<br \/>\nsats 1<br \/>(W.A. Mozart)<\/p>\n<p><iframe title=\"Flute Quartet No. 1 in D Major, K. 285: I. Allegro\" width=\"1080\" height=\"810\" src=\"https:\/\/www.youtube.com\/embed\/2FV80rmKWfk?feature=oembed\"  allow=\"accelerometer; autoplay; clipboard-write; encrypted-media; gyroscope; picture-in-picture; web-share\" allowfullscreen><\/iframe><\/p>\n<p>[\/et_pb_text][et_pb_toggle title=&#8221;Materiale&#8221; _builder_version=&#8221;4.23.1&#8243; _module_preset=&#8221;default&#8221; global_colors_info=&#8221;{}&#8221;]<\/p>\n<p><a href=\"https:\/\/result.uit.no\/musicificium\/wp-content\/uploads\/sites\/35\/2023\/11\/Mozartfloytekvartett.pdf\" rel=\"attachment noopener wp-att-32880\" target=\"_blank\">Oppgaveark<\/a><\/p>\n<p><a href=\"https:\/\/result.uit.no\/musicificium\/wp-content\/uploads\/sites\/35\/2023\/11\/Mpzartfloytekvartett-fasit.pdf\" rel=\"attachment noopener wp-att-32877\" target=\"_blank\">Fasit<\/a><\/p>\n<p>&nbsp;<\/p>\n<p>[\/et_pb_toggle][\/et_pb_column_inner][et_pb_column_inner type=&#8221;1_3&#8243; saved_specialty_column_type=&#8221;3_4&#8243; _builder_version=&#8221;4.16&#8243; custom_padding=&#8221;|||&#8221; global_colors_info=&#8221;{}&#8221; custom_padding__hover=&#8221;|||&#8221;][et_pb_text _builder_version=&#8221;4.24.2&#8243; global_colors_info=&#8221;{}&#8221;]<\/p>\n<p>Strykekvartett &#8220;Serenade&#8221;,<br \/>sats 2<br \/>(J. Haydn)<\/p>\n<p><iframe title=\"String Quartet in F Major, Op. 3, No. 5, Hob.III:17, &quot;Serenade&quot;: II. Serenade: Andante cantabile\" width=\"1080\" height=\"810\" src=\"https:\/\/www.youtube.com\/embed\/06PeD1h2hzs?feature=oembed\"  allow=\"accelerometer; autoplay; clipboard-write; encrypted-media; gyroscope; picture-in-picture; web-share\" allowfullscreen><\/iframe><\/p>\n<p>[\/et_pb_text][et_pb_toggle title=&#8221;Materiale&#8221; _builder_version=&#8221;4.23.1&#8243; _module_preset=&#8221;default&#8221; global_colors_info=&#8221;{}&#8221;]<\/p>\n<p><a href=\"https:\/\/result.uit.no\/musicificium\/wp-content\/uploads\/sites\/35\/2023\/11\/Haydnserenade.pdf\" rel=\"attachment noopener wp-att-32875\" target=\"_blank\">Oppgaveark<\/a><\/p>\n<p><a href=\"https:\/\/result.uit.no\/musicificium\/wp-content\/uploads\/sites\/35\/2023\/11\/Haydnserenade-fasit.pdf\" rel=\"attachment noopener wp-att-32876\" target=\"_blank\">Fasit<\/a><\/p>\n<p>[\/et_pb_toggle][\/et_pb_column_inner][et_pb_column_inner type=&#8221;1_3&#8243; saved_specialty_column_type=&#8221;3_4&#8243; _builder_version=&#8221;4.16&#8243; custom_padding=&#8221;|||&#8221; global_colors_info=&#8221;{}&#8221; custom_padding__hover=&#8221;|||&#8221;][\/et_pb_column_inner][\/et_pb_row_inner][et_pb_row_inner _builder_version=&#8221;4.23.4&#8243; _module_preset=&#8221;default&#8221; global_colors_info=&#8221;{}&#8221;][et_pb_column_inner saved_specialty_column_type=&#8221;3_4&#8243; _builder_version=&#8221;4.23.4&#8243; _module_preset=&#8221;default&#8221; global_colors_info=&#8221;{}&#8221;][et_pb_text _builder_version=&#8221;4.24.2&#8243; _module_preset=&#8221;default&#8221; global_colors_info=&#8221;{}&#8221;]<\/p>\n<h2>Bassgang\u00f8velser, syng &amp; spill -\u00f8velser<\/h2>\n<hr \/>\n<h3>Exercises with the bass line and sing- and play exercises<\/h3>\n<p>[\/et_pb_text][\/et_pb_column_inner][\/et_pb_row_inner][et_pb_row_inner column_structure=&#8221;1_3,1_3,1_3&#8243; _builder_version=&#8221;4.25.1&#8243; _module_preset=&#8221;default&#8221; global_colors_info=&#8221;{}&#8221;][et_pb_column_inner type=&#8221;1_3&#8243; saved_specialty_column_type=&#8221;3_4&#8243; _builder_version=&#8221;4.25.1&#8243; _module_preset=&#8221;default&#8221; global_colors_info=&#8221;{}&#8221;][et_pb_toggle title=&#8221;Alle fugler&#8221; _builder_version=&#8221;4.27.0&#8243; _module_preset=&#8221;default&#8221; global_colors_info=&#8221;{}&#8221;]<\/p>\n<p><a href=\"https:\/\/result.uit.no\/musicificium\/wp-content\/uploads\/sites\/35\/2024\/08\/Alle-fugler-arbeidsark.pdf\" rel=\"attachment noopener wp-att-35143\" target=\"_blank\"><\/a><a href=\"https:\/\/result.uit.no\/musicificium\/wp-content\/uploads\/sites\/35\/2024\/08\/Alle-fugler-arbeidsarka.pdf\" rel=\"attachment noopener wp-att-35149\" target=\"_blank\">Worksheet<\/a><a href=\"https:\/\/result.uit.no\/musicificium\/wp-content\/uploads\/sites\/35\/2024\/08\/Alle-fugler-arbeidsark.pdf\" rel=\"attachment noopener wp-att-35143\" target=\"_blank\"><\/a><\/p>\n<p><a href=\"https:\/\/result.uit.no\/musicificium\/wp-content\/uploads\/sites\/35\/2024\/08\/Alle-fugler-fasit.pdf\" rel=\"attachment noopener wp-att-35145\" target=\"_blank\">Fasit<\/a><\/p>\n<p>&nbsp;<\/p>\n<p>[\/et_pb_toggle][\/et_pb_column_inner][et_pb_column_inner type=&#8221;1_3&#8243; saved_specialty_column_type=&#8221;3_4&#8243; _builder_version=&#8221;4.25.1&#8243; _module_preset=&#8221;default&#8221; global_colors_info=&#8221;{}&#8221;][et_pb_toggle title=&#8221;S\u00e5g du noko&#8221; _builder_version=&#8221;4.27.0&#8243; _module_preset=&#8221;default&#8221; hover_enabled=&#8221;0&#8243; global_colors_info=&#8221;{}&#8221; sticky_enabled=&#8221;0&#8243;]<\/p>\n<p><a href=\"https:\/\/result.uit.no\/musicificium\/wp-content\/uploads\/sites\/35\/2024\/09\/Sag-du-noko-arbeidsark.pdf\" rel=\"attachment noopener wp-att-35168\" target=\"_blank\">Worksheet<\/a><\/p>\n<p><a href=\"https:\/\/result.uit.no\/musicificium\/wp-content\/uploads\/sites\/35\/2024\/09\/Sag-du-noko-fasit.pdf\" rel=\"attachment noopener wp-att-35169\" target=\"_blank\">Fasit<\/a><\/p>\n<p>&nbsp;<\/p>\n<p>[\/et_pb_toggle][\/et_pb_column_inner][et_pb_column_inner type=&#8221;1_3&#8243; saved_specialty_column_type=&#8221;3_4&#8243; _builder_version=&#8221;4.25.1&#8243; _module_preset=&#8221;default&#8221; global_colors_info=&#8221;{}&#8221;][et_pb_toggle title=&#8221;Menuett&#8221; _builder_version=&#8221;4.25.1&#8243; _module_preset=&#8221;default&#8221; global_colors_info=&#8221;{}&#8221;]<\/p>\n<p><a href=\"https:\/\/result.uit.no\/musicificium\/wp-content\/uploads\/sites\/35\/2024\/06\/Bachmenuett.pdf\" rel=\"attachment noopener wp-att-35114\" target=\"_blank\">Worksheet<\/a><\/p>\n<p><a href=\"https:\/\/result.uit.no\/musicificium\/wp-content\/uploads\/sites\/35\/2024\/06\/Bachmenuett-fasit.pdf\" rel=\"attachment noopener wp-att-35115\" target=\"_blank\">Fasit<\/a><\/p>\n<p>[\/et_pb_toggle][\/et_pb_column_inner][\/et_pb_row_inner][et_pb_row_inner _builder_version=&#8221;4.25.1&#8243; _module_preset=&#8221;default&#8221; global_colors_info=&#8221;{}&#8221;][et_pb_column_inner saved_specialty_column_type=&#8221;3_4&#8243; _builder_version=&#8221;4.25.1&#8243; _module_preset=&#8221;default&#8221; global_colors_info=&#8221;{}&#8221;][et_pb_text _builder_version=&#8221;4.25.1&#8243; _module_preset=&#8221;default&#8221; global_colors_info=&#8221;{}&#8221;]<\/p>\n<h2>Analyser akkordene i notebildet og quiz<\/h2>\n<hr \/>\n<h3><span>Analyze the chords in the score and quiz<\/span><\/h3>\n<p>[\/et_pb_text][\/et_pb_column_inner][\/et_pb_row_inner][\/et_pb_column][et_pb_column type=&#8221;1_4&#8243; _builder_version=&#8221;4.16&#8243; custom_padding=&#8221;|||&#8221; global_colors_info=&#8221;{}&#8221; custom_padding__hover=&#8221;|||&#8221;][et_pb_text _builder_version=&#8221;4.22.2&#8243; global_colors_info=&#8221;{}&#8221;]<\/p>\n<p><img decoding=\"async\" data-src=\"https:\/\/result.uit.no\/musicificium\/wp-content\/smush-webp\/sites\/35\/2023\/09\/Aurorabilder-harmoniske-vendinger-6-1024x723.jpg.webp\" width=\"1024\" height=\"723\" alt=\"\" class=\"wp-image-30487 alignnone size-large lazyload\" data-srcset=\"https:\/\/result.uit.no\/musicificium\/wp-content\/smush-webp\/sites\/35\/2023\/09\/Aurorabilder-harmoniske-vendinger-6-980x692.jpg.webp 980w, https:\/\/result.uit.no\/musicificium\/wp-content\/smush-webp\/sites\/35\/2023\/09\/Aurorabilder-harmoniske-vendinger-6-480x339.jpg.webp 480w\" data-sizes=\"(min-width: 0px) and (max-width: 480px) 480px, (min-width: 481px) and (max-width: 980px) 980px, (min-width: 981px) 1024px, 100vw\" src=\"data:image\/svg+xml;base64,PHN2ZyB3aWR0aD0iMSIgaGVpZ2h0PSIxIiB4bWxucz0iaHR0cDovL3d3dy53My5vcmcvMjAwMC9zdmciPjwvc3ZnPg==\" style=\"--smush-placeholder-width: 1024px; --smush-placeholder-aspect-ratio: 1024\/723;\" \/><\/p>\n<p>[\/et_pb_text][\/et_pb_column][\/et_pb_section]<\/p>\n","protected":false},"excerpt":{"rendered":"<p>Hovedtreklangene i dur og moll: &nbsp; Tonika (T), Subdominant (S) og Dominant (D) Tonic, subdominant and dominant in major and minor Tonal kadens\/ Tonal cadence:&nbsp; &nbsp; Lytt til akkordeneTonal kadens i dur\/ Tonal cadence, major.Tonal kadens i moll\/ Tonal cadence, minor.Tonal kadens i dur, langsomt tempo\/ slow tempo.Tonal kadens i moll, langsomt tempo\/ slow tempo.Auditiv [&hellip;]<\/p>\n","protected":false},"author":856,"featured_media":0,"parent":27279,"menu_order":1,"comment_status":"closed","ping_status":"closed","template":"","meta":{"_et_pb_use_builder":"on","_et_pb_old_content":"","_et_gb_content_width":"","iawp_total_views":276,"footnotes":""},"class_list":["post-27296","page","type-page","status-publish","hentry"],"yoast_head":"<!-- This site is optimized with the Yoast SEO plugin v27.5 - https:\/\/yoast.com\/product\/yoast-seo-wordpress\/ -->\n<title>Hovedtreklanger - Musicificium<\/title>\n<meta name=\"robots\" content=\"index, follow, max-snippet:-1, max-image-preview:large, max-video-preview:-1\" \/>\n<link rel=\"canonical\" href=\"https:\/\/result.uit.no\/musicificium\/eksempelbank\/harmonikk\/hoved-og-bitreklanger\/hovedtreklanger\/\" \/>\n<script type=\"application\/ld+json\" class=\"yoast-schema-graph\">{\"@context\":\"https:\\\/\\\/schema.org\",\"@graph\":[{\"@type\":\"WebPage\",\"@id\":\"https:\\\/\\\/result.uit.no\\\/musicificium\\\/eksempelbank\\\/harmonikk\\\/hoved-og-bitreklanger\\\/hovedtreklanger\\\/\",\"url\":\"https:\\\/\\\/result.uit.no\\\/musicificium\\\/eksempelbank\\\/harmonikk\\\/hoved-og-bitreklanger\\\/hovedtreklanger\\\/\",\"name\":\"Hovedtreklanger - Musicificium\",\"isPartOf\":{\"@id\":\"https:\\\/\\\/result.uit.no\\\/musicificium\\\/#website\"},\"primaryImageOfPage\":{\"@id\":\"https:\\\/\\\/result.uit.no\\\/musicificium\\\/eksempelbank\\\/harmonikk\\\/hoved-og-bitreklanger\\\/hovedtreklanger\\\/#primaryimage\"},\"image\":{\"@id\":\"https:\\\/\\\/result.uit.no\\\/musicificium\\\/eksempelbank\\\/harmonikk\\\/hoved-og-bitreklanger\\\/hovedtreklanger\\\/#primaryimage\"},\"thumbnailUrl\":\"https:\\\/\\\/result.uit.no\\\/musicificium\\\/wp-content\\\/uploads\\\/sites\\\/35\\\/2019\\\/06\\\/tonalkadens73-4dur-bak.xml_.png\",\"datePublished\":\"2019-06-18T08:22:34+00:00\",\"dateModified\":\"2024-09-04T08:56:10+00:00\",\"breadcrumb\":{\"@id\":\"https:\\\/\\\/result.uit.no\\\/musicificium\\\/eksempelbank\\\/harmonikk\\\/hoved-og-bitreklanger\\\/hovedtreklanger\\\/#breadcrumb\"},\"inLanguage\":\"en-GB\",\"potentialAction\":[{\"@type\":\"ReadAction\",\"target\":[\"https:\\\/\\\/result.uit.no\\\/musicificium\\\/eksempelbank\\\/harmonikk\\\/hoved-og-bitreklanger\\\/hovedtreklanger\\\/\"]}]},{\"@type\":\"ImageObject\",\"inLanguage\":\"en-GB\",\"@id\":\"https:\\\/\\\/result.uit.no\\\/musicificium\\\/eksempelbank\\\/harmonikk\\\/hoved-og-bitreklanger\\\/hovedtreklanger\\\/#primaryimage\",\"url\":\"https:\\\/\\\/result.uit.no\\\/musicificium\\\/wp-content\\\/uploads\\\/sites\\\/35\\\/2019\\\/06\\\/tonalkadens73-4dur-bak.xml_.png\",\"contentUrl\":\"https:\\\/\\\/result.uit.no\\\/musicificium\\\/wp-content\\\/uploads\\\/sites\\\/35\\\/2019\\\/06\\\/tonalkadens73-4dur-bak.xml_.png\",\"width\":1024,\"height\":248,\"caption\":\"Notebilde av kadens.\"},{\"@type\":\"BreadcrumbList\",\"@id\":\"https:\\\/\\\/result.uit.no\\\/musicificium\\\/eksempelbank\\\/harmonikk\\\/hoved-og-bitreklanger\\\/hovedtreklanger\\\/#breadcrumb\",\"itemListElement\":[{\"@type\":\"ListItem\",\"position\":1,\"name\":\"Home\",\"item\":\"https:\\\/\\\/result.uit.no\\\/musicificium\\\/\"},{\"@type\":\"ListItem\",\"position\":2,\"name\":\"Eksempelbank\",\"item\":\"https:\\\/\\\/result.uit.no\\\/musicificium\\\/eksempelbank\\\/\"},{\"@type\":\"ListItem\",\"position\":3,\"name\":\"Harmonikk\",\"item\":\"https:\\\/\\\/result.uit.no\\\/musicificium\\\/eksempelbank\\\/harmonikk\\\/\"},{\"@type\":\"ListItem\",\"position\":4,\"name\":\"Hoved- og bitreklanger\",\"item\":\"https:\\\/\\\/result.uit.no\\\/musicificium\\\/eksempelbank\\\/harmonikk\\\/hoved-og-bitreklanger\\\/\"},{\"@type\":\"ListItem\",\"position\":5,\"name\":\"Hovedtreklanger\"}]},{\"@type\":\"WebSite\",\"@id\":\"https:\\\/\\\/result.uit.no\\\/musicificium\\\/#website\",\"url\":\"https:\\\/\\\/result.uit.no\\\/musicificium\\\/\",\"name\":\"Musicificium\",\"description\":\"En inspirasjonsbank for geh\u00f8rundervisning!\",\"publisher\":{\"@id\":\"https:\\\/\\\/result.uit.no\\\/musicificium\\\/#organization\"},\"potentialAction\":[{\"@type\":\"SearchAction\",\"target\":{\"@type\":\"EntryPoint\",\"urlTemplate\":\"https:\\\/\\\/result.uit.no\\\/musicificium\\\/?s={search_term_string}\"},\"query-input\":{\"@type\":\"PropertyValueSpecification\",\"valueRequired\":true,\"valueName\":\"search_term_string\"}}],\"inLanguage\":\"en-GB\"},{\"@type\":\"Organization\",\"@id\":\"https:\\\/\\\/result.uit.no\\\/musicificium\\\/#organization\",\"name\":\"UiT\",\"url\":\"https:\\\/\\\/result.uit.no\\\/musicificium\\\/\",\"logo\":{\"@type\":\"ImageObject\",\"inLanguage\":\"en-GB\",\"@id\":\"https:\\\/\\\/result.uit.no\\\/musicificium\\\/#\\\/schema\\\/logo\\\/image\\\/\",\"url\":\"https:\\\/\\\/result.uit.no\\\/musicificium\\\/wp-content\\\/uploads\\\/sites\\\/35\\\/2024\\\/11\\\/UiT_Segl_Eng_Bla_960px.png\",\"contentUrl\":\"https:\\\/\\\/result.uit.no\\\/musicificium\\\/wp-content\\\/uploads\\\/sites\\\/35\\\/2024\\\/11\\\/UiT_Segl_Eng_Bla_960px.png\",\"width\":960,\"height\":960,\"caption\":\"UiT\"},\"image\":{\"@id\":\"https:\\\/\\\/result.uit.no\\\/musicificium\\\/#\\\/schema\\\/logo\\\/image\\\/\"}}]}<\/script>\n<!-- \/ Yoast SEO plugin. -->","yoast_head_json":{"title":"Hovedtreklanger - Musicificium","robots":{"index":"index","follow":"follow","max-snippet":"max-snippet:-1","max-image-preview":"max-image-preview:large","max-video-preview":"max-video-preview:-1"},"canonical":"https:\/\/result.uit.no\/musicificium\/eksempelbank\/harmonikk\/hoved-og-bitreklanger\/hovedtreklanger\/","schema":{"@context":"https:\/\/schema.org","@graph":[{"@type":"WebPage","@id":"https:\/\/result.uit.no\/musicificium\/eksempelbank\/harmonikk\/hoved-og-bitreklanger\/hovedtreklanger\/","url":"https:\/\/result.uit.no\/musicificium\/eksempelbank\/harmonikk\/hoved-og-bitreklanger\/hovedtreklanger\/","name":"Hovedtreklanger - Musicificium","isPartOf":{"@id":"https:\/\/result.uit.no\/musicificium\/#website"},"primaryImageOfPage":{"@id":"https:\/\/result.uit.no\/musicificium\/eksempelbank\/harmonikk\/hoved-og-bitreklanger\/hovedtreklanger\/#primaryimage"},"image":{"@id":"https:\/\/result.uit.no\/musicificium\/eksempelbank\/harmonikk\/hoved-og-bitreklanger\/hovedtreklanger\/#primaryimage"},"thumbnailUrl":"https:\/\/result.uit.no\/musicificium\/wp-content\/uploads\/sites\/35\/2019\/06\/tonalkadens73-4dur-bak.xml_.png","datePublished":"2019-06-18T08:22:34+00:00","dateModified":"2024-09-04T08:56:10+00:00","breadcrumb":{"@id":"https:\/\/result.uit.no\/musicificium\/eksempelbank\/harmonikk\/hoved-og-bitreklanger\/hovedtreklanger\/#breadcrumb"},"inLanguage":"en-GB","potentialAction":[{"@type":"ReadAction","target":["https:\/\/result.uit.no\/musicificium\/eksempelbank\/harmonikk\/hoved-og-bitreklanger\/hovedtreklanger\/"]}]},{"@type":"ImageObject","inLanguage":"en-GB","@id":"https:\/\/result.uit.no\/musicificium\/eksempelbank\/harmonikk\/hoved-og-bitreklanger\/hovedtreklanger\/#primaryimage","url":"https:\/\/result.uit.no\/musicificium\/wp-content\/uploads\/sites\/35\/2019\/06\/tonalkadens73-4dur-bak.xml_.png","contentUrl":"https:\/\/result.uit.no\/musicificium\/wp-content\/uploads\/sites\/35\/2019\/06\/tonalkadens73-4dur-bak.xml_.png","width":1024,"height":248,"caption":"Notebilde av kadens."},{"@type":"BreadcrumbList","@id":"https:\/\/result.uit.no\/musicificium\/eksempelbank\/harmonikk\/hoved-og-bitreklanger\/hovedtreklanger\/#breadcrumb","itemListElement":[{"@type":"ListItem","position":1,"name":"Home","item":"https:\/\/result.uit.no\/musicificium\/"},{"@type":"ListItem","position":2,"name":"Eksempelbank","item":"https:\/\/result.uit.no\/musicificium\/eksempelbank\/"},{"@type":"ListItem","position":3,"name":"Harmonikk","item":"https:\/\/result.uit.no\/musicificium\/eksempelbank\/harmonikk\/"},{"@type":"ListItem","position":4,"name":"Hoved- og bitreklanger","item":"https:\/\/result.uit.no\/musicificium\/eksempelbank\/harmonikk\/hoved-og-bitreklanger\/"},{"@type":"ListItem","position":5,"name":"Hovedtreklanger"}]},{"@type":"WebSite","@id":"https:\/\/result.uit.no\/musicificium\/#website","url":"https:\/\/result.uit.no\/musicificium\/","name":"Musicificium","description":"En inspirasjonsbank for geh\u00f8rundervisning!","publisher":{"@id":"https:\/\/result.uit.no\/musicificium\/#organization"},"potentialAction":[{"@type":"SearchAction","target":{"@type":"EntryPoint","urlTemplate":"https:\/\/result.uit.no\/musicificium\/?s={search_term_string}"},"query-input":{"@type":"PropertyValueSpecification","valueRequired":true,"valueName":"search_term_string"}}],"inLanguage":"en-GB"},{"@type":"Organization","@id":"https:\/\/result.uit.no\/musicificium\/#organization","name":"UiT","url":"https:\/\/result.uit.no\/musicificium\/","logo":{"@type":"ImageObject","inLanguage":"en-GB","@id":"https:\/\/result.uit.no\/musicificium\/#\/schema\/logo\/image\/","url":"https:\/\/result.uit.no\/musicificium\/wp-content\/uploads\/sites\/35\/2024\/11\/UiT_Segl_Eng_Bla_960px.png","contentUrl":"https:\/\/result.uit.no\/musicificium\/wp-content\/uploads\/sites\/35\/2024\/11\/UiT_Segl_Eng_Bla_960px.png","width":960,"height":960,"caption":"UiT"},"image":{"@id":"https:\/\/result.uit.no\/musicificium\/#\/schema\/logo\/image\/"}}]}},"_links":{"self":[{"href":"https:\/\/result.uit.no\/musicificium\/wp-json\/wp\/v2\/pages\/27296","targetHints":{"allow":["GET"]}}],"collection":[{"href":"https:\/\/result.uit.no\/musicificium\/wp-json\/wp\/v2\/pages"}],"about":[{"href":"https:\/\/result.uit.no\/musicificium\/wp-json\/wp\/v2\/types\/page"}],"author":[{"embeddable":true,"href":"https:\/\/result.uit.no\/musicificium\/wp-json\/wp\/v2\/users\/856"}],"replies":[{"embeddable":true,"href":"https:\/\/result.uit.no\/musicificium\/wp-json\/wp\/v2\/comments?post=27296"}],"version-history":[{"count":0,"href":"https:\/\/result.uit.no\/musicificium\/wp-json\/wp\/v2\/pages\/27296\/revisions"}],"up":[{"embeddable":true,"href":"https:\/\/result.uit.no\/musicificium\/wp-json\/wp\/v2\/pages\/27279"}],"wp:attachment":[{"href":"https:\/\/result.uit.no\/musicificium\/wp-json\/wp\/v2\/media?parent=27296"}],"curies":[{"name":"wp","href":"https:\/\/api.w.org\/{rel}","templated":true}]}}