{"id":26717,"date":"2018-10-09T11:38:44","date_gmt":"2018-10-09T09:38:44","guid":{"rendered":"https:\/\/result.uit.no\/musicificium\/eksempelbank\/strukturer-i-fritonal-musikk\/hel-halvskala-dimskala\/"},"modified":"2025-10-30T13:08:06","modified_gmt":"2025-10-30T12:08:06","slug":"hel-halvskala-dimskala","status":"publish","type":"page","link":"https:\/\/result.uit.no\/musicificium\/eksempelbank\/strukturer-i-fritonal-musikk\/hel-halvskala-dimskala\/","title":{"rendered":"Hel-halvskala (dimskala)"},"content":{"rendered":"<p>[et_pb_section fb_built=&#8221;1&#8243; specialty=&#8221;on&#8221; _builder_version=&#8221;4.16&#8243; global_colors_info=&#8221;{}&#8221;][et_pb_column type=&#8221;3_4&#8243; specialty_columns=&#8221;3&#8243; _builder_version=&#8221;4.16&#8243; custom_padding=&#8221;|||&#8221; global_colors_info=&#8221;{}&#8221; custom_padding__hover=&#8221;|||&#8221;][et_pb_row_inner admin_label=&#8221;Row&#8221; _builder_version=&#8221;4.16&#8243; global_colors_info=&#8221;{}&#8221;][et_pb_column_inner saved_specialty_column_type=&#8221;3_4&#8243; _builder_version=&#8221;4.16&#8243; custom_padding=&#8221;|||&#8221; global_colors_info=&#8221;{}&#8221; custom_padding__hover=&#8221;|||&#8221;][et_pb_text admin_label=&#8221;Overskrift &#8211; hel-halvskala&#8221; _builder_version=&#8221;4.24.2&#8243; use_border_color=&#8221;off&#8221; global_colors_info=&#8221;{}&#8221;]<\/p>\n<h1>Hel-halvskala (dimskala)<\/h1>\n<hr \/>\n<div class=\"spot-content\">\n<h3>The diminished scale<\/h3>\n<\/div>\n<div class=\"spot-content\"><\/div>\n<p>[\/et_pb_text][et_pb_text admin_label=&#8221;Eksempelsang+lyd&#8221; _builder_version=&#8221;4.24.2&#8243; use_border_color=&#8221;off&#8221; border_color=&#8221;#ffffff&#8221; border_style=&#8221;solid&#8221; global_colors_info=&#8221;{}&#8221;]<\/p>\n<p><img decoding=\"async\" class=\"alignnone wp-image-26720 size-full lazyload\" data-src=\"https:\/\/result.uit.no\/musicificium\/wp-content\/uploads\/sites\/35\/2018\/10\/Helhalv.png\" alt=\"\" width=\"825\" height=\"76\" data-srcset=\"https:\/\/result.uit.no\/musicificium\/wp-content\/uploads\/sites\/35\/2018\/10\/Helhalv.png 825w, https:\/\/result.uit.no\/musicificium\/wp-content\/uploads\/sites\/35\/2018\/10\/Helhalv-300x28.png 300w, https:\/\/result.uit.no\/musicificium\/wp-content\/uploads\/sites\/35\/2018\/10\/Helhalv-768x71.png 768w\" data-sizes=\"(max-width: 825px) 100vw, 825px\" src=\"data:image\/svg+xml;base64,PHN2ZyB3aWR0aD0iMSIgaGVpZ2h0PSIxIiB4bWxucz0iaHR0cDovL3d3dy53My5vcmcvMjAwMC9zdmciPjwvc3ZnPg==\" style=\"--smush-placeholder-width: 825px; --smush-placeholder-aspect-ratio: 825\/76;\" \/><\/p>\n<p>[\/et_pb_text][et_pb_text admin_label=&#8221;tekst&#8221; _builder_version=&#8221;4.24.2&#8243; use_border_color=&#8221;off&#8221; global_colors_info=&#8221;{}&#8221;]<\/p>\n<p>Skalaen er en <em>oktatonisk skala<\/em>, alts\u00e5 en skala som best\u00e5r av \u00e5tte ulike toner. Den er ogs\u00e5 kjent som Messiaens andre modus.<\/p>\n<p><em>The scale is octatonic, consisting of eight different tones in each octave. It&#8217;s also known as Messiaens second mode.<\/em>\u00a0<\/p>\n<div class=\"spot-content\"><\/div>\n<div class=\"spot-content\"><\/div>\n<div class=\"spot-content\"><\/div>\n<p>[\/et_pb_text][\/et_pb_column_inner][\/et_pb_row_inner][et_pb_row_inner admin_label=&#8221;Eksempler fra musikklitteraturen&#8221; _builder_version=&#8221;4.16&#8243; custom_padding=&#8221;0px|0px|0px|0px&#8221; global_colors_info=&#8221;{}&#8221;][et_pb_column_inner saved_specialty_column_type=&#8221;3_4&#8243; _builder_version=&#8221;4.16&#8243; custom_padding=&#8221;|||&#8221; global_colors_info=&#8221;{}&#8221; custom_padding__hover=&#8221;|||&#8221;][et_pb_text admin_label=&#8221;Eksempler fra musikklitteraturen (label)&#8221; _builder_version=&#8221;4.16&#8243; background_size=&#8221;initial&#8221; background_position=&#8221;top_left&#8221; background_repeat=&#8221;repeat&#8221; use_border_color=&#8221;off&#8221; border_style=&#8221;solid&#8221; saved_tabs=&#8221;all&#8221; global_colors_info=&#8221;{}&#8221;]<\/p>\n<h2>Eksempler fra musikklitteraturen<\/h2>\n<p>[\/et_pb_text][\/et_pb_column_inner][\/et_pb_row_inner][et_pb_row_inner column_structure=&#8221;1_3,1_3,1_3&#8243; admin_label=&#8221;Row&#8221; _builder_version=&#8221;4.16&#8243; global_colors_info=&#8221;{}&#8221;][et_pb_column_inner type=&#8221;1_3&#8243; saved_specialty_column_type=&#8221;3_4&#8243; _builder_version=&#8221;4.16&#8243; custom_padding=&#8221;|||&#8221; global_colors_info=&#8221;{}&#8221; custom_padding__hover=&#8221;|||&#8221;][et_pb_text _builder_version=&#8221;4.16&#8243; use_border_color=&#8221;off&#8221; global_colors_info=&#8221;{}&#8221;]The Gadfly suite, Finale<br \/>\n(D. Shostakovitsj)<br \/>\n[\/et_pb_text][et_pb_text admin_label=&#8221;Spotifylenke&#8221; _builder_version=&#8221;4.22.2&#8243; use_border_color=&#8221;off&#8221; global_colors_info=&#8221;{}&#8221;]<\/p>\n<p><iframe title=\"The Gadfly Suite, Op. 97a: XII. Finale\" width=\"1080\" height=\"810\" src=\"https:\/\/www.youtube.com\/embed\/51ovcst5wOQ?feature=oembed\"  allow=\"accelerometer; autoplay; clipboard-write; encrypted-media; gyroscope; picture-in-picture; web-share\" allowfullscreen><\/iframe><\/p>\n<p>[\/et_pb_text][et_pb_toggle title=&#8221;Les mer\/ Read more&#8221; _builder_version=&#8221;4.24.2&#8243; _module_preset=&#8221;default&#8221; global_colors_info=&#8221;{}&#8221;]<\/p>\n<p>Hel-halvskalaen kan h\u00f8res i trompetstemmen i introduksjonen.<\/p>\n<p><em>The diminished scale is played in the trumpet part in the piece&#8217;s introduction.<\/em><\/p>\n<p>[\/et_pb_toggle][et_pb_text admin_label=&#8221;Noter&#8221; _builder_version=&#8221;4.16&#8243; use_border_color=&#8221;off&#8221; border_color=&#8221;#ffffff&#8221; border_style=&#8221;solid&#8221; global_colors_info=&#8221;{}&#8221; custom_padding=&#8221;||0px|||&#8221;][\/et_pb_text][\/et_pb_column_inner][et_pb_column_inner type=&#8221;1_3&#8243; saved_specialty_column_type=&#8221;3_4&#8243; _builder_version=&#8221;4.16&#8243; custom_padding=&#8221;|||&#8221; global_colors_info=&#8221;{}&#8221; custom_padding__hover=&#8221;|||&#8221;][et_pb_text _builder_version=&#8221;4.16&#8243; use_border_color=&#8221;off&#8221; global_colors_info=&#8221;{}&#8221;]<\/p>\n<p>A riveder le stelle<br \/> (I. Lidholm)<\/p>\n<p>[\/et_pb_text][et_pb_text admin_label=&#8221;Spotifylenke&#8221; _builder_version=&#8221;4.24.0&#8243; use_border_color=&#8221;off&#8221; global_colors_info=&#8221;{}&#8221;]<\/p>\n<p><iframe title=\"A riveder le stelle\" width=\"1080\" height=\"810\" src=\"https:\/\/www.youtube.com\/embed\/y7_vvEuAYOc?feature=oembed\"  allow=\"accelerometer; autoplay; clipboard-write; encrypted-media; gyroscope; picture-in-picture; web-share\" allowfullscreen><\/iframe><\/p>\n<p>[\/et_pb_text][et_pb_toggle title=&#8221;Les mer\/ Read more&#8221; _builder_version=&#8221;4.24.2&#8243; _module_preset=&#8221;default&#8221; global_colors_info=&#8221;{}&#8221;]<\/p>\n<p>Temaet er basert p\u00e5 en oppadg\u00e5ende dimskala (alle tonetrinn i skalaen bortsett fra trinn 7). Skalaen kan h\u00f8res i ulike stemmer fra ca 9.minutter.<\/p>\n<p><em>The theme is based on an ascending diminished scale and includes all scale degrees except from the seventh. The scale is sung by various voices from ca 9 minutes.<\/em><\/p>\n<p>[\/et_pb_toggle][et_pb_text admin_label=&#8221;Spotifylenke&#8221; _builder_version=&#8221;4.16&#8243; use_border_color=&#8221;off&#8221; border_color=&#8221;#ffffff&#8221; border_style=&#8221;solid&#8221; global_colors_info=&#8221;{}&#8221;][\/et_pb_text][et_pb_text admin_label=&#8221;Noter&#8221; _builder_version=&#8221;4.16&#8243; use_border_color=&#8221;off&#8221; border_color=&#8221;#ffffff&#8221; border_style=&#8221;solid&#8221; global_colors_info=&#8221;{}&#8221;][\/et_pb_text][et_pb_text _builder_version=&#8221;4.16&#8243; use_border_color=&#8221;off&#8221; border_color=&#8221;#ffffff&#8221; border_style=&#8221;solid&#8221; global_colors_info=&#8221;{}&#8221;][\/et_pb_text][et_pb_text admin_label=&#8221;Spotifylenke&#8221; _builder_version=&#8221;4.16&#8243; use_border_color=&#8221;off&#8221; border_color=&#8221;#ffffff&#8221; border_style=&#8221;solid&#8221; global_colors_info=&#8221;{}&#8221;][\/et_pb_text][\/et_pb_column_inner][et_pb_column_inner type=&#8221;1_3&#8243; saved_specialty_column_type=&#8221;3_4&#8243; _builder_version=&#8221;4.16&#8243; custom_padding=&#8221;|||&#8221; global_colors_info=&#8221;{}&#8221; custom_padding__hover=&#8221;|||&#8221;][et_pb_text _builder_version=&#8221;4.27.4&#8243; _module_preset=&#8221;default&#8221; hover_enabled=&#8221;0&#8243; sticky_enabled=&#8221;0&#8243;]Kalimba<br \/>\n(Karlheinz Essl)[\/et_pb_text][et_pb_text _builder_version=&#8221;4.27.4&#8243; _module_preset=&#8221;default&#8221; hover_enabled=&#8221;0&#8243; sticky_enabled=&#8221;0&#8243;]<\/p>\n<p><iframe title=\"Karlheinz Essl: Kalimba, performed by Dorrit Bauerecker (2021)\" width=\"1080\" height=\"608\" src=\"https:\/\/www.youtube.com\/embed\/NbfB614KoS0?feature=oembed\"  allow=\"accelerometer; autoplay; clipboard-write; encrypted-media; gyroscope; picture-in-picture; web-share\" referrerpolicy=\"strict-origin-when-cross-origin\" allowfullscreen><\/iframe><\/p>\n<p>[\/et_pb_text][et_pb_toggle title=&#8221;Les mer\/ Read more&#8221; _builder_version=&#8221;4.27.4&#8243; _module_preset=&#8221;default&#8221; hover_enabled=&#8221;0&#8243; global_colors_info=&#8221;{}&#8221; sticky_enabled=&#8221;0&#8243;]<\/p>\n<p>Hele stykket baserer seg p\u00e5 hel-halvskalaen.<\/p>\n<p><em>The entire piece is written on a diminished scale.<\/em><\/p>\n<p>[\/et_pb_toggle][et_pb_text _builder_version=&#8221;4.27.4&#8243; _module_preset=&#8221;default&#8221; hover_enabled=&#8221;0&#8243; sticky_enabled=&#8221;0&#8243;]<\/p>\n<p><a href=\"https:\/\/essl.at\/div\/scores\/kalimba.pdf\" target=\"_blank\" rel=\"noopener\">Noter<\/a><\/p>\n<p>[\/et_pb_text][\/et_pb_column_inner][\/et_pb_row_inner][et_pb_row_inner column_structure=&#8221;1_2,1_2&#8243; admin_label=&#8221;Row&#8221; _builder_version=&#8221;4.16&#8243; global_colors_info=&#8221;{}&#8221;][et_pb_column_inner type=&#8221;1_2&#8243; saved_specialty_column_type=&#8221;3_4&#8243; _builder_version=&#8221;4.16&#8243; custom_padding=&#8221;|||&#8221; global_colors_info=&#8221;{}&#8221; custom_padding__hover=&#8221;|||&#8221;][\/et_pb_column_inner][et_pb_column_inner type=&#8221;1_2&#8243; saved_specialty_column_type=&#8221;3_4&#8243; _builder_version=&#8221;4.16&#8243; custom_padding=&#8221;|||&#8221; global_colors_info=&#8221;{}&#8221; custom_padding__hover=&#8221;|||&#8221;][\/et_pb_column_inner][\/et_pb_row_inner][\/et_pb_column][et_pb_column type=&#8221;1_4&#8243; _builder_version=&#8221;4.16&#8243; custom_padding=&#8221;|||&#8221; global_colors_info=&#8221;{}&#8221; custom_padding__hover=&#8221;|||&#8221;][et_pb_sidebar area=&#8221;et_pb_widget_area_11&#8243; _builder_version=&#8221;4.16&#8243; global_colors_info=&#8221;{}&#8221;]&nbsp;<br \/>\n[\/et_pb_sidebar][\/et_pb_column][\/et_pb_section]<\/p>\n","protected":false},"excerpt":{"rendered":"<p>Hel-halvskala (dimskala) The diminished scale Skalaen er en oktatonisk skala, alts\u00e5 en skala som best\u00e5r av \u00e5tte ulike toner. Den er ogs\u00e5 kjent som Messiaens andre modus. The scale is octatonic, consisting of eight different tones in each octave. It&#8217;s also known as Messiaens second mode.\u00a0 Eksempler fra musikklitteraturen The Gadfly suite, Finale (D. Shostakovitsj) [&hellip;]<\/p>\n","protected":false},"author":856,"featured_media":0,"parent":24970,"menu_order":1,"comment_status":"closed","ping_status":"closed","template":"","meta":{"_et_pb_use_builder":"on","_et_pb_old_content":"","_et_gb_content_width":"","iawp_total_views":72,"footnotes":""},"class_list":["post-26717","page","type-page","status-publish","hentry"],"yoast_head":"<!-- This site is optimized with the Yoast SEO plugin v27.5 - https:\/\/yoast.com\/product\/yoast-seo-wordpress\/ -->\n<title>Hel-halvskala (dimskala) - Musicificium<\/title>\n<meta name=\"robots\" content=\"index, follow, max-snippet:-1, max-image-preview:large, max-video-preview:-1\" \/>\n<link rel=\"canonical\" href=\"https:\/\/result.uit.no\/musicificium\/eksempelbank\/strukturer-i-fritonal-musikk\/hel-halvskala-dimskala\/\" \/>\n<script type=\"application\/ld+json\" class=\"yoast-schema-graph\">{\"@context\":\"https:\\\/\\\/schema.org\",\"@graph\":[{\"@type\":\"WebPage\",\"@id\":\"https:\\\/\\\/result.uit.no\\\/musicificium\\\/eksempelbank\\\/strukturer-i-fritonal-musikk\\\/hel-halvskala-dimskala\\\/\",\"url\":\"https:\\\/\\\/result.uit.no\\\/musicificium\\\/eksempelbank\\\/strukturer-i-fritonal-musikk\\\/hel-halvskala-dimskala\\\/\",\"name\":\"Hel-halvskala (dimskala) - Musicificium\",\"isPartOf\":{\"@id\":\"https:\\\/\\\/result.uit.no\\\/musicificium\\\/#website\"},\"primaryImageOfPage\":{\"@id\":\"https:\\\/\\\/result.uit.no\\\/musicificium\\\/eksempelbank\\\/strukturer-i-fritonal-musikk\\\/hel-halvskala-dimskala\\\/#primaryimage\"},\"image\":{\"@id\":\"https:\\\/\\\/result.uit.no\\\/musicificium\\\/eksempelbank\\\/strukturer-i-fritonal-musikk\\\/hel-halvskala-dimskala\\\/#primaryimage\"},\"thumbnailUrl\":\"https:\\\/\\\/result.uit.no\\\/musicificium\\\/wp-content\\\/uploads\\\/sites\\\/35\\\/2018\\\/10\\\/Helhalv.png\",\"datePublished\":\"2018-10-09T09:38:44+00:00\",\"dateModified\":\"2025-10-30T12:08:06+00:00\",\"breadcrumb\":{\"@id\":\"https:\\\/\\\/result.uit.no\\\/musicificium\\\/eksempelbank\\\/strukturer-i-fritonal-musikk\\\/hel-halvskala-dimskala\\\/#breadcrumb\"},\"inLanguage\":\"en-GB\",\"potentialAction\":[{\"@type\":\"ReadAction\",\"target\":[\"https:\\\/\\\/result.uit.no\\\/musicificium\\\/eksempelbank\\\/strukturer-i-fritonal-musikk\\\/hel-halvskala-dimskala\\\/\"]}]},{\"@type\":\"ImageObject\",\"inLanguage\":\"en-GB\",\"@id\":\"https:\\\/\\\/result.uit.no\\\/musicificium\\\/eksempelbank\\\/strukturer-i-fritonal-musikk\\\/hel-halvskala-dimskala\\\/#primaryimage\",\"url\":\"https:\\\/\\\/result.uit.no\\\/musicificium\\\/wp-content\\\/uploads\\\/sites\\\/35\\\/2018\\\/10\\\/Helhalv.png\",\"contentUrl\":\"https:\\\/\\\/result.uit.no\\\/musicificium\\\/wp-content\\\/uploads\\\/sites\\\/35\\\/2018\\\/10\\\/Helhalv.png\",\"width\":825,\"height\":76,\"caption\":\"Notebilde av hel-halvskala.\"},{\"@type\":\"BreadcrumbList\",\"@id\":\"https:\\\/\\\/result.uit.no\\\/musicificium\\\/eksempelbank\\\/strukturer-i-fritonal-musikk\\\/hel-halvskala-dimskala\\\/#breadcrumb\",\"itemListElement\":[{\"@type\":\"ListItem\",\"position\":1,\"name\":\"Home\",\"item\":\"https:\\\/\\\/result.uit.no\\\/musicificium\\\/\"},{\"@type\":\"ListItem\",\"position\":2,\"name\":\"Eksempelbank\",\"item\":\"https:\\\/\\\/result.uit.no\\\/musicificium\\\/eksempelbank\\\/\"},{\"@type\":\"ListItem\",\"position\":3,\"name\":\"Strukturer i fritonal musikk\",\"item\":\"https:\\\/\\\/result.uit.no\\\/musicificium\\\/eksempelbank\\\/strukturer-i-fritonal-musikk\\\/\"},{\"@type\":\"ListItem\",\"position\":4,\"name\":\"Hel-halvskala (dimskala)\"}]},{\"@type\":\"WebSite\",\"@id\":\"https:\\\/\\\/result.uit.no\\\/musicificium\\\/#website\",\"url\":\"https:\\\/\\\/result.uit.no\\\/musicificium\\\/\",\"name\":\"Musicificium\",\"description\":\"En inspirasjonsbank for geh\u00f8rundervisning!\",\"publisher\":{\"@id\":\"https:\\\/\\\/result.uit.no\\\/musicificium\\\/#organization\"},\"potentialAction\":[{\"@type\":\"SearchAction\",\"target\":{\"@type\":\"EntryPoint\",\"urlTemplate\":\"https:\\\/\\\/result.uit.no\\\/musicificium\\\/?s={search_term_string}\"},\"query-input\":{\"@type\":\"PropertyValueSpecification\",\"valueRequired\":true,\"valueName\":\"search_term_string\"}}],\"inLanguage\":\"en-GB\"},{\"@type\":\"Organization\",\"@id\":\"https:\\\/\\\/result.uit.no\\\/musicificium\\\/#organization\",\"name\":\"UiT\",\"url\":\"https:\\\/\\\/result.uit.no\\\/musicificium\\\/\",\"logo\":{\"@type\":\"ImageObject\",\"inLanguage\":\"en-GB\",\"@id\":\"https:\\\/\\\/result.uit.no\\\/musicificium\\\/#\\\/schema\\\/logo\\\/image\\\/\",\"url\":\"https:\\\/\\\/result.uit.no\\\/musicificium\\\/wp-content\\\/uploads\\\/sites\\\/35\\\/2024\\\/11\\\/UiT_Segl_Eng_Bla_960px.png\",\"contentUrl\":\"https:\\\/\\\/result.uit.no\\\/musicificium\\\/wp-content\\\/uploads\\\/sites\\\/35\\\/2024\\\/11\\\/UiT_Segl_Eng_Bla_960px.png\",\"width\":960,\"height\":960,\"caption\":\"UiT\"},\"image\":{\"@id\":\"https:\\\/\\\/result.uit.no\\\/musicificium\\\/#\\\/schema\\\/logo\\\/image\\\/\"}}]}<\/script>\n<!-- \/ Yoast SEO plugin. -->","yoast_head_json":{"title":"Hel-halvskala (dimskala) - Musicificium","robots":{"index":"index","follow":"follow","max-snippet":"max-snippet:-1","max-image-preview":"max-image-preview:large","max-video-preview":"max-video-preview:-1"},"canonical":"https:\/\/result.uit.no\/musicificium\/eksempelbank\/strukturer-i-fritonal-musikk\/hel-halvskala-dimskala\/","schema":{"@context":"https:\/\/schema.org","@graph":[{"@type":"WebPage","@id":"https:\/\/result.uit.no\/musicificium\/eksempelbank\/strukturer-i-fritonal-musikk\/hel-halvskala-dimskala\/","url":"https:\/\/result.uit.no\/musicificium\/eksempelbank\/strukturer-i-fritonal-musikk\/hel-halvskala-dimskala\/","name":"Hel-halvskala (dimskala) - Musicificium","isPartOf":{"@id":"https:\/\/result.uit.no\/musicificium\/#website"},"primaryImageOfPage":{"@id":"https:\/\/result.uit.no\/musicificium\/eksempelbank\/strukturer-i-fritonal-musikk\/hel-halvskala-dimskala\/#primaryimage"},"image":{"@id":"https:\/\/result.uit.no\/musicificium\/eksempelbank\/strukturer-i-fritonal-musikk\/hel-halvskala-dimskala\/#primaryimage"},"thumbnailUrl":"https:\/\/result.uit.no\/musicificium\/wp-content\/uploads\/sites\/35\/2018\/10\/Helhalv.png","datePublished":"2018-10-09T09:38:44+00:00","dateModified":"2025-10-30T12:08:06+00:00","breadcrumb":{"@id":"https:\/\/result.uit.no\/musicificium\/eksempelbank\/strukturer-i-fritonal-musikk\/hel-halvskala-dimskala\/#breadcrumb"},"inLanguage":"en-GB","potentialAction":[{"@type":"ReadAction","target":["https:\/\/result.uit.no\/musicificium\/eksempelbank\/strukturer-i-fritonal-musikk\/hel-halvskala-dimskala\/"]}]},{"@type":"ImageObject","inLanguage":"en-GB","@id":"https:\/\/result.uit.no\/musicificium\/eksempelbank\/strukturer-i-fritonal-musikk\/hel-halvskala-dimskala\/#primaryimage","url":"https:\/\/result.uit.no\/musicificium\/wp-content\/uploads\/sites\/35\/2018\/10\/Helhalv.png","contentUrl":"https:\/\/result.uit.no\/musicificium\/wp-content\/uploads\/sites\/35\/2018\/10\/Helhalv.png","width":825,"height":76,"caption":"Notebilde av hel-halvskala."},{"@type":"BreadcrumbList","@id":"https:\/\/result.uit.no\/musicificium\/eksempelbank\/strukturer-i-fritonal-musikk\/hel-halvskala-dimskala\/#breadcrumb","itemListElement":[{"@type":"ListItem","position":1,"name":"Home","item":"https:\/\/result.uit.no\/musicificium\/"},{"@type":"ListItem","position":2,"name":"Eksempelbank","item":"https:\/\/result.uit.no\/musicificium\/eksempelbank\/"},{"@type":"ListItem","position":3,"name":"Strukturer i fritonal musikk","item":"https:\/\/result.uit.no\/musicificium\/eksempelbank\/strukturer-i-fritonal-musikk\/"},{"@type":"ListItem","position":4,"name":"Hel-halvskala (dimskala)"}]},{"@type":"WebSite","@id":"https:\/\/result.uit.no\/musicificium\/#website","url":"https:\/\/result.uit.no\/musicificium\/","name":"Musicificium","description":"En inspirasjonsbank for geh\u00f8rundervisning!","publisher":{"@id":"https:\/\/result.uit.no\/musicificium\/#organization"},"potentialAction":[{"@type":"SearchAction","target":{"@type":"EntryPoint","urlTemplate":"https:\/\/result.uit.no\/musicificium\/?s={search_term_string}"},"query-input":{"@type":"PropertyValueSpecification","valueRequired":true,"valueName":"search_term_string"}}],"inLanguage":"en-GB"},{"@type":"Organization","@id":"https:\/\/result.uit.no\/musicificium\/#organization","name":"UiT","url":"https:\/\/result.uit.no\/musicificium\/","logo":{"@type":"ImageObject","inLanguage":"en-GB","@id":"https:\/\/result.uit.no\/musicificium\/#\/schema\/logo\/image\/","url":"https:\/\/result.uit.no\/musicificium\/wp-content\/uploads\/sites\/35\/2024\/11\/UiT_Segl_Eng_Bla_960px.png","contentUrl":"https:\/\/result.uit.no\/musicificium\/wp-content\/uploads\/sites\/35\/2024\/11\/UiT_Segl_Eng_Bla_960px.png","width":960,"height":960,"caption":"UiT"},"image":{"@id":"https:\/\/result.uit.no\/musicificium\/#\/schema\/logo\/image\/"}}]}},"_links":{"self":[{"href":"https:\/\/result.uit.no\/musicificium\/wp-json\/wp\/v2\/pages\/26717","targetHints":{"allow":["GET"]}}],"collection":[{"href":"https:\/\/result.uit.no\/musicificium\/wp-json\/wp\/v2\/pages"}],"about":[{"href":"https:\/\/result.uit.no\/musicificium\/wp-json\/wp\/v2\/types\/page"}],"author":[{"embeddable":true,"href":"https:\/\/result.uit.no\/musicificium\/wp-json\/wp\/v2\/users\/856"}],"replies":[{"embeddable":true,"href":"https:\/\/result.uit.no\/musicificium\/wp-json\/wp\/v2\/comments?post=26717"}],"version-history":[{"count":0,"href":"https:\/\/result.uit.no\/musicificium\/wp-json\/wp\/v2\/pages\/26717\/revisions"}],"up":[{"embeddable":true,"href":"https:\/\/result.uit.no\/musicificium\/wp-json\/wp\/v2\/pages\/24970"}],"wp:attachment":[{"href":"https:\/\/result.uit.no\/musicificium\/wp-json\/wp\/v2\/media?parent=26717"}],"curies":[{"name":"wp","href":"https:\/\/api.w.org\/{rel}","templated":true}]}}