{"id":25414,"date":"2017-07-07T09:40:14","date_gmt":"2017-07-07T07:40:14","guid":{"rendered":"https:\/\/result.uit.no\/musicificium\/eksempelbank\/modalitet\/2-frygisk\/"},"modified":"2024-05-06T08:32:24","modified_gmt":"2024-05-06T06:32:24","slug":"2-frygisk","status":"publish","type":"page","link":"https:\/\/result.uit.no\/musicificium\/eksempelbank\/modalitet\/2-frygisk\/","title":{"rendered":"Frygisk"},"content":{"rendered":"<p>[et_pb_section fb_built=&#8221;1&#8243; specialty=&#8221;on&#8221; _builder_version=&#8221;4.16&#8243; global_colors_info=&#8221;{}&#8221;][et_pb_column type=&#8221;3_4&#8243; specialty_columns=&#8221;3&#8243; _builder_version=&#8221;4.16&#8243; custom_padding=&#8221;|||&#8221; global_colors_info=&#8221;{}&#8221; custom_padding__hover=&#8221;|||&#8221;][et_pb_row_inner admin_label=&#8221;Row&#8221; _builder_version=&#8221;4.16&#8243; global_colors_info=&#8221;{}&#8221;][et_pb_column_inner saved_specialty_column_type=&#8221;3_4&#8243; _builder_version=&#8221;4.16&#8243; custom_padding=&#8221;|||&#8221; global_colors_info=&#8221;{}&#8221; custom_padding__hover=&#8221;|||&#8221;][et_pb_text admin_label=&#8221;Overskrift &#8211; Frygisk&#8221; _builder_version=&#8221;4.24.2&#8243; background_size=&#8221;initial&#8221; background_position=&#8221;top_left&#8221; background_repeat=&#8221;repeat&#8221; use_border_color=&#8221;off&#8221; border_color=&#8221;#ffffff&#8221; border_style=&#8221;solid&#8221; global_colors_info=&#8221;{}&#8221;]<\/p>\n<h1>Frygisk<\/h1>\n<hr \/>\n<div class=\"spot-content\">\n<h3>Phrygian<\/h3>\n<\/div>\n<p>[\/et_pb_text][et_pb_text admin_label=&#8221;Eksempelsang+lyd&#8221; _builder_version=&#8221;4.24.2&#8243; background_size=&#8221;initial&#8221; background_position=&#8221;top_left&#8221; background_repeat=&#8221;repeat&#8221; use_border_color=&#8221;off&#8221; border_color=&#8221;#ffffff&#8221; border_style=&#8221;solid&#8221; global_colors_info=&#8221;{}&#8221;]<\/p>\n<p><img decoding=\"async\" class=\"alignnone wp-image-25733 size-full lazyload\" data-src=\"https:\/\/result.uit.no\/musicificium\/wp-content\/uploads\/sites\/35\/2017\/07\/Frygisk.png\" alt=\"\" width=\"694\" height=\"87\" data-srcset=\"https:\/\/result.uit.no\/musicificium\/wp-content\/uploads\/sites\/35\/2017\/07\/Frygisk.png 694w, https:\/\/result.uit.no\/musicificium\/wp-content\/uploads\/sites\/35\/2017\/07\/Frygisk-300x38.png 300w\" data-sizes=\"(max-width: 694px) 100vw, 694px\" src=\"data:image\/svg+xml;base64,PHN2ZyB3aWR0aD0iMSIgaGVpZ2h0PSIxIiB4bWxucz0iaHR0cDovL3d3dy53My5vcmcvMjAwMC9zdmciPjwvc3ZnPg==\" style=\"--smush-placeholder-width: 694px; --smush-placeholder-aspect-ratio: 694\/87;\" \/><\/p>\n<p>[\/et_pb_text][et_pb_toggle title=&#8221;Om den frygiske skalaen\/ About the Phrygian scale&#8221; _builder_version=&#8221;4.24.2&#8243; _module_preset=&#8221;default&#8221; global_colors_info=&#8221;{}&#8221;]<\/p>\n<p>Den frygiske skalaen er en mollpreget modal skala. Som mollskalaer flest, har den lavt 3.og 6.trinn, og i likhet med ren moll, har den lavt 7.trinn. Frygisk skala skiller seg fra ren moll gjennom et <em>senket andre trinn<\/em>. Her ser du en C-frygisk skala notert med C-molls fortegn, men med et l\u00f8st fortegn som senker 2.trinn en halv tone:<\/p>\n<p><em>Phrygian is a minor-sounding modal scale who differentiates from natural minor \u00a0by a lowered second step:<\/em><\/p>\n<p><img decoding=\"async\" data-src=\"https:\/\/result.uit.no\/musicificium\/wp-content\/smush-webp\/sites\/35\/2023\/10\/Frygisk-fra-C-1024x75.jpg.webp\" width=\"1024\" height=\"75\" alt=\"\" class=\"wp-image-31109 alignnone size-large lazyload\" data-srcset=\"https:\/\/result.uit.no\/musicificium\/wp-content\/smush-webp\/sites\/35\/2023\/10\/Frygisk-fra-C-980x72.jpg.webp 980w, https:\/\/result.uit.no\/musicificium\/wp-content\/smush-webp\/sites\/35\/2023\/10\/Frygisk-fra-C-480x36.jpg.webp 480w\" data-sizes=\"(min-width: 0px) and (max-width: 480px) 480px, (min-width: 481px) and (max-width: 980px) 980px, (min-width: 981px) 1024px, 100vw\" src=\"data:image\/svg+xml;base64,PHN2ZyB3aWR0aD0iMSIgaGVpZ2h0PSIxIiB4bWxucz0iaHR0cDovL3d3dy53My5vcmcvMjAwMC9zdmciPjwvc3ZnPg==\" style=\"--smush-placeholder-width: 1024px; --smush-placeholder-aspect-ratio: 1024\/75;\" \/><\/p>\n<p>Den samme skalaen kan ogs\u00e5 noteres med fire faste fortegn:<\/p>\n<p><em>The scale can also be written this way, in regard of the accidentals:<\/em><\/p>\n<p><img decoding=\"async\" data-src=\"https:\/\/result.uit.no\/musicificium\/wp-content\/smush-webp\/sites\/35\/2023\/10\/Frygisk-fra-C-faste-fortegn-1024x75.jpg.webp\" width=\"1024\" height=\"75\" alt=\"\" class=\"wp-image-31110 alignnone size-large lazyload\" data-srcset=\"https:\/\/result.uit.no\/musicificium\/wp-content\/smush-webp\/sites\/35\/2023\/10\/Frygisk-fra-C-faste-fortegn-980x72.jpg.webp 980w, https:\/\/result.uit.no\/musicificium\/wp-content\/smush-webp\/sites\/35\/2023\/10\/Frygisk-fra-C-faste-fortegn-480x36.jpg.webp 480w\" data-sizes=\"(min-width: 0px) and (max-width: 480px) 480px, (min-width: 481px) and (max-width: 980px) 980px, (min-width: 981px) 1024px, 100vw\" src=\"data:image\/svg+xml;base64,PHN2ZyB3aWR0aD0iMSIgaGVpZ2h0PSIxIiB4bWxucz0iaHR0cDovL3d3dy53My5vcmcvMjAwMC9zdmciPjwvc3ZnPg==\" style=\"--smush-placeholder-width: 1024px; --smush-placeholder-aspect-ratio: 1024\/75;\" \/><\/p>\n<p>Slik h\u00f8res den frygiske skalaen ut:<\/p>\n<p><em>Listen to the Phrygian scale:<\/em><\/p>\n<audio class=\"wp-audio-shortcode\" id=\"audio-25414-1\" preload=\"none\" style=\"width: 100%;\" controls=\"controls\"><source type=\"audio\/mpeg\" src=\"https:\/\/result.uit.no\/musicificium\/wp-content\/uploads\/sites\/35\/2023\/10\/Frygisk.mp3?_=1\" \/><a href=\"https:\/\/result.uit.no\/musicificium\/wp-content\/uploads\/sites\/35\/2023\/10\/Frygisk.mp3\">https:\/\/result.uit.no\/musicificium\/wp-content\/uploads\/sites\/35\/2023\/10\/Frygisk.mp3<\/a><\/audio>\n<p>Til sammenligning h\u00f8res den rene mollskalaen slik ut:<\/p>\n<p><em>Compare the Phrygian scale with the natural minor scale:<\/em><\/p>\n<audio class=\"wp-audio-shortcode\" id=\"audio-25414-2\" preload=\"none\" style=\"width: 100%;\" controls=\"controls\"><source type=\"audio\/mpeg\" src=\"https:\/\/result.uit.no\/musicificium\/wp-content\/uploads\/sites\/35\/2023\/10\/Ren-c-moll.mp3?_=2\" \/><a href=\"https:\/\/result.uit.no\/musicificium\/wp-content\/uploads\/sites\/35\/2023\/10\/Ren-c-moll.mp3\">https:\/\/result.uit.no\/musicificium\/wp-content\/uploads\/sites\/35\/2023\/10\/Ren-c-moll.mp3<\/a><\/audio>\n<p>&nbsp;<\/p>\n<p>[\/et_pb_toggle][\/et_pb_column_inner][\/et_pb_row_inner][et_pb_row_inner admin_label=&#8221;Eksempler fra musikklitteraturen&#8221; _builder_version=&#8221;4.16&#8243; custom_padding=&#8221;0px|0px|0px|0px&#8221; global_colors_info=&#8221;{}&#8221;][et_pb_column_inner saved_specialty_column_type=&#8221;3_4&#8243; _builder_version=&#8221;4.16&#8243; custom_padding=&#8221;|||&#8221; global_colors_info=&#8221;{}&#8221; custom_padding__hover=&#8221;|||&#8221;][et_pb_text admin_label=&#8221;Eksempler fra musikklitteraturen (label)&#8221; _builder_version=&#8221;4.16&#8243; background_size=&#8221;initial&#8221; background_position=&#8221;top_left&#8221; background_repeat=&#8221;repeat&#8221; use_border_color=&#8221;off&#8221; border_style=&#8221;solid&#8221; saved_tabs=&#8221;all&#8221; global_colors_info=&#8221;{}&#8221;]<\/p>\n<h2>Eksempler fra musikklitteraturen<\/h2>\n<p>&nbsp;<\/p>\n<p>[\/et_pb_text][\/et_pb_column_inner][\/et_pb_row_inner][et_pb_row_inner _builder_version=&#8221;4.25.0&#8243; _module_preset=&#8221;default&#8221; column_structure=&#8221;1_3,1_3,1_3&#8243;][et_pb_column_inner saved_specialty_column_type=&#8221;3_4&#8243; _builder_version=&#8221;4.25.0&#8243; _module_preset=&#8221;default&#8221; type=&#8221;1_3&#8243;][et_pb_text _builder_version=&#8221;4.22.2&#8243; _module_preset=&#8221;default&#8221; global_colors_info=&#8221;{}&#8221;]<\/p>\n<p>O Virtus Sapientiae<br \/>(H. von Bingen)<\/p>\n<p>[\/et_pb_text][et_pb_text _builder_version=&#8221;4.22.2&#8243; _module_preset=&#8221;default&#8221; global_colors_info=&#8221;{}&#8221;]<\/p>\n<p><iframe title=\"O Virtus Sapientiae\" width=\"1080\" height=\"810\" src=\"https:\/\/www.youtube.com\/embed\/7tJukYjsi60?feature=oembed\"  allow=\"accelerometer; autoplay; clipboard-write; encrypted-media; gyroscope; picture-in-picture; web-share\" allowfullscreen><\/iframe><\/p>\n<p>[\/et_pb_text][\/et_pb_column_inner][et_pb_column_inner saved_specialty_column_type=&#8221;3_4&#8243; _builder_version=&#8221;4.25.0&#8243; _module_preset=&#8221;default&#8221; type=&#8221;1_3&#8243;][et_pb_text _builder_version=&#8221;4.16&#8243; background_size=&#8221;initial&#8221; background_position=&#8221;top_left&#8221; background_repeat=&#8221;repeat&#8221; use_border_color=&#8221;off&#8221; border_color=&#8221;#ffffff&#8221; border_style=&#8221;solid&#8221; global_colors_info=&#8221;{}&#8221;]Wherever I may roam<br \/>\n(J. Hetfield\/ L. Ulrich)[\/et_pb_text][et_pb_text admin_label=&#8221;Spotifylenke&#8221; _builder_version=&#8221;4.22.2&#8243; background_size=&#8221;initial&#8221; background_position=&#8221;top_left&#8221; background_repeat=&#8221;repeat&#8221; use_border_color=&#8221;off&#8221; border_color=&#8221;#ffffff&#8221; border_style=&#8221;solid&#8221; global_colors_info=&#8221;{}&#8221;]<\/p>\n<p><iframe title=\"Wherever I May Roam (Remastered)\" width=\"1080\" height=\"810\" src=\"https:\/\/www.youtube.com\/embed\/Z-cEyiM9adE?feature=oembed\"  allow=\"accelerometer; autoplay; clipboard-write; encrypted-media; gyroscope; picture-in-picture; web-share\" allowfullscreen><\/iframe><\/p>\n<p>[\/et_pb_text][et_pb_toggle title=&#8221;Les mer\/ Read more&#8221; _builder_version=&#8221;4.24.2&#8243; _module_preset=&#8221;default&#8221; global_colors_info=&#8221;{}&#8221;]<\/p>\n<p>Den frygiske skalaen er tydeligst i gitarriffet.<\/p>\n<p><em>The Phrygian tonality is most easily heard in the guitar riff.<\/em><\/p>\n<p>[\/et_pb_toggle][\/et_pb_column_inner][et_pb_column_inner saved_specialty_column_type=&#8221;3_4&#8243; _builder_version=&#8221;4.25.0&#8243; _module_preset=&#8221;default&#8221; type=&#8221;1_3&#8243;][et_pb_text _builder_version=&#8221;4.16&#8243; global_colors_info=&#8221;{}&#8221;]Auf tiefer not<br \/>\n(J. Walter)[\/et_pb_text][et_pb_text _builder_version=&#8221;4.17.4&#8243; global_colors_info=&#8221;{}&#8221;]<\/p>\n<p><iframe title=\"Aus tiefer Not\" width=\"1080\" height=\"810\" src=\"https:\/\/www.youtube.com\/embed\/I2CvwACbYxU?feature=oembed\"  allow=\"accelerometer; autoplay; clipboard-write; encrypted-media; gyroscope; picture-in-picture\" allowfullscreen><\/iframe><\/p>\n<p>[\/et_pb_text][\/et_pb_column_inner][\/et_pb_row_inner][et_pb_row_inner column_structure=&#8221;1_2,1_2&#8243; _builder_version=&#8221;4.16&#8243; width=&#8221;100%&#8221; global_colors_info=&#8221;{}&#8221;][et_pb_column_inner type=&#8221;1_2&#8243; saved_specialty_column_type=&#8221;3_4&#8243; _builder_version=&#8221;4.16&#8243; global_colors_info=&#8221;{}&#8221;][\/et_pb_column_inner][et_pb_column_inner type=&#8221;1_2&#8243; saved_specialty_column_type=&#8221;3_4&#8243; _builder_version=&#8221;4.16&#8243; global_colors_info=&#8221;{}&#8221;][et_pb_code _builder_version=&#8221;4.17.4&#8243; _module_preset=&#8221;default&#8221; global_colors_info=&#8221;{}&#8221;][\/et_pb_code][\/et_pb_column_inner][\/et_pb_row_inner][et_pb_row_inner column_structure=&#8221;1_3,1_3,1_3&#8243; _builder_version=&#8221;4.19.4&#8243; _module_preset=&#8221;default&#8221; global_colors_info=&#8221;{}&#8221;][et_pb_column_inner type=&#8221;1_3&#8243; saved_specialty_column_type=&#8221;3_4&#8243; _builder_version=&#8221;4.19.4&#8243; _module_preset=&#8221;default&#8221; global_colors_info=&#8221;{}&#8221;][et_pb_text _builder_version=&#8221;4.16&#8243; background_size=&#8221;initial&#8221; background_position=&#8221;top_left&#8221; background_repeat=&#8221;repeat&#8221; use_border_color=&#8221;off&#8221; global_colors_info=&#8221;{}&#8221;]<\/p>\n<p>\nMikrokosmos nr 34 (Vol 1)<br \/>B. Bart\u00f3k<\/p>\n<p>[\/et_pb_text][et_pb_text admin_label=&#8221;Spotifylenke&#8221; _builder_version=&#8221;4.22.2&#8243; background_size=&#8221;initial&#8221; background_position=&#8221;top_left&#8221; background_repeat=&#8221;repeat&#8221; use_border_color=&#8221;off&#8221; global_colors_info=&#8221;{}&#8221;]<\/p>\n<p><iframe title=\"Mikrokosmos, Sz. 107, Book I: No. 34, In Phrygian Mode\" width=\"1080\" height=\"810\" src=\"https:\/\/www.youtube.com\/embed\/1ToX4tIpsNM?feature=oembed\"  allow=\"accelerometer; autoplay; clipboard-write; encrypted-media; gyroscope; picture-in-picture; web-share\" allowfullscreen><\/iframe><\/p>\n<p>[\/et_pb_text][et_pb_text admin_label=&#8221;Noter&#8221; _builder_version=&#8221;4.16&#8243; background_size=&#8221;initial&#8221; background_position=&#8221;top_left&#8221; background_repeat=&#8221;repeat&#8221; use_border_color=&#8221;off&#8221; global_colors_info=&#8221;{}&#8221;]<\/p>\n<p><a href=\"http:\/\/imslp.eu\/files\/imglnks\/euimg\/1\/1b\/IMSLP01109-Bartok_microcosmos_Book1.pdf\" target=\"_blank\" rel=\"noopener noreferrer\">Noter: se s.18<\/a><\/p>\n<p>[\/et_pb_text][\/et_pb_column_inner][et_pb_column_inner type=&#8221;1_3&#8243; saved_specialty_column_type=&#8221;3_4&#8243; _builder_version=&#8221;4.19.4&#8243; _module_preset=&#8221;default&#8221; global_colors_info=&#8221;{}&#8221;][et_pb_text _builder_version=&#8221;4.25.0&#8243; _module_preset=&#8221;default&#8221; global_colors_info=&#8221;{}&#8221;]<\/p>\n<p>Orpheus<br \/>(I. Stravinsky)<\/p>\n<p>[\/et_pb_text][et_pb_text _builder_version=&#8221;4.25.0&#8243; _module_preset=&#8221;default&#8221; global_colors_info=&#8221;{}&#8221;]<\/p>\n<p><iframe title=\"Stravinsky: Orpheus - Radio Filharmonisch Orkest o.l.v. Karina Canellakis - Live concert HD\" width=\"1080\" height=\"608\" src=\"https:\/\/www.youtube.com\/embed\/naNilVi2Kpk?feature=oembed\"  allow=\"accelerometer; autoplay; clipboard-write; encrypted-media; gyroscope; picture-in-picture; web-share\" referrerpolicy=\"strict-origin-when-cross-origin\" allowfullscreen><\/iframe><\/p>\n<p>[\/et_pb_text][et_pb_toggle title=&#8221;Les mer\/ Read more&#8221; _builder_version=&#8221;4.25.0&#8243; _module_preset=&#8221;default&#8221; global_colors_info=&#8221;{}&#8221;]<\/p>\n<p>Repeterte, nedadg\u00e5ende frygiske skalaer spilles i musikkens intro, og er s\u00e6rlig tydelige det aller f\u00f8rste minuttet.<\/p>\n<p><em>Repeated, descending Phrygian scales are played in the music&#8217;s intro, and are particularly noticeable in the very first minute.<\/em><\/p>\n<p>[\/et_pb_toggle][\/et_pb_column_inner][et_pb_column_inner type=&#8221;1_3&#8243; saved_specialty_column_type=&#8221;3_4&#8243; _builder_version=&#8221;4.19.4&#8243; _module_preset=&#8221;default&#8221; global_colors_info=&#8221;{}&#8221;][\/et_pb_column_inner][\/et_pb_row_inner][et_pb_row_inner _builder_version=&#8221;4.16&#8243; global_colors_info=&#8221;{}&#8221;][et_pb_column_inner saved_specialty_column_type=&#8221;3_4&#8243; _builder_version=&#8221;4.16&#8243; global_colors_info=&#8221;{}&#8221;][et_pb_text _builder_version=&#8221;4.24.2&#8243; global_colors_info=&#8221;{}&#8221;]<\/p>\n<h1>Spansk-frygisk<\/h1>\n<hr \/>\n<div class=\"spot-content\">\n<h2>Spanish-Phrygian<\/h2>\n<\/div>\n<p>[\/et_pb_text][\/et_pb_column_inner][\/et_pb_row_inner][et_pb_row_inner _builder_version=&#8221;4.16&#8243; global_colors_info=&#8221;{}&#8221;][et_pb_column_inner saved_specialty_column_type=&#8221;3_4&#8243; _builder_version=&#8221;4.16&#8243; global_colors_info=&#8221;{}&#8221;][et_pb_image src=&#8221;https:\/\/result.uit.no\/musicificium\/wp-content\/uploads\/sites\/35\/2021\/06\/spansk-frygisk.png&#8221; _builder_version=&#8221;4.16&#8243; border_width_all=&#8221;0px&#8221; box_shadow_style=&#8221;none&#8221; global_colors_info=&#8221;{}&#8221;][\/et_pb_image][et_pb_toggle title=&#8221;Om den spansk-frygiske skalaen\/ About the Spanish-Phrygian scale&#8221; _builder_version=&#8221;4.24.2&#8243; _module_preset=&#8221;default&#8221; global_colors_info=&#8221;{}&#8221;]<\/p>\n<p>Den spansk-frygiske skalaen skiller seg fra den frygiske gjennom at den har h\u00f8yt tredjetrinn. Skalaens navn skyldes at den er mye brukt i flamenco og annen spansk tradisjonsmusikk. Her ser du en C-spansk- frygisk skala notert med C-molls fortegn, men med et l\u00f8st fortegn som senker 2.trinn en halv tone og et l\u00f8st fortegn som hever tredje trinn:<\/p>\n<p><em>Spanish-Phrygian is similiar to Phrygian, but with a raised third step of the scale:<\/em><\/p>\n<p><img decoding=\"async\" data-src=\"https:\/\/result.uit.no\/musicificium\/wp-content\/smush-webp\/sites\/35\/2023\/10\/spansk-Frygisk-fra-C-lose-fortegn-1024x75.jpg.webp\" width=\"1024\" height=\"75\" alt=\"\" class=\"wp-image-31120 alignnone size-large lazyload\" data-srcset=\"https:\/\/result.uit.no\/musicificium\/wp-content\/smush-webp\/sites\/35\/2023\/10\/spansk-Frygisk-fra-C-lose-fortegn-980x72.jpg.webp 980w, https:\/\/result.uit.no\/musicificium\/wp-content\/smush-webp\/sites\/35\/2023\/10\/spansk-Frygisk-fra-C-lose-fortegn-480x36.jpg.webp 480w\" data-sizes=\"(min-width: 0px) and (max-width: 480px) 480px, (min-width: 481px) and (max-width: 980px) 980px, (min-width: 981px) 1024px, 100vw\" src=\"data:image\/svg+xml;base64,PHN2ZyB3aWR0aD0iMSIgaGVpZ2h0PSIxIiB4bWxucz0iaHR0cDovL3d3dy53My5vcmcvMjAwMC9zdmciPjwvc3ZnPg==\" style=\"--smush-placeholder-width: 1024px; --smush-placeholder-aspect-ratio: 1024\/75;\" \/><\/p>\n<p>Den samme skalaen kan ogs\u00e5 noteres med fire faste fortegn &#8211; og et l\u00f8st fortegn for tredje skalatrinn:<\/p>\n<p><em>The scale can also be written this way:<\/em><\/p>\n<p><img decoding=\"async\" data-src=\"https:\/\/result.uit.no\/musicificium\/wp-content\/smush-webp\/sites\/35\/2023\/10\/spansk-Frygisk-fra-C-faste-fortegn-1024x75.jpg.webp\" width=\"1024\" height=\"75\" alt=\"\" class=\"wp-image-31121 alignnone size-large lazyload\" data-srcset=\"https:\/\/result.uit.no\/musicificium\/wp-content\/smush-webp\/sites\/35\/2023\/10\/spansk-Frygisk-fra-C-faste-fortegn-980x72.jpg.webp 980w, https:\/\/result.uit.no\/musicificium\/wp-content\/smush-webp\/sites\/35\/2023\/10\/spansk-Frygisk-fra-C-faste-fortegn-480x36.jpg.webp 480w\" data-sizes=\"(min-width: 0px) and (max-width: 480px) 480px, (min-width: 481px) and (max-width: 980px) 980px, (min-width: 981px) 1024px, 100vw\" src=\"data:image\/svg+xml;base64,PHN2ZyB3aWR0aD0iMSIgaGVpZ2h0PSIxIiB4bWxucz0iaHR0cDovL3d3dy53My5vcmcvMjAwMC9zdmciPjwvc3ZnPg==\" style=\"--smush-placeholder-width: 1024px; --smush-placeholder-aspect-ratio: 1024\/75;\" \/><\/p>\n<p>Slik h\u00f8res den spansk-frygiske skalaen ut:<\/p>\n<p><em>Listen to the Spanish-Phrygian scale:<\/em><\/p>\n<audio class=\"wp-audio-shortcode\" id=\"audio-25414-3\" preload=\"none\" style=\"width: 100%;\" controls=\"controls\"><source type=\"audio\/mpeg\" src=\"https:\/\/result.uit.no\/musicificium\/wp-content\/uploads\/sites\/35\/2023\/10\/Spansk-frygisk.mp3?_=3\" \/><a href=\"https:\/\/result.uit.no\/musicificium\/wp-content\/uploads\/sites\/35\/2023\/10\/Spansk-frygisk.mp3\">https:\/\/result.uit.no\/musicificium\/wp-content\/uploads\/sites\/35\/2023\/10\/Spansk-frygisk.mp3<\/a><\/audio>\n<p>Til sammenligning h\u00f8res den rene mollskalaen slik ut:<\/p>\n<p><em>Listen to the natural minor scale and compare:<\/em><\/p>\n<audio class=\"wp-audio-shortcode\" id=\"audio-25414-4\" preload=\"none\" style=\"width: 100%;\" controls=\"controls\"><source type=\"audio\/mpeg\" src=\"https:\/\/result.uit.no\/musicificium\/wp-content\/uploads\/sites\/35\/2023\/10\/Ren-c-moll.mp3?_=4\" \/><a href=\"https:\/\/result.uit.no\/musicificium\/wp-content\/uploads\/sites\/35\/2023\/10\/Ren-c-moll.mp3\">https:\/\/result.uit.no\/musicificium\/wp-content\/uploads\/sites\/35\/2023\/10\/Ren-c-moll.mp3<\/a><\/audio>\n<p>&nbsp;<\/p>\n<p>[\/et_pb_toggle][\/et_pb_column_inner][\/et_pb_row_inner][et_pb_row_inner column_structure=&#8221;1_2,1_2&#8243; _builder_version=&#8221;4.16&#8243; global_colors_info=&#8221;{}&#8221;][et_pb_column_inner type=&#8221;1_2&#8243; saved_specialty_column_type=&#8221;3_4&#8243; _builder_version=&#8221;4.16&#8243; global_colors_info=&#8221;{}&#8221;][et_pb_text _builder_version=&#8221;4.16&#8243; global_colors_info=&#8221;{}&#8221;]Silver for monsters<br \/>\n(M. Przybylowicz)[\/et_pb_text][et_pb_text _builder_version=&#8221;4.22.2&#8243; global_colors_info=&#8221;{}&#8221;]<\/p>\n<p><iframe title=\"Silver\u00a0For\u00a0Monsters...\" width=\"1080\" height=\"810\" src=\"https:\/\/www.youtube.com\/embed\/jRG0gyVFP60?feature=oembed\"  allow=\"accelerometer; autoplay; clipboard-write; encrypted-media; gyroscope; picture-in-picture; web-share\" allowfullscreen><\/iframe><\/p>\n<p>[\/et_pb_text][\/et_pb_column_inner][et_pb_column_inner type=&#8221;1_2&#8243; saved_specialty_column_type=&#8221;3_4&#8243; _builder_version=&#8221;4.16&#8243; global_colors_info=&#8221;{}&#8221;][et_pb_text _builder_version=&#8221;4.22.2&#8243; _module_preset=&#8221;default&#8221; global_colors_info=&#8221;{}&#8221;]Hadshi<br \/>\n(ukjent opphav)[\/et_pb_text][et_pb_text _builder_version=&#8221;4.22.2&#8243; _module_preset=&#8221;default&#8221; global_colors_info=&#8221;{}&#8221;]<\/p>\n<p><iframe title=\"Hadshi\" width=\"1080\" height=\"810\" src=\"https:\/\/www.youtube.com\/embed\/y2egWnusKic?feature=oembed\"  allow=\"accelerometer; autoplay; clipboard-write; encrypted-media; gyroscope; picture-in-picture; web-share\" allowfullscreen><\/iframe><\/p>\n<p>[\/et_pb_text][\/et_pb_column_inner][\/et_pb_row_inner][\/et_pb_column][et_pb_column type=&#8221;1_4&#8243; _builder_version=&#8221;4.16&#8243; custom_padding=&#8221;|||&#8221; global_colors_info=&#8221;{}&#8221; custom_padding__hover=&#8221;|||&#8221;][et_pb_sidebar area=&#8221;et_pb_widget_area_10&#8243; _builder_version=&#8221;4.16&#8243; remove_border=&#8221;off&#8221; global_colors_info=&#8221;{}&#8221;][\/et_pb_sidebar][\/et_pb_column][\/et_pb_section]<\/p>\n","protected":false},"excerpt":{"rendered":"<p>Frygisk Phrygian Den frygiske skalaen er en mollpreget modal skala. Som mollskalaer flest, har den lavt 3.og 6.trinn, og i likhet med ren moll, har den lavt 7.trinn. Frygisk skala skiller seg fra ren moll gjennom et senket andre trinn. Her ser du en C-frygisk skala notert med C-molls fortegn, men med et l\u00f8st fortegn [&hellip;]<\/p>\n","protected":false},"author":3,"featured_media":0,"parent":24968,"menu_order":1,"comment_status":"closed","ping_status":"closed","template":"","meta":{"_et_pb_use_builder":"on","_et_pb_old_content":"","_et_gb_content_width":"","iawp_total_views":89,"footnotes":""},"class_list":["post-25414","page","type-page","status-publish","hentry"],"yoast_head":"<!-- This site is optimized with the Yoast SEO plugin v27.5 - https:\/\/yoast.com\/product\/yoast-seo-wordpress\/ -->\n<title>Frygisk - Musicificium<\/title>\n<meta name=\"robots\" content=\"index, follow, max-snippet:-1, max-image-preview:large, max-video-preview:-1\" \/>\n<link rel=\"canonical\" href=\"https:\/\/result.uit.no\/musicificium\/eksempelbank\/modalitet\/2-frygisk\/\" \/>\n<script type=\"application\/ld+json\" class=\"yoast-schema-graph\">{\"@context\":\"https:\\\/\\\/schema.org\",\"@graph\":[{\"@type\":\"WebPage\",\"@id\":\"https:\\\/\\\/result.uit.no\\\/musicificium\\\/eksempelbank\\\/modalitet\\\/2-frygisk\\\/\",\"url\":\"https:\\\/\\\/result.uit.no\\\/musicificium\\\/eksempelbank\\\/modalitet\\\/2-frygisk\\\/\",\"name\":\"Frygisk - Musicificium\",\"isPartOf\":{\"@id\":\"https:\\\/\\\/result.uit.no\\\/musicificium\\\/#website\"},\"primaryImageOfPage\":{\"@id\":\"https:\\\/\\\/result.uit.no\\\/musicificium\\\/eksempelbank\\\/modalitet\\\/2-frygisk\\\/#primaryimage\"},\"image\":{\"@id\":\"https:\\\/\\\/result.uit.no\\\/musicificium\\\/eksempelbank\\\/modalitet\\\/2-frygisk\\\/#primaryimage\"},\"thumbnailUrl\":\"https:\\\/\\\/result.uit.no\\\/musicificium\\\/wp-content\\\/uploads\\\/sites\\\/35\\\/2017\\\/07\\\/Frygisk.png\",\"datePublished\":\"2017-07-07T07:40:14+00:00\",\"dateModified\":\"2024-05-06T06:32:24+00:00\",\"breadcrumb\":{\"@id\":\"https:\\\/\\\/result.uit.no\\\/musicificium\\\/eksempelbank\\\/modalitet\\\/2-frygisk\\\/#breadcrumb\"},\"inLanguage\":\"en-GB\",\"potentialAction\":[{\"@type\":\"ReadAction\",\"target\":[\"https:\\\/\\\/result.uit.no\\\/musicificium\\\/eksempelbank\\\/modalitet\\\/2-frygisk\\\/\"]}]},{\"@type\":\"ImageObject\",\"inLanguage\":\"en-GB\",\"@id\":\"https:\\\/\\\/result.uit.no\\\/musicificium\\\/eksempelbank\\\/modalitet\\\/2-frygisk\\\/#primaryimage\",\"url\":\"https:\\\/\\\/result.uit.no\\\/musicificium\\\/wp-content\\\/uploads\\\/sites\\\/35\\\/2017\\\/07\\\/Frygisk.png\",\"contentUrl\":\"https:\\\/\\\/result.uit.no\\\/musicificium\\\/wp-content\\\/uploads\\\/sites\\\/35\\\/2017\\\/07\\\/Frygisk.png\",\"width\":694,\"height\":87,\"caption\":\"Notebilde som viser frygisk skala.\"},{\"@type\":\"BreadcrumbList\",\"@id\":\"https:\\\/\\\/result.uit.no\\\/musicificium\\\/eksempelbank\\\/modalitet\\\/2-frygisk\\\/#breadcrumb\",\"itemListElement\":[{\"@type\":\"ListItem\",\"position\":1,\"name\":\"Home\",\"item\":\"https:\\\/\\\/result.uit.no\\\/musicificium\\\/\"},{\"@type\":\"ListItem\",\"position\":2,\"name\":\"Eksempelbank\",\"item\":\"https:\\\/\\\/result.uit.no\\\/musicificium\\\/eksempelbank\\\/\"},{\"@type\":\"ListItem\",\"position\":3,\"name\":\"Modalitet\",\"item\":\"https:\\\/\\\/result.uit.no\\\/musicificium\\\/eksempelbank\\\/modalitet\\\/\"},{\"@type\":\"ListItem\",\"position\":4,\"name\":\"Frygisk\"}]},{\"@type\":\"WebSite\",\"@id\":\"https:\\\/\\\/result.uit.no\\\/musicificium\\\/#website\",\"url\":\"https:\\\/\\\/result.uit.no\\\/musicificium\\\/\",\"name\":\"Musicificium\",\"description\":\"En inspirasjonsbank for geh\u00f8rundervisning!\",\"publisher\":{\"@id\":\"https:\\\/\\\/result.uit.no\\\/musicificium\\\/#organization\"},\"potentialAction\":[{\"@type\":\"SearchAction\",\"target\":{\"@type\":\"EntryPoint\",\"urlTemplate\":\"https:\\\/\\\/result.uit.no\\\/musicificium\\\/?s={search_term_string}\"},\"query-input\":{\"@type\":\"PropertyValueSpecification\",\"valueRequired\":true,\"valueName\":\"search_term_string\"}}],\"inLanguage\":\"en-GB\"},{\"@type\":\"Organization\",\"@id\":\"https:\\\/\\\/result.uit.no\\\/musicificium\\\/#organization\",\"name\":\"UiT\",\"url\":\"https:\\\/\\\/result.uit.no\\\/musicificium\\\/\",\"logo\":{\"@type\":\"ImageObject\",\"inLanguage\":\"en-GB\",\"@id\":\"https:\\\/\\\/result.uit.no\\\/musicificium\\\/#\\\/schema\\\/logo\\\/image\\\/\",\"url\":\"https:\\\/\\\/result.uit.no\\\/musicificium\\\/wp-content\\\/uploads\\\/sites\\\/35\\\/2024\\\/11\\\/UiT_Segl_Eng_Bla_960px.png\",\"contentUrl\":\"https:\\\/\\\/result.uit.no\\\/musicificium\\\/wp-content\\\/uploads\\\/sites\\\/35\\\/2024\\\/11\\\/UiT_Segl_Eng_Bla_960px.png\",\"width\":960,\"height\":960,\"caption\":\"UiT\"},\"image\":{\"@id\":\"https:\\\/\\\/result.uit.no\\\/musicificium\\\/#\\\/schema\\\/logo\\\/image\\\/\"}}]}<\/script>\n<!-- \/ Yoast SEO plugin. -->","yoast_head_json":{"title":"Frygisk - Musicificium","robots":{"index":"index","follow":"follow","max-snippet":"max-snippet:-1","max-image-preview":"max-image-preview:large","max-video-preview":"max-video-preview:-1"},"canonical":"https:\/\/result.uit.no\/musicificium\/eksempelbank\/modalitet\/2-frygisk\/","schema":{"@context":"https:\/\/schema.org","@graph":[{"@type":"WebPage","@id":"https:\/\/result.uit.no\/musicificium\/eksempelbank\/modalitet\/2-frygisk\/","url":"https:\/\/result.uit.no\/musicificium\/eksempelbank\/modalitet\/2-frygisk\/","name":"Frygisk - Musicificium","isPartOf":{"@id":"https:\/\/result.uit.no\/musicificium\/#website"},"primaryImageOfPage":{"@id":"https:\/\/result.uit.no\/musicificium\/eksempelbank\/modalitet\/2-frygisk\/#primaryimage"},"image":{"@id":"https:\/\/result.uit.no\/musicificium\/eksempelbank\/modalitet\/2-frygisk\/#primaryimage"},"thumbnailUrl":"https:\/\/result.uit.no\/musicificium\/wp-content\/uploads\/sites\/35\/2017\/07\/Frygisk.png","datePublished":"2017-07-07T07:40:14+00:00","dateModified":"2024-05-06T06:32:24+00:00","breadcrumb":{"@id":"https:\/\/result.uit.no\/musicificium\/eksempelbank\/modalitet\/2-frygisk\/#breadcrumb"},"inLanguage":"en-GB","potentialAction":[{"@type":"ReadAction","target":["https:\/\/result.uit.no\/musicificium\/eksempelbank\/modalitet\/2-frygisk\/"]}]},{"@type":"ImageObject","inLanguage":"en-GB","@id":"https:\/\/result.uit.no\/musicificium\/eksempelbank\/modalitet\/2-frygisk\/#primaryimage","url":"https:\/\/result.uit.no\/musicificium\/wp-content\/uploads\/sites\/35\/2017\/07\/Frygisk.png","contentUrl":"https:\/\/result.uit.no\/musicificium\/wp-content\/uploads\/sites\/35\/2017\/07\/Frygisk.png","width":694,"height":87,"caption":"Notebilde som viser frygisk skala."},{"@type":"BreadcrumbList","@id":"https:\/\/result.uit.no\/musicificium\/eksempelbank\/modalitet\/2-frygisk\/#breadcrumb","itemListElement":[{"@type":"ListItem","position":1,"name":"Home","item":"https:\/\/result.uit.no\/musicificium\/"},{"@type":"ListItem","position":2,"name":"Eksempelbank","item":"https:\/\/result.uit.no\/musicificium\/eksempelbank\/"},{"@type":"ListItem","position":3,"name":"Modalitet","item":"https:\/\/result.uit.no\/musicificium\/eksempelbank\/modalitet\/"},{"@type":"ListItem","position":4,"name":"Frygisk"}]},{"@type":"WebSite","@id":"https:\/\/result.uit.no\/musicificium\/#website","url":"https:\/\/result.uit.no\/musicificium\/","name":"Musicificium","description":"En inspirasjonsbank for geh\u00f8rundervisning!","publisher":{"@id":"https:\/\/result.uit.no\/musicificium\/#organization"},"potentialAction":[{"@type":"SearchAction","target":{"@type":"EntryPoint","urlTemplate":"https:\/\/result.uit.no\/musicificium\/?s={search_term_string}"},"query-input":{"@type":"PropertyValueSpecification","valueRequired":true,"valueName":"search_term_string"}}],"inLanguage":"en-GB"},{"@type":"Organization","@id":"https:\/\/result.uit.no\/musicificium\/#organization","name":"UiT","url":"https:\/\/result.uit.no\/musicificium\/","logo":{"@type":"ImageObject","inLanguage":"en-GB","@id":"https:\/\/result.uit.no\/musicificium\/#\/schema\/logo\/image\/","url":"https:\/\/result.uit.no\/musicificium\/wp-content\/uploads\/sites\/35\/2024\/11\/UiT_Segl_Eng_Bla_960px.png","contentUrl":"https:\/\/result.uit.no\/musicificium\/wp-content\/uploads\/sites\/35\/2024\/11\/UiT_Segl_Eng_Bla_960px.png","width":960,"height":960,"caption":"UiT"},"image":{"@id":"https:\/\/result.uit.no\/musicificium\/#\/schema\/logo\/image\/"}}]}},"_links":{"self":[{"href":"https:\/\/result.uit.no\/musicificium\/wp-json\/wp\/v2\/pages\/25414","targetHints":{"allow":["GET"]}}],"collection":[{"href":"https:\/\/result.uit.no\/musicificium\/wp-json\/wp\/v2\/pages"}],"about":[{"href":"https:\/\/result.uit.no\/musicificium\/wp-json\/wp\/v2\/types\/page"}],"author":[{"embeddable":true,"href":"https:\/\/result.uit.no\/musicificium\/wp-json\/wp\/v2\/users\/3"}],"replies":[{"embeddable":true,"href":"https:\/\/result.uit.no\/musicificium\/wp-json\/wp\/v2\/comments?post=25414"}],"version-history":[{"count":0,"href":"https:\/\/result.uit.no\/musicificium\/wp-json\/wp\/v2\/pages\/25414\/revisions"}],"up":[{"embeddable":true,"href":"https:\/\/result.uit.no\/musicificium\/wp-json\/wp\/v2\/pages\/24968"}],"wp:attachment":[{"href":"https:\/\/result.uit.no\/musicificium\/wp-json\/wp\/v2\/media?parent=25414"}],"curies":[{"name":"wp","href":"https:\/\/api.w.org\/{rel}","templated":true}]}}