{"id":25401,"date":"2017-07-07T09:34:36","date_gmt":"2017-07-07T07:34:36","guid":{"rendered":"https:\/\/result.uit.no\/musicificium\/eksempelbank\/moll-ulike-varianter\/2-harmonisk-moll\/"},"modified":"2025-10-08T13:03:01","modified_gmt":"2025-10-08T11:03:01","slug":"2-harmonisk-moll","status":"publish","type":"page","link":"https:\/\/result.uit.no\/musicificium\/eksempelbank\/moll-ulike-varianter\/2-harmonisk-moll\/","title":{"rendered":"Harmonisk moll"},"content":{"rendered":"<p>[et_pb_section fb_built=&#8221;1&#8243; specialty=&#8221;on&#8221; admin_label=&#8221;Section&#8221; _builder_version=&#8221;4.16&#8243; global_colors_info=&#8221;{}&#8221;][et_pb_column type=&#8221;3_4&#8243; specialty_columns=&#8221;3&#8243; _builder_version=&#8221;4.16&#8243; custom_padding=&#8221;|||&#8221; global_colors_info=&#8221;{}&#8221; custom_padding__hover=&#8221;|||&#8221;][et_pb_row_inner admin_label=&#8221;Row&#8221; _builder_version=&#8221;4.16&#8243; global_colors_info=&#8221;{}&#8221;][et_pb_column_inner saved_specialty_column_type=&#8221;3_4&#8243; _builder_version=&#8221;4.16&#8243; custom_padding=&#8221;|||&#8221; global_colors_info=&#8221;{}&#8221; custom_padding__hover=&#8221;|||&#8221;][et_pb_text admin_label=&#8221;Overskrift &#8211; 2 Harmonisk moll&#8221; _builder_version=&#8221;4.24.2&#8243; background_size=&#8221;initial&#8221; background_position=&#8221;top_left&#8221; background_repeat=&#8221;repeat&#8221; use_border_color=&#8221;off&#8221; border_color=&#8221;#ffffff&#8221; border_style=&#8221;solid&#8221; global_colors_info=&#8221;{}&#8221;]<\/p>\n<h1>Harmonisk moll<\/h1>\n<hr \/>\n<div class=\"spot-content\">\n<h3>Harmonic minor<\/h3>\n<\/div>\n<div class=\"spot-content\"><\/div>\n<p>[\/et_pb_text][et_pb_text admin_label=&#8221;Eksempelsang+lyd&#8221; _builder_version=&#8221;4.24.2&#8243; background_size=&#8221;initial&#8221; background_position=&#8221;top_left&#8221; background_repeat=&#8221;repeat&#8221; use_border_color=&#8221;off&#8221; border_color=&#8221;#ffffff&#8221; border_style=&#8221;solid&#8221; global_colors_info=&#8221;{}&#8221;]<\/p>\n<p><img decoding=\"async\" class=\"alignnone wp-image-25767 size-full lazyload\" data-src=\"https:\/\/result.uit.no\/musicificium\/wp-content\/uploads\/sites\/35\/2017\/07\/harmonisk-moll.png\" alt=\"\" width=\"733\" height=\"90\" data-srcset=\"https:\/\/result.uit.no\/musicificium\/wp-content\/uploads\/sites\/35\/2017\/07\/harmonisk-moll.png 733w, https:\/\/result.uit.no\/musicificium\/wp-content\/uploads\/sites\/35\/2017\/07\/harmonisk-moll-300x37.png 300w\" data-sizes=\"(max-width: 733px) 100vw, 733px\" src=\"data:image\/svg+xml;base64,PHN2ZyB3aWR0aD0iMSIgaGVpZ2h0PSIxIiB4bWxucz0iaHR0cDovL3d3dy53My5vcmcvMjAwMC9zdmciPjwvc3ZnPg==\" style=\"--smush-placeholder-width: 733px; --smush-placeholder-aspect-ratio: 733\/90;\" \/><\/p>\n<p>&nbsp;<\/p>\n<p>&nbsp;<\/p>\n<p>[\/et_pb_text][\/et_pb_column_inner][\/et_pb_row_inner][et_pb_row_inner admin_label=&#8221;Eksempler fra musikklitteraturen&#8221; _builder_version=&#8221;4.16&#8243; custom_padding=&#8221;0px|0px|0px|0px&#8221; global_colors_info=&#8221;{}&#8221;][et_pb_column_inner saved_specialty_column_type=&#8221;3_4&#8243; _builder_version=&#8221;4.16&#8243; custom_padding=&#8221;|||&#8221; global_colors_info=&#8221;{}&#8221; custom_padding__hover=&#8221;|||&#8221;][et_pb_text admin_label=&#8221;Eksempler fra musikklitteraturen (label)&#8221; _builder_version=&#8221;4.16&#8243; background_size=&#8221;initial&#8221; background_position=&#8221;top_left&#8221; background_repeat=&#8221;repeat&#8221; use_border_color=&#8221;off&#8221; border_color=&#8221;#ffffff&#8221; border_style=&#8221;solid&#8221; saved_tabs=&#8221;all&#8221; global_colors_info=&#8221;{}&#8221;]<\/p>\n<h2>Eksempler fra musikklitteraturen<\/h2>\n<p>&nbsp;<br \/>\n[\/et_pb_text][\/et_pb_column_inner][\/et_pb_row_inner][et_pb_row_inner column_structure=&#8221;1_3,1_3,1_3&#8243; admin_label=&#8221;Row&#8221; _builder_version=&#8221;4.16&#8243; global_colors_info=&#8221;{}&#8221;][et_pb_column_inner type=&#8221;1_3&#8243; saved_specialty_column_type=&#8221;3_4&#8243; _builder_version=&#8221;4.16&#8243; custom_padding=&#8221;|||&#8221; global_colors_info=&#8221;{}&#8221; custom_padding__hover=&#8221;|||&#8221;][et_pb_text admin_label=&#8221;Tekst&#8221; _builder_version=&#8221;4.16&#8243; background_size=&#8221;initial&#8221; background_position=&#8221;top_left&#8221; background_repeat=&#8221;repeat&#8221; use_border_color=&#8221;off&#8221; border_color=&#8221;#ffffff&#8221; border_style=&#8221;solid&#8221; global_colors_info=&#8221;{}&#8221;]S\u00e5g du noko til kjerringa mi<br \/>\n(Norsk folkevise)[\/et_pb_text][et_pb_text admin_label=&#8221;Tekst&#8221; _builder_version=&#8221;4.22.2&#8243; background_size=&#8221;initial&#8221; background_position=&#8221;top_left&#8221; background_repeat=&#8221;repeat&#8221; use_border_color=&#8221;off&#8221; border_color=&#8221;#ffffff&#8221; border_style=&#8221;solid&#8221; global_colors_info=&#8221;{}&#8221;]<\/p>\n<p><iframe title=\"Har du sett noko til kj\u00e6rringa mi (Folkesang)\" width=\"1080\" height=\"810\" src=\"https:\/\/www.youtube.com\/embed\/J_b8eNJDkPc?feature=oembed\"  allow=\"accelerometer; autoplay; clipboard-write; encrypted-media; gyroscope; picture-in-picture; web-share\" allowfullscreen><\/iframe><\/p>\n<p>[\/et_pb_text][\/et_pb_column_inner][et_pb_column_inner type=&#8221;1_3&#8243; saved_specialty_column_type=&#8221;3_4&#8243; _builder_version=&#8221;4.16&#8243; custom_padding=&#8221;|||&#8221; global_colors_info=&#8221;{}&#8221; custom_padding__hover=&#8221;|||&#8221;][et_pb_text admin_label=&#8221;Text&#8221; _builder_version=&#8221;4.16&#8243; background_size=&#8221;initial&#8221; background_position=&#8221;top_left&#8221; background_repeat=&#8221;repeat&#8221; use_border_color=&#8221;off&#8221; border_color=&#8221;#ffffff&#8221; border_style=&#8221;solid&#8221; global_colors_info=&#8221;{}&#8221;]Trollmors vuggevise<br \/>\n(Norsk b\u00e5nsull)<br \/>\n[\/et_pb_text][et_pb_text admin_label=&#8221;Spotifylenke&#8221; _builder_version=&#8221;4.22.2&#8243; background_size=&#8221;initial&#8221; background_position=&#8221;top_left&#8221; background_repeat=&#8221;repeat&#8221; use_border_color=&#8221;off&#8221; border_color=&#8221;#ffffff&#8221; border_style=&#8221;solid&#8221; global_colors_info=&#8221;{}&#8221;]<\/p>\n<p><iframe title=\"Trollmors vuggevise\" width=\"1080\" height=\"810\" src=\"https:\/\/www.youtube.com\/embed\/y007n7cvd7o?feature=oembed\"  allow=\"accelerometer; autoplay; clipboard-write; encrypted-media; gyroscope; picture-in-picture; web-share\" allowfullscreen><\/iframe><\/p>\n<p>[\/et_pb_text][\/et_pb_column_inner][et_pb_column_inner type=&#8221;1_3&#8243; saved_specialty_column_type=&#8221;3_4&#8243; _builder_version=&#8221;4.16&#8243; custom_padding=&#8221;|||&#8221; global_colors_info=&#8221;{}&#8221; custom_padding__hover=&#8221;|||&#8221;][et_pb_text _builder_version=&#8221;4.22.2&#8243; _module_preset=&#8221;default&#8221; global_colors_info=&#8221;{}&#8221;]<\/p>\n<p>Che si pu\u00f3 fare<br \/>(B. Strozzi)<\/p>\n<p>[\/et_pb_text][et_pb_text _builder_version=&#8221;4.22.2&#8243; _module_preset=&#8221;default&#8221; global_colors_info=&#8221;{}&#8221;]<\/p>\n<p><iframe title=\"Barbara Strozzi - Che si pu\u00f2 fare, Mariana Flores\" width=\"1080\" height=\"608\" src=\"https:\/\/www.youtube.com\/embed\/cL17k49ORCI?feature=oembed\"  allow=\"accelerometer; autoplay; clipboard-write; encrypted-media; gyroscope; picture-in-picture; web-share\" allowfullscreen><\/iframe><\/p>\n<p>[\/et_pb_text][et_pb_toggle title=&#8221;Les mer\/ read more&#8221; _builder_version=&#8221;4.24.2&#8243; _module_preset=&#8221;default&#8221; global_colors_info=&#8221;{}&#8221;]<\/p>\n<p>Lytt frem til 1:40 (=f\u00f8rste vers).<\/p>\n<p><em>Listen until 1:40.<\/em><\/p>\n<p>[\/et_pb_toggle][et_pb_text _builder_version=&#8221;4.19.4&#8243; _module_preset=&#8221;default&#8221; global_colors_info=&#8221;{}&#8221;]<\/p>\n<p><a href=\"https:\/\/imslp.org\/wiki\/Che_si_pu\u00f3_fare%3F_(Strozzi%2C_Barbara)\" target=\"_blank\" rel=\"noopener\">Noter<\/a><\/p>\n<p>[\/et_pb_text][\/et_pb_column_inner][\/et_pb_row_inner][et_pb_row_inner column_structure=&#8221;1_3,1_3,1_3&#8243; admin_label=&#8221;Row&#8221; _builder_version=&#8221;4.16&#8243; global_colors_info=&#8221;{}&#8221;][et_pb_column_inner type=&#8221;1_3&#8243; saved_specialty_column_type=&#8221;3_4&#8243; _builder_version=&#8221;4.16&#8243; custom_padding=&#8221;|||&#8221; global_colors_info=&#8221;{}&#8221; custom_padding__hover=&#8221;|||&#8221;][et_pb_text admin_label=&#8221;Text&#8221; _builder_version=&#8221;4.16&#8243; background_size=&#8221;initial&#8221; background_position=&#8221;top_left&#8221; background_repeat=&#8221;repeat&#8221; use_border_color=&#8221;off&#8221; border_color=&#8221;#ffffff&#8221; border_style=&#8221;solid&#8221; global_colors_info=&#8221;{}&#8221;]Gjendines b\u00e5nl\u00e5t<br \/>\n(Norsk b\u00e5nsull)<br \/>\n[\/et_pb_text][et_pb_text admin_label=&#8221;Spotifylenke&#8221; _builder_version=&#8221;4.22.2&#8243; background_size=&#8221;initial&#8221; background_position=&#8221;top_left&#8221; background_repeat=&#8221;repeat&#8221; use_border_color=&#8221;off&#8221; border_color=&#8221;#ffffff&#8221; border_style=&#8221;solid&#8221; global_colors_info=&#8221;{}&#8221;]<\/p>\n<p><iframe title=\"Gjendines B\u00e5nl\u00e5t\" width=\"1080\" height=\"810\" src=\"https:\/\/www.youtube.com\/embed\/in4renOy_-E?feature=oembed\"  allow=\"accelerometer; autoplay; clipboard-write; encrypted-media; gyroscope; picture-in-picture; web-share\" allowfullscreen><\/iframe><\/p>\n<p>[\/et_pb_text][et_pb_toggle title=&#8221;Les mer\/ read more&#8221; _builder_version=&#8221;4.24.2&#8243; _module_preset=&#8221;default&#8221; global_colors_info=&#8221;{}&#8221;]<\/p>\n<p>I denne innspillingen brukes harmonisk moll\/ hevet syvende trinn.<\/p>\n<p><em>This recording uses the harmonic minor.<\/em><\/p>\n<p>[\/et_pb_toggle][et_pb_text admin_label=&#8221;Tekst&#8221; _builder_version=&#8221;4.16&#8243; background_size=&#8221;initial&#8221; background_position=&#8221;top_left&#8221; background_repeat=&#8221;repeat&#8221; use_border_color=&#8221;off&#8221; border_color=&#8221;#ffffff&#8221; border_style=&#8221;solid&#8221; global_colors_info=&#8221;{}&#8221;][\/et_pb_text][\/et_pb_column_inner][et_pb_column_inner type=&#8221;1_3&#8243; saved_specialty_column_type=&#8221;3_4&#8243; _builder_version=&#8221;4.16&#8243; custom_padding=&#8221;|||&#8221; global_colors_info=&#8221;{}&#8221; custom_padding__hover=&#8221;|||&#8221;][et_pb_text admin_label=&#8221;Text&#8221; _builder_version=&#8221;4.16&#8243; background_size=&#8221;initial&#8221; background_position=&#8221;top_left&#8221; background_repeat=&#8221;repeat&#8221; use_border_color=&#8221;off&#8221; border_color=&#8221;#ffffff&#8221; border_style=&#8221;solid&#8221; global_colors_info=&#8221;{}&#8221;]Gjendines b\u00e5nl\u00e5t<br \/>\n(Norsk b\u00e5nsull)<br \/>\n[\/et_pb_text][et_pb_text admin_label=&#8221;Spotifylenke&#8221; _builder_version=&#8221;4.27.4&#8243; background_size=&#8221;initial&#8221; background_position=&#8221;top_left&#8221; background_repeat=&#8221;repeat&#8221; hover_enabled=&#8221;0&#8243; use_border_color=&#8221;off&#8221; border_color=&#8221;#ffffff&#8221; border_style=&#8221;solid&#8221; global_colors_info=&#8221;{}&#8221; sticky_enabled=&#8221;0&#8243;]<\/p>\n<p><iframe title=\"Gud Fader Mig Saa Underlig - Gjendines B\u00e5dnl\u00e5t\" width=\"1080\" height=\"810\" src=\"https:\/\/www.youtube.com\/embed\/V-ryqNWRHUE?feature=oembed\"  allow=\"accelerometer; autoplay; clipboard-write; encrypted-media; gyroscope; picture-in-picture; web-share\" referrerpolicy=\"strict-origin-when-cross-origin\" allowfullscreen><\/iframe><\/p>\n<p>[\/et_pb_text][et_pb_toggle title=&#8221;Les mer\/ read more&#8221; _builder_version=&#8221;4.24.2&#8243; _module_preset=&#8221;default&#8221; global_colors_info=&#8221;{}&#8221;]<\/p>\n<p>I denne innspillingen brukes et lavt\/halvh\u00f8yt syvende trinn.<\/p>\n<p><em>In this recording, the singer uses a semi-high seventh step.<\/em><\/p>\n<p>[\/et_pb_toggle][\/et_pb_column_inner][et_pb_column_inner type=&#8221;1_3&#8243; saved_specialty_column_type=&#8221;3_4&#8243; _builder_version=&#8221;4.16&#8243; custom_padding=&#8221;|||&#8221; global_colors_info=&#8221;{}&#8221; custom_padding__hover=&#8221;|||&#8221;][et_pb_text admin_label=&#8221;Text&#8221; _builder_version=&#8221;4.16&#8243; background_size=&#8221;initial&#8221; background_position=&#8221;top_left&#8221; background_repeat=&#8221;repeat&#8221; use_border_color=&#8221;off&#8221; border_color=&#8221;#ffffff&#8221; border_style=&#8221;solid&#8221; global_colors_info=&#8221;{}&#8221;]Gjendines b\u00e5nl\u00e5t<br \/>\n(Norsk b\u00e5nsull)[\/et_pb_text][et_pb_text admin_label=&#8221;Spotifylenke&#8221; _builder_version=&#8221;4.22.2&#8243; background_size=&#8221;initial&#8221; background_position=&#8221;top_left&#8221; background_repeat=&#8221;repeat&#8221; use_border_color=&#8221;off&#8221; border_color=&#8221;#ffffff&#8221; border_style=&#8221;solid&#8221; global_colors_info=&#8221;{}&#8221;]<\/p>\n<p><iframe title=\"Gjendines b\u00e5nsull\" width=\"1080\" height=\"810\" src=\"https:\/\/www.youtube.com\/embed\/2QreQAVrxoQ?start=49&#038;feature=oembed\"  allow=\"accelerometer; autoplay; clipboard-write; encrypted-media; gyroscope; picture-in-picture; web-share\" allowfullscreen><\/iframe><\/p>\n<p>[\/et_pb_text][et_pb_toggle title=&#8221;Les mer\/ read more&#8221; _builder_version=&#8221;4.24.2&#8243; _module_preset=&#8221;default&#8221; global_colors_info=&#8221;{}&#8221;]<\/p>\n<p>I denne innspillingen brukes h\u00f8yt syvende trinn i a-delen, lavt syvende trinn i b-delen.<\/p>\n<p><em>This recording uses a raised seventh step in the a-section and a low seventh step in the b-section.<\/em><\/p>\n<p>[\/et_pb_toggle][\/et_pb_column_inner][\/et_pb_row_inner][et_pb_row_inner column_structure=&#8221;1_3,1_3,1_3&#8243; _builder_version=&#8221;4.19.4&#8243; _module_preset=&#8221;default&#8221; global_colors_info=&#8221;{}&#8221;][et_pb_column_inner type=&#8221;1_3&#8243; saved_specialty_column_type=&#8221;3_4&#8243; _builder_version=&#8221;4.19.4&#8243; _module_preset=&#8221;default&#8221; global_colors_info=&#8221;{}&#8221;][et_pb_text admin_label=&#8221;Text&#8221; _builder_version=&#8221;4.16&#8243; background_size=&#8221;initial&#8221; background_position=&#8221;top_left&#8221; background_repeat=&#8221;repeat&#8221; use_border_color=&#8221;off&#8221; border_color=&#8221;#ffffff&#8221; border_style=&#8221;solid&#8221; global_colors_info=&#8221;{}&#8221;]Symfoni nr.3, sats 2<br \/>\n(L. van Beethoven)[\/et_pb_text][et_pb_text admin_label=&#8221;Spotifylenke&#8221; _builder_version=&#8221;4.22.2&#8243; background_size=&#8221;initial&#8221; background_position=&#8221;top_left&#8221; background_repeat=&#8221;repeat&#8221; use_border_color=&#8221;off&#8221; border_color=&#8221;#ffffff&#8221; border_style=&#8221;solid&#8221; global_colors_info=&#8221;{}&#8221;]<\/p>\n<p><iframe title=\"Alondra de la Parra - Symphony No. 3 &quot;Eroica&quot;  (II. Marcia funebre) - Beethoven\" width=\"1080\" height=\"608\" src=\"https:\/\/www.youtube.com\/embed\/GBwHvylteJc?feature=oembed\"  allow=\"accelerometer; autoplay; clipboard-write; encrypted-media; gyroscope; picture-in-picture; web-share\" allowfullscreen><\/iframe><\/p>\n<p>[\/et_pb_text][et_pb_toggle title=&#8221;Les mer\/ read more&#8221; _builder_version=&#8221;4.24.2&#8243; _module_preset=&#8221;default&#8221; global_colors_info=&#8221;{}&#8221;]<\/p>\n<p>Harmonisk moll er tydelig bl.a. i melodien fra start-0:30.<\/p>\n<p><em>The harmonic minor is particularly prominent in the melody from the beginning &#8211; 0:30.<\/em><\/p>\n<p>[\/et_pb_toggle][et_pb_text admin_label=&#8221;Noter&#8221; _builder_version=&#8221;4.16&#8243; background_size=&#8221;initial&#8221; background_position=&#8221;top_left&#8221; background_repeat=&#8221;repeat&#8221; use_border_color=&#8221;off&#8221; border_color=&#8221;#ffffff&#8221; border_style=&#8221;solid&#8221; global_colors_info=&#8221;{}&#8221;]<\/p>\n<p><a href=\"http:\/\/ks4.imslp.info\/files\/imglnks\/usimg\/e\/e2\/IMSLP13851-Beethoven_-_Symphony_No.3,_Mvt.II_(ed._Unger).pdf\">Noter<\/a><\/p>\n<p>[\/et_pb_text][\/et_pb_column_inner][et_pb_column_inner type=&#8221;1_3&#8243; saved_specialty_column_type=&#8221;3_4&#8243; _builder_version=&#8221;4.19.4&#8243; _module_preset=&#8221;default&#8221; global_colors_info=&#8221;{}&#8221;][\/et_pb_column_inner][et_pb_column_inner type=&#8221;1_3&#8243; saved_specialty_column_type=&#8221;3_4&#8243; _builder_version=&#8221;4.19.4&#8243; _module_preset=&#8221;default&#8221; global_colors_info=&#8221;{}&#8221;][\/et_pb_column_inner][\/et_pb_row_inner][\/et_pb_column][et_pb_column type=&#8221;1_4&#8243; _builder_version=&#8221;4.16&#8243; custom_padding=&#8221;|||&#8221; global_colors_info=&#8221;{}&#8221; custom_padding__hover=&#8221;|||&#8221;][et_pb_sidebar area=&#8221;et_pb_widget_area_9&#8243; admin_label=&#8221;Sidebar&#8221; _builder_version=&#8221;4.16&#8243; remove_border=&#8221;off&#8221; global_colors_info=&#8221;{}&#8221;][\/et_pb_sidebar][\/et_pb_column][\/et_pb_section]<\/p>\n","protected":false},"excerpt":{"rendered":"<p>Harmonisk moll Harmonic minor &nbsp; &nbsp;Eksempler fra musikklitteraturen &nbsp; S\u00e5g du noko til kjerringa mi (Norsk folkevise)https:\/\/youtu.be\/J_b8eNJDkPc?si=6BYAdjFJSo_a4zWxTrollmors vuggevise (Norsk b\u00e5nsull) https:\/\/youtu.be\/y007n7cvd7o?si=Bu5xZYOiqzeBNhDEChe si pu\u00f3 fare(B. Strozzi)https:\/\/youtu.be\/cL17k49ORCI?si=ikwYjPKnOqvNc46BLytt frem til 1:40 (=f\u00f8rste vers). Listen until 1:40.NoterGjendines b\u00e5nl\u00e5t (Norsk b\u00e5nsull) https:\/\/youtu.be\/in4renOy_-E?si=owBhBRIKC3EkmgR1I denne innspillingen brukes harmonisk moll\/ hevet syvende trinn. This recording uses the harmonic minor.Gjendines b\u00e5nl\u00e5t (Norsk b\u00e5nsull) https:\/\/youtu.be\/V-ryqNWRHUE?si=ex_tY8K55vkmS5AoI [&hellip;]<\/p>\n","protected":false},"author":3,"featured_media":0,"parent":24966,"menu_order":1,"comment_status":"closed","ping_status":"closed","template":"","meta":{"_et_pb_use_builder":"on","_et_pb_old_content":"","_et_gb_content_width":"","iawp_total_views":73,"footnotes":""},"class_list":["post-25401","page","type-page","status-publish","hentry"],"yoast_head":"<!-- This site is optimized with the Yoast SEO plugin v27.5 - https:\/\/yoast.com\/product\/yoast-seo-wordpress\/ -->\n<title>Harmonisk moll - Musicificium<\/title>\n<meta name=\"robots\" content=\"index, follow, max-snippet:-1, max-image-preview:large, max-video-preview:-1\" \/>\n<link rel=\"canonical\" href=\"https:\/\/result.uit.no\/musicificium\/eksempelbank\/moll-ulike-varianter\/2-harmonisk-moll\/\" \/>\n<script type=\"application\/ld+json\" class=\"yoast-schema-graph\">{\"@context\":\"https:\\\/\\\/schema.org\",\"@graph\":[{\"@type\":\"WebPage\",\"@id\":\"https:\\\/\\\/result.uit.no\\\/musicificium\\\/eksempelbank\\\/moll-ulike-varianter\\\/2-harmonisk-moll\\\/\",\"url\":\"https:\\\/\\\/result.uit.no\\\/musicificium\\\/eksempelbank\\\/moll-ulike-varianter\\\/2-harmonisk-moll\\\/\",\"name\":\"Harmonisk moll - Musicificium\",\"isPartOf\":{\"@id\":\"https:\\\/\\\/result.uit.no\\\/musicificium\\\/#website\"},\"primaryImageOfPage\":{\"@id\":\"https:\\\/\\\/result.uit.no\\\/musicificium\\\/eksempelbank\\\/moll-ulike-varianter\\\/2-harmonisk-moll\\\/#primaryimage\"},\"image\":{\"@id\":\"https:\\\/\\\/result.uit.no\\\/musicificium\\\/eksempelbank\\\/moll-ulike-varianter\\\/2-harmonisk-moll\\\/#primaryimage\"},\"thumbnailUrl\":\"https:\\\/\\\/result.uit.no\\\/musicificium\\\/wp-content\\\/uploads\\\/sites\\\/35\\\/2017\\\/07\\\/harmonisk-moll.png\",\"datePublished\":\"2017-07-07T07:34:36+00:00\",\"dateModified\":\"2025-10-08T11:03:01+00:00\",\"breadcrumb\":{\"@id\":\"https:\\\/\\\/result.uit.no\\\/musicificium\\\/eksempelbank\\\/moll-ulike-varianter\\\/2-harmonisk-moll\\\/#breadcrumb\"},\"inLanguage\":\"en-GB\",\"potentialAction\":[{\"@type\":\"ReadAction\",\"target\":[\"https:\\\/\\\/result.uit.no\\\/musicificium\\\/eksempelbank\\\/moll-ulike-varianter\\\/2-harmonisk-moll\\\/\"]}]},{\"@type\":\"ImageObject\",\"inLanguage\":\"en-GB\",\"@id\":\"https:\\\/\\\/result.uit.no\\\/musicificium\\\/eksempelbank\\\/moll-ulike-varianter\\\/2-harmonisk-moll\\\/#primaryimage\",\"url\":\"https:\\\/\\\/result.uit.no\\\/musicificium\\\/wp-content\\\/uploads\\\/sites\\\/35\\\/2017\\\/07\\\/harmonisk-moll.png\",\"contentUrl\":\"https:\\\/\\\/result.uit.no\\\/musicificium\\\/wp-content\\\/uploads\\\/sites\\\/35\\\/2017\\\/07\\\/harmonisk-moll.png\",\"width\":733,\"height\":90,\"caption\":\"Notebilde som viser en harmonisk mollskala.\"},{\"@type\":\"BreadcrumbList\",\"@id\":\"https:\\\/\\\/result.uit.no\\\/musicificium\\\/eksempelbank\\\/moll-ulike-varianter\\\/2-harmonisk-moll\\\/#breadcrumb\",\"itemListElement\":[{\"@type\":\"ListItem\",\"position\":1,\"name\":\"Home\",\"item\":\"https:\\\/\\\/result.uit.no\\\/musicificium\\\/\"},{\"@type\":\"ListItem\",\"position\":2,\"name\":\"Eksempelbank\",\"item\":\"https:\\\/\\\/result.uit.no\\\/musicificium\\\/eksempelbank\\\/\"},{\"@type\":\"ListItem\",\"position\":3,\"name\":\"Moll: ulike varianter\",\"item\":\"https:\\\/\\\/result.uit.no\\\/musicificium\\\/eksempelbank\\\/moll-ulike-varianter\\\/\"},{\"@type\":\"ListItem\",\"position\":4,\"name\":\"Harmonisk moll\"}]},{\"@type\":\"WebSite\",\"@id\":\"https:\\\/\\\/result.uit.no\\\/musicificium\\\/#website\",\"url\":\"https:\\\/\\\/result.uit.no\\\/musicificium\\\/\",\"name\":\"Musicificium\",\"description\":\"En inspirasjonsbank for geh\u00f8rundervisning!\",\"publisher\":{\"@id\":\"https:\\\/\\\/result.uit.no\\\/musicificium\\\/#organization\"},\"potentialAction\":[{\"@type\":\"SearchAction\",\"target\":{\"@type\":\"EntryPoint\",\"urlTemplate\":\"https:\\\/\\\/result.uit.no\\\/musicificium\\\/?s={search_term_string}\"},\"query-input\":{\"@type\":\"PropertyValueSpecification\",\"valueRequired\":true,\"valueName\":\"search_term_string\"}}],\"inLanguage\":\"en-GB\"},{\"@type\":\"Organization\",\"@id\":\"https:\\\/\\\/result.uit.no\\\/musicificium\\\/#organization\",\"name\":\"UiT\",\"url\":\"https:\\\/\\\/result.uit.no\\\/musicificium\\\/\",\"logo\":{\"@type\":\"ImageObject\",\"inLanguage\":\"en-GB\",\"@id\":\"https:\\\/\\\/result.uit.no\\\/musicificium\\\/#\\\/schema\\\/logo\\\/image\\\/\",\"url\":\"https:\\\/\\\/result.uit.no\\\/musicificium\\\/wp-content\\\/uploads\\\/sites\\\/35\\\/2024\\\/11\\\/UiT_Segl_Eng_Bla_960px.png\",\"contentUrl\":\"https:\\\/\\\/result.uit.no\\\/musicificium\\\/wp-content\\\/uploads\\\/sites\\\/35\\\/2024\\\/11\\\/UiT_Segl_Eng_Bla_960px.png\",\"width\":960,\"height\":960,\"caption\":\"UiT\"},\"image\":{\"@id\":\"https:\\\/\\\/result.uit.no\\\/musicificium\\\/#\\\/schema\\\/logo\\\/image\\\/\"}}]}<\/script>\n<!-- \/ Yoast SEO plugin. -->","yoast_head_json":{"title":"Harmonisk moll - Musicificium","robots":{"index":"index","follow":"follow","max-snippet":"max-snippet:-1","max-image-preview":"max-image-preview:large","max-video-preview":"max-video-preview:-1"},"canonical":"https:\/\/result.uit.no\/musicificium\/eksempelbank\/moll-ulike-varianter\/2-harmonisk-moll\/","schema":{"@context":"https:\/\/schema.org","@graph":[{"@type":"WebPage","@id":"https:\/\/result.uit.no\/musicificium\/eksempelbank\/moll-ulike-varianter\/2-harmonisk-moll\/","url":"https:\/\/result.uit.no\/musicificium\/eksempelbank\/moll-ulike-varianter\/2-harmonisk-moll\/","name":"Harmonisk moll - Musicificium","isPartOf":{"@id":"https:\/\/result.uit.no\/musicificium\/#website"},"primaryImageOfPage":{"@id":"https:\/\/result.uit.no\/musicificium\/eksempelbank\/moll-ulike-varianter\/2-harmonisk-moll\/#primaryimage"},"image":{"@id":"https:\/\/result.uit.no\/musicificium\/eksempelbank\/moll-ulike-varianter\/2-harmonisk-moll\/#primaryimage"},"thumbnailUrl":"https:\/\/result.uit.no\/musicificium\/wp-content\/uploads\/sites\/35\/2017\/07\/harmonisk-moll.png","datePublished":"2017-07-07T07:34:36+00:00","dateModified":"2025-10-08T11:03:01+00:00","breadcrumb":{"@id":"https:\/\/result.uit.no\/musicificium\/eksempelbank\/moll-ulike-varianter\/2-harmonisk-moll\/#breadcrumb"},"inLanguage":"en-GB","potentialAction":[{"@type":"ReadAction","target":["https:\/\/result.uit.no\/musicificium\/eksempelbank\/moll-ulike-varianter\/2-harmonisk-moll\/"]}]},{"@type":"ImageObject","inLanguage":"en-GB","@id":"https:\/\/result.uit.no\/musicificium\/eksempelbank\/moll-ulike-varianter\/2-harmonisk-moll\/#primaryimage","url":"https:\/\/result.uit.no\/musicificium\/wp-content\/uploads\/sites\/35\/2017\/07\/harmonisk-moll.png","contentUrl":"https:\/\/result.uit.no\/musicificium\/wp-content\/uploads\/sites\/35\/2017\/07\/harmonisk-moll.png","width":733,"height":90,"caption":"Notebilde som viser en harmonisk mollskala."},{"@type":"BreadcrumbList","@id":"https:\/\/result.uit.no\/musicificium\/eksempelbank\/moll-ulike-varianter\/2-harmonisk-moll\/#breadcrumb","itemListElement":[{"@type":"ListItem","position":1,"name":"Home","item":"https:\/\/result.uit.no\/musicificium\/"},{"@type":"ListItem","position":2,"name":"Eksempelbank","item":"https:\/\/result.uit.no\/musicificium\/eksempelbank\/"},{"@type":"ListItem","position":3,"name":"Moll: ulike varianter","item":"https:\/\/result.uit.no\/musicificium\/eksempelbank\/moll-ulike-varianter\/"},{"@type":"ListItem","position":4,"name":"Harmonisk moll"}]},{"@type":"WebSite","@id":"https:\/\/result.uit.no\/musicificium\/#website","url":"https:\/\/result.uit.no\/musicificium\/","name":"Musicificium","description":"En inspirasjonsbank for geh\u00f8rundervisning!","publisher":{"@id":"https:\/\/result.uit.no\/musicificium\/#organization"},"potentialAction":[{"@type":"SearchAction","target":{"@type":"EntryPoint","urlTemplate":"https:\/\/result.uit.no\/musicificium\/?s={search_term_string}"},"query-input":{"@type":"PropertyValueSpecification","valueRequired":true,"valueName":"search_term_string"}}],"inLanguage":"en-GB"},{"@type":"Organization","@id":"https:\/\/result.uit.no\/musicificium\/#organization","name":"UiT","url":"https:\/\/result.uit.no\/musicificium\/","logo":{"@type":"ImageObject","inLanguage":"en-GB","@id":"https:\/\/result.uit.no\/musicificium\/#\/schema\/logo\/image\/","url":"https:\/\/result.uit.no\/musicificium\/wp-content\/uploads\/sites\/35\/2024\/11\/UiT_Segl_Eng_Bla_960px.png","contentUrl":"https:\/\/result.uit.no\/musicificium\/wp-content\/uploads\/sites\/35\/2024\/11\/UiT_Segl_Eng_Bla_960px.png","width":960,"height":960,"caption":"UiT"},"image":{"@id":"https:\/\/result.uit.no\/musicificium\/#\/schema\/logo\/image\/"}}]}},"_links":{"self":[{"href":"https:\/\/result.uit.no\/musicificium\/wp-json\/wp\/v2\/pages\/25401","targetHints":{"allow":["GET"]}}],"collection":[{"href":"https:\/\/result.uit.no\/musicificium\/wp-json\/wp\/v2\/pages"}],"about":[{"href":"https:\/\/result.uit.no\/musicificium\/wp-json\/wp\/v2\/types\/page"}],"author":[{"embeddable":true,"href":"https:\/\/result.uit.no\/musicificium\/wp-json\/wp\/v2\/users\/3"}],"replies":[{"embeddable":true,"href":"https:\/\/result.uit.no\/musicificium\/wp-json\/wp\/v2\/comments?post=25401"}],"version-history":[{"count":0,"href":"https:\/\/result.uit.no\/musicificium\/wp-json\/wp\/v2\/pages\/25401\/revisions"}],"up":[{"embeddable":true,"href":"https:\/\/result.uit.no\/musicificium\/wp-json\/wp\/v2\/pages\/24966"}],"wp:attachment":[{"href":"https:\/\/result.uit.no\/musicificium\/wp-json\/wp\/v2\/media?parent=25401"}],"curies":[{"name":"wp","href":"https:\/\/api.w.org\/{rel}","templated":true}]}}