{"id":2096,"date":"2024-10-10T15:26:29","date_gmt":"2024-10-10T13:26:29","guid":{"rendered":"https:\/\/result.uit.no\/grunnleggende-gehor-musikkteori\/?page_id=2096"},"modified":"2024-11-15T18:56:25","modified_gmt":"2024-11-15T17:56:25","slug":"intervalloversikt-2","status":"publish","type":"page","link":"https:\/\/result.uit.no\/grunnleggende-gehor-musikkteori\/intervalloversikt-2\/","title":{"rendered":"Intervalloversikt 2"},"content":{"rendered":"<p>[et_pb_section fb_built=&raquo;1&#8243; _builder_version=&raquo;4.27.2&#8243; _module_preset=&raquo;default&raquo; custom_padding=&raquo;||4px|||&raquo; global_colors_info=&raquo;{}&raquo;][et_pb_row column_structure=&raquo;3_5,2_5&#8243; _builder_version=&raquo;4.27.2&#8243; _module_preset=&raquo;default&raquo; global_colors_info=&raquo;{}&raquo;][et_pb_column type=&raquo;3_5&#8243; _builder_version=&raquo;4.27.2&#8243; _module_preset=&raquo;default&raquo; global_colors_info=&raquo;{}&raquo;][et_pb_heading title=&raquo;Intervalloversikt\u00a0&raquo; _builder_version=&raquo;4.27.3&#8243; _module_preset=&raquo;default&raquo; hover_enabled=&raquo;0&#8243; global_colors_info=&raquo;{}&raquo; title_text_color=&raquo;#E02B20&#8243; title_font_size=&raquo;42px&raquo; sticky_enabled=&raquo;0&#8243;][\/et_pb_heading][et_pb_text _builder_version=&raquo;4.27.2&#8243; _module_preset=&raquo;default&raquo; text_line_height=&raquo;1.5em&raquo; global_colors_info=&raquo;{}&raquo;]<\/p>\n<p>Oversikten viser alle store og sm\u00e5 intervaller opp til oktav st\u00f8rrelse.<\/p>\n<p>I takt 1 vises selve intervallet. I takt 2 vises intervallet og alle halvtonetrinnene intervallet spenner over. Halvtonetrinnene er notert med sm\u00e5 noter.<\/p>\n<p>Som du kan se, er de store intervallene et halvt tonetrinn st\u00f8rre enn de tilsvarende sm\u00e5; en liten ters er et halvt trinn st\u00f8rre enn en stor etc.<\/p>\n<p>[\/et_pb_text][\/et_pb_column][et_pb_column type=&raquo;2_5&#8243; _builder_version=&raquo;4.27.2&#8243; _module_preset=&raquo;default&raquo; global_colors_info=&raquo;{}&raquo;][et_pb_image src=&raquo;https:\/\/result.uit.no\/grunnleggende-gehor-musikkteori\/wp-content\/uploads\/sites\/63\/2024\/09\/gnokkel-med-note-rod.jpg&raquo; title_text=&raquo;gn\u00f8kkel med note r\u00f8d&raquo; _builder_version=&raquo;4.27.2&#8243; _module_preset=&raquo;default&raquo; global_colors_info=&raquo;{}&raquo;][\/et_pb_image][\/et_pb_column][\/et_pb_row][\/et_pb_section][et_pb_section fb_built=&raquo;1&#8243; _builder_version=&raquo;4.27.2&#8243; _module_preset=&raquo;default&raquo; custom_padding=&raquo;2px|||||&raquo; global_colors_info=&raquo;{}&raquo;][et_pb_row _builder_version=&raquo;4.27.2&#8243; _module_preset=&raquo;default&raquo; global_colors_info=&raquo;{}&raquo;][et_pb_column type=&raquo;4_4&#8243; _builder_version=&raquo;4.27.2&#8243; _module_preset=&raquo;default&raquo; global_colors_info=&raquo;{}&raquo;][et_pb_text _builder_version=&raquo;4.27.2&#8243; _module_preset=&raquo;default&raquo; global_colors_info=&raquo;{}&raquo;]<\/p>\n<p>Liten sekund:<\/p>\n<p>[\/et_pb_text][et_pb_text _builder_version=&raquo;4.27.2&#8243; _module_preset=&raquo;default&raquo; global_colors_info=&raquo;{}&raquo;]<\/p>\n<p><img loading=\"lazy\" decoding=\"async\" src=\"https:\/\/result.uit.no\/grunnleggende-gehor-musikkteori\/wp-content\/uploads\/sites\/63\/2024\/10\/sekund_liten.png\" width=\"2171\" height=\"160\" alt=\"\" class=\"wp-image-2294 alignnone size-full\" srcset=\"https:\/\/result.uit.no\/grunnleggende-gehor-musikkteori\/wp-content\/uploads\/sites\/63\/2024\/10\/sekund_liten.png 2171w, https:\/\/result.uit.no\/grunnleggende-gehor-musikkteori\/wp-content\/uploads\/sites\/63\/2024\/10\/sekund_liten-1280x94.png 1280w, https:\/\/result.uit.no\/grunnleggende-gehor-musikkteori\/wp-content\/uploads\/sites\/63\/2024\/10\/sekund_liten-980x72.png 980w, https:\/\/result.uit.no\/grunnleggende-gehor-musikkteori\/wp-content\/uploads\/sites\/63\/2024\/10\/sekund_liten-480x35.png 480w\" sizes=\"(min-width: 0px) and (max-width: 480px) 480px, (min-width: 481px) and (max-width: 980px) 980px, (min-width: 981px) and (max-width: 1280px) 1280px, (min-width: 1281px) 2171px, 100vw\" \/><\/p>\n<p>[\/et_pb_text][et_pb_text _builder_version=&raquo;4.27.2&#8243; _module_preset=&raquo;default&raquo; global_colors_info=&raquo;{}&raquo;]<\/p>\n<p>Lytt til intervallet:<\/p>\n<p>[\/et_pb_text][\/et_pb_column][\/et_pb_row][et_pb_row column_structure=&raquo;1_2,1_2&#8243; _builder_version=&raquo;4.27.2&#8243; _module_preset=&raquo;default&raquo; custom_padding=&raquo;2px|||||&raquo; global_colors_info=&raquo;{}&raquo;][et_pb_column type=&raquo;1_2&#8243; _builder_version=&raquo;4.27.2&#8243; _module_preset=&raquo;default&raquo; global_colors_info=&raquo;{}&raquo;][et_pb_audio audio=&raquo;https:\/\/result.uit.no\/grunnleggende-gehor-musikkteori\/wp-content\/uploads\/sites\/63\/2024\/10\/Liten-sekund.mp3&#8243; _builder_version=&raquo;4.27.2&#8243; _module_preset=&raquo;default&raquo; custom_padding=&raquo;0px||4px|||&raquo; global_colors_info=&raquo;{}&raquo;][\/et_pb_audio][\/et_pb_column][et_pb_column type=&raquo;1_2&#8243; _builder_version=&raquo;4.27.2&#8243; _module_preset=&raquo;default&raquo; global_colors_info=&raquo;{}&raquo;][\/et_pb_column][\/et_pb_row][et_pb_row _builder_version=&raquo;4.27.2&#8243; _module_preset=&raquo;default&raquo; global_colors_info=&raquo;{}&raquo;][et_pb_column type=&raquo;4_4&#8243; _builder_version=&raquo;4.27.2&#8243; _module_preset=&raquo;default&raquo; global_colors_info=&raquo;{}&raquo;][et_pb_text _builder_version=&raquo;4.27.2&#8243; _module_preset=&raquo;default&raquo; global_colors_info=&raquo;{}&raquo;]<\/p>\n<p><span>Disse melodiene\/ stykkene starter med en liten sekund:<\/span><\/p>\n<p>[\/et_pb_text][\/et_pb_column][\/et_pb_row][et_pb_row column_structure=&raquo;1_4,1_4,1_4,1_4&#8243; _builder_version=&raquo;4.27.2&#8243; _module_preset=&raquo;default&raquo; global_colors_info=&raquo;{}&raquo;][et_pb_column type=&raquo;1_4&#8243; _builder_version=&raquo;4.27.2&#8243; _module_preset=&raquo;default&raquo; global_colors_info=&raquo;{}&raquo;][et_pb_video src=&raquo;https:\/\/youtu.be\/BX3bN5YeiQs&raquo; _builder_version=&raquo;4.27.2&#8243; _module_preset=&raquo;default&raquo; global_colors_info=&raquo;{}&raquo;][\/et_pb_video][\/et_pb_column][et_pb_column type=&raquo;1_4&#8243; _builder_version=&raquo;4.27.2&#8243; _module_preset=&raquo;default&raquo; global_colors_info=&raquo;{}&raquo;][et_pb_video src=&raquo;https:\/\/youtu.be\/s71I_EWJk7I&raquo; _builder_version=&raquo;4.27.2&#8243; _module_preset=&raquo;default&raquo; global_colors_info=&raquo;{}&raquo;][\/et_pb_video][\/et_pb_column][et_pb_column type=&raquo;1_4&#8243; _builder_version=&raquo;4.27.2&#8243; _module_preset=&raquo;default&raquo; global_colors_info=&raquo;{}&raquo;][et_pb_code _builder_version=&raquo;4.27.2&#8243; _module_preset=&raquo;default&raquo; global_colors_info=&raquo;{}&raquo;][\/et_pb_code][\/et_pb_column][et_pb_column type=&raquo;1_4&#8243; _builder_version=&raquo;4.27.2&#8243; _module_preset=&raquo;default&raquo; global_colors_info=&raquo;{}&raquo;][\/et_pb_column][\/et_pb_row][\/et_pb_section][et_pb_section fb_built=&raquo;1&#8243; _builder_version=&raquo;4.27.2&#8243; _module_preset=&raquo;default&raquo; custom_padding=&raquo;2px|||||&raquo; global_colors_info=&raquo;{}&raquo;][et_pb_row _builder_version=&raquo;4.27.2&#8243; _module_preset=&raquo;default&raquo; global_colors_info=&raquo;{}&raquo;][et_pb_column type=&raquo;4_4&#8243; _builder_version=&raquo;4.27.2&#8243; _module_preset=&raquo;default&raquo; global_colors_info=&raquo;{}&raquo;][et_pb_text _builder_version=&raquo;4.27.2&#8243; _module_preset=&raquo;default&raquo; global_colors_info=&raquo;{}&raquo;]<\/p>\n<p>Stor sekund:<\/p>\n<p>[\/et_pb_text][et_pb_text _builder_version=&raquo;4.27.2&#8243; _module_preset=&raquo;default&raquo; global_colors_info=&raquo;{}&raquo;]<\/p>\n<p><img loading=\"lazy\" decoding=\"async\" src=\"https:\/\/result.uit.no\/grunnleggende-gehor-musikkteori\/wp-content\/uploads\/sites\/63\/2024\/10\/sekund_stor.png\" width=\"2171\" height=\"207\" alt=\"\" class=\"wp-image-2334 alignnone size-full\" srcset=\"https:\/\/result.uit.no\/grunnleggende-gehor-musikkteori\/wp-content\/uploads\/sites\/63\/2024\/10\/sekund_stor.png 2171w, https:\/\/result.uit.no\/grunnleggende-gehor-musikkteori\/wp-content\/uploads\/sites\/63\/2024\/10\/sekund_stor-1280x122.png 1280w, https:\/\/result.uit.no\/grunnleggende-gehor-musikkteori\/wp-content\/uploads\/sites\/63\/2024\/10\/sekund_stor-980x93.png 980w, https:\/\/result.uit.no\/grunnleggende-gehor-musikkteori\/wp-content\/uploads\/sites\/63\/2024\/10\/sekund_stor-480x46.png 480w\" sizes=\"(min-width: 0px) and (max-width: 480px) 480px, (min-width: 481px) and (max-width: 980px) 980px, (min-width: 981px) and (max-width: 1280px) 1280px, (min-width: 1281px) 2171px, 100vw\" \/><\/p>\n<p>[\/et_pb_text][et_pb_text _builder_version=&raquo;4.27.2&#8243; _module_preset=&raquo;default&raquo; global_colors_info=&raquo;{}&raquo;]<\/p>\n<p>Lytt til intervallet:<\/p>\n<p>[\/et_pb_text][\/et_pb_column][\/et_pb_row][et_pb_row column_structure=&raquo;1_2,1_2&#8243; _builder_version=&raquo;4.27.2&#8243; _module_preset=&raquo;default&raquo; custom_padding=&raquo;2px|||||&raquo; global_colors_info=&raquo;{}&raquo;][et_pb_column type=&raquo;1_2&#8243; _builder_version=&raquo;4.27.2&#8243; _module_preset=&raquo;default&raquo; global_colors_info=&raquo;{}&raquo;][et_pb_audio audio=&raquo;https:\/\/result.uit.no\/grunnleggende-gehor-musikkteori\/wp-content\/uploads\/sites\/63\/2024\/10\/Stor-sekund.mp3&#8243; _builder_version=&raquo;4.27.2&#8243; _module_preset=&raquo;default&raquo; custom_padding=&raquo;0px||4px|||&raquo; global_colors_info=&raquo;{}&raquo;][\/et_pb_audio][\/et_pb_column][et_pb_column type=&raquo;1_2&#8243; _builder_version=&raquo;4.27.2&#8243; _module_preset=&raquo;default&raquo; global_colors_info=&raquo;{}&raquo;][\/et_pb_column][\/et_pb_row][et_pb_row column_structure=&raquo;1_2,1_2&#8243; _builder_version=&raquo;4.27.2&#8243; _module_preset=&raquo;default&raquo; global_colors_info=&raquo;{}&raquo;][et_pb_column type=&raquo;1_2&#8243; _builder_version=&raquo;4.27.2&#8243; _module_preset=&raquo;default&raquo; global_colors_info=&raquo;{}&raquo;][et_pb_text _builder_version=&raquo;4.27.2&#8243; _module_preset=&raquo;default&raquo; global_colors_info=&raquo;{}&raquo;]<\/p>\n<p><span>Disse melodiene\/ stykkene starter med en stor sekund:<\/span><\/p>\n<p>[\/et_pb_text][\/et_pb_column][et_pb_column type=&raquo;1_2&#8243; _builder_version=&raquo;4.27.2&#8243; _module_preset=&raquo;default&raquo; global_colors_info=&raquo;{}&raquo;][\/et_pb_column][\/et_pb_row][et_pb_row column_structure=&raquo;1_4,1_4,1_4,1_4&#8243; _builder_version=&raquo;4.27.2&#8243; _module_preset=&raquo;default&raquo; global_colors_info=&raquo;{}&raquo;][et_pb_column type=&raquo;1_4&#8243; _builder_version=&raquo;4.27.2&#8243; _module_preset=&raquo;default&raquo; global_colors_info=&raquo;{}&raquo;][et_pb_code _builder_version=&raquo;4.27.2&#8243; _module_preset=&raquo;default&raquo; global_colors_info=&raquo;{}&raquo;]<iframe loading=\"lazy\" title=\"Vem Kan Segla F\u00f6rutan Vind? (Instrumental)\" width=\"1080\" height=\"810\" src=\"https:\/\/www.youtube.com\/embed\/VA_wX6YYZNc?start=7&#038;feature=oembed\"  allow=\"accelerometer; autoplay; clipboard-write; encrypted-media; gyroscope; picture-in-picture; web-share\" referrerpolicy=\"strict-origin-when-cross-origin\" allowfullscreen><\/iframe>[\/et_pb_code][\/et_pb_column][et_pb_column type=&raquo;1_4&#8243; _builder_version=&raquo;4.27.2&#8243; _module_preset=&raquo;default&raquo; global_colors_info=&raquo;{}&raquo;][et_pb_code _builder_version=&raquo;4.27.2&#8243; _module_preset=&raquo;default&raquo; global_colors_info=&raquo;{}&raquo;]<iframe loading=\"lazy\" title=\"&quot;Do-Re-Mi&quot; - THE SOUND OF MUSIC (1965)\" width=\"1080\" height=\"608\" src=\"https:\/\/www.youtube.com\/embed\/drnBMAEA3AM?start=41&#038;feature=oembed\"  allow=\"accelerometer; autoplay; clipboard-write; encrypted-media; gyroscope; picture-in-picture; web-share\" referrerpolicy=\"strict-origin-when-cross-origin\" allowfullscreen><\/iframe>[\/et_pb_code][\/et_pb_column][et_pb_column type=&raquo;1_4&#8243; _builder_version=&raquo;4.27.2&#8243; _module_preset=&raquo;default&raquo; global_colors_info=&raquo;{}&raquo;][et_pb_video src=&raquo;https:\/\/youtu.be\/Qr3HJIp9cvY&raquo; _builder_version=&raquo;4.27.2&#8243; _module_preset=&raquo;default&raquo; global_colors_info=&raquo;{}&raquo;][\/et_pb_video][\/et_pb_column][et_pb_column type=&raquo;1_4&#8243; _builder_version=&raquo;4.27.2&#8243; _module_preset=&raquo;default&raquo; global_colors_info=&raquo;{}&raquo;][\/et_pb_column][\/et_pb_row][\/et_pb_section][et_pb_section fb_built=&raquo;1&#8243; _builder_version=&raquo;4.27.2&#8243; _module_preset=&raquo;default&raquo; custom_padding=&raquo;2px|||||&raquo; global_colors_info=&raquo;{}&raquo;][et_pb_row _builder_version=&raquo;4.27.2&#8243; _module_preset=&raquo;default&raquo; global_colors_info=&raquo;{}&raquo;][et_pb_column type=&raquo;4_4&#8243; _builder_version=&raquo;4.27.2&#8243; _module_preset=&raquo;default&raquo; global_colors_info=&raquo;{}&raquo;][et_pb_text _builder_version=&raquo;4.27.2&#8243; _module_preset=&raquo;default&raquo; global_colors_info=&raquo;{}&raquo;]<\/p>\n<p>Liten ters:<\/p>\n<p>[\/et_pb_text][et_pb_text _builder_version=&raquo;4.27.2&#8243; _module_preset=&raquo;default&raquo; global_colors_info=&raquo;{}&raquo;]<\/p>\n<p><img loading=\"lazy\" decoding=\"async\" src=\"https:\/\/result.uit.no\/grunnleggende-gehor-musikkteori\/wp-content\/uploads\/sites\/63\/2024\/10\/liten_ters.png\" width=\"2171\" height=\"192\" alt=\"\" class=\"wp-image-2345 alignnone size-full\" srcset=\"https:\/\/result.uit.no\/grunnleggende-gehor-musikkteori\/wp-content\/uploads\/sites\/63\/2024\/10\/liten_ters.png 2171w, https:\/\/result.uit.no\/grunnleggende-gehor-musikkteori\/wp-content\/uploads\/sites\/63\/2024\/10\/liten_ters-1280x113.png 1280w, https:\/\/result.uit.no\/grunnleggende-gehor-musikkteori\/wp-content\/uploads\/sites\/63\/2024\/10\/liten_ters-980x87.png 980w, https:\/\/result.uit.no\/grunnleggende-gehor-musikkteori\/wp-content\/uploads\/sites\/63\/2024\/10\/liten_ters-480x42.png 480w\" sizes=\"(min-width: 0px) and (max-width: 480px) 480px, (min-width: 481px) and (max-width: 980px) 980px, (min-width: 981px) and (max-width: 1280px) 1280px, (min-width: 1281px) 2171px, 100vw\" \/><\/p>\n<p>[\/et_pb_text][et_pb_text _builder_version=&raquo;4.27.2&#8243; _module_preset=&raquo;default&raquo; global_colors_info=&raquo;{}&raquo;]<\/p>\n<p>Lytt til intervallet:<\/p>\n<p>[\/et_pb_text][\/et_pb_column][\/et_pb_row][et_pb_row column_structure=&raquo;1_2,1_2&#8243; _builder_version=&raquo;4.27.2&#8243; _module_preset=&raquo;default&raquo; custom_padding=&raquo;2px|||||&raquo; global_colors_info=&raquo;{}&raquo;][et_pb_column type=&raquo;1_2&#8243; _builder_version=&raquo;4.27.2&#8243; _module_preset=&raquo;default&raquo; global_colors_info=&raquo;{}&raquo;][et_pb_audio audio=&raquo;https:\/\/result.uit.no\/grunnleggende-gehor-musikkteori\/wp-content\/uploads\/sites\/63\/2024\/10\/Liten-ters.mp3&#8243; _builder_version=&raquo;4.27.2&#8243; _module_preset=&raquo;default&raquo; custom_padding=&raquo;0px||4px|||&raquo; global_colors_info=&raquo;{}&raquo;][\/et_pb_audio][\/et_pb_column][et_pb_column type=&raquo;1_2&#8243; _builder_version=&raquo;4.27.2&#8243; _module_preset=&raquo;default&raquo; global_colors_info=&raquo;{}&raquo;][\/et_pb_column][\/et_pb_row][et_pb_row _builder_version=&raquo;4.27.2&#8243; _module_preset=&raquo;default&raquo; global_colors_info=&raquo;{}&raquo;][et_pb_column type=&raquo;4_4&#8243; _builder_version=&raquo;4.27.2&#8243; _module_preset=&raquo;default&raquo; global_colors_info=&raquo;{}&raquo;][et_pb_text _builder_version=&raquo;4.27.2&#8243; _module_preset=&raquo;default&raquo; global_colors_info=&raquo;{}&raquo;]<\/p>\n<p><span>Disse melodiene\/ stykkene starter med en liten ters:<\/span><\/p>\n<p>[\/et_pb_text][\/et_pb_column][\/et_pb_row][et_pb_row column_structure=&raquo;1_4,1_4,1_4,1_4&#8243; _builder_version=&raquo;4.27.2&#8243; _module_preset=&raquo;default&raquo; global_colors_info=&raquo;{}&raquo;][et_pb_column type=&raquo;1_4&#8243; _builder_version=&raquo;4.27.2&#8243; _module_preset=&raquo;default&raquo; global_colors_info=&raquo;{}&raquo;][et_pb_video src=&raquo;https:\/\/youtu.be\/C-Kist-Be08&#8243; _builder_version=&raquo;4.27.2&#8243; _module_preset=&raquo;default&raquo; global_colors_info=&raquo;{}&raquo;][\/et_pb_video][\/et_pb_column][et_pb_column type=&raquo;1_4&#8243; _builder_version=&raquo;4.27.2&#8243; _module_preset=&raquo;default&raquo; global_colors_info=&raquo;{}&raquo;][et_pb_video src=&raquo;https:\/\/youtu.be\/h5AqgjzlGp8&#8243; _builder_version=&raquo;4.27.2&#8243; _module_preset=&raquo;default&raquo; global_colors_info=&raquo;{}&raquo;][\/et_pb_video][\/et_pb_column][et_pb_column type=&raquo;1_4&#8243; _builder_version=&raquo;4.27.2&#8243; _module_preset=&raquo;default&raquo; global_colors_info=&raquo;{}&raquo;][\/et_pb_column][et_pb_column type=&raquo;1_4&#8243; _builder_version=&raquo;4.27.2&#8243; _module_preset=&raquo;default&raquo; global_colors_info=&raquo;{}&raquo;][\/et_pb_column][\/et_pb_row][\/et_pb_section][et_pb_section fb_built=&raquo;1&#8243; _builder_version=&raquo;4.27.2&#8243; _module_preset=&raquo;default&raquo; custom_padding=&raquo;2px|||||&raquo; global_colors_info=&raquo;{}&raquo;][et_pb_row _builder_version=&raquo;4.27.2&#8243; _module_preset=&raquo;default&raquo; global_colors_info=&raquo;{}&raquo;][et_pb_column type=&raquo;4_4&#8243; _builder_version=&raquo;4.27.2&#8243; _module_preset=&raquo;default&raquo; global_colors_info=&raquo;{}&raquo;][et_pb_text _builder_version=&raquo;4.27.2&#8243; _module_preset=&raquo;default&raquo; global_colors_info=&raquo;{}&raquo;]<\/p>\n<p>Stor ters:<\/p>\n<p>[\/et_pb_text][et_pb_text _builder_version=&raquo;4.27.2&#8243; _module_preset=&raquo;default&raquo; global_colors_info=&raquo;{}&raquo;]<\/p>\n<p><img loading=\"lazy\" decoding=\"async\" src=\"https:\/\/result.uit.no\/grunnleggende-gehor-musikkteori\/wp-content\/uploads\/sites\/63\/2024\/10\/stor_ters.png\" width=\"2171\" height=\"192\" alt=\"\" class=\"wp-image-2359 alignnone size-full\" srcset=\"https:\/\/result.uit.no\/grunnleggende-gehor-musikkteori\/wp-content\/uploads\/sites\/63\/2024\/10\/stor_ters.png 2171w, https:\/\/result.uit.no\/grunnleggende-gehor-musikkteori\/wp-content\/uploads\/sites\/63\/2024\/10\/stor_ters-1280x113.png 1280w, https:\/\/result.uit.no\/grunnleggende-gehor-musikkteori\/wp-content\/uploads\/sites\/63\/2024\/10\/stor_ters-980x87.png 980w, https:\/\/result.uit.no\/grunnleggende-gehor-musikkteori\/wp-content\/uploads\/sites\/63\/2024\/10\/stor_ters-480x42.png 480w\" sizes=\"(min-width: 0px) and (max-width: 480px) 480px, (min-width: 481px) and (max-width: 980px) 980px, (min-width: 981px) and (max-width: 1280px) 1280px, (min-width: 1281px) 2171px, 100vw\" \/><\/p>\n<p>[\/et_pb_text][et_pb_text _builder_version=&raquo;4.27.2&#8243; _module_preset=&raquo;default&raquo; global_colors_info=&raquo;{}&raquo;]<\/p>\n<p>Lytt til intervallet:<\/p>\n<p>[\/et_pb_text][\/et_pb_column][\/et_pb_row][et_pb_row column_structure=&raquo;1_2,1_2&#8243; _builder_version=&raquo;4.27.2&#8243; _module_preset=&raquo;default&raquo; custom_padding=&raquo;2px|||||&raquo; global_colors_info=&raquo;{}&raquo;][et_pb_column type=&raquo;1_2&#8243; _builder_version=&raquo;4.27.2&#8243; _module_preset=&raquo;default&raquo; global_colors_info=&raquo;{}&raquo;][et_pb_audio audio=&raquo;https:\/\/result.uit.no\/grunnleggende-gehor-musikkteori\/wp-content\/uploads\/sites\/63\/2024\/10\/Stor-ters.mp3&#8243; _builder_version=&raquo;4.27.2&#8243; _module_preset=&raquo;default&raquo; custom_padding=&raquo;0px||4px|||&raquo; global_colors_info=&raquo;{}&raquo;][\/et_pb_audio][\/et_pb_column][et_pb_column type=&raquo;1_2&#8243; _builder_version=&raquo;4.27.2&#8243; _module_preset=&raquo;default&raquo; global_colors_info=&raquo;{}&raquo;][\/et_pb_column][\/et_pb_row][et_pb_row _builder_version=&raquo;4.27.2&#8243; _module_preset=&raquo;default&raquo; global_colors_info=&raquo;{}&raquo;][et_pb_column type=&raquo;4_4&#8243; _builder_version=&raquo;4.27.2&#8243; _module_preset=&raquo;default&raquo; global_colors_info=&raquo;{}&raquo;][et_pb_text _builder_version=&raquo;4.27.2&#8243; _module_preset=&raquo;default&raquo; global_colors_info=&raquo;{}&raquo;]<\/p>\n<p><span>Disse melodiene\/ stykkene starter med en stor ters:<\/span><\/p>\n<p>[\/et_pb_text][\/et_pb_column][\/et_pb_row][et_pb_row column_structure=&raquo;1_4,1_4,1_4,1_4&#8243; _builder_version=&raquo;4.27.2&#8243; _module_preset=&raquo;default&raquo; global_colors_info=&raquo;{}&raquo;][et_pb_column type=&raquo;1_4&#8243; _builder_version=&raquo;4.27.2&#8243; _module_preset=&raquo;default&raquo; global_colors_info=&raquo;{}&raquo;][et_pb_code _builder_version=&raquo;4.27.2&#8243; _module_preset=&raquo;default&raquo; global_colors_info=&raquo;{}&raquo;]<iframe loading=\"lazy\" title=\"Miles Davis - Jean Pierre\" width=\"1080\" height=\"810\" src=\"https:\/\/www.youtube.com\/embed\/SQ2d0BBClr8?start=40&#038;feature=oembed\"  allow=\"accelerometer; autoplay; clipboard-write; encrypted-media; gyroscope; picture-in-picture; web-share\" referrerpolicy=\"strict-origin-when-cross-origin\" allowfullscreen><\/iframe>[\/et_pb_code][\/et_pb_column][et_pb_column type=&raquo;1_4&#8243; _builder_version=&raquo;4.27.2&#8243; _module_preset=&raquo;default&raquo; global_colors_info=&raquo;{}&raquo;][et_pb_video src=&raquo;https:\/\/youtu.be\/lLjwkamp3lI&raquo; _builder_version=&raquo;4.27.2&#8243; _module_preset=&raquo;default&raquo; global_colors_info=&raquo;{}&raquo;][\/et_pb_video][\/et_pb_column][et_pb_column type=&raquo;1_4&#8243; _builder_version=&raquo;4.27.2&#8243; _module_preset=&raquo;default&raquo; global_colors_info=&raquo;{}&raquo;][et_pb_code _builder_version=&raquo;4.27.2&#8243; _module_preset=&raquo;default&raquo; global_colors_info=&raquo;{}&raquo;]<iframe loading=\"lazy\" title=\"Dyrene i Hakkebakkeskogen - Klatremus&#039; voggevise\" width=\"1080\" height=\"608\" src=\"https:\/\/www.youtube.com\/embed\/S8DXPXuOjqI?start=10&#038;feature=oembed\"  allow=\"accelerometer; autoplay; clipboard-write; encrypted-media; gyroscope; picture-in-picture; web-share\" referrerpolicy=\"strict-origin-when-cross-origin\" allowfullscreen><\/iframe>[\/et_pb_code][\/et_pb_column][et_pb_column type=&raquo;1_4&#8243; _builder_version=&raquo;4.27.2&#8243; _module_preset=&raquo;default&raquo; global_colors_info=&raquo;{}&raquo;][\/et_pb_column][\/et_pb_row][\/et_pb_section][et_pb_section fb_built=&raquo;1&#8243; _builder_version=&raquo;4.27.2&#8243; _module_preset=&raquo;default&raquo; custom_padding=&raquo;2px|||||&raquo; global_colors_info=&raquo;{}&raquo;][et_pb_row _builder_version=&raquo;4.27.2&#8243; _module_preset=&raquo;default&raquo; global_colors_info=&raquo;{}&raquo;][et_pb_column type=&raquo;4_4&#8243; _builder_version=&raquo;4.27.2&#8243; _module_preset=&raquo;default&raquo; global_colors_info=&raquo;{}&raquo;][et_pb_text _builder_version=&raquo;4.27.2&#8243; _module_preset=&raquo;default&raquo; global_colors_info=&raquo;{}&raquo;]<\/p>\n<p>Liten sekst:<\/p>\n<p>[\/et_pb_text][et_pb_text _builder_version=&raquo;4.27.2&#8243; _module_preset=&raquo;default&raquo; global_colors_info=&raquo;{}&raquo;]<\/p>\n<p><img loading=\"lazy\" decoding=\"async\" src=\"https:\/\/result.uit.no\/grunnleggende-gehor-musikkteori\/wp-content\/uploads\/sites\/63\/2024\/10\/liten_sekst.png\" width=\"2171\" height=\"192\" alt=\"\" class=\"wp-image-2375 alignnone size-full\" srcset=\"https:\/\/result.uit.no\/grunnleggende-gehor-musikkteori\/wp-content\/uploads\/sites\/63\/2024\/10\/liten_sekst.png 2171w, https:\/\/result.uit.no\/grunnleggende-gehor-musikkteori\/wp-content\/uploads\/sites\/63\/2024\/10\/liten_sekst-1280x113.png 1280w, https:\/\/result.uit.no\/grunnleggende-gehor-musikkteori\/wp-content\/uploads\/sites\/63\/2024\/10\/liten_sekst-980x87.png 980w, https:\/\/result.uit.no\/grunnleggende-gehor-musikkteori\/wp-content\/uploads\/sites\/63\/2024\/10\/liten_sekst-480x42.png 480w\" sizes=\"(min-width: 0px) and (max-width: 480px) 480px, (min-width: 481px) and (max-width: 980px) 980px, (min-width: 981px) and (max-width: 1280px) 1280px, (min-width: 1281px) 2171px, 100vw\" \/><\/p>\n<p>[\/et_pb_text][et_pb_text _builder_version=&raquo;4.27.2&#8243; _module_preset=&raquo;default&raquo; global_colors_info=&raquo;{}&raquo;]<\/p>\n<p>Lytt til intervallet:<\/p>\n<p>[\/et_pb_text][\/et_pb_column][\/et_pb_row][et_pb_row column_structure=&raquo;1_2,1_2&#8243; _builder_version=&raquo;4.27.2&#8243; _module_preset=&raquo;default&raquo; custom_padding=&raquo;2px|||||&raquo; global_colors_info=&raquo;{}&raquo;][et_pb_column type=&raquo;1_2&#8243; _builder_version=&raquo;4.27.2&#8243; _module_preset=&raquo;default&raquo; global_colors_info=&raquo;{}&raquo;][et_pb_audio audio=&raquo;https:\/\/result.uit.no\/grunnleggende-gehor-musikkteori\/wp-content\/uploads\/sites\/63\/2024\/10\/Liten-sekst.mp3&#8243; _builder_version=&raquo;4.27.2&#8243; _module_preset=&raquo;default&raquo; custom_padding=&raquo;0px||4px|||&raquo; global_colors_info=&raquo;{}&raquo;][\/et_pb_audio][\/et_pb_column][et_pb_column type=&raquo;1_2&#8243; _builder_version=&raquo;4.27.2&#8243; _module_preset=&raquo;default&raquo; global_colors_info=&raquo;{}&raquo;][\/et_pb_column][\/et_pb_row][et_pb_row _builder_version=&raquo;4.27.2&#8243; _module_preset=&raquo;default&raquo; global_colors_info=&raquo;{}&raquo;][et_pb_column type=&raquo;4_4&#8243; _builder_version=&raquo;4.27.2&#8243; _module_preset=&raquo;default&raquo; global_colors_info=&raquo;{}&raquo;][et_pb_text _builder_version=&raquo;4.27.2&#8243; _module_preset=&raquo;default&raquo; global_colors_info=&raquo;{}&raquo;]<\/p>\n<p><span>Disse melodiene\/ stykkene starter med en liten sekst:<\/span><\/p>\n<p>[\/et_pb_text][\/et_pb_column][\/et_pb_row][et_pb_row column_structure=&raquo;1_4,1_4,1_4,1_4&#8243; _builder_version=&raquo;4.27.2&#8243; _module_preset=&raquo;default&raquo; global_colors_info=&raquo;{}&raquo;][et_pb_column type=&raquo;1_4&#8243; _builder_version=&raquo;4.27.2&#8243; _module_preset=&raquo;default&raquo; global_colors_info=&raquo;{}&raquo;][et_pb_code _builder_version=&raquo;4.27.2&#8243; _module_preset=&raquo;default&raquo; global_colors_info=&raquo;{}&raquo;]<iframe loading=\"lazy\" title=\"Theme From Love Story\" width=\"1080\" height=\"810\" src=\"https:\/\/www.youtube.com\/embed\/53Nh3XxBiWg?start=24&#038;feature=oembed\"  allow=\"accelerometer; autoplay; clipboard-write; encrypted-media; gyroscope; picture-in-picture; web-share\" referrerpolicy=\"strict-origin-when-cross-origin\" allowfullscreen><\/iframe>[\/et_pb_code][\/et_pb_column][et_pb_column type=&raquo;1_4&#8243; _builder_version=&raquo;4.27.2&#8243; _module_preset=&raquo;default&raquo; global_colors_info=&raquo;{}&raquo;][et_pb_code _builder_version=&raquo;4.27.2&#8243; _module_preset=&raquo;default&raquo; global_colors_info=&raquo;{}&raquo;]<iframe loading=\"lazy\" title=\"Baila Nova - Black Orpheus (Luiz Bonfa) - (Bossa Nova Classics) Quarantine Series #13\" width=\"1080\" height=\"608\" src=\"https:\/\/www.youtube.com\/embed\/nEYCc8vZtNE?start=10&#038;feature=oembed\"  allow=\"accelerometer; autoplay; clipboard-write; encrypted-media; gyroscope; picture-in-picture; web-share\" referrerpolicy=\"strict-origin-when-cross-origin\" allowfullscreen><\/iframe>[\/et_pb_code][\/et_pb_column][et_pb_column type=&raquo;1_4&#8243; _builder_version=&raquo;4.27.2&#8243; _module_preset=&raquo;default&raquo; global_colors_info=&raquo;{}&raquo;][\/et_pb_column][et_pb_column type=&raquo;1_4&#8243; _builder_version=&raquo;4.27.2&#8243; _module_preset=&raquo;default&raquo; global_colors_info=&raquo;{}&raquo;][\/et_pb_column][\/et_pb_row][\/et_pb_section][et_pb_section fb_built=&raquo;1&#8243; _builder_version=&raquo;4.27.2&#8243; _module_preset=&raquo;default&raquo; custom_padding=&raquo;2px|||||&raquo; global_colors_info=&raquo;{}&raquo;][et_pb_row _builder_version=&raquo;4.27.2&#8243; _module_preset=&raquo;default&raquo; global_colors_info=&raquo;{}&raquo;][et_pb_column type=&raquo;4_4&#8243; _builder_version=&raquo;4.27.2&#8243; _module_preset=&raquo;default&raquo; global_colors_info=&raquo;{}&raquo;][et_pb_text _builder_version=&raquo;4.27.2&#8243; _module_preset=&raquo;default&raquo; global_colors_info=&raquo;{}&raquo;]<\/p>\n<p>Stor sekst:<\/p>\n<p>[\/et_pb_text][et_pb_text _builder_version=&raquo;4.27.2&#8243; _module_preset=&raquo;default&raquo; global_colors_info=&raquo;{}&raquo;]<\/p>\n<p><img loading=\"lazy\" decoding=\"async\" src=\"https:\/\/result.uit.no\/grunnleggende-gehor-musikkteori\/wp-content\/uploads\/sites\/63\/2024\/10\/stor_sekst_.png\" width=\"2171\" height=\"192\" alt=\"\" class=\"wp-image-2385 alignnone size-full\" srcset=\"https:\/\/result.uit.no\/grunnleggende-gehor-musikkteori\/wp-content\/uploads\/sites\/63\/2024\/10\/stor_sekst_.png 2171w, https:\/\/result.uit.no\/grunnleggende-gehor-musikkteori\/wp-content\/uploads\/sites\/63\/2024\/10\/stor_sekst_-1280x113.png 1280w, https:\/\/result.uit.no\/grunnleggende-gehor-musikkteori\/wp-content\/uploads\/sites\/63\/2024\/10\/stor_sekst_-980x87.png 980w, https:\/\/result.uit.no\/grunnleggende-gehor-musikkteori\/wp-content\/uploads\/sites\/63\/2024\/10\/stor_sekst_-480x42.png 480w\" sizes=\"(min-width: 0px) and (max-width: 480px) 480px, (min-width: 481px) and (max-width: 980px) 980px, (min-width: 981px) and (max-width: 1280px) 1280px, (min-width: 1281px) 2171px, 100vw\" \/><\/p>\n<p>[\/et_pb_text][et_pb_text _builder_version=&raquo;4.27.2&#8243; _module_preset=&raquo;default&raquo; global_colors_info=&raquo;{}&raquo;]<\/p>\n<p>Lytt til intervallet:<\/p>\n<p>[\/et_pb_text][\/et_pb_column][\/et_pb_row][et_pb_row column_structure=&raquo;1_2,1_2&#8243; _builder_version=&raquo;4.27.2&#8243; _module_preset=&raquo;default&raquo; custom_padding=&raquo;2px|||||&raquo; global_colors_info=&raquo;{}&raquo;][et_pb_column type=&raquo;1_2&#8243; _builder_version=&raquo;4.27.2&#8243; _module_preset=&raquo;default&raquo; global_colors_info=&raquo;{}&raquo;][et_pb_audio audio=&raquo;https:\/\/result.uit.no\/grunnleggende-gehor-musikkteori\/wp-content\/uploads\/sites\/63\/2024\/10\/Stor-sekst.mp3&#8243; _builder_version=&raquo;4.27.2&#8243; _module_preset=&raquo;default&raquo; custom_padding=&raquo;0px||4px|||&raquo; global_colors_info=&raquo;{}&raquo;][\/et_pb_audio][\/et_pb_column][et_pb_column type=&raquo;1_2&#8243; _builder_version=&raquo;4.27.2&#8243; _module_preset=&raquo;default&raquo; global_colors_info=&raquo;{}&raquo;][\/et_pb_column][\/et_pb_row][et_pb_row _builder_version=&raquo;4.27.2&#8243; _module_preset=&raquo;default&raquo; global_colors_info=&raquo;{}&raquo;][et_pb_column type=&raquo;4_4&#8243; _builder_version=&raquo;4.27.2&#8243; _module_preset=&raquo;default&raquo; global_colors_info=&raquo;{}&raquo;][et_pb_text _builder_version=&raquo;4.27.2&#8243; _module_preset=&raquo;default&raquo; global_colors_info=&raquo;{}&raquo;]<\/p>\n<p><span>Disse melodiene\/ stykkene starter med en stor sekst:<\/span><\/p>\n<p>[\/et_pb_text][\/et_pb_column][\/et_pb_row][et_pb_row column_structure=&raquo;1_4,1_4,1_4,1_4&#8243; _builder_version=&raquo;4.27.2&#8243; _module_preset=&raquo;default&raquo; global_colors_info=&raquo;{}&raquo;][et_pb_column type=&raquo;1_4&#8243; _builder_version=&raquo;4.27.2&#8243; _module_preset=&raquo;default&raquo; global_colors_info=&raquo;{}&raquo;][et_pb_code _builder_version=&raquo;4.27.2&#8243; _module_preset=&raquo;default&raquo; global_colors_info=&raquo;{}&raquo;]<iframe loading=\"lazy\" title=\"Jeg Sn\u00f8rer Min Sekk\" width=\"1080\" height=\"810\" src=\"https:\/\/www.youtube.com\/embed\/Od88Mly3EWI?start=6&#038;feature=oembed\"  allow=\"accelerometer; autoplay; clipboard-write; encrypted-media; gyroscope; picture-in-picture; web-share\" referrerpolicy=\"strict-origin-when-cross-origin\" allowfullscreen><\/iframe>[\/et_pb_code][\/et_pb_column][et_pb_column type=&raquo;1_4&#8243; _builder_version=&raquo;4.27.2&#8243; _module_preset=&raquo;default&raquo; global_colors_info=&raquo;{}&raquo;][et_pb_video src=&raquo;https:\/\/youtu.be\/7DsXJz0k9Vs&raquo; _builder_version=&raquo;4.27.2&#8243; _module_preset=&raquo;default&raquo; global_colors_info=&raquo;{}&raquo;][\/et_pb_video][\/et_pb_column][et_pb_column type=&raquo;1_4&#8243; _builder_version=&raquo;4.27.2&#8243; _module_preset=&raquo;default&raquo; global_colors_info=&raquo;{}&raquo;][et_pb_code _builder_version=&raquo;4.27.2&#8243; _module_preset=&raquo;default&raquo; global_colors_info=&raquo;{}&raquo;]<iframe loading=\"lazy\" title=\"Nu tennes tusen julelys\" width=\"1080\" height=\"810\" src=\"https:\/\/www.youtube.com\/embed\/R1Ak5G5Zdeg?start=17&#038;feature=oembed\"  allow=\"accelerometer; autoplay; clipboard-write; encrypted-media; gyroscope; picture-in-picture; web-share\" referrerpolicy=\"strict-origin-when-cross-origin\" allowfullscreen><\/iframe>[\/et_pb_code][\/et_pb_column][et_pb_column type=&raquo;1_4&#8243; _builder_version=&raquo;4.27.2&#8243; _module_preset=&raquo;default&raquo; global_colors_info=&raquo;{}&raquo;][\/et_pb_column][\/et_pb_row][\/et_pb_section][et_pb_section fb_built=&raquo;1&#8243; _builder_version=&raquo;4.27.2&#8243; _module_preset=&raquo;default&raquo; custom_padding=&raquo;2px|||||&raquo; global_colors_info=&raquo;{}&raquo;][et_pb_row _builder_version=&raquo;4.27.2&#8243; _module_preset=&raquo;default&raquo; global_colors_info=&raquo;{}&raquo;][et_pb_column type=&raquo;4_4&#8243; _builder_version=&raquo;4.27.2&#8243; _module_preset=&raquo;default&raquo; global_colors_info=&raquo;{}&raquo;][et_pb_text _builder_version=&raquo;4.27.2&#8243; _module_preset=&raquo;default&raquo; global_colors_info=&raquo;{}&raquo;]<\/p>\n<p>Liten septim:<\/p>\n<p>[\/et_pb_text][et_pb_text _builder_version=&raquo;4.27.2&#8243; _module_preset=&raquo;default&raquo; global_colors_info=&raquo;{}&raquo;]<\/p>\n<p><img loading=\"lazy\" decoding=\"async\" src=\"https:\/\/result.uit.no\/grunnleggende-gehor-musikkteori\/wp-content\/uploads\/sites\/63\/2024\/10\/liten_septim.png\" width=\"2171\" height=\"192\" alt=\"\" class=\"wp-image-2394 alignnone size-full\" srcset=\"https:\/\/result.uit.no\/grunnleggende-gehor-musikkteori\/wp-content\/uploads\/sites\/63\/2024\/10\/liten_septim.png 2171w, https:\/\/result.uit.no\/grunnleggende-gehor-musikkteori\/wp-content\/uploads\/sites\/63\/2024\/10\/liten_septim-1280x113.png 1280w, https:\/\/result.uit.no\/grunnleggende-gehor-musikkteori\/wp-content\/uploads\/sites\/63\/2024\/10\/liten_septim-980x87.png 980w, https:\/\/result.uit.no\/grunnleggende-gehor-musikkteori\/wp-content\/uploads\/sites\/63\/2024\/10\/liten_septim-480x42.png 480w\" sizes=\"(min-width: 0px) and (max-width: 480px) 480px, (min-width: 481px) and (max-width: 980px) 980px, (min-width: 981px) and (max-width: 1280px) 1280px, (min-width: 1281px) 2171px, 100vw\" \/><\/p>\n<p>[\/et_pb_text][et_pb_text _builder_version=&raquo;4.27.2&#8243; _module_preset=&raquo;default&raquo; global_colors_info=&raquo;{}&raquo;]<\/p>\n<p>Lytt til intervallet:<\/p>\n<p>[\/et_pb_text][\/et_pb_column][\/et_pb_row][et_pb_row column_structure=&raquo;1_2,1_2&#8243; _builder_version=&raquo;4.27.2&#8243; _module_preset=&raquo;default&raquo; custom_padding=&raquo;2px|||||&raquo; global_colors_info=&raquo;{}&raquo;][et_pb_column type=&raquo;1_2&#8243; _builder_version=&raquo;4.27.2&#8243; _module_preset=&raquo;default&raquo; global_colors_info=&raquo;{}&raquo;][et_pb_audio audio=&raquo;https:\/\/result.uit.no\/grunnleggende-gehor-musikkteori\/wp-content\/uploads\/sites\/63\/2024\/10\/Liten-septim.mp3&#8243; _builder_version=&raquo;4.27.2&#8243; _module_preset=&raquo;default&raquo; custom_padding=&raquo;0px||4px|||&raquo; global_colors_info=&raquo;{}&raquo;][\/et_pb_audio][\/et_pb_column][et_pb_column type=&raquo;1_2&#8243; _builder_version=&raquo;4.27.2&#8243; _module_preset=&raquo;default&raquo; global_colors_info=&raquo;{}&raquo;][\/et_pb_column][\/et_pb_row][et_pb_row _builder_version=&raquo;4.27.2&#8243; _module_preset=&raquo;default&raquo; global_colors_info=&raquo;{}&raquo;][et_pb_column type=&raquo;4_4&#8243; _builder_version=&raquo;4.27.2&#8243; _module_preset=&raquo;default&raquo; global_colors_info=&raquo;{}&raquo;][et_pb_text _builder_version=&raquo;4.27.2&#8243; _module_preset=&raquo;default&raquo; global_colors_info=&raquo;{}&raquo;]<\/p>\n<p><span>Disse melodiene\/ stykkene starter med en liten septim:<\/span><\/p>\n<p>[\/et_pb_text][\/et_pb_column][\/et_pb_row][et_pb_row column_structure=&raquo;1_4,1_4,1_4,1_4&#8243; _builder_version=&raquo;4.27.2&#8243; _module_preset=&raquo;default&raquo; global_colors_info=&raquo;{}&raquo;][et_pb_column type=&raquo;1_4&#8243; _builder_version=&raquo;4.27.2&#8243; _module_preset=&raquo;default&raquo; global_colors_info=&raquo;{}&raquo;][et_pb_video src=&raquo;https:\/\/youtu.be\/ZC8OmyywAWM&raquo; _builder_version=&raquo;4.27.2&#8243; _module_preset=&raquo;default&raquo; global_colors_info=&raquo;{}&raquo;][\/et_pb_video][\/et_pb_column][et_pb_column type=&raquo;1_4&#8243; _builder_version=&raquo;4.27.2&#8243; _module_preset=&raquo;default&raquo; global_colors_info=&raquo;{}&raquo;][et_pb_code _builder_version=&raquo;4.27.2&#8243; _module_preset=&raquo;default&raquo; global_colors_info=&raquo;{}&raquo;]<iframe loading=\"lazy\" title=\"The Winner Takes It All\" width=\"1080\" height=\"810\" src=\"https:\/\/www.youtube.com\/embed\/RrYJOjKEZEs?start=35&#038;feature=oembed\"  allow=\"accelerometer; autoplay; clipboard-write; encrypted-media; gyroscope; picture-in-picture; web-share\" referrerpolicy=\"strict-origin-when-cross-origin\" allowfullscreen><\/iframe>[\/et_pb_code][et_pb_text _builder_version=&raquo;4.27.2&#8243; _module_preset=&raquo;default&raquo; global_colors_info=&raquo;{}&raquo;]<\/p>\n<p>Her starter refrenget p\u00e5 liten septim.<\/p>\n<p>[\/et_pb_text][\/et_pb_column][et_pb_column type=&raquo;1_4&#8243; _builder_version=&raquo;4.27.2&#8243; _module_preset=&raquo;default&raquo; global_colors_info=&raquo;{}&raquo;][\/et_pb_column][et_pb_column type=&raquo;1_4&#8243; _builder_version=&raquo;4.27.2&#8243; _module_preset=&raquo;default&raquo; global_colors_info=&raquo;{}&raquo;][\/et_pb_column][\/et_pb_row][\/et_pb_section][et_pb_section fb_built=&raquo;1&#8243; _builder_version=&raquo;4.27.2&#8243; _module_preset=&raquo;default&raquo; custom_padding=&raquo;2px|||||&raquo; global_colors_info=&raquo;{}&raquo;][et_pb_row _builder_version=&raquo;4.27.2&#8243; _module_preset=&raquo;default&raquo; global_colors_info=&raquo;{}&raquo;][et_pb_column type=&raquo;4_4&#8243; _builder_version=&raquo;4.27.2&#8243; _module_preset=&raquo;default&raquo; global_colors_info=&raquo;{}&raquo;][et_pb_text _builder_version=&raquo;4.27.2&#8243; _module_preset=&raquo;default&raquo; global_colors_info=&raquo;{}&raquo;]<\/p>\n<p>Stor septim:<\/p>\n<p>[\/et_pb_text][et_pb_text _builder_version=&raquo;4.27.2&#8243; _module_preset=&raquo;default&raquo; global_colors_info=&raquo;{}&raquo;]<\/p>\n<p><img loading=\"lazy\" decoding=\"async\" src=\"https:\/\/result.uit.no\/grunnleggende-gehor-musikkteori\/wp-content\/uploads\/sites\/63\/2024\/10\/Stor-septim-1.png\" width=\"2171\" height=\"205\" alt=\"\" class=\"wp-image-2416 alignnone size-full\" srcset=\"https:\/\/result.uit.no\/grunnleggende-gehor-musikkteori\/wp-content\/uploads\/sites\/63\/2024\/10\/Stor-septim-1.png 2171w, https:\/\/result.uit.no\/grunnleggende-gehor-musikkteori\/wp-content\/uploads\/sites\/63\/2024\/10\/Stor-septim-1-1280x121.png 1280w, https:\/\/result.uit.no\/grunnleggende-gehor-musikkteori\/wp-content\/uploads\/sites\/63\/2024\/10\/Stor-septim-1-980x93.png 980w, https:\/\/result.uit.no\/grunnleggende-gehor-musikkteori\/wp-content\/uploads\/sites\/63\/2024\/10\/Stor-septim-1-480x45.png 480w\" sizes=\"(min-width: 0px) and (max-width: 480px) 480px, (min-width: 481px) and (max-width: 980px) 980px, (min-width: 981px) and (max-width: 1280px) 1280px, (min-width: 1281px) 2171px, 100vw\" \/><\/p>\n<p>[\/et_pb_text][et_pb_text _builder_version=&raquo;4.27.2&#8243; _module_preset=&raquo;default&raquo; global_colors_info=&raquo;{}&raquo;]<\/p>\n<p>Lytt til intervallet:<\/p>\n<p>[\/et_pb_text][\/et_pb_column][\/et_pb_row][et_pb_row column_structure=&raquo;1_2,1_2&#8243; _builder_version=&raquo;4.27.2&#8243; _module_preset=&raquo;default&raquo; custom_padding=&raquo;2px|||||&raquo; global_colors_info=&raquo;{}&raquo;][et_pb_column type=&raquo;1_2&#8243; _builder_version=&raquo;4.27.2&#8243; _module_preset=&raquo;default&raquo; global_colors_info=&raquo;{}&raquo;][et_pb_audio audio=&raquo;https:\/\/result.uit.no\/grunnleggende-gehor-musikkteori\/wp-content\/uploads\/sites\/63\/2024\/10\/Stor-septim.mp3&#8243; _builder_version=&raquo;4.27.2&#8243; _module_preset=&raquo;default&raquo; custom_padding=&raquo;0px||4px|||&raquo; global_colors_info=&raquo;{}&raquo;][\/et_pb_audio][\/et_pb_column][et_pb_column type=&raquo;1_2&#8243; _builder_version=&raquo;4.27.2&#8243; _module_preset=&raquo;default&raquo; global_colors_info=&raquo;{}&raquo;][\/et_pb_column][\/et_pb_row][et_pb_row _builder_version=&raquo;4.27.2&#8243; _module_preset=&raquo;default&raquo; global_colors_info=&raquo;{}&raquo;][et_pb_column type=&raquo;4_4&#8243; _builder_version=&raquo;4.27.2&#8243; _module_preset=&raquo;default&raquo; global_colors_info=&raquo;{}&raquo;][et_pb_text _builder_version=&raquo;4.27.2&#8243; _module_preset=&raquo;default&raquo; global_colors_info=&raquo;{}&raquo;]<\/p>\n<p><span>Disse melodiene\/ stykkene starter med en stor septim:<\/span><\/p>\n<p>[\/et_pb_text][\/et_pb_column][\/et_pb_row][et_pb_row column_structure=&raquo;1_4,1_4,1_4,1_4&#8243; _builder_version=&raquo;4.27.2&#8243; _module_preset=&raquo;default&raquo; global_colors_info=&raquo;{}&raquo;][et_pb_column type=&raquo;1_4&#8243; _builder_version=&raquo;4.27.2&#8243; _module_preset=&raquo;default&raquo; global_colors_info=&raquo;{}&raquo;][et_pb_code _builder_version=&raquo;4.27.2&#8243; _module_preset=&raquo;default&raquo; global_colors_info=&raquo;{}&raquo;]<iframe loading=\"lazy\" title=\"a-ha - Take On Me (Official Video) [Remastered in 4K]\" width=\"1080\" height=\"810\" src=\"https:\/\/www.youtube.com\/embed\/djV11Xbc914?start=54&#038;feature=oembed\"  allow=\"accelerometer; autoplay; clipboard-write; encrypted-media; gyroscope; picture-in-picture; web-share\" referrerpolicy=\"strict-origin-when-cross-origin\" allowfullscreen><\/iframe>[\/et_pb_code][et_pb_text _builder_version=&raquo;4.27.2&#8243; _module_preset=&raquo;default&raquo; global_colors_info=&raquo;{}&raquo;]<\/p>\n<p>Her starter refrenget p\u00e5 stor septim.<\/p>\n<p>[\/et_pb_text][\/et_pb_column][et_pb_column type=&raquo;1_4&#8243; _builder_version=&raquo;4.27.2&#8243; _module_preset=&raquo;default&raquo; global_colors_info=&raquo;{}&raquo;][et_pb_code _builder_version=&raquo;4.27.2&#8243; _module_preset=&raquo;default&raquo; global_colors_info=&raquo;{}&raquo;]<iframe loading=\"lazy\" title=\"Norah Jones - Don&#039;t Know Why\" width=\"1080\" height=\"608\" src=\"https:\/\/www.youtube.com\/embed\/1LH4vnrM-Vs?start=9&#038;feature=oembed\"  allow=\"accelerometer; autoplay; clipboard-write; encrypted-media; gyroscope; picture-in-picture; web-share\" referrerpolicy=\"strict-origin-when-cross-origin\" allowfullscreen><\/iframe>[\/et_pb_code][\/et_pb_column][et_pb_column type=&raquo;1_4&#8243; _builder_version=&raquo;4.27.2&#8243; _module_preset=&raquo;default&raquo; global_colors_info=&raquo;{}&raquo;][\/et_pb_column][et_pb_column type=&raquo;1_4&#8243; _builder_version=&raquo;4.27.2&#8243; _module_preset=&raquo;default&raquo; global_colors_info=&raquo;{}&raquo;][\/et_pb_column][\/et_pb_row][\/et_pb_section]<\/p>\n","protected":false},"excerpt":{"rendered":"<p>Oversikten viser alle store og sm\u00e5 intervaller opp til oktav st\u00f8rrelse. I takt 1 vises selve intervallet. I takt 2 vises intervallet og alle halvtonetrinnene intervallet spenner over. Halvtonetrinnene er notert med sm\u00e5 noter. Som du kan se, er de store intervallene et halvt tonetrinn st\u00f8rre enn de tilsvarende sm\u00e5; en liten ters er et [&hellip;]<\/p>\n","protected":false},"author":1974,"featured_media":0,"parent":0,"menu_order":0,"comment_status":"closed","ping_status":"closed","template":"","meta":{"_et_pb_use_builder":"on","_et_pb_old_content":"<!-- wp:divi\/placeholder \/-->","_et_gb_content_width":"","iawp_total_views":134,"footnotes":""},"class_list":["post-2096","page","type-page","status-publish","hentry"],"yoast_head":"<!-- This site is optimized with the Yoast SEO plugin v27.5 - https:\/\/yoast.com\/product\/yoast-seo-wordpress\/ -->\n<title>Intervalloversikt 2 - Geh\u00f8r og musikkteori<\/title>\n<meta name=\"robots\" content=\"index, follow, max-snippet:-1, max-image-preview:large, max-video-preview:-1\" \/>\n<link rel=\"canonical\" href=\"https:\/\/result.uit.no\/grunnleggende-gehor-musikkteori\/intervalloversikt-2\/\" \/>\n<script type=\"application\/ld+json\" class=\"yoast-schema-graph\">{\"@context\":\"https:\\\/\\\/schema.org\",\"@graph\":[{\"@type\":\"WebPage\",\"@id\":\"https:\\\/\\\/result.uit.no\\\/grunnleggende-gehor-musikkteori\\\/intervalloversikt-2\\\/\",\"url\":\"https:\\\/\\\/result.uit.no\\\/grunnleggende-gehor-musikkteori\\\/intervalloversikt-2\\\/\",\"name\":\"Intervalloversikt 2 - Geh\u00f8r og musikkteori\",\"isPartOf\":{\"@id\":\"https:\\\/\\\/result.uit.no\\\/grunnleggende-gehor-musikkteori\\\/#website\"},\"primaryImageOfPage\":{\"@id\":\"https:\\\/\\\/result.uit.no\\\/grunnleggende-gehor-musikkteori\\\/intervalloversikt-2\\\/#primaryimage\"},\"image\":{\"@id\":\"https:\\\/\\\/result.uit.no\\\/grunnleggende-gehor-musikkteori\\\/intervalloversikt-2\\\/#primaryimage\"},\"thumbnailUrl\":\"https:\\\/\\\/result.uit.no\\\/grunnleggende-gehor-musikkteori\\\/wp-content\\\/uploads\\\/sites\\\/63\\\/2024\\\/10\\\/sekund_liten.png\",\"datePublished\":\"2024-10-10T13:26:29+00:00\",\"dateModified\":\"2024-11-15T17:56:25+00:00\",\"breadcrumb\":{\"@id\":\"https:\\\/\\\/result.uit.no\\\/grunnleggende-gehor-musikkteori\\\/intervalloversikt-2\\\/#breadcrumb\"},\"inLanguage\":\"nb-NO\",\"potentialAction\":[{\"@type\":\"ReadAction\",\"target\":[\"https:\\\/\\\/result.uit.no\\\/grunnleggende-gehor-musikkteori\\\/intervalloversikt-2\\\/\"]}]},{\"@type\":\"ImageObject\",\"inLanguage\":\"nb-NO\",\"@id\":\"https:\\\/\\\/result.uit.no\\\/grunnleggende-gehor-musikkteori\\\/intervalloversikt-2\\\/#primaryimage\",\"url\":\"https:\\\/\\\/result.uit.no\\\/grunnleggende-gehor-musikkteori\\\/wp-content\\\/uploads\\\/sites\\\/63\\\/2024\\\/10\\\/sekund_liten.png\",\"contentUrl\":\"https:\\\/\\\/result.uit.no\\\/grunnleggende-gehor-musikkteori\\\/wp-content\\\/uploads\\\/sites\\\/63\\\/2024\\\/10\\\/sekund_liten.png\",\"width\":2171,\"height\":160},{\"@type\":\"BreadcrumbList\",\"@id\":\"https:\\\/\\\/result.uit.no\\\/grunnleggende-gehor-musikkteori\\\/intervalloversikt-2\\\/#breadcrumb\",\"itemListElement\":[{\"@type\":\"ListItem\",\"position\":1,\"name\":\"Home\",\"item\":\"https:\\\/\\\/result.uit.no\\\/grunnleggende-gehor-musikkteori\\\/\"},{\"@type\":\"ListItem\",\"position\":2,\"name\":\"Intervalloversikt 2\"}]},{\"@type\":\"WebSite\",\"@id\":\"https:\\\/\\\/result.uit.no\\\/grunnleggende-gehor-musikkteori\\\/#website\",\"url\":\"https:\\\/\\\/result.uit.no\\\/grunnleggende-gehor-musikkteori\\\/\",\"name\":\"Geh\u00f8r og musikkteori\",\"description\":\"Geh\u00f8r og musikkteori\",\"publisher\":{\"@id\":\"https:\\\/\\\/result.uit.no\\\/grunnleggende-gehor-musikkteori\\\/#organization\"},\"potentialAction\":[{\"@type\":\"SearchAction\",\"target\":{\"@type\":\"EntryPoint\",\"urlTemplate\":\"https:\\\/\\\/result.uit.no\\\/grunnleggende-gehor-musikkteori\\\/?s={search_term_string}\"},\"query-input\":{\"@type\":\"PropertyValueSpecification\",\"valueRequired\":true,\"valueName\":\"search_term_string\"}}],\"inLanguage\":\"nb-NO\"},{\"@type\":\"Organization\",\"@id\":\"https:\\\/\\\/result.uit.no\\\/grunnleggende-gehor-musikkteori\\\/#organization\",\"name\":\"UiT\",\"url\":\"https:\\\/\\\/result.uit.no\\\/grunnleggende-gehor-musikkteori\\\/\",\"logo\":{\"@type\":\"ImageObject\",\"inLanguage\":\"nb-NO\",\"@id\":\"https:\\\/\\\/result.uit.no\\\/grunnleggende-gehor-musikkteori\\\/#\\\/schema\\\/logo\\\/image\\\/\",\"url\":\"https:\\\/\\\/result.uit.no\\\/grunnleggende-gehor-musikkteori\\\/wp-content\\\/uploads\\\/sites\\\/63\\\/2024\\\/11\\\/UiT_Segl_Eng_Bla_960px.png\",\"contentUrl\":\"https:\\\/\\\/result.uit.no\\\/grunnleggende-gehor-musikkteori\\\/wp-content\\\/uploads\\\/sites\\\/63\\\/2024\\\/11\\\/UiT_Segl_Eng_Bla_960px.png\",\"width\":960,\"height\":960,\"caption\":\"UiT\"},\"image\":{\"@id\":\"https:\\\/\\\/result.uit.no\\\/grunnleggende-gehor-musikkteori\\\/#\\\/schema\\\/logo\\\/image\\\/\"}}]}<\/script>\n<!-- \/ Yoast SEO plugin. -->","yoast_head_json":{"title":"Intervalloversikt 2 - Geh\u00f8r og musikkteori","robots":{"index":"index","follow":"follow","max-snippet":"max-snippet:-1","max-image-preview":"max-image-preview:large","max-video-preview":"max-video-preview:-1"},"canonical":"https:\/\/result.uit.no\/grunnleggende-gehor-musikkteori\/intervalloversikt-2\/","schema":{"@context":"https:\/\/schema.org","@graph":[{"@type":"WebPage","@id":"https:\/\/result.uit.no\/grunnleggende-gehor-musikkteori\/intervalloversikt-2\/","url":"https:\/\/result.uit.no\/grunnleggende-gehor-musikkteori\/intervalloversikt-2\/","name":"Intervalloversikt 2 - Geh\u00f8r og musikkteori","isPartOf":{"@id":"https:\/\/result.uit.no\/grunnleggende-gehor-musikkteori\/#website"},"primaryImageOfPage":{"@id":"https:\/\/result.uit.no\/grunnleggende-gehor-musikkteori\/intervalloversikt-2\/#primaryimage"},"image":{"@id":"https:\/\/result.uit.no\/grunnleggende-gehor-musikkteori\/intervalloversikt-2\/#primaryimage"},"thumbnailUrl":"https:\/\/result.uit.no\/grunnleggende-gehor-musikkteori\/wp-content\/uploads\/sites\/63\/2024\/10\/sekund_liten.png","datePublished":"2024-10-10T13:26:29+00:00","dateModified":"2024-11-15T17:56:25+00:00","breadcrumb":{"@id":"https:\/\/result.uit.no\/grunnleggende-gehor-musikkteori\/intervalloversikt-2\/#breadcrumb"},"inLanguage":"nb-NO","potentialAction":[{"@type":"ReadAction","target":["https:\/\/result.uit.no\/grunnleggende-gehor-musikkteori\/intervalloversikt-2\/"]}]},{"@type":"ImageObject","inLanguage":"nb-NO","@id":"https:\/\/result.uit.no\/grunnleggende-gehor-musikkteori\/intervalloversikt-2\/#primaryimage","url":"https:\/\/result.uit.no\/grunnleggende-gehor-musikkteori\/wp-content\/uploads\/sites\/63\/2024\/10\/sekund_liten.png","contentUrl":"https:\/\/result.uit.no\/grunnleggende-gehor-musikkteori\/wp-content\/uploads\/sites\/63\/2024\/10\/sekund_liten.png","width":2171,"height":160},{"@type":"BreadcrumbList","@id":"https:\/\/result.uit.no\/grunnleggende-gehor-musikkteori\/intervalloversikt-2\/#breadcrumb","itemListElement":[{"@type":"ListItem","position":1,"name":"Home","item":"https:\/\/result.uit.no\/grunnleggende-gehor-musikkteori\/"},{"@type":"ListItem","position":2,"name":"Intervalloversikt 2"}]},{"@type":"WebSite","@id":"https:\/\/result.uit.no\/grunnleggende-gehor-musikkteori\/#website","url":"https:\/\/result.uit.no\/grunnleggende-gehor-musikkteori\/","name":"Geh\u00f8r og musikkteori","description":"Geh\u00f8r og musikkteori","publisher":{"@id":"https:\/\/result.uit.no\/grunnleggende-gehor-musikkteori\/#organization"},"potentialAction":[{"@type":"SearchAction","target":{"@type":"EntryPoint","urlTemplate":"https:\/\/result.uit.no\/grunnleggende-gehor-musikkteori\/?s={search_term_string}"},"query-input":{"@type":"PropertyValueSpecification","valueRequired":true,"valueName":"search_term_string"}}],"inLanguage":"nb-NO"},{"@type":"Organization","@id":"https:\/\/result.uit.no\/grunnleggende-gehor-musikkteori\/#organization","name":"UiT","url":"https:\/\/result.uit.no\/grunnleggende-gehor-musikkteori\/","logo":{"@type":"ImageObject","inLanguage":"nb-NO","@id":"https:\/\/result.uit.no\/grunnleggende-gehor-musikkteori\/#\/schema\/logo\/image\/","url":"https:\/\/result.uit.no\/grunnleggende-gehor-musikkteori\/wp-content\/uploads\/sites\/63\/2024\/11\/UiT_Segl_Eng_Bla_960px.png","contentUrl":"https:\/\/result.uit.no\/grunnleggende-gehor-musikkteori\/wp-content\/uploads\/sites\/63\/2024\/11\/UiT_Segl_Eng_Bla_960px.png","width":960,"height":960,"caption":"UiT"},"image":{"@id":"https:\/\/result.uit.no\/grunnleggende-gehor-musikkteori\/#\/schema\/logo\/image\/"}}]}},"_links":{"self":[{"href":"https:\/\/result.uit.no\/grunnleggende-gehor-musikkteori\/wp-json\/wp\/v2\/pages\/2096","targetHints":{"allow":["GET"]}}],"collection":[{"href":"https:\/\/result.uit.no\/grunnleggende-gehor-musikkteori\/wp-json\/wp\/v2\/pages"}],"about":[{"href":"https:\/\/result.uit.no\/grunnleggende-gehor-musikkteori\/wp-json\/wp\/v2\/types\/page"}],"author":[{"embeddable":true,"href":"https:\/\/result.uit.no\/grunnleggende-gehor-musikkteori\/wp-json\/wp\/v2\/users\/1974"}],"replies":[{"embeddable":true,"href":"https:\/\/result.uit.no\/grunnleggende-gehor-musikkteori\/wp-json\/wp\/v2\/comments?post=2096"}],"version-history":[{"count":0,"href":"https:\/\/result.uit.no\/grunnleggende-gehor-musikkteori\/wp-json\/wp\/v2\/pages\/2096\/revisions"}],"wp:attachment":[{"href":"https:\/\/result.uit.no\/grunnleggende-gehor-musikkteori\/wp-json\/wp\/v2\/media?parent=2096"}],"curies":[{"name":"wp","href":"https:\/\/api.w.org\/{rel}","templated":true}]}}