{"id":2094,"date":"2024-10-10T15:25:32","date_gmt":"2024-10-10T13:25:32","guid":{"rendered":"https:\/\/result.uit.no\/grunnleggende-gehor-musikkteori\/?page_id=2094"},"modified":"2024-11-17T12:22:49","modified_gmt":"2024-11-17T11:22:49","slug":"noter-intervaller","status":"publish","type":"page","link":"https:\/\/result.uit.no\/grunnleggende-gehor-musikkteori\/noter-intervaller\/","title":{"rendered":"Noter intervaller"},"content":{"rendered":"<p>[et_pb_section fb_built=&raquo;1&#8243; _builder_version=&raquo;4.27.2&#8243; _module_preset=&raquo;default&raquo; custom_padding=&raquo;||26px|||&raquo; global_colors_info=&raquo;{}&raquo;][et_pb_row column_structure=&raquo;3_5,2_5&#8243; _builder_version=&raquo;4.27.2&#8243; _module_preset=&raquo;default&raquo; custom_padding=&raquo;||27px|||&raquo; global_colors_info=&raquo;{}&raquo;][et_pb_column type=&raquo;3_5&#8243; _builder_version=&raquo;4.27.2&#8243; _module_preset=&raquo;default&raquo; global_colors_info=&raquo;{}&raquo;][et_pb_text _builder_version=&raquo;4.27.3&#8243; _module_preset=&raquo;default&raquo; hover_enabled=&raquo;0&#8243; global_colors_info=&raquo;{}&raquo; sticky_enabled=&raquo;0&#8243;]<\/p>\n<h1><span style=\"color: #993300\">Noter intervaller!<\/span><\/h1>\n<p>[\/et_pb_text][et_pb_text _builder_version=&raquo;4.27.2&#8243; _module_preset=&raquo;default&raquo; text_line_height=&raquo;1.5em&raquo; global_colors_info=&raquo;{}&raquo;]<\/p>\n<p>Finn frem notepapir og blyant!<\/p>\n<p>I denne oppgaven skal du notere intervaller selv. Du f\u00e5r oppgitt starttonen og hvilket intervall du skal notere. N\u00e5r du har notert intervallene i oppgaven, kan du kontrollere at det ble korrekt ved \u00e5 sjekke fasiten som ligger gjemt under hver oppgave.<\/p>\n<p>[\/et_pb_text][\/et_pb_column][et_pb_column type=&raquo;2_5&#8243; _builder_version=&raquo;4.27.2&#8243; _module_preset=&raquo;default&raquo; global_colors_info=&raquo;{}&raquo;][et_pb_image src=&raquo;https:\/\/result.uit.no\/grunnleggende-gehor-musikkteori\/wp-content\/uploads\/sites\/63\/2024\/09\/gnokkel-med-note-rod.jpg&raquo; title_text=&raquo;gn\u00f8kkel med note r\u00f8d&raquo; _builder_version=&raquo;4.27.2&#8243; _module_preset=&raquo;default&raquo; global_colors_info=&raquo;{}&raquo;][\/et_pb_image][\/et_pb_column][\/et_pb_row][et_pb_row column_structure=&raquo;1_2,1_2&#8243; _builder_version=&raquo;4.27.2&#8243; _module_preset=&raquo;default&raquo; global_colors_info=&raquo;{}&raquo;][et_pb_column type=&raquo;1_2&#8243; _builder_version=&raquo;4.27.2&#8243; _module_preset=&raquo;default&raquo; global_colors_info=&raquo;{}&raquo;][et_pb_text _builder_version=&raquo;4.27.2&#8243; _module_preset=&raquo;default&raquo; global_colors_info=&raquo;{}&raquo;]<\/p>\n<p>Eksempel 1:<\/p>\n<p>Oppgave: Noter en stigende ters. Start p\u00e5 enstr\u00f8ken F.<\/p>\n<p>L\u00f8sning:<\/p>\n<p><img loading=\"lazy\" decoding=\"async\" src=\"https:\/\/result.uit.no\/grunnleggende-gehor-musikkteori\/wp-content\/uploads\/sites\/63\/2024\/10\/ters_opp-1.png\" width=\"2171\" height=\"160\" alt=\"\" class=\"wp-image-2226 alignnone size-full\" srcset=\"https:\/\/result.uit.no\/grunnleggende-gehor-musikkteori\/wp-content\/uploads\/sites\/63\/2024\/10\/ters_opp-1.png 2171w, https:\/\/result.uit.no\/grunnleggende-gehor-musikkteori\/wp-content\/uploads\/sites\/63\/2024\/10\/ters_opp-1-1280x94.png 1280w, https:\/\/result.uit.no\/grunnleggende-gehor-musikkteori\/wp-content\/uploads\/sites\/63\/2024\/10\/ters_opp-1-980x72.png 980w, https:\/\/result.uit.no\/grunnleggende-gehor-musikkteori\/wp-content\/uploads\/sites\/63\/2024\/10\/ters_opp-1-480x35.png 480w\" sizes=\"(min-width: 0px) and (max-width: 480px) 480px, (min-width: 481px) and (max-width: 980px) 980px, (min-width: 981px) and (max-width: 1280px) 1280px, (min-width: 1281px) 2171px, 100vw\" \/><\/p>\n<p>[\/et_pb_text][\/et_pb_column][et_pb_column type=&raquo;1_2&#8243; _builder_version=&raquo;4.27.2&#8243; _module_preset=&raquo;default&raquo; global_colors_info=&raquo;{}&raquo;][et_pb_text _builder_version=&raquo;4.27.2&#8243; _module_preset=&raquo;default&raquo; global_colors_info=&raquo;{}&raquo;]<\/p>\n<p>Eksempel 2:<\/p>\n<p><span>Oppgave: Noter en fallende kvart. Start p\u00e5 tostr\u00f8ken C.<\/span><\/p>\n<p><span>L\u00f8sning:<\/span><\/p>\n<p><span><img loading=\"lazy\" decoding=\"async\" src=\"https:\/\/result.uit.no\/grunnleggende-gehor-musikkteori\/wp-content\/uploads\/sites\/63\/2024\/10\/kvart_fallende.png\" width=\"2171\" height=\"160\" alt=\"\" class=\"wp-image-2227 alignnone size-full\" srcset=\"https:\/\/result.uit.no\/grunnleggende-gehor-musikkteori\/wp-content\/uploads\/sites\/63\/2024\/10\/kvart_fallende.png 2171w, https:\/\/result.uit.no\/grunnleggende-gehor-musikkteori\/wp-content\/uploads\/sites\/63\/2024\/10\/kvart_fallende-1280x94.png 1280w, https:\/\/result.uit.no\/grunnleggende-gehor-musikkteori\/wp-content\/uploads\/sites\/63\/2024\/10\/kvart_fallende-980x72.png 980w, https:\/\/result.uit.no\/grunnleggende-gehor-musikkteori\/wp-content\/uploads\/sites\/63\/2024\/10\/kvart_fallende-480x35.png 480w\" sizes=\"(min-width: 0px) and (max-width: 480px) 480px, (min-width: 481px) and (max-width: 980px) 980px, (min-width: 981px) and (max-width: 1280px) 1280px, (min-width: 1281px) 2171px, 100vw\" \/><\/span><\/p>\n<p>[\/et_pb_text][\/et_pb_column][\/et_pb_row][\/et_pb_section][et_pb_section fb_built=&raquo;1&#8243; _builder_version=&raquo;4.27.2&#8243; _module_preset=&raquo;default&raquo; custom_padding=&raquo;2px|||||&raquo; global_colors_info=&raquo;{}&raquo;][et_pb_row _builder_version=&raquo;4.27.2&#8243; _module_preset=&raquo;default&raquo; global_colors_info=&raquo;{}&raquo;][et_pb_column type=&raquo;4_4&#8243; _builder_version=&raquo;4.27.2&#8243; _module_preset=&raquo;default&raquo; global_colors_info=&raquo;{}&raquo;][et_pb_text _builder_version=&raquo;4.27.3&#8243; _module_preset=&raquo;default&raquo; hover_enabled=&raquo;0&#8243; global_colors_info=&raquo;{}&raquo; sticky_enabled=&raquo;0&#8243;]<\/p>\n<h2><span style=\"color: #993300\">Oppgaver i g-n\u00f8kkel<\/span><\/h2>\n<p>[\/et_pb_text][\/et_pb_column][\/et_pb_row][et_pb_row column_structure=&raquo;1_2,1_2&#8243; _builder_version=&raquo;4.27.2&#8243; _module_preset=&raquo;default&raquo; global_colors_info=&raquo;{}&raquo;][et_pb_column type=&raquo;1_2&#8243; _builder_version=&raquo;4.27.2&#8243; _module_preset=&raquo;default&raquo; global_colors_info=&raquo;{}&raquo;][et_pb_text _builder_version=&raquo;4.27.2&#8243; _module_preset=&raquo;default&raquo; global_colors_info=&raquo;{}&raquo;]<\/p>\n<h3>Oppgave a<\/h3>\n<p>[\/et_pb_text][et_pb_text _builder_version=&raquo;4.27.2&#8243; _module_preset=&raquo;default&raquo; global_colors_info=&raquo;{}&raquo;]<\/p>\n<p><span>Noter en stigende kvint. Start p\u00e5 enstr\u00f8ken G.<\/span><\/p>\n<p>[\/et_pb_text][et_pb_toggle title=&raquo;Fasit&raquo; _builder_version=&raquo;4.27.2&#8243; _module_preset=&raquo;default&raquo; global_colors_info=&raquo;{}&raquo;]<\/p>\n<p><img loading=\"lazy\" decoding=\"async\" src=\"https:\/\/result.uit.no\/grunnleggende-gehor-musikkteori\/wp-content\/uploads\/sites\/63\/2024\/10\/kvint_fra_g1.png\" width=\"2171\" height=\"160\" alt=\"\" class=\"wp-image-2253 alignnone size-full\" srcset=\"https:\/\/result.uit.no\/grunnleggende-gehor-musikkteori\/wp-content\/uploads\/sites\/63\/2024\/10\/kvint_fra_g1.png 2171w, https:\/\/result.uit.no\/grunnleggende-gehor-musikkteori\/wp-content\/uploads\/sites\/63\/2024\/10\/kvint_fra_g1-1280x94.png 1280w, https:\/\/result.uit.no\/grunnleggende-gehor-musikkteori\/wp-content\/uploads\/sites\/63\/2024\/10\/kvint_fra_g1-980x72.png 980w, https:\/\/result.uit.no\/grunnleggende-gehor-musikkteori\/wp-content\/uploads\/sites\/63\/2024\/10\/kvint_fra_g1-480x35.png 480w\" sizes=\"(min-width: 0px) and (max-width: 480px) 480px, (min-width: 481px) and (max-width: 980px) 980px, (min-width: 981px) and (max-width: 1280px) 1280px, (min-width: 1281px) 2171px, 100vw\" \/><\/p>\n<p>[\/et_pb_toggle][\/et_pb_column][et_pb_column type=&raquo;1_2&#8243; _builder_version=&raquo;4.27.2&#8243; _module_preset=&raquo;default&raquo; global_colors_info=&raquo;{}&raquo;][et_pb_text _builder_version=&raquo;4.27.2&#8243; _module_preset=&raquo;default&raquo; global_colors_info=&raquo;{}&raquo;]<\/p>\n<h3>Oppgave b<\/h3>\n<p>[\/et_pb_text][et_pb_text _builder_version=&raquo;4.27.2&#8243; _module_preset=&raquo;default&raquo; global_colors_info=&raquo;{}&raquo;]<\/p>\n<p><span>Noter en fallende kvint. Start p\u00e5 tostr\u00f8ken C.<\/span><\/p>\n<p>[\/et_pb_text][et_pb_toggle title=&raquo;Fasit&raquo; _builder_version=&raquo;4.27.2&#8243; _module_preset=&raquo;default&raquo; global_colors_info=&raquo;{}&raquo;]<\/p>\n<p><img loading=\"lazy\" decoding=\"async\" src=\"https:\/\/result.uit.no\/grunnleggende-gehor-musikkteori\/wp-content\/uploads\/sites\/63\/2024\/10\/kvint_fra_c2.png\" width=\"2171\" height=\"160\" alt=\"\" class=\"wp-image-2256 alignnone size-full\" srcset=\"https:\/\/result.uit.no\/grunnleggende-gehor-musikkteori\/wp-content\/uploads\/sites\/63\/2024\/10\/kvint_fra_c2.png 2171w, https:\/\/result.uit.no\/grunnleggende-gehor-musikkteori\/wp-content\/uploads\/sites\/63\/2024\/10\/kvint_fra_c2-1280x94.png 1280w, https:\/\/result.uit.no\/grunnleggende-gehor-musikkteori\/wp-content\/uploads\/sites\/63\/2024\/10\/kvint_fra_c2-980x72.png 980w, https:\/\/result.uit.no\/grunnleggende-gehor-musikkteori\/wp-content\/uploads\/sites\/63\/2024\/10\/kvint_fra_c2-480x35.png 480w\" sizes=\"(min-width: 0px) and (max-width: 480px) 480px, (min-width: 481px) and (max-width: 980px) 980px, (min-width: 981px) and (max-width: 1280px) 1280px, (min-width: 1281px) 2171px, 100vw\" \/><\/p>\n<p>[\/et_pb_toggle][\/et_pb_column][\/et_pb_row][et_pb_row column_structure=&raquo;1_2,1_2&#8243; _builder_version=&raquo;4.27.2&#8243; _module_preset=&raquo;default&raquo; global_colors_info=&raquo;{}&raquo;][et_pb_column type=&raquo;1_2&#8243; _builder_version=&raquo;4.27.2&#8243; _module_preset=&raquo;default&raquo; global_colors_info=&raquo;{}&raquo;][et_pb_text _builder_version=&raquo;4.27.2&#8243; _module_preset=&raquo;default&raquo; global_colors_info=&raquo;{}&raquo;]<\/p>\n<h3>Oppgave c<\/h3>\n<p>[\/et_pb_text][et_pb_text _builder_version=&raquo;4.27.2&#8243; _module_preset=&raquo;default&raquo; global_colors_info=&raquo;{}&raquo;]<\/p>\n<p><span>Noter en stigende sekund. Start p\u00e5 tostr\u00f8ken D.<\/span><\/p>\n<p>[\/et_pb_text][et_pb_toggle title=&raquo;Fasit&raquo; _builder_version=&raquo;4.27.2&#8243; _module_preset=&raquo;default&raquo; global_colors_info=&raquo;{}&raquo;]<\/p>\n<p><img loading=\"lazy\" decoding=\"async\" src=\"https:\/\/result.uit.no\/grunnleggende-gehor-musikkteori\/wp-content\/uploads\/sites\/63\/2024\/10\/sekund_d2.png\" width=\"2171\" height=\"160\" alt=\"\" class=\"wp-image-2259 alignnone size-full\" srcset=\"https:\/\/result.uit.no\/grunnleggende-gehor-musikkteori\/wp-content\/uploads\/sites\/63\/2024\/10\/sekund_d2.png 2171w, https:\/\/result.uit.no\/grunnleggende-gehor-musikkteori\/wp-content\/uploads\/sites\/63\/2024\/10\/sekund_d2-1280x94.png 1280w, https:\/\/result.uit.no\/grunnleggende-gehor-musikkteori\/wp-content\/uploads\/sites\/63\/2024\/10\/sekund_d2-980x72.png 980w, https:\/\/result.uit.no\/grunnleggende-gehor-musikkteori\/wp-content\/uploads\/sites\/63\/2024\/10\/sekund_d2-480x35.png 480w\" sizes=\"(min-width: 0px) and (max-width: 480px) 480px, (min-width: 481px) and (max-width: 980px) 980px, (min-width: 981px) and (max-width: 1280px) 1280px, (min-width: 1281px) 2171px, 100vw\" \/><\/p>\n<p>[\/et_pb_toggle][\/et_pb_column][et_pb_column type=&raquo;1_2&#8243; _builder_version=&raquo;4.27.2&#8243; _module_preset=&raquo;default&raquo; global_colors_info=&raquo;{}&raquo;][et_pb_text _builder_version=&raquo;4.27.2&#8243; _module_preset=&raquo;default&raquo; global_colors_info=&raquo;{}&raquo;]<\/p>\n<h3>Oppgave d<\/h3>\n<p>[\/et_pb_text][et_pb_text _builder_version=&raquo;4.27.2&#8243; _module_preset=&raquo;default&raquo; global_colors_info=&raquo;{}&raquo;]<\/p>\n<p><span>Noter en fallende ters. Start p\u00e5 enstr\u00f8ken A.<\/span><\/p>\n<p>[\/et_pb_text][et_pb_toggle title=&raquo;Fasit&raquo; _builder_version=&raquo;4.27.2&#8243; _module_preset=&raquo;default&raquo; global_colors_info=&raquo;{}&raquo;]<\/p>\n<p><img loading=\"lazy\" decoding=\"async\" src=\"https:\/\/result.uit.no\/grunnleggende-gehor-musikkteori\/wp-content\/uploads\/sites\/63\/2024\/10\/ters_a1.png\" width=\"2171\" height=\"160\" alt=\"\" class=\"wp-image-2261 alignnone size-full\" srcset=\"https:\/\/result.uit.no\/grunnleggende-gehor-musikkteori\/wp-content\/uploads\/sites\/63\/2024\/10\/ters_a1.png 2171w, https:\/\/result.uit.no\/grunnleggende-gehor-musikkteori\/wp-content\/uploads\/sites\/63\/2024\/10\/ters_a1-1280x94.png 1280w, https:\/\/result.uit.no\/grunnleggende-gehor-musikkteori\/wp-content\/uploads\/sites\/63\/2024\/10\/ters_a1-980x72.png 980w, https:\/\/result.uit.no\/grunnleggende-gehor-musikkteori\/wp-content\/uploads\/sites\/63\/2024\/10\/ters_a1-480x35.png 480w\" sizes=\"(min-width: 0px) and (max-width: 480px) 480px, (min-width: 481px) and (max-width: 980px) 980px, (min-width: 981px) and (max-width: 1280px) 1280px, (min-width: 1281px) 2171px, 100vw\" \/><\/p>\n<p>[\/et_pb_toggle][\/et_pb_column][\/et_pb_row][et_pb_row column_structure=&raquo;1_2,1_2&#8243; _builder_version=&raquo;4.27.2&#8243; _module_preset=&raquo;default&raquo; global_colors_info=&raquo;{}&raquo;][et_pb_column type=&raquo;1_2&#8243; _builder_version=&raquo;4.27.2&#8243; _module_preset=&raquo;default&raquo; global_colors_info=&raquo;{}&raquo;][et_pb_text _builder_version=&raquo;4.27.2&#8243; _module_preset=&raquo;default&raquo; global_colors_info=&raquo;{}&raquo;]<\/p>\n<h3>Oppgave e<\/h3>\n<p>[\/et_pb_text][et_pb_text _builder_version=&raquo;4.27.2&#8243; _module_preset=&raquo;default&raquo; global_colors_info=&raquo;{}&raquo;]<\/p>\n<p><span>Noter en stigende oktav. Start p\u00e5 enstr\u00f8ken C.<\/span><\/p>\n<p>[\/et_pb_text][et_pb_toggle title=&raquo;Fasit&raquo; _builder_version=&raquo;4.27.2&#8243; _module_preset=&raquo;default&raquo; global_colors_info=&raquo;{}&raquo;]<\/p>\n<p><img loading=\"lazy\" decoding=\"async\" src=\"https:\/\/result.uit.no\/grunnleggende-gehor-musikkteori\/wp-content\/uploads\/sites\/63\/2024\/10\/oktav_C1.png\" width=\"2171\" height=\"160\" alt=\"\" class=\"wp-image-2264 alignnone size-full\" srcset=\"https:\/\/result.uit.no\/grunnleggende-gehor-musikkteori\/wp-content\/uploads\/sites\/63\/2024\/10\/oktav_C1.png 2171w, https:\/\/result.uit.no\/grunnleggende-gehor-musikkteori\/wp-content\/uploads\/sites\/63\/2024\/10\/oktav_C1-1280x94.png 1280w, https:\/\/result.uit.no\/grunnleggende-gehor-musikkteori\/wp-content\/uploads\/sites\/63\/2024\/10\/oktav_C1-980x72.png 980w, https:\/\/result.uit.no\/grunnleggende-gehor-musikkteori\/wp-content\/uploads\/sites\/63\/2024\/10\/oktav_C1-480x35.png 480w\" sizes=\"(min-width: 0px) and (max-width: 480px) 480px, (min-width: 481px) and (max-width: 980px) 980px, (min-width: 981px) and (max-width: 1280px) 1280px, (min-width: 1281px) 2171px, 100vw\" \/><\/p>\n<p>[\/et_pb_toggle][\/et_pb_column][et_pb_column type=&raquo;1_2&#8243; _builder_version=&raquo;4.27.2&#8243; _module_preset=&raquo;default&raquo; global_colors_info=&raquo;{}&raquo;][et_pb_text _builder_version=&raquo;4.27.2&#8243; _module_preset=&raquo;default&raquo; global_colors_info=&raquo;{}&raquo;]<\/p>\n<h3>Oppgave f<\/h3>\n<p>[\/et_pb_text][et_pb_text _builder_version=&raquo;4.27.2&#8243; _module_preset=&raquo;default&raquo; global_colors_info=&raquo;{}&raquo;]<\/p>\n<p><span>Noter en fallende sekst. Start p\u00e5 tostr\u00f8ken D.<\/span><\/p>\n<p>[\/et_pb_text][et_pb_toggle title=&raquo;Fasit&raquo; _builder_version=&raquo;4.27.2&#8243; _module_preset=&raquo;default&raquo; global_colors_info=&raquo;{}&raquo;]<\/p>\n<p><img loading=\"lazy\" decoding=\"async\" src=\"https:\/\/result.uit.no\/grunnleggende-gehor-musikkteori\/wp-content\/uploads\/sites\/63\/2024\/10\/sekst_d2.png\" width=\"2171\" height=\"160\" alt=\"\" class=\"wp-image-2267 alignnone size-full\" srcset=\"https:\/\/result.uit.no\/grunnleggende-gehor-musikkteori\/wp-content\/uploads\/sites\/63\/2024\/10\/sekst_d2.png 2171w, https:\/\/result.uit.no\/grunnleggende-gehor-musikkteori\/wp-content\/uploads\/sites\/63\/2024\/10\/sekst_d2-1280x94.png 1280w, https:\/\/result.uit.no\/grunnleggende-gehor-musikkteori\/wp-content\/uploads\/sites\/63\/2024\/10\/sekst_d2-980x72.png 980w, https:\/\/result.uit.no\/grunnleggende-gehor-musikkteori\/wp-content\/uploads\/sites\/63\/2024\/10\/sekst_d2-480x35.png 480w\" sizes=\"(min-width: 0px) and (max-width: 480px) 480px, (min-width: 481px) and (max-width: 980px) 980px, (min-width: 981px) and (max-width: 1280px) 1280px, (min-width: 1281px) 2171px, 100vw\" \/><\/p>\n<p>[\/et_pb_toggle][\/et_pb_column][\/et_pb_row][et_pb_row column_structure=&raquo;1_2,1_2&#8243; _builder_version=&raquo;4.27.2&#8243; _module_preset=&raquo;default&raquo; global_colors_info=&raquo;{}&raquo;][et_pb_column type=&raquo;1_2&#8243; _builder_version=&raquo;4.27.2&#8243; _module_preset=&raquo;default&raquo; global_colors_info=&raquo;{}&raquo;][et_pb_text _builder_version=&raquo;4.27.2&#8243; _module_preset=&raquo;default&raquo; global_colors_info=&raquo;{}&raquo;]<\/p>\n<h3>Oppgave g<\/h3>\n<p>[\/et_pb_text][et_pb_text _builder_version=&raquo;4.27.2&#8243; _module_preset=&raquo;default&raquo; global_colors_info=&raquo;{}&raquo;]<\/p>\n<p><span>Noter en stigende kvart. Start p\u00e5 enstr\u00f8ken E.<\/span><\/p>\n<p>[\/et_pb_text][et_pb_toggle title=&raquo;Fasit&raquo; _builder_version=&raquo;4.27.2&#8243; _module_preset=&raquo;default&raquo; global_colors_info=&raquo;{}&raquo;]<\/p>\n<p><img loading=\"lazy\" decoding=\"async\" src=\"https:\/\/result.uit.no\/grunnleggende-gehor-musikkteori\/wp-content\/uploads\/sites\/63\/2024\/10\/kvart_e1.png\" width=\"2171\" height=\"160\" alt=\"\" class=\"wp-image-2270 alignnone size-full\" srcset=\"https:\/\/result.uit.no\/grunnleggende-gehor-musikkteori\/wp-content\/uploads\/sites\/63\/2024\/10\/kvart_e1.png 2171w, https:\/\/result.uit.no\/grunnleggende-gehor-musikkteori\/wp-content\/uploads\/sites\/63\/2024\/10\/kvart_e1-1280x94.png 1280w, https:\/\/result.uit.no\/grunnleggende-gehor-musikkteori\/wp-content\/uploads\/sites\/63\/2024\/10\/kvart_e1-980x72.png 980w, https:\/\/result.uit.no\/grunnleggende-gehor-musikkteori\/wp-content\/uploads\/sites\/63\/2024\/10\/kvart_e1-480x35.png 480w\" sizes=\"(min-width: 0px) and (max-width: 480px) 480px, (min-width: 481px) and (max-width: 980px) 980px, (min-width: 981px) and (max-width: 1280px) 1280px, (min-width: 1281px) 2171px, 100vw\" \/><\/p>\n<p>[\/et_pb_toggle][\/et_pb_column][et_pb_column type=&raquo;1_2&#8243; _builder_version=&raquo;4.27.2&#8243; _module_preset=&raquo;default&raquo; global_colors_info=&raquo;{}&raquo;][et_pb_text _builder_version=&raquo;4.27.2&#8243; _module_preset=&raquo;default&raquo; global_colors_info=&raquo;{}&raquo;]<\/p>\n<h3>Oppgave h<\/h3>\n<p>[\/et_pb_text][et_pb_text _builder_version=&raquo;4.27.2&#8243; _module_preset=&raquo;default&raquo; global_colors_info=&raquo;{}&raquo;]<\/p>\n<p><span>Noter en prim. Start p\u00e5 enstr\u00f8ken F.<\/span><\/p>\n<p>[\/et_pb_text][et_pb_toggle title=&raquo;Fasit&raquo; _builder_version=&raquo;4.27.2&#8243; _module_preset=&raquo;default&raquo; global_colors_info=&raquo;{}&raquo;]<\/p>\n<p><img loading=\"lazy\" decoding=\"async\" src=\"https:\/\/result.uit.no\/grunnleggende-gehor-musikkteori\/wp-content\/uploads\/sites\/63\/2024\/10\/prim_F1.png\" width=\"2171\" height=\"160\" alt=\"\" class=\"wp-image-2273 alignnone size-full\" srcset=\"https:\/\/result.uit.no\/grunnleggende-gehor-musikkteori\/wp-content\/uploads\/sites\/63\/2024\/10\/prim_F1.png 2171w, https:\/\/result.uit.no\/grunnleggende-gehor-musikkteori\/wp-content\/uploads\/sites\/63\/2024\/10\/prim_F1-1280x94.png 1280w, https:\/\/result.uit.no\/grunnleggende-gehor-musikkteori\/wp-content\/uploads\/sites\/63\/2024\/10\/prim_F1-980x72.png 980w, https:\/\/result.uit.no\/grunnleggende-gehor-musikkteori\/wp-content\/uploads\/sites\/63\/2024\/10\/prim_F1-480x35.png 480w\" sizes=\"(min-width: 0px) and (max-width: 480px) 480px, (min-width: 481px) and (max-width: 980px) 980px, (min-width: 981px) and (max-width: 1280px) 1280px, (min-width: 1281px) 2171px, 100vw\" \/><\/p>\n<p>[\/et_pb_toggle][\/et_pb_column][\/et_pb_row][\/et_pb_section][et_pb_section fb_built=&raquo;1&#8243; _builder_version=&raquo;4.27.2&#8243; _module_preset=&raquo;default&raquo; custom_padding=&raquo;2px|||||&raquo; global_colors_info=&raquo;{}&raquo;][et_pb_row _builder_version=&raquo;4.27.2&#8243; _module_preset=&raquo;default&raquo; global_colors_info=&raquo;{}&raquo;][et_pb_column type=&raquo;4_4&#8243; _builder_version=&raquo;4.27.2&#8243; _module_preset=&raquo;default&raquo; global_colors_info=&raquo;{}&raquo;][et_pb_text _builder_version=&raquo;4.27.3&#8243; _module_preset=&raquo;default&raquo; hover_enabled=&raquo;0&#8243; global_colors_info=&raquo;{}&raquo; sticky_enabled=&raquo;0&#8243;]<\/p>\n<h2><span style=\"color: #993300\">Oppgaver i f-n\u00f8kkel<\/span><\/h2>\n<p>[\/et_pb_text][\/et_pb_column][\/et_pb_row][et_pb_row column_structure=&raquo;1_2,1_2&#8243; _builder_version=&raquo;4.27.2&#8243; _module_preset=&raquo;default&raquo; global_colors_info=&raquo;{}&raquo;][et_pb_column type=&raquo;1_2&#8243; _builder_version=&raquo;4.27.2&#8243; _module_preset=&raquo;default&raquo; global_colors_info=&raquo;{}&raquo;][et_pb_text _builder_version=&raquo;4.27.2&#8243; _module_preset=&raquo;default&raquo; global_colors_info=&raquo;{}&raquo;]<\/p>\n<h3>Oppgave a<\/h3>\n<p>[\/et_pb_text][et_pb_text _builder_version=&raquo;4.27.2&#8243; _module_preset=&raquo;default&raquo; global_colors_info=&raquo;{}&raquo;]<\/p>\n<p><span>Noter en stigende ters. Start p\u00e5 lille G.<\/span><\/p>\n<p>[\/et_pb_text][et_pb_toggle title=&raquo;Fasit&raquo; _builder_version=&raquo;4.27.2&#8243; _module_preset=&raquo;default&raquo; global_colors_info=&raquo;{}&raquo;]<\/p>\n<p><img loading=\"lazy\" decoding=\"async\" src=\"https:\/\/result.uit.no\/grunnleggende-gehor-musikkteori\/wp-content\/uploads\/sites\/63\/2024\/10\/ters_lille_g.png\" width=\"2171\" height=\"108\" alt=\"\" class=\"wp-image-2276 alignnone size-full\" srcset=\"https:\/\/result.uit.no\/grunnleggende-gehor-musikkteori\/wp-content\/uploads\/sites\/63\/2024\/10\/ters_lille_g.png 2171w, https:\/\/result.uit.no\/grunnleggende-gehor-musikkteori\/wp-content\/uploads\/sites\/63\/2024\/10\/ters_lille_g-1280x64.png 1280w, https:\/\/result.uit.no\/grunnleggende-gehor-musikkteori\/wp-content\/uploads\/sites\/63\/2024\/10\/ters_lille_g-980x49.png 980w, https:\/\/result.uit.no\/grunnleggende-gehor-musikkteori\/wp-content\/uploads\/sites\/63\/2024\/10\/ters_lille_g-480x24.png 480w\" sizes=\"(min-width: 0px) and (max-width: 480px) 480px, (min-width: 481px) and (max-width: 980px) 980px, (min-width: 981px) and (max-width: 1280px) 1280px, (min-width: 1281px) 2171px, 100vw\" \/><\/p>\n<p>[\/et_pb_toggle][\/et_pb_column][et_pb_column type=&raquo;1_2&#8243; _builder_version=&raquo;4.27.2&#8243; _module_preset=&raquo;default&raquo; global_colors_info=&raquo;{}&raquo;][et_pb_text _builder_version=&raquo;4.27.2&#8243; _module_preset=&raquo;default&raquo; global_colors_info=&raquo;{}&raquo;]<\/p>\n<h3>Oppgave b<\/h3>\n<p>[\/et_pb_text][et_pb_text _builder_version=&raquo;4.27.2&#8243; _module_preset=&raquo;default&raquo; global_colors_info=&raquo;{}&raquo;]<\/p>\n<p><span>Noter en fallende kvart. Start p\u00e5 lille C.<\/span><\/p>\n<p>[\/et_pb_text][et_pb_toggle title=&raquo;Fasit&raquo; _builder_version=&raquo;4.27.2&#8243; _module_preset=&raquo;default&raquo; global_colors_info=&raquo;{}&raquo;]<\/p>\n<p><img loading=\"lazy\" decoding=\"async\" src=\"https:\/\/result.uit.no\/grunnleggende-gehor-musikkteori\/wp-content\/uploads\/sites\/63\/2024\/10\/kvart_lille_C.png\" width=\"2171\" height=\"119\" alt=\"\" class=\"wp-image-2277 alignnone size-full\" srcset=\"https:\/\/result.uit.no\/grunnleggende-gehor-musikkteori\/wp-content\/uploads\/sites\/63\/2024\/10\/kvart_lille_C.png 2171w, https:\/\/result.uit.no\/grunnleggende-gehor-musikkteori\/wp-content\/uploads\/sites\/63\/2024\/10\/kvart_lille_C-1280x70.png 1280w, https:\/\/result.uit.no\/grunnleggende-gehor-musikkteori\/wp-content\/uploads\/sites\/63\/2024\/10\/kvart_lille_C-980x54.png 980w, https:\/\/result.uit.no\/grunnleggende-gehor-musikkteori\/wp-content\/uploads\/sites\/63\/2024\/10\/kvart_lille_C-480x26.png 480w\" sizes=\"(min-width: 0px) and (max-width: 480px) 480px, (min-width: 481px) and (max-width: 980px) 980px, (min-width: 981px) and (max-width: 1280px) 1280px, (min-width: 1281px) 2171px, 100vw\" \/><\/p>\n<p>[\/et_pb_toggle][\/et_pb_column][\/et_pb_row][et_pb_row column_structure=&raquo;1_2,1_2&#8243; _builder_version=&raquo;4.27.2&#8243; _module_preset=&raquo;default&raquo; global_colors_info=&raquo;{}&raquo;][et_pb_column type=&raquo;1_2&#8243; _builder_version=&raquo;4.27.2&#8243; _module_preset=&raquo;default&raquo; global_colors_info=&raquo;{}&raquo;][et_pb_text _builder_version=&raquo;4.27.2&#8243; _module_preset=&raquo;default&raquo; global_colors_info=&raquo;{}&raquo;]<\/p>\n<h3>Oppgave c<\/h3>\n<p>[\/et_pb_text][et_pb_text _builder_version=&raquo;4.27.2&#8243; _module_preset=&raquo;default&raquo; global_colors_info=&raquo;{}&raquo;]<\/p>\n<p><span>Noter en stigende sekst. Start p\u00e5 store F.<\/span><\/p>\n<p>[\/et_pb_text][et_pb_toggle title=&raquo;Fasit&raquo; _builder_version=&raquo;4.27.2&#8243; _module_preset=&raquo;default&raquo; global_colors_info=&raquo;{}&raquo;]<\/p>\n<p><img loading=\"lazy\" decoding=\"async\" src=\"https:\/\/result.uit.no\/grunnleggende-gehor-musikkteori\/wp-content\/uploads\/sites\/63\/2024\/10\/sekst_store_F.png\" width=\"2171\" height=\"118\" alt=\"\" class=\"wp-image-2279 alignnone size-full\" srcset=\"https:\/\/result.uit.no\/grunnleggende-gehor-musikkteori\/wp-content\/uploads\/sites\/63\/2024\/10\/sekst_store_F.png 2171w, https:\/\/result.uit.no\/grunnleggende-gehor-musikkteori\/wp-content\/uploads\/sites\/63\/2024\/10\/sekst_store_F-1280x70.png 1280w, https:\/\/result.uit.no\/grunnleggende-gehor-musikkteori\/wp-content\/uploads\/sites\/63\/2024\/10\/sekst_store_F-980x53.png 980w, https:\/\/result.uit.no\/grunnleggende-gehor-musikkteori\/wp-content\/uploads\/sites\/63\/2024\/10\/sekst_store_F-480x26.png 480w\" sizes=\"(min-width: 0px) and (max-width: 480px) 480px, (min-width: 481px) and (max-width: 980px) 980px, (min-width: 981px) and (max-width: 1280px) 1280px, (min-width: 1281px) 2171px, 100vw\" \/><\/p>\n<p>[\/et_pb_toggle][\/et_pb_column][et_pb_column type=&raquo;1_2&#8243; _builder_version=&raquo;4.27.2&#8243; _module_preset=&raquo;default&raquo; global_colors_info=&raquo;{}&raquo;][et_pb_text _builder_version=&raquo;4.27.2&#8243; _module_preset=&raquo;default&raquo; global_colors_info=&raquo;{}&raquo;]<\/p>\n<h3>Oppgave d<\/h3>\n<p>[\/et_pb_text][et_pb_text _builder_version=&raquo;4.27.2&#8243; _module_preset=&raquo;default&raquo; global_colors_info=&raquo;{}&raquo;]<\/p>\n<p><span>Noter en fallende oktav. Start p\u00e5 lille H.<\/span><\/p>\n<p>[\/et_pb_text][et_pb_toggle title=&raquo;Fasit&raquo; _builder_version=&raquo;4.27.2&#8243; _module_preset=&raquo;default&raquo; global_colors_info=&raquo;{}&raquo;]<\/p>\n<p><img loading=\"lazy\" decoding=\"async\" src=\"https:\/\/result.uit.no\/grunnleggende-gehor-musikkteori\/wp-content\/uploads\/sites\/63\/2024\/10\/oktav_fra_lille_H.png\" width=\"2171\" height=\"108\" alt=\"\" class=\"wp-image-2281 alignnone size-full\" srcset=\"https:\/\/result.uit.no\/grunnleggende-gehor-musikkteori\/wp-content\/uploads\/sites\/63\/2024\/10\/oktav_fra_lille_H.png 2171w, https:\/\/result.uit.no\/grunnleggende-gehor-musikkteori\/wp-content\/uploads\/sites\/63\/2024\/10\/oktav_fra_lille_H-1280x64.png 1280w, https:\/\/result.uit.no\/grunnleggende-gehor-musikkteori\/wp-content\/uploads\/sites\/63\/2024\/10\/oktav_fra_lille_H-980x49.png 980w, https:\/\/result.uit.no\/grunnleggende-gehor-musikkteori\/wp-content\/uploads\/sites\/63\/2024\/10\/oktav_fra_lille_H-480x24.png 480w\" sizes=\"(min-width: 0px) and (max-width: 480px) 480px, (min-width: 481px) and (max-width: 980px) 980px, (min-width: 981px) and (max-width: 1280px) 1280px, (min-width: 1281px) 2171px, 100vw\" \/><\/p>\n<p>[\/et_pb_toggle][\/et_pb_column][\/et_pb_row][et_pb_row column_structure=&raquo;1_2,1_2&#8243; _builder_version=&raquo;4.27.2&#8243; _module_preset=&raquo;default&raquo; global_colors_info=&raquo;{}&raquo;][et_pb_column type=&raquo;1_2&#8243; _builder_version=&raquo;4.27.2&#8243; _module_preset=&raquo;default&raquo; global_colors_info=&raquo;{}&raquo;][et_pb_text _builder_version=&raquo;4.27.2&#8243; _module_preset=&raquo;default&raquo; global_colors_info=&raquo;{}&raquo;]<\/p>\n<h3>Oppgave e<\/h3>\n<p>[\/et_pb_text][et_pb_text _builder_version=&raquo;4.27.2&#8243; _module_preset=&raquo;default&raquo; global_colors_info=&raquo;{}&raquo;]<\/p>\n<p><span>Noter en fallende\u00a0septim. Start p\u00e5 enstr\u00f8ken C.<\/span><\/p>\n<p>[\/et_pb_text][et_pb_toggle title=&raquo;Fasit&raquo; _builder_version=&raquo;4.27.2&#8243; _module_preset=&raquo;default&raquo; global_colors_info=&raquo;{}&raquo;]<\/p>\n<p><img loading=\"lazy\" decoding=\"async\" src=\"https:\/\/result.uit.no\/grunnleggende-gehor-musikkteori\/wp-content\/uploads\/sites\/63\/2024\/10\/septim_fra_C1.png\" width=\"2171\" height=\"150\" alt=\"\" class=\"wp-image-2283 alignnone size-full\" srcset=\"https:\/\/result.uit.no\/grunnleggende-gehor-musikkteori\/wp-content\/uploads\/sites\/63\/2024\/10\/septim_fra_C1.png 2171w, https:\/\/result.uit.no\/grunnleggende-gehor-musikkteori\/wp-content\/uploads\/sites\/63\/2024\/10\/septim_fra_C1-1280x88.png 1280w, https:\/\/result.uit.no\/grunnleggende-gehor-musikkteori\/wp-content\/uploads\/sites\/63\/2024\/10\/septim_fra_C1-980x68.png 980w, https:\/\/result.uit.no\/grunnleggende-gehor-musikkteori\/wp-content\/uploads\/sites\/63\/2024\/10\/septim_fra_C1-480x33.png 480w\" sizes=\"(min-width: 0px) and (max-width: 480px) 480px, (min-width: 481px) and (max-width: 980px) 980px, (min-width: 981px) and (max-width: 1280px) 1280px, (min-width: 1281px) 2171px, 100vw\" \/><\/p>\n<p>[\/et_pb_toggle][\/et_pb_column][et_pb_column type=&raquo;1_2&#8243; _builder_version=&raquo;4.27.2&#8243; _module_preset=&raquo;default&raquo; global_colors_info=&raquo;{}&raquo;][et_pb_text _builder_version=&raquo;4.27.2&#8243; _module_preset=&raquo;default&raquo; global_colors_info=&raquo;{}&raquo;]<\/p>\n<h3>Oppgave f<\/h3>\n<p>[\/et_pb_text][et_pb_text _builder_version=&raquo;4.27.2&#8243; _module_preset=&raquo;default&raquo; global_colors_info=&raquo;{}&raquo;]<\/p>\n<p><span>Noter en stigende septim. Start p\u00e5 store A.<\/span><\/p>\n<p>[\/et_pb_text][et_pb_toggle title=&raquo;Fasit&raquo; _builder_version=&raquo;4.27.2&#8243; _module_preset=&raquo;default&raquo; global_colors_info=&raquo;{}&raquo;]<\/p>\n<p><img loading=\"lazy\" decoding=\"async\" src=\"https:\/\/result.uit.no\/grunnleggende-gehor-musikkteori\/wp-content\/uploads\/sites\/63\/2024\/10\/septim_fra_store_A.png\" width=\"2171\" height=\"87\" alt=\"\" class=\"wp-image-2285 alignnone size-full\" srcset=\"https:\/\/result.uit.no\/grunnleggende-gehor-musikkteori\/wp-content\/uploads\/sites\/63\/2024\/10\/septim_fra_store_A.png 2171w, https:\/\/result.uit.no\/grunnleggende-gehor-musikkteori\/wp-content\/uploads\/sites\/63\/2024\/10\/septim_fra_store_A-1280x51.png 1280w, https:\/\/result.uit.no\/grunnleggende-gehor-musikkteori\/wp-content\/uploads\/sites\/63\/2024\/10\/septim_fra_store_A-980x39.png 980w, https:\/\/result.uit.no\/grunnleggende-gehor-musikkteori\/wp-content\/uploads\/sites\/63\/2024\/10\/septim_fra_store_A-480x19.png 480w\" sizes=\"(min-width: 0px) and (max-width: 480px) 480px, (min-width: 481px) and (max-width: 980px) 980px, (min-width: 981px) and (max-width: 1280px) 1280px, (min-width: 1281px) 2171px, 100vw\" \/><\/p>\n<p>[\/et_pb_toggle][\/et_pb_column][\/et_pb_row][\/et_pb_section]<\/p>\n","protected":false},"excerpt":{"rendered":"<p>Noter intervaller!Finn frem notepapir og blyant! I denne oppgaven skal du notere intervaller selv. Du f\u00e5r oppgitt starttonen og hvilket intervall du skal notere. N\u00e5r du har notert intervallene i oppgaven, kan du kontrollere at det ble korrekt ved \u00e5 sjekke fasiten som ligger gjemt under hver oppgave.Eksempel 1: Oppgave: Noter en stigende ters. Start [&hellip;]<\/p>\n","protected":false},"author":1974,"featured_media":0,"parent":0,"menu_order":0,"comment_status":"closed","ping_status":"closed","template":"","meta":{"_et_pb_use_builder":"on","_et_pb_old_content":"<!-- wp:divi\/placeholder \/-->","_et_gb_content_width":"","iawp_total_views":65,"footnotes":""},"class_list":["post-2094","page","type-page","status-publish","hentry"],"yoast_head":"<!-- This site is optimized with the Yoast SEO plugin v27.5 - https:\/\/yoast.com\/product\/yoast-seo-wordpress\/ -->\n<title>Noter intervaller - Geh\u00f8r og musikkteori<\/title>\n<meta name=\"robots\" content=\"index, follow, max-snippet:-1, max-image-preview:large, max-video-preview:-1\" \/>\n<link rel=\"canonical\" href=\"https:\/\/result.uit.no\/grunnleggende-gehor-musikkteori\/noter-intervaller\/\" \/>\n<script type=\"application\/ld+json\" class=\"yoast-schema-graph\">{\"@context\":\"https:\\\/\\\/schema.org\",\"@graph\":[{\"@type\":\"WebPage\",\"@id\":\"https:\\\/\\\/result.uit.no\\\/grunnleggende-gehor-musikkteori\\\/noter-intervaller\\\/\",\"url\":\"https:\\\/\\\/result.uit.no\\\/grunnleggende-gehor-musikkteori\\\/noter-intervaller\\\/\",\"name\":\"Noter intervaller - Geh\u00f8r og musikkteori\",\"isPartOf\":{\"@id\":\"https:\\\/\\\/result.uit.no\\\/grunnleggende-gehor-musikkteori\\\/#website\"},\"primaryImageOfPage\":{\"@id\":\"https:\\\/\\\/result.uit.no\\\/grunnleggende-gehor-musikkteori\\\/noter-intervaller\\\/#primaryimage\"},\"image\":{\"@id\":\"https:\\\/\\\/result.uit.no\\\/grunnleggende-gehor-musikkteori\\\/noter-intervaller\\\/#primaryimage\"},\"thumbnailUrl\":\"https:\\\/\\\/result.uit.no\\\/grunnleggende-gehor-musikkteori\\\/wp-content\\\/uploads\\\/sites\\\/63\\\/2024\\\/10\\\/ters_opp-1.png\",\"datePublished\":\"2024-10-10T13:25:32+00:00\",\"dateModified\":\"2024-11-17T11:22:49+00:00\",\"breadcrumb\":{\"@id\":\"https:\\\/\\\/result.uit.no\\\/grunnleggende-gehor-musikkteori\\\/noter-intervaller\\\/#breadcrumb\"},\"inLanguage\":\"nb-NO\",\"potentialAction\":[{\"@type\":\"ReadAction\",\"target\":[\"https:\\\/\\\/result.uit.no\\\/grunnleggende-gehor-musikkteori\\\/noter-intervaller\\\/\"]}]},{\"@type\":\"ImageObject\",\"inLanguage\":\"nb-NO\",\"@id\":\"https:\\\/\\\/result.uit.no\\\/grunnleggende-gehor-musikkteori\\\/noter-intervaller\\\/#primaryimage\",\"url\":\"https:\\\/\\\/result.uit.no\\\/grunnleggende-gehor-musikkteori\\\/wp-content\\\/uploads\\\/sites\\\/63\\\/2024\\\/10\\\/ters_opp-1.png\",\"contentUrl\":\"https:\\\/\\\/result.uit.no\\\/grunnleggende-gehor-musikkteori\\\/wp-content\\\/uploads\\\/sites\\\/63\\\/2024\\\/10\\\/ters_opp-1.png\",\"width\":2171,\"height\":160},{\"@type\":\"BreadcrumbList\",\"@id\":\"https:\\\/\\\/result.uit.no\\\/grunnleggende-gehor-musikkteori\\\/noter-intervaller\\\/#breadcrumb\",\"itemListElement\":[{\"@type\":\"ListItem\",\"position\":1,\"name\":\"Home\",\"item\":\"https:\\\/\\\/result.uit.no\\\/grunnleggende-gehor-musikkteori\\\/\"},{\"@type\":\"ListItem\",\"position\":2,\"name\":\"Noter intervaller\"}]},{\"@type\":\"WebSite\",\"@id\":\"https:\\\/\\\/result.uit.no\\\/grunnleggende-gehor-musikkteori\\\/#website\",\"url\":\"https:\\\/\\\/result.uit.no\\\/grunnleggende-gehor-musikkteori\\\/\",\"name\":\"Geh\u00f8r og musikkteori\",\"description\":\"Geh\u00f8r og musikkteori\",\"publisher\":{\"@id\":\"https:\\\/\\\/result.uit.no\\\/grunnleggende-gehor-musikkteori\\\/#organization\"},\"potentialAction\":[{\"@type\":\"SearchAction\",\"target\":{\"@type\":\"EntryPoint\",\"urlTemplate\":\"https:\\\/\\\/result.uit.no\\\/grunnleggende-gehor-musikkteori\\\/?s={search_term_string}\"},\"query-input\":{\"@type\":\"PropertyValueSpecification\",\"valueRequired\":true,\"valueName\":\"search_term_string\"}}],\"inLanguage\":\"nb-NO\"},{\"@type\":\"Organization\",\"@id\":\"https:\\\/\\\/result.uit.no\\\/grunnleggende-gehor-musikkteori\\\/#organization\",\"name\":\"UiT\",\"url\":\"https:\\\/\\\/result.uit.no\\\/grunnleggende-gehor-musikkteori\\\/\",\"logo\":{\"@type\":\"ImageObject\",\"inLanguage\":\"nb-NO\",\"@id\":\"https:\\\/\\\/result.uit.no\\\/grunnleggende-gehor-musikkteori\\\/#\\\/schema\\\/logo\\\/image\\\/\",\"url\":\"https:\\\/\\\/result.uit.no\\\/grunnleggende-gehor-musikkteori\\\/wp-content\\\/uploads\\\/sites\\\/63\\\/2024\\\/11\\\/UiT_Segl_Eng_Bla_960px.png\",\"contentUrl\":\"https:\\\/\\\/result.uit.no\\\/grunnleggende-gehor-musikkteori\\\/wp-content\\\/uploads\\\/sites\\\/63\\\/2024\\\/11\\\/UiT_Segl_Eng_Bla_960px.png\",\"width\":960,\"height\":960,\"caption\":\"UiT\"},\"image\":{\"@id\":\"https:\\\/\\\/result.uit.no\\\/grunnleggende-gehor-musikkteori\\\/#\\\/schema\\\/logo\\\/image\\\/\"}}]}<\/script>\n<!-- \/ Yoast SEO plugin. -->","yoast_head_json":{"title":"Noter intervaller - Geh\u00f8r og musikkteori","robots":{"index":"index","follow":"follow","max-snippet":"max-snippet:-1","max-image-preview":"max-image-preview:large","max-video-preview":"max-video-preview:-1"},"canonical":"https:\/\/result.uit.no\/grunnleggende-gehor-musikkteori\/noter-intervaller\/","schema":{"@context":"https:\/\/schema.org","@graph":[{"@type":"WebPage","@id":"https:\/\/result.uit.no\/grunnleggende-gehor-musikkteori\/noter-intervaller\/","url":"https:\/\/result.uit.no\/grunnleggende-gehor-musikkteori\/noter-intervaller\/","name":"Noter intervaller - Geh\u00f8r og musikkteori","isPartOf":{"@id":"https:\/\/result.uit.no\/grunnleggende-gehor-musikkteori\/#website"},"primaryImageOfPage":{"@id":"https:\/\/result.uit.no\/grunnleggende-gehor-musikkteori\/noter-intervaller\/#primaryimage"},"image":{"@id":"https:\/\/result.uit.no\/grunnleggende-gehor-musikkteori\/noter-intervaller\/#primaryimage"},"thumbnailUrl":"https:\/\/result.uit.no\/grunnleggende-gehor-musikkteori\/wp-content\/uploads\/sites\/63\/2024\/10\/ters_opp-1.png","datePublished":"2024-10-10T13:25:32+00:00","dateModified":"2024-11-17T11:22:49+00:00","breadcrumb":{"@id":"https:\/\/result.uit.no\/grunnleggende-gehor-musikkteori\/noter-intervaller\/#breadcrumb"},"inLanguage":"nb-NO","potentialAction":[{"@type":"ReadAction","target":["https:\/\/result.uit.no\/grunnleggende-gehor-musikkteori\/noter-intervaller\/"]}]},{"@type":"ImageObject","inLanguage":"nb-NO","@id":"https:\/\/result.uit.no\/grunnleggende-gehor-musikkteori\/noter-intervaller\/#primaryimage","url":"https:\/\/result.uit.no\/grunnleggende-gehor-musikkteori\/wp-content\/uploads\/sites\/63\/2024\/10\/ters_opp-1.png","contentUrl":"https:\/\/result.uit.no\/grunnleggende-gehor-musikkteori\/wp-content\/uploads\/sites\/63\/2024\/10\/ters_opp-1.png","width":2171,"height":160},{"@type":"BreadcrumbList","@id":"https:\/\/result.uit.no\/grunnleggende-gehor-musikkteori\/noter-intervaller\/#breadcrumb","itemListElement":[{"@type":"ListItem","position":1,"name":"Home","item":"https:\/\/result.uit.no\/grunnleggende-gehor-musikkteori\/"},{"@type":"ListItem","position":2,"name":"Noter intervaller"}]},{"@type":"WebSite","@id":"https:\/\/result.uit.no\/grunnleggende-gehor-musikkteori\/#website","url":"https:\/\/result.uit.no\/grunnleggende-gehor-musikkteori\/","name":"Geh\u00f8r og musikkteori","description":"Geh\u00f8r og musikkteori","publisher":{"@id":"https:\/\/result.uit.no\/grunnleggende-gehor-musikkteori\/#organization"},"potentialAction":[{"@type":"SearchAction","target":{"@type":"EntryPoint","urlTemplate":"https:\/\/result.uit.no\/grunnleggende-gehor-musikkteori\/?s={search_term_string}"},"query-input":{"@type":"PropertyValueSpecification","valueRequired":true,"valueName":"search_term_string"}}],"inLanguage":"nb-NO"},{"@type":"Organization","@id":"https:\/\/result.uit.no\/grunnleggende-gehor-musikkteori\/#organization","name":"UiT","url":"https:\/\/result.uit.no\/grunnleggende-gehor-musikkteori\/","logo":{"@type":"ImageObject","inLanguage":"nb-NO","@id":"https:\/\/result.uit.no\/grunnleggende-gehor-musikkteori\/#\/schema\/logo\/image\/","url":"https:\/\/result.uit.no\/grunnleggende-gehor-musikkteori\/wp-content\/uploads\/sites\/63\/2024\/11\/UiT_Segl_Eng_Bla_960px.png","contentUrl":"https:\/\/result.uit.no\/grunnleggende-gehor-musikkteori\/wp-content\/uploads\/sites\/63\/2024\/11\/UiT_Segl_Eng_Bla_960px.png","width":960,"height":960,"caption":"UiT"},"image":{"@id":"https:\/\/result.uit.no\/grunnleggende-gehor-musikkteori\/#\/schema\/logo\/image\/"}}]}},"_links":{"self":[{"href":"https:\/\/result.uit.no\/grunnleggende-gehor-musikkteori\/wp-json\/wp\/v2\/pages\/2094","targetHints":{"allow":["GET"]}}],"collection":[{"href":"https:\/\/result.uit.no\/grunnleggende-gehor-musikkteori\/wp-json\/wp\/v2\/pages"}],"about":[{"href":"https:\/\/result.uit.no\/grunnleggende-gehor-musikkteori\/wp-json\/wp\/v2\/types\/page"}],"author":[{"embeddable":true,"href":"https:\/\/result.uit.no\/grunnleggende-gehor-musikkteori\/wp-json\/wp\/v2\/users\/1974"}],"replies":[{"embeddable":true,"href":"https:\/\/result.uit.no\/grunnleggende-gehor-musikkteori\/wp-json\/wp\/v2\/comments?post=2094"}],"version-history":[{"count":0,"href":"https:\/\/result.uit.no\/grunnleggende-gehor-musikkteori\/wp-json\/wp\/v2\/pages\/2094\/revisions"}],"wp:attachment":[{"href":"https:\/\/result.uit.no\/grunnleggende-gehor-musikkteori\/wp-json\/wp\/v2\/media?parent=2094"}],"curies":[{"name":"wp","href":"https:\/\/api.w.org\/{rel}","templated":true}]}}