{"id":1204,"date":"2024-09-27T14:43:25","date_gmt":"2024-09-27T12:43:25","guid":{"rendered":"https:\/\/result.uit.no\/grunnleggende-gehor-musikkteori\/?page_id=1204"},"modified":"2024-11-15T15:49:30","modified_gmt":"2024-11-15T14:49:30","slug":"noter-rytmer-selv-1-pauser","status":"publish","type":"page","link":"https:\/\/result.uit.no\/grunnleggende-gehor-musikkteori\/noter-rytmer-selv-1-pauser\/","title":{"rendered":"Noter rytmer selv 1. Pauser."},"content":{"rendered":"<p>[et_pb_section fb_built=&raquo;1&#8243; _builder_version=&raquo;4.27.0&#8243; _module_preset=&raquo;default&raquo; custom_padding=&raquo;||2px|0px||&raquo; global_colors_info=&raquo;{}&raquo;][et_pb_row _builder_version=&raquo;4.27.0&#8243; _module_preset=&raquo;default&raquo; global_colors_info=&raquo;{}&raquo;][et_pb_column type=&raquo;4_4&#8243; _builder_version=&raquo;4.27.0&#8243; _module_preset=&raquo;default&raquo; global_colors_info=&raquo;{}&raquo;][et_pb_text _builder_version=&raquo;4.27.3&#8243; _module_preset=&raquo;default&raquo; hover_enabled=&raquo;0&#8243; global_colors_info=&raquo;{}&raquo; sticky_enabled=&raquo;0&#8243;]<\/p>\n<h1><span style=\"color: #008000\">Noter rytmer selv!\u00a0<\/span><\/h1>\n<p>[\/et_pb_text][\/et_pb_column][\/et_pb_row][et_pb_row column_structure=&raquo;2_5,3_5&#8243; _builder_version=&raquo;4.27.0&#8243; _module_preset=&raquo;default&raquo; global_colors_info=&raquo;{}&raquo;][et_pb_column type=&raquo;2_5&#8243; _builder_version=&raquo;4.27.0&#8243; _module_preset=&raquo;default&raquo; global_colors_info=&raquo;{}&raquo;][et_pb_image src=&raquo;https:\/\/result.uit.no\/grunnleggende-gehor-musikkteori\/wp-content\/uploads\/sites\/63\/2024\/09\/Rar-note.jpg&raquo; title_text=&raquo;Rar note&raquo; _builder_version=&raquo;4.27.0&#8243; _module_preset=&raquo;default&raquo; global_colors_info=&raquo;{}&raquo;][\/et_pb_image][\/et_pb_column][et_pb_column type=&raquo;3_5&#8243; _builder_version=&raquo;4.27.0&#8243; _module_preset=&raquo;default&raquo; global_colors_info=&raquo;{}&raquo;][et_pb_text _builder_version=&raquo;4.27.2&#8243; _module_preset=&raquo;default&raquo; text_font=&raquo;Arial||||||||&raquo; text_line_height=&raquo;1.5em&raquo; global_colors_info=&raquo;{}&raquo;]<\/p>\n<p style=\"margin: 0cm;font-size: medium;font-family: Calibri, sans-serif;color: #000000;line-height: 24px\">Finn frem\u00a0notepapir og blyant!<\/p>\n<p style=\"margin: 0cm;font-size: medium;font-family: Calibri, sans-serif;color: #000000;line-height: 24px\">I oppgavene som f\u00f8lger f\u00e5r du h\u00f8re korte melodier. Melodiene inneholder fjerdedels-, \u00e5ttendels- og\/eller sekstendelspauser, i tillegg til de noteverdiene og rytmene du har l\u00e6rt til n\u00e5. Lytt til melodien mange nok ganger til at du kan synge den uten \u00e5 anstrenge deg for \u00e5 huske den.\u00a0Syng melodien mens du klapper pulsen. Noter deretter melodirytmen.<\/p>\n<p style=\"margin: 0cm;font-size: medium;font-family: Calibri, sans-serif;color: #000000;line-height: 24px\">I disse oppgavene skal du ikke notere toneh\u00f8ydene. Melodirytmen kan noteres p\u00e5 \u00e9n linje i det femlinjede notesystemet, eller p\u00e5 et enlinjet system slik som du s\u00e5 i lese\u00f8velsene i oppgave 1.<\/p>\n<p style=\"margin: 0cm;font-size: medium;font-family: Calibri, sans-serif;color: #000000;line-height: 24px\">N\u00e5r du er i m\u00e5l, kan du kontrollere mot fasiten som ligger under hver oppgave.<\/p>\n<p>[\/et_pb_text][\/et_pb_column][\/et_pb_row][et_pb_row column_structure=&raquo;1_2,1_2&#8243; _builder_version=&raquo;4.27.0&#8243; _module_preset=&raquo;default&raquo; global_colors_info=&raquo;{}&raquo;][et_pb_column type=&raquo;1_2&#8243; _builder_version=&raquo;4.27.0&#8243; _module_preset=&raquo;default&raquo; global_colors_info=&raquo;{}&raquo;][et_pb_text _builder_version=&raquo;4.27.0&#8243; _module_preset=&raquo;default&raquo; global_colors_info=&raquo;{}&raquo;]<\/p>\n<h3>Oppgave a<\/h3>\n<p>[\/et_pb_text][et_pb_text _builder_version=&raquo;4.27.0&#8243; _module_preset=&raquo;default&raquo; global_colors_info=&raquo;{}&raquo;]<\/p>\n<p style=\"font-size: 16px\">Lytt, syng og noter!<\/p>\n<p style=\"font-size: 16px\">Melodien g\u00e5r i 4\/4-takt.<\/p>\n<p>[\/et_pb_text][et_pb_audio audio=&raquo;https:\/\/result.uit.no\/grunnleggende-gehor-musikkteori\/wp-content\/uploads\/sites\/63\/2024\/09\/Diktat-pauser-1a.mp3&#8243; _builder_version=&raquo;4.27.0&#8243; _module_preset=&raquo;default&raquo; custom_padding=&raquo;2px||2px|||&raquo; global_colors_info=&raquo;{}&raquo;][\/et_pb_audio][et_pb_toggle title=&raquo;Fasit&raquo; _builder_version=&raquo;4.27.0&#8243; _module_preset=&raquo;default&raquo; global_colors_info=&raquo;{}&raquo;]<\/p>\n<p><img loading=\"lazy\" decoding=\"async\" src=\"https:\/\/result.uit.no\/grunnleggende-gehor-musikkteori\/wp-content\/uploads\/sites\/63\/2024\/09\/pauser-diktat-1a-fasit.png\" width=\"2171\" height=\"115\" alt=\"\" class=\"wp-image-1348 alignnone size-full\" srcset=\"https:\/\/result.uit.no\/grunnleggende-gehor-musikkteori\/wp-content\/uploads\/sites\/63\/2024\/09\/pauser-diktat-1a-fasit.png 2171w, https:\/\/result.uit.no\/grunnleggende-gehor-musikkteori\/wp-content\/uploads\/sites\/63\/2024\/09\/pauser-diktat-1a-fasit-1280x68.png 1280w, https:\/\/result.uit.no\/grunnleggende-gehor-musikkteori\/wp-content\/uploads\/sites\/63\/2024\/09\/pauser-diktat-1a-fasit-980x52.png 980w, https:\/\/result.uit.no\/grunnleggende-gehor-musikkteori\/wp-content\/uploads\/sites\/63\/2024\/09\/pauser-diktat-1a-fasit-480x25.png 480w\" sizes=\"(min-width: 0px) and (max-width: 480px) 480px, (min-width: 481px) and (max-width: 980px) 980px, (min-width: 981px) and (max-width: 1280px) 1280px, (min-width: 1281px) 2171px, 100vw\" \/><\/p>\n<p>[\/et_pb_toggle][\/et_pb_column][et_pb_column type=&raquo;1_2&#8243; _builder_version=&raquo;4.27.0&#8243; _module_preset=&raquo;default&raquo; global_colors_info=&raquo;{}&raquo;][et_pb_text _builder_version=&raquo;4.27.0&#8243; _module_preset=&raquo;default&raquo; global_colors_info=&raquo;{}&raquo;]<\/p>\n<h3>Oppgave b<\/h3>\n<p>[\/et_pb_text][et_pb_text _builder_version=&raquo;4.27.0&#8243; _module_preset=&raquo;default&raquo; global_colors_info=&raquo;{}&raquo;]<\/p>\n<p style=\"font-size: 16px\">Lytt, syng og noter!<\/p>\n<p style=\"font-size: 16px\">Melodien g\u00e5r i 4\/4-takt.<\/p>\n<p>[\/et_pb_text][et_pb_audio audio=&raquo;https:\/\/result.uit.no\/grunnleggende-gehor-musikkteori\/wp-content\/uploads\/sites\/63\/2024\/09\/Diktat-pauser-1b.mp3&#8243; _builder_version=&raquo;4.27.0&#8243; _module_preset=&raquo;default&raquo; custom_padding=&raquo;2px||2px|||&raquo; global_colors_info=&raquo;{}&raquo;][\/et_pb_audio][et_pb_toggle title=&raquo;Fasit&raquo; _builder_version=&raquo;4.27.0&#8243; _module_preset=&raquo;default&raquo; global_colors_info=&raquo;{}&raquo;]<\/p>\n<p><img loading=\"lazy\" decoding=\"async\" src=\"https:\/\/result.uit.no\/grunnleggende-gehor-musikkteori\/wp-content\/uploads\/sites\/63\/2024\/09\/pauser-diktat-1b-fasit.png\" width=\"2171\" height=\"115\" alt=\"\" class=\"wp-image-1351 alignnone size-full\" srcset=\"https:\/\/result.uit.no\/grunnleggende-gehor-musikkteori\/wp-content\/uploads\/sites\/63\/2024\/09\/pauser-diktat-1b-fasit.png 2171w, https:\/\/result.uit.no\/grunnleggende-gehor-musikkteori\/wp-content\/uploads\/sites\/63\/2024\/09\/pauser-diktat-1b-fasit-1280x68.png 1280w, https:\/\/result.uit.no\/grunnleggende-gehor-musikkteori\/wp-content\/uploads\/sites\/63\/2024\/09\/pauser-diktat-1b-fasit-980x52.png 980w, https:\/\/result.uit.no\/grunnleggende-gehor-musikkteori\/wp-content\/uploads\/sites\/63\/2024\/09\/pauser-diktat-1b-fasit-480x25.png 480w\" sizes=\"(min-width: 0px) and (max-width: 480px) 480px, (min-width: 481px) and (max-width: 980px) 980px, (min-width: 981px) and (max-width: 1280px) 1280px, (min-width: 1281px) 2171px, 100vw\" \/><\/p>\n<p>[\/et_pb_toggle][\/et_pb_column][\/et_pb_row][et_pb_row column_structure=&raquo;1_2,1_2&#8243; _builder_version=&raquo;4.27.0&#8243; _module_preset=&raquo;default&raquo; global_colors_info=&raquo;{}&raquo;][et_pb_column type=&raquo;1_2&#8243; _builder_version=&raquo;4.27.0&#8243; _module_preset=&raquo;default&raquo; global_colors_info=&raquo;{}&raquo;][et_pb_text _builder_version=&raquo;4.27.0&#8243; _module_preset=&raquo;default&raquo; global_colors_info=&raquo;{}&raquo;]<\/p>\n<h3>Oppgave c<\/h3>\n<p>[\/et_pb_text][et_pb_text _builder_version=&raquo;4.27.0&#8243; _module_preset=&raquo;default&raquo; global_colors_info=&raquo;{}&raquo;]<\/p>\n<p style=\"font-size: 16px\">Lytt, syng og noter!<\/p>\n<p style=\"font-size: 16px\">Melodien g\u00e5r i 3\/4-takt.<\/p>\n<p>[\/et_pb_text][et_pb_audio audio=&raquo;https:\/\/result.uit.no\/grunnleggende-gehor-musikkteori\/wp-content\/uploads\/sites\/63\/2024\/09\/Diktat-pauser-1c.mp3&#8243; _builder_version=&raquo;4.27.0&#8243; _module_preset=&raquo;default&raquo; custom_padding=&raquo;2px||2px|||&raquo; global_colors_info=&raquo;{}&raquo;][\/et_pb_audio][et_pb_toggle title=&raquo;Fasit&raquo; _builder_version=&raquo;4.27.0&#8243; _module_preset=&raquo;default&raquo; global_colors_info=&raquo;{}&raquo;]<\/p>\n<p><img loading=\"lazy\" decoding=\"async\" src=\"https:\/\/result.uit.no\/grunnleggende-gehor-musikkteori\/wp-content\/uploads\/sites\/63\/2024\/09\/pauser-diktat-1c-fasit.png\" width=\"2171\" height=\"115\" alt=\"\" class=\"wp-image-1356 alignnone size-full\" srcset=\"https:\/\/result.uit.no\/grunnleggende-gehor-musikkteori\/wp-content\/uploads\/sites\/63\/2024\/09\/pauser-diktat-1c-fasit.png 2171w, https:\/\/result.uit.no\/grunnleggende-gehor-musikkteori\/wp-content\/uploads\/sites\/63\/2024\/09\/pauser-diktat-1c-fasit-1280x68.png 1280w, https:\/\/result.uit.no\/grunnleggende-gehor-musikkteori\/wp-content\/uploads\/sites\/63\/2024\/09\/pauser-diktat-1c-fasit-980x52.png 980w, https:\/\/result.uit.no\/grunnleggende-gehor-musikkteori\/wp-content\/uploads\/sites\/63\/2024\/09\/pauser-diktat-1c-fasit-480x25.png 480w\" sizes=\"(min-width: 0px) and (max-width: 480px) 480px, (min-width: 481px) and (max-width: 980px) 980px, (min-width: 981px) and (max-width: 1280px) 1280px, (min-width: 1281px) 2171px, 100vw\" \/><\/p>\n<p>[\/et_pb_toggle][\/et_pb_column][et_pb_column type=&raquo;1_2&#8243; _builder_version=&raquo;4.27.0&#8243; _module_preset=&raquo;default&raquo; global_colors_info=&raquo;{}&raquo;][et_pb_text _builder_version=&raquo;4.27.0&#8243; _module_preset=&raquo;default&raquo; global_colors_info=&raquo;{}&raquo;]<\/p>\n<h3>Oppgave d<\/h3>\n<p>[\/et_pb_text][et_pb_text _builder_version=&raquo;4.27.0&#8243; _module_preset=&raquo;default&raquo; global_colors_info=&raquo;{}&raquo;]<\/p>\n<p style=\"font-size: 16px\">Lytt, syng og noter!<\/p>\n<p style=\"font-size: 16px\">Melodien g\u00e5r i 4\/4-takt.<\/p>\n<p>[\/et_pb_text][et_pb_audio audio=&raquo;https:\/\/result.uit.no\/grunnleggende-gehor-musikkteori\/wp-content\/uploads\/sites\/63\/2024\/09\/Diktat-pauser-1d.mp3&#8243; _builder_version=&raquo;4.27.0&#8243; _module_preset=&raquo;default&raquo; custom_padding=&raquo;2px||2px|||&raquo; global_colors_info=&raquo;{}&raquo;][\/et_pb_audio][et_pb_toggle title=&raquo;Fasit&raquo; _builder_version=&raquo;4.27.0&#8243; _module_preset=&raquo;default&raquo; global_colors_info=&raquo;{}&raquo;]<\/p>\n<p><img loading=\"lazy\" decoding=\"async\" src=\"https:\/\/result.uit.no\/grunnleggende-gehor-musikkteori\/wp-content\/uploads\/sites\/63\/2024\/09\/pauser-diktat-1d-fasit.png\" width=\"2171\" height=\"115\" alt=\"\" class=\"wp-image-1358 alignnone size-full\" srcset=\"https:\/\/result.uit.no\/grunnleggende-gehor-musikkteori\/wp-content\/uploads\/sites\/63\/2024\/09\/pauser-diktat-1d-fasit.png 2171w, https:\/\/result.uit.no\/grunnleggende-gehor-musikkteori\/wp-content\/uploads\/sites\/63\/2024\/09\/pauser-diktat-1d-fasit-1280x68.png 1280w, https:\/\/result.uit.no\/grunnleggende-gehor-musikkteori\/wp-content\/uploads\/sites\/63\/2024\/09\/pauser-diktat-1d-fasit-980x52.png 980w, https:\/\/result.uit.no\/grunnleggende-gehor-musikkteori\/wp-content\/uploads\/sites\/63\/2024\/09\/pauser-diktat-1d-fasit-480x25.png 480w\" sizes=\"(min-width: 0px) and (max-width: 480px) 480px, (min-width: 481px) and (max-width: 980px) 980px, (min-width: 981px) and (max-width: 1280px) 1280px, (min-width: 1281px) 2171px, 100vw\" \/><\/p>\n<p>[\/et_pb_toggle][\/et_pb_column][\/et_pb_row][et_pb_row column_structure=&raquo;1_2,1_2&#8243; _builder_version=&raquo;4.27.0&#8243; _module_preset=&raquo;default&raquo; global_colors_info=&raquo;{}&raquo;][et_pb_column type=&raquo;1_2&#8243; _builder_version=&raquo;4.27.0&#8243; _module_preset=&raquo;default&raquo; global_colors_info=&raquo;{}&raquo;][et_pb_text _builder_version=&raquo;4.27.0&#8243; _module_preset=&raquo;default&raquo; global_colors_info=&raquo;{}&raquo;]<\/p>\n<h3>Oppgave e<\/h3>\n<p>[\/et_pb_text][et_pb_text _builder_version=&raquo;4.27.0&#8243; _module_preset=&raquo;default&raquo; global_colors_info=&raquo;{}&raquo;]<\/p>\n<p style=\"font-size: 16px\">Lytt, syng og noter!<\/p>\n<p style=\"font-size: 16px\">Melodien g\u00e5r i 4\/4-takt.<\/p>\n<p>[\/et_pb_text][et_pb_audio audio=&raquo;https:\/\/result.uit.no\/grunnleggende-gehor-musikkteori\/wp-content\/uploads\/sites\/63\/2024\/09\/Diktat-pauser-1e.mp3&#8243; _builder_version=&raquo;4.27.0&#8243; _module_preset=&raquo;default&raquo; custom_padding=&raquo;2px||2px|||&raquo; global_colors_info=&raquo;{}&raquo;][\/et_pb_audio][et_pb_toggle title=&raquo;Fasit&raquo; _builder_version=&raquo;4.27.0&#8243; _module_preset=&raquo;default&raquo; global_colors_info=&raquo;{}&raquo;]<\/p>\n<p><img loading=\"lazy\" decoding=\"async\" src=\"https:\/\/result.uit.no\/grunnleggende-gehor-musikkteori\/wp-content\/uploads\/sites\/63\/2024\/09\/Pauser-diktat-1e-fasit.png\" width=\"2171\" height=\"115\" alt=\"\" class=\"wp-image-1362 alignnone size-full\" srcset=\"https:\/\/result.uit.no\/grunnleggende-gehor-musikkteori\/wp-content\/uploads\/sites\/63\/2024\/09\/Pauser-diktat-1e-fasit.png 2171w, https:\/\/result.uit.no\/grunnleggende-gehor-musikkteori\/wp-content\/uploads\/sites\/63\/2024\/09\/Pauser-diktat-1e-fasit-1280x68.png 1280w, https:\/\/result.uit.no\/grunnleggende-gehor-musikkteori\/wp-content\/uploads\/sites\/63\/2024\/09\/Pauser-diktat-1e-fasit-980x52.png 980w, https:\/\/result.uit.no\/grunnleggende-gehor-musikkteori\/wp-content\/uploads\/sites\/63\/2024\/09\/Pauser-diktat-1e-fasit-480x25.png 480w\" sizes=\"(min-width: 0px) and (max-width: 480px) 480px, (min-width: 481px) and (max-width: 980px) 980px, (min-width: 981px) and (max-width: 1280px) 1280px, (min-width: 1281px) 2171px, 100vw\" \/><\/p>\n<p>[\/et_pb_toggle][\/et_pb_column][et_pb_column type=&raquo;1_2&#8243; _builder_version=&raquo;4.27.0&#8243; _module_preset=&raquo;default&raquo; global_colors_info=&raquo;{}&raquo;][et_pb_text _builder_version=&raquo;4.27.0&#8243; _module_preset=&raquo;default&raquo; global_colors_info=&raquo;{}&raquo;]<\/p>\n<h3>Oppgave f<\/h3>\n<p>[\/et_pb_text][et_pb_text _builder_version=&raquo;4.27.0&#8243; _module_preset=&raquo;default&raquo; global_colors_info=&raquo;{}&raquo;]<\/p>\n<p style=\"font-size: 16px\">Lytt, syng og noter!<\/p>\n<p style=\"font-size: 16px\">Melodien g\u00e5r i 3\/4-takt.<\/p>\n<p>[\/et_pb_text][et_pb_audio audio=&raquo;https:\/\/result.uit.no\/grunnleggende-gehor-musikkteori\/wp-content\/uploads\/sites\/63\/2024\/09\/Diktat-pauser-1f.mp3&#8243; _builder_version=&raquo;4.27.0&#8243; _module_preset=&raquo;default&raquo; custom_padding=&raquo;2px||2px|||&raquo; global_colors_info=&raquo;{}&raquo;][\/et_pb_audio][et_pb_toggle title=&raquo;Fasit&raquo; _builder_version=&raquo;4.27.0&#8243; _module_preset=&raquo;default&raquo; global_colors_info=&raquo;{}&raquo;]<\/p>\n<p><img loading=\"lazy\" decoding=\"async\" src=\"https:\/\/result.uit.no\/grunnleggende-gehor-musikkteori\/wp-content\/uploads\/sites\/63\/2024\/09\/Pauser-diktat-1f-fasit.png\" width=\"2171\" height=\"115\" alt=\"\" class=\"wp-image-1364 alignnone size-full\" srcset=\"https:\/\/result.uit.no\/grunnleggende-gehor-musikkteori\/wp-content\/uploads\/sites\/63\/2024\/09\/Pauser-diktat-1f-fasit.png 2171w, https:\/\/result.uit.no\/grunnleggende-gehor-musikkteori\/wp-content\/uploads\/sites\/63\/2024\/09\/Pauser-diktat-1f-fasit-1280x68.png 1280w, https:\/\/result.uit.no\/grunnleggende-gehor-musikkteori\/wp-content\/uploads\/sites\/63\/2024\/09\/Pauser-diktat-1f-fasit-980x52.png 980w, https:\/\/result.uit.no\/grunnleggende-gehor-musikkteori\/wp-content\/uploads\/sites\/63\/2024\/09\/Pauser-diktat-1f-fasit-480x25.png 480w\" sizes=\"(min-width: 0px) and (max-width: 480px) 480px, (min-width: 481px) and (max-width: 980px) 980px, (min-width: 981px) and (max-width: 1280px) 1280px, (min-width: 1281px) 2171px, 100vw\" \/><\/p>\n<p>[\/et_pb_toggle][\/et_pb_column][\/et_pb_row][et_pb_row column_structure=&raquo;1_2,1_2&#8243; _builder_version=&raquo;4.27.0&#8243; _module_preset=&raquo;default&raquo; global_colors_info=&raquo;{}&raquo;][et_pb_column type=&raquo;1_2&#8243; _builder_version=&raquo;4.27.0&#8243; _module_preset=&raquo;default&raquo; global_colors_info=&raquo;{}&raquo;][et_pb_text _builder_version=&raquo;4.27.0&#8243; _module_preset=&raquo;default&raquo; global_colors_info=&raquo;{}&raquo;]<\/p>\n<h3>Oppgave g<\/h3>\n<p>[\/et_pb_text][et_pb_text _builder_version=&raquo;4.27.0&#8243; _module_preset=&raquo;default&raquo; global_colors_info=&raquo;{}&raquo;]<\/p>\n<p style=\"font-size: 16px\">Lytt, syng og noter!<\/p>\n<p style=\"font-size: 16px\">Melodien g\u00e5r i 4\/4-takt.<\/p>\n<p>[\/et_pb_text][et_pb_audio audio=&raquo;https:\/\/result.uit.no\/grunnleggende-gehor-musikkteori\/wp-content\/uploads\/sites\/63\/2024\/09\/Diktat-pauser-1g.mp3&#8243; _builder_version=&raquo;4.27.0&#8243; _module_preset=&raquo;default&raquo; custom_padding=&raquo;2px||2px|||&raquo; global_colors_info=&raquo;{}&raquo;][\/et_pb_audio][et_pb_toggle title=&raquo;Fasit&raquo; _builder_version=&raquo;4.27.0&#8243; _module_preset=&raquo;default&raquo; global_colors_info=&raquo;{}&raquo;]<\/p>\n<p><img loading=\"lazy\" decoding=\"async\" src=\"https:\/\/result.uit.no\/grunnleggende-gehor-musikkteori\/wp-content\/uploads\/sites\/63\/2024\/09\/Pauser-diktat-1g-fasit.png\" width=\"2171\" height=\"115\" alt=\"\" class=\"wp-image-1366 alignnone size-full\" srcset=\"https:\/\/result.uit.no\/grunnleggende-gehor-musikkteori\/wp-content\/uploads\/sites\/63\/2024\/09\/Pauser-diktat-1g-fasit.png 2171w, https:\/\/result.uit.no\/grunnleggende-gehor-musikkteori\/wp-content\/uploads\/sites\/63\/2024\/09\/Pauser-diktat-1g-fasit-1280x68.png 1280w, https:\/\/result.uit.no\/grunnleggende-gehor-musikkteori\/wp-content\/uploads\/sites\/63\/2024\/09\/Pauser-diktat-1g-fasit-980x52.png 980w, https:\/\/result.uit.no\/grunnleggende-gehor-musikkteori\/wp-content\/uploads\/sites\/63\/2024\/09\/Pauser-diktat-1g-fasit-480x25.png 480w\" sizes=\"(min-width: 0px) and (max-width: 480px) 480px, (min-width: 481px) and (max-width: 980px) 980px, (min-width: 981px) and (max-width: 1280px) 1280px, (min-width: 1281px) 2171px, 100vw\" \/><\/p>\n<p>[\/et_pb_toggle][\/et_pb_column][et_pb_column type=&raquo;1_2&#8243; _builder_version=&raquo;4.27.0&#8243; _module_preset=&raquo;default&raquo; global_colors_info=&raquo;{}&raquo;][\/et_pb_column][\/et_pb_row][\/et_pb_section]<\/p>\n","protected":false},"excerpt":{"rendered":"<p>Noter rytmer selv!\u00a0Finn frem\u00a0notepapir og blyant! I oppgavene som f\u00f8lger f\u00e5r du h\u00f8re korte melodier. Melodiene inneholder fjerdedels-, \u00e5ttendels- og\/eller sekstendelspauser, i tillegg til de noteverdiene og rytmene du har l\u00e6rt til n\u00e5. Lytt til melodien mange nok ganger til at du kan synge den uten \u00e5 anstrenge deg for \u00e5 huske den.\u00a0Syng melodien mens [&hellip;]<\/p>\n","protected":false},"author":1974,"featured_media":0,"parent":0,"menu_order":0,"comment_status":"closed","ping_status":"closed","template":"","meta":{"_et_pb_use_builder":"on","_et_pb_old_content":"<!-- wp:divi\/placeholder \/-->","_et_gb_content_width":"","iawp_total_views":23,"footnotes":""},"class_list":["post-1204","page","type-page","status-publish","hentry"],"yoast_head":"<!-- This site is optimized with the Yoast SEO plugin v27.5 - https:\/\/yoast.com\/product\/yoast-seo-wordpress\/ -->\n<title>Noter rytmer selv 1. Pauser. - Geh\u00f8r og musikkteori<\/title>\n<meta name=\"robots\" content=\"index, follow, max-snippet:-1, max-image-preview:large, max-video-preview:-1\" \/>\n<link rel=\"canonical\" href=\"https:\/\/result.uit.no\/grunnleggende-gehor-musikkteori\/noter-rytmer-selv-1-pauser\/\" \/>\n<script type=\"application\/ld+json\" class=\"yoast-schema-graph\">{\"@context\":\"https:\\\/\\\/schema.org\",\"@graph\":[{\"@type\":\"WebPage\",\"@id\":\"https:\\\/\\\/result.uit.no\\\/grunnleggende-gehor-musikkteori\\\/noter-rytmer-selv-1-pauser\\\/\",\"url\":\"https:\\\/\\\/result.uit.no\\\/grunnleggende-gehor-musikkteori\\\/noter-rytmer-selv-1-pauser\\\/\",\"name\":\"Noter rytmer selv 1. Pauser. - Geh\u00f8r og musikkteori\",\"isPartOf\":{\"@id\":\"https:\\\/\\\/result.uit.no\\\/grunnleggende-gehor-musikkteori\\\/#website\"},\"primaryImageOfPage\":{\"@id\":\"https:\\\/\\\/result.uit.no\\\/grunnleggende-gehor-musikkteori\\\/noter-rytmer-selv-1-pauser\\\/#primaryimage\"},\"image\":{\"@id\":\"https:\\\/\\\/result.uit.no\\\/grunnleggende-gehor-musikkteori\\\/noter-rytmer-selv-1-pauser\\\/#primaryimage\"},\"thumbnailUrl\":\"https:\\\/\\\/result.uit.no\\\/grunnleggende-gehor-musikkteori\\\/wp-content\\\/uploads\\\/sites\\\/63\\\/2024\\\/09\\\/pauser-diktat-1a-fasit.png\",\"datePublished\":\"2024-09-27T12:43:25+00:00\",\"dateModified\":\"2024-11-15T14:49:30+00:00\",\"breadcrumb\":{\"@id\":\"https:\\\/\\\/result.uit.no\\\/grunnleggende-gehor-musikkteori\\\/noter-rytmer-selv-1-pauser\\\/#breadcrumb\"},\"inLanguage\":\"nb-NO\",\"potentialAction\":[{\"@type\":\"ReadAction\",\"target\":[\"https:\\\/\\\/result.uit.no\\\/grunnleggende-gehor-musikkteori\\\/noter-rytmer-selv-1-pauser\\\/\"]}]},{\"@type\":\"ImageObject\",\"inLanguage\":\"nb-NO\",\"@id\":\"https:\\\/\\\/result.uit.no\\\/grunnleggende-gehor-musikkteori\\\/noter-rytmer-selv-1-pauser\\\/#primaryimage\",\"url\":\"https:\\\/\\\/result.uit.no\\\/grunnleggende-gehor-musikkteori\\\/wp-content\\\/uploads\\\/sites\\\/63\\\/2024\\\/09\\\/pauser-diktat-1a-fasit.png\",\"contentUrl\":\"https:\\\/\\\/result.uit.no\\\/grunnleggende-gehor-musikkteori\\\/wp-content\\\/uploads\\\/sites\\\/63\\\/2024\\\/09\\\/pauser-diktat-1a-fasit.png\",\"width\":2171,\"height\":115},{\"@type\":\"BreadcrumbList\",\"@id\":\"https:\\\/\\\/result.uit.no\\\/grunnleggende-gehor-musikkteori\\\/noter-rytmer-selv-1-pauser\\\/#breadcrumb\",\"itemListElement\":[{\"@type\":\"ListItem\",\"position\":1,\"name\":\"Home\",\"item\":\"https:\\\/\\\/result.uit.no\\\/grunnleggende-gehor-musikkteori\\\/\"},{\"@type\":\"ListItem\",\"position\":2,\"name\":\"Noter rytmer selv 1. Pauser.\"}]},{\"@type\":\"WebSite\",\"@id\":\"https:\\\/\\\/result.uit.no\\\/grunnleggende-gehor-musikkteori\\\/#website\",\"url\":\"https:\\\/\\\/result.uit.no\\\/grunnleggende-gehor-musikkteori\\\/\",\"name\":\"Geh\u00f8r og musikkteori\",\"description\":\"Geh\u00f8r og musikkteori\",\"publisher\":{\"@id\":\"https:\\\/\\\/result.uit.no\\\/grunnleggende-gehor-musikkteori\\\/#organization\"},\"potentialAction\":[{\"@type\":\"SearchAction\",\"target\":{\"@type\":\"EntryPoint\",\"urlTemplate\":\"https:\\\/\\\/result.uit.no\\\/grunnleggende-gehor-musikkteori\\\/?s={search_term_string}\"},\"query-input\":{\"@type\":\"PropertyValueSpecification\",\"valueRequired\":true,\"valueName\":\"search_term_string\"}}],\"inLanguage\":\"nb-NO\"},{\"@type\":\"Organization\",\"@id\":\"https:\\\/\\\/result.uit.no\\\/grunnleggende-gehor-musikkteori\\\/#organization\",\"name\":\"UiT\",\"url\":\"https:\\\/\\\/result.uit.no\\\/grunnleggende-gehor-musikkteori\\\/\",\"logo\":{\"@type\":\"ImageObject\",\"inLanguage\":\"nb-NO\",\"@id\":\"https:\\\/\\\/result.uit.no\\\/grunnleggende-gehor-musikkteori\\\/#\\\/schema\\\/logo\\\/image\\\/\",\"url\":\"https:\\\/\\\/result.uit.no\\\/grunnleggende-gehor-musikkteori\\\/wp-content\\\/uploads\\\/sites\\\/63\\\/2024\\\/11\\\/UiT_Segl_Eng_Bla_960px.png\",\"contentUrl\":\"https:\\\/\\\/result.uit.no\\\/grunnleggende-gehor-musikkteori\\\/wp-content\\\/uploads\\\/sites\\\/63\\\/2024\\\/11\\\/UiT_Segl_Eng_Bla_960px.png\",\"width\":960,\"height\":960,\"caption\":\"UiT\"},\"image\":{\"@id\":\"https:\\\/\\\/result.uit.no\\\/grunnleggende-gehor-musikkteori\\\/#\\\/schema\\\/logo\\\/image\\\/\"}}]}<\/script>\n<!-- \/ Yoast SEO plugin. -->","yoast_head_json":{"title":"Noter rytmer selv 1. Pauser. - Geh\u00f8r og musikkteori","robots":{"index":"index","follow":"follow","max-snippet":"max-snippet:-1","max-image-preview":"max-image-preview:large","max-video-preview":"max-video-preview:-1"},"canonical":"https:\/\/result.uit.no\/grunnleggende-gehor-musikkteori\/noter-rytmer-selv-1-pauser\/","schema":{"@context":"https:\/\/schema.org","@graph":[{"@type":"WebPage","@id":"https:\/\/result.uit.no\/grunnleggende-gehor-musikkteori\/noter-rytmer-selv-1-pauser\/","url":"https:\/\/result.uit.no\/grunnleggende-gehor-musikkteori\/noter-rytmer-selv-1-pauser\/","name":"Noter rytmer selv 1. Pauser. - Geh\u00f8r og musikkteori","isPartOf":{"@id":"https:\/\/result.uit.no\/grunnleggende-gehor-musikkteori\/#website"},"primaryImageOfPage":{"@id":"https:\/\/result.uit.no\/grunnleggende-gehor-musikkteori\/noter-rytmer-selv-1-pauser\/#primaryimage"},"image":{"@id":"https:\/\/result.uit.no\/grunnleggende-gehor-musikkteori\/noter-rytmer-selv-1-pauser\/#primaryimage"},"thumbnailUrl":"https:\/\/result.uit.no\/grunnleggende-gehor-musikkteori\/wp-content\/uploads\/sites\/63\/2024\/09\/pauser-diktat-1a-fasit.png","datePublished":"2024-09-27T12:43:25+00:00","dateModified":"2024-11-15T14:49:30+00:00","breadcrumb":{"@id":"https:\/\/result.uit.no\/grunnleggende-gehor-musikkteori\/noter-rytmer-selv-1-pauser\/#breadcrumb"},"inLanguage":"nb-NO","potentialAction":[{"@type":"ReadAction","target":["https:\/\/result.uit.no\/grunnleggende-gehor-musikkteori\/noter-rytmer-selv-1-pauser\/"]}]},{"@type":"ImageObject","inLanguage":"nb-NO","@id":"https:\/\/result.uit.no\/grunnleggende-gehor-musikkteori\/noter-rytmer-selv-1-pauser\/#primaryimage","url":"https:\/\/result.uit.no\/grunnleggende-gehor-musikkteori\/wp-content\/uploads\/sites\/63\/2024\/09\/pauser-diktat-1a-fasit.png","contentUrl":"https:\/\/result.uit.no\/grunnleggende-gehor-musikkteori\/wp-content\/uploads\/sites\/63\/2024\/09\/pauser-diktat-1a-fasit.png","width":2171,"height":115},{"@type":"BreadcrumbList","@id":"https:\/\/result.uit.no\/grunnleggende-gehor-musikkteori\/noter-rytmer-selv-1-pauser\/#breadcrumb","itemListElement":[{"@type":"ListItem","position":1,"name":"Home","item":"https:\/\/result.uit.no\/grunnleggende-gehor-musikkteori\/"},{"@type":"ListItem","position":2,"name":"Noter rytmer selv 1. Pauser."}]},{"@type":"WebSite","@id":"https:\/\/result.uit.no\/grunnleggende-gehor-musikkteori\/#website","url":"https:\/\/result.uit.no\/grunnleggende-gehor-musikkteori\/","name":"Geh\u00f8r og musikkteori","description":"Geh\u00f8r og musikkteori","publisher":{"@id":"https:\/\/result.uit.no\/grunnleggende-gehor-musikkteori\/#organization"},"potentialAction":[{"@type":"SearchAction","target":{"@type":"EntryPoint","urlTemplate":"https:\/\/result.uit.no\/grunnleggende-gehor-musikkteori\/?s={search_term_string}"},"query-input":{"@type":"PropertyValueSpecification","valueRequired":true,"valueName":"search_term_string"}}],"inLanguage":"nb-NO"},{"@type":"Organization","@id":"https:\/\/result.uit.no\/grunnleggende-gehor-musikkteori\/#organization","name":"UiT","url":"https:\/\/result.uit.no\/grunnleggende-gehor-musikkteori\/","logo":{"@type":"ImageObject","inLanguage":"nb-NO","@id":"https:\/\/result.uit.no\/grunnleggende-gehor-musikkteori\/#\/schema\/logo\/image\/","url":"https:\/\/result.uit.no\/grunnleggende-gehor-musikkteori\/wp-content\/uploads\/sites\/63\/2024\/11\/UiT_Segl_Eng_Bla_960px.png","contentUrl":"https:\/\/result.uit.no\/grunnleggende-gehor-musikkteori\/wp-content\/uploads\/sites\/63\/2024\/11\/UiT_Segl_Eng_Bla_960px.png","width":960,"height":960,"caption":"UiT"},"image":{"@id":"https:\/\/result.uit.no\/grunnleggende-gehor-musikkteori\/#\/schema\/logo\/image\/"}}]}},"_links":{"self":[{"href":"https:\/\/result.uit.no\/grunnleggende-gehor-musikkteori\/wp-json\/wp\/v2\/pages\/1204","targetHints":{"allow":["GET"]}}],"collection":[{"href":"https:\/\/result.uit.no\/grunnleggende-gehor-musikkteori\/wp-json\/wp\/v2\/pages"}],"about":[{"href":"https:\/\/result.uit.no\/grunnleggende-gehor-musikkteori\/wp-json\/wp\/v2\/types\/page"}],"author":[{"embeddable":true,"href":"https:\/\/result.uit.no\/grunnleggende-gehor-musikkteori\/wp-json\/wp\/v2\/users\/1974"}],"replies":[{"embeddable":true,"href":"https:\/\/result.uit.no\/grunnleggende-gehor-musikkteori\/wp-json\/wp\/v2\/comments?post=1204"}],"version-history":[{"count":0,"href":"https:\/\/result.uit.no\/grunnleggende-gehor-musikkteori\/wp-json\/wp\/v2\/pages\/1204\/revisions"}],"wp:attachment":[{"href":"https:\/\/result.uit.no\/grunnleggende-gehor-musikkteori\/wp-json\/wp\/v2\/media?parent=1204"}],"curies":[{"name":"wp","href":"https:\/\/api.w.org\/{rel}","templated":true}]}}